{"id":5531,"date":"2019-06-15T04:11:09","date_gmt":"2019-06-15T04:11:09","guid":{"rendered":"https:\/\/biblian.is\/fraedsla\/?page_id=5531"},"modified":"2025-06-27T02:05:56","modified_gmt":"2025-06-27T02:05:56","slug":"sidara-korintubref-7-kafli","status":"publish","type":"page","link":"https:\/\/biblian.is\/fraedsla\/ritskyring\/sidara-korintubref-7-kafli\/","title":{"rendered":"S\u00ed\u00f0ara Korintubr\u00e9f 7. kafli"},"content":{"rendered":"<p><strong>7.2 <\/strong><em>R\u00fdmi\u00f0 fyrir m\u00e9r: <\/em>Me\u00f0 7.1 l\u00fdkur broti \u00far \u00f6\u00f0ru br\u00e9fi. \u00cd 7.2 er \u00fer\u00e1\u00f0urinn tekinn upp aftur fr\u00e1 sem var \u00ed 6.13.<\/p>\n<p><strong>7.5 <\/strong><em>Maked\u00f3n\u00edu&#8230;var \u00e9g \u00e1 alla vegu a\u00f0\u00ferengdur: <\/em>Sj\u00e1 athugagrein \u00e1 bls. 2137 (Maked\u00f3n\u00eda). \u00deegar P\u00e1ll kom til Filipp\u00ed \u00ed Maked\u00f3n\u00edu, komst hann \u00ed kast vi\u00f0 yfirv\u00f6ldin og var varpa\u00f0 \u00ed fangelsi (Post 16.16-40). \u00de\u00e1 olli n\u00e6rvera hans og upp\u00feotum \u00ed \u00deessal\u00f3n\u00edku, h\u00f6fu\u00f0sta\u00f0 Maked\u00f3n\u00edu (Post 17.1-8). Sj\u00e1 og 2.13.<\/p>\n<p><strong>7.6\u00a0<\/strong><em>T\u00edtus: <\/em>Sj\u00e1 8.6 P\u00e1li \u00fe\u00f3tti mj\u00f6g v\u00e6nt um a\u00f0 fregna \u00fea\u00f0 hj\u00e1 T\u00edtusi a\u00f0 Korintumenn hef\u00f0u \u00e1hyggjur af honum og s\u00e6ju eftir framfer\u00f0i s\u00ednu.<\/p>\n<p><strong>7.8\u00a0<\/strong><em>br\u00e9finu: <\/em>Ekkert hefur var\u00f0veist af \u00feessu br\u00e9fi, en \u00ed \u00fev\u00ed hefur P\u00e1ll greinilega snupra\u00f0 suma Korintumenn fyrir heg\u00f0un \u00feeirra. Sumt af efni br\u00e9fsins hefur v\u00edsast veri\u00f0 l\u00edkt \u00fdmsu \u00fev\u00ed sem P\u00e1ll fjallar um \u00ed pistlunum, sem Fyrra Korintubr\u00e9f samanstendur af (1Kor 5.1-6.20; 9.1-23; 10.1-11.34).<\/p>\n<p><strong>7.10\u00a0<\/strong><em>frelsist&#8230;heimsins: <\/em>Sj\u00e1 athugagreinar vi\u00f0 1.6 og 1.12.<\/p>\n","protected":false},"excerpt":{"rendered":"<p>7.2 R\u00fdmi\u00f0 fyrir m\u00e9r: Me\u00f0 7.1 l\u00fdkur broti \u00far \u00f6\u00f0ru <a href=\"https:\/\/biblian.is\/fraedsla\/ritskyring\/sidara-korintubref-7-kafli\/\"> [&#8230;]<\/a><\/p>\n","protected":false},"author":1,"featured_media":0,"parent":4829,"menu_order":0,"comment_status":"closed","ping_status":"closed","template":"","meta":{"footnotes":""},"class_list":["post-5531","page","type-page","status-publish","hentry"],"_links":{"self":[{"href":"https:\/\/biblian.is\/fraedsla\/wp-json\/wp\/v2\/pages\/5531","targetHints":{"allow":["GET"]}}],"collection":[{"href":"https:\/\/biblian.is\/fraedsla\/wp-json\/wp\/v2\/pages"}],"about":[{"href":"https:\/\/biblian.is\/fraedsla\/wp-json\/wp\/v2\/types\/page"}],"author":[{"embeddable":true,"href":"https:\/\/biblian.is\/fraedsla\/wp-json\/wp\/v2\/users\/1"}],"replies":[{"embeddable":true,"href":"https:\/\/biblian.is\/fraedsla\/wp-json\/wp\/v2\/comments?post=5531"}],"version-history":[{"count":0,"href":"https:\/\/biblian.is\/fraedsla\/wp-json\/wp\/v2\/pages\/5531\/revisions"}],"up":[{"embeddable":true,"href":"https:\/\/biblian.is\/fraedsla\/wp-json\/wp\/v2\/pages\/4829"}],"wp:attachment":[{"href":"https:\/\/biblian.is\/fraedsla\/wp-json\/wp\/v2\/media?parent=5531"}],"curies":[{"name":"wp","href":"https:\/\/api.w.org\/{rel}","templated":true}]}}