{"id":5498,"date":"2019-06-13T21:20:05","date_gmt":"2019-06-13T21:20:05","guid":{"rendered":"https:\/\/biblian.is\/fraedsla\/?page_id=5498"},"modified":"2025-06-27T02:04:25","modified_gmt":"2025-06-27T02:04:25","slug":"romverjabrefid-9-kafli","status":"publish","type":"page","link":"https:\/\/biblian.is\/fraedsla\/ritskyring\/romverjabrefid-9-kafli\/","title":{"rendered":"R\u00f3mverjabr\u00e9fi\u00f0 9. kafli"},"content":{"rendered":"<p><strong>9.1\u00a0<\/strong><em>samviska m\u00edn, uppl\u00fdst af heil\u00f6gum anda, vitnar \u00fea\u00f0 me\u00f0 m\u00e9r: <\/em>Sj\u00e1 athugagrein vi\u00f0 1.3-4 (heilagur andi). Sj\u00e1 og athugagrein vi\u00f0 2.14,15, \u00fear sem P\u00e1ll r\u00e6\u00f0ir um &#8222;samviskuna&#8220;, \u00fe.e. kr\u00f6fu l\u00f6gm\u00e1lsins sem er skr\u00e1\u00f0 \u00ed hjarta mannsins. H\u00e9r segir P\u00e1ll heilagan anda vera kennara sinn og fr\u00e6\u00f0ara, sem h\u00f6f\u00f0i til samvisku hans og hafi \u00feannig \u00e1hrif \u00e1 hugsanir hans og langanir.<\/p>\n<p><strong>9.3\u00a0<\/strong><em>br\u00e6\u00f0ur m\u00edna og \u00e6ttmenn: <\/em>P\u00e1ll var Gy\u00f0ingur og alinn upp af gy\u00f0inglegu foreldri. Sj\u00e1 athugagrein vi\u00f0 1.1 (P\u00e1ll) og &#8222;<a href=\"https:\/\/biblian.is\/fraedsla\/ordtakasafn\/pall-sal-fra-tarsus\/\">P\u00e1ll (S\u00e1l) fr\u00e1 Tarsus<\/a>&#8222;.<\/p>\n<p><strong>9.4\u00a0<\/strong><em>\u00cdsraelsmenn:<\/em>Sj\u00e1 athugagreinar vi\u00f0 2.9,10 og 4.1. S\u00e1ttm\u00e1linn sem Gu\u00f0 ger\u00f0i vi\u00f0 \u00cdsraelsmenn haf\u00f0i inni a\u00f0 halda<em>(1)<\/em>fyrirheiti\u00f0 sem hann gaf Abraham og afkv\u00e6mi hans (1M\u00f3s 12.1-3) og <em>(2)<\/em>l\u00f6gm\u00e1li\u00f0 sem M\u00f3se veitti vi\u00f0t\u00f6ku \u00e1 S\u00edna\u00edfjalli (sj\u00e1 athugagrein vi\u00f0 2.12).<\/p>\n<p><strong>9.9 <\/strong><em>Gu\u00f0 gaf honum fyrirheit&#8230;mun Sara haf eignast son:<\/em>Sj\u00e1 1M\u00f3s 16; 21.8-12. Fyrirheit Gu\u00f0s var gefi\u00f0 \u00cdsak, syni \u00feeirra Abrahams og S\u00f6ru. Abraham eigna\u00f0ist fleiri b\u00f6rn, \u00fear \u00e1 me\u00f0al \u00cdsmael, en m\u00f3\u00f0ir hans var amb\u00e1tt S\u00f6ru, sem Hagar h\u00e9t.<\/p>\n<p><strong>9.10\u00a0<\/strong><em>Rebekku&#8230;\u00feungu\u00f0 a\u00f0 tveim sveinum&#8230;\u00cdsaks: <\/em>Sj\u00e1 fr\u00e1s\u00f6gnina af Jakob og Esa\u00fa \u00ed 1M\u00f3s 25.19-34; 27.1-40.<\/p>\n<p><strong>9.18\u00a0<\/strong><em>miskunnar&#8230;forher\u00f0ir \u00feann sem hann vill: <\/em>\u00dea\u00f0 er undir Gu\u00f0i komi\u00f0, hvort menn f\u00e1 noti\u00f0 miskunnar e\u00f0a forher\u00f0a hjarta sitt.<\/p>\n<p><strong>9.20 <\/strong><em>Hvort f\u00e6r sm\u00ed\u00f0isgripurinn sagt vi\u00f0 smi\u00f0 sinn: <\/em>Leirker voru algeng me\u00f0al h\u00fasmuna R\u00f3mverja. \u00dea\u00f0 var au\u00f0veldara a\u00f0 b\u00faa \u00feau til og \u00feau voru \u00f3d\u00fdrari en \u00edl\u00e1t af m\u00e1lmi. \u00dar leir voru sm\u00ed\u00f0a\u00f0ar sk\u00e1lar, k\u00f6nnur og lampar. Sumir \u00feessara gripa voru f\u00e1brotnir a\u00f0 allri ger\u00f0, en a\u00f0rir me\u00f0 listilegu fl\u00fari og skrautm\u00e1la\u00f0ir.<\/p>\n<p><strong>9.24 <\/strong><em>Gy\u00f0inga&#8230;hei\u00f0ingja: <\/em>Sj\u00e1 athugagrein vi\u00f0 2.9,10.<\/p>\n<p><strong>9.25 <\/strong><em>H\u00f3sea: <\/em>H\u00f3sea var sp\u00e1ma\u00f0ur \u00ed \u00cdsrael \u00e1 r\u00edkis\u00e1rum \u00dass\u00eda konungs \u00ed J\u00fada (783-746 f. Kr.) og Jer\u00f3b\u00f3ams II. konungs \u00ed \u00cdsrael (786-746 f. Kr.). H\u00f3sea ver\u00f0ur t\u00ed\u00f0r\u00e6tt um G\u00f3mer, konu s\u00edna, sem skildi vi\u00f0 hann fyrir annan mann. Sp\u00e1ma\u00f0urinn ber hana saman vi\u00f0 \u00cdsraelsl\u00fd\u00f0, sem sneri baki vi\u00f0 Gu\u00f0i, en elti skur\u00f0go\u00f0.<\/p>\n<p><strong>9.25\u00a0<\/strong><em>L\u00fd\u00f0ur sem ekki var minn: <\/em>P\u00e1ll vitnar h\u00e9r b\u00e6\u00f0i \u00ed H\u00f3s 2.23 og 1.10. \u00cd sp\u00e1m\u00e6lunum er gefi\u00f0 til kynna a\u00f0 Gu\u00f0 muni veita f\u00f3lki af \u00f6llu \u00fej\u00f3\u00f0erni vi\u00f0t\u00f6ku og l\u00edta \u00e1 \u00fea\u00f0 sem s\u00edn b\u00f6rn. Sj\u00e1 og Jes 2.2-4; 60.1-22; M\u00edk 4.1-3 og Sak 8.20-23.<\/p>\n<p><strong>9.27\u00a0<\/strong><em>Jesaja:<\/em> Jesaja var sp\u00e1ma\u00f0ur \u00ed J\u00fada fr\u00e1 kringum 740 til 701 f. Kr.<\/p>\n<p><strong>9.29\u00a0<\/strong><em>S\u00f3d\u00f3ma&#8230;G\u00f3morru: <\/em>\u00c1 d\u00f6gum \u00e6ttf\u00f6\u00f0urins Abrahams eyddi Drottinn \u00feessar borgir tv\u00e6r vegna illsku \u00edb\u00faanna (1M\u00f3s 18.16-19.29).<\/p>\n<p><strong>9.31-32\u00a0<\/strong><em>l\u00f6gm\u00e1li: <\/em>Sj\u00e1 athugagrein vi\u00f0 2.12.<\/p>\n<p><strong>9.31-32\u00a0<\/strong><em>\u00e1steytingarsteininn: <\/em>H\u00e9r hefur P\u00e1ll Jes\u00fa \u00ed huga. Sj\u00e1 og Mrk 12.10; 1P\u00e9t 2.6-8.<\/p>\n<p><strong>9.33\u00a0<\/strong><em>S\u00edon: <\/em>S\u00edon h\u00e9t virki uppi \u00e1 h\u00e6\u00f0arkolli sem Dav\u00ed\u00f0 konungur t\u00f3k herskildi og ger\u00f0i a\u00f0 h\u00f6fu\u00f0setri konungd\u00e6mis s\u00edns, h\u00e9t s\u00ed\u00f0an Jer\u00fasalem. \u00dear var musteri\u00f0 reist og var \u00feess vegna liti\u00f0 svo \u00e1, a\u00f0 \u00fear \u00e6tti Gu\u00f0 heima me\u00f0al f\u00f3lks s\u00edns.<\/p>\n","protected":false},"excerpt":{"rendered":"<p>9.1\u00a0samviska m\u00edn, uppl\u00fdst af heil\u00f6gum anda, vitnar \u00fea\u00f0 me\u00f0 m\u00e9r: <a href=\"https:\/\/biblian.is\/fraedsla\/ritskyring\/romverjabrefid-9-kafli\/\"> [&#8230;]<\/a><\/p>\n","protected":false},"author":1,"featured_media":0,"parent":4829,"menu_order":0,"comment_status":"closed","ping_status":"closed","template":"","meta":{"footnotes":""},"class_list":["post-5498","page","type-page","status-publish","hentry"],"_links":{"self":[{"href":"https:\/\/biblian.is\/fraedsla\/wp-json\/wp\/v2\/pages\/5498","targetHints":{"allow":["GET"]}}],"collection":[{"href":"https:\/\/biblian.is\/fraedsla\/wp-json\/wp\/v2\/pages"}],"about":[{"href":"https:\/\/biblian.is\/fraedsla\/wp-json\/wp\/v2\/types\/page"}],"author":[{"embeddable":true,"href":"https:\/\/biblian.is\/fraedsla\/wp-json\/wp\/v2\/users\/1"}],"replies":[{"embeddable":true,"href":"https:\/\/biblian.is\/fraedsla\/wp-json\/wp\/v2\/comments?post=5498"}],"version-history":[{"count":0,"href":"https:\/\/biblian.is\/fraedsla\/wp-json\/wp\/v2\/pages\/5498\/revisions"}],"up":[{"embeddable":true,"href":"https:\/\/biblian.is\/fraedsla\/wp-json\/wp\/v2\/pages\/4829"}],"wp:attachment":[{"href":"https:\/\/biblian.is\/fraedsla\/wp-json\/wp\/v2\/media?parent=5498"}],"curies":[{"name":"wp","href":"https:\/\/api.w.org\/{rel}","templated":true}]}}