{"id":5490,"date":"2019-06-13T21:14:11","date_gmt":"2019-06-13T21:14:11","guid":{"rendered":"https:\/\/biblian.is\/fraedsla\/?page_id=5490"},"modified":"2025-06-27T02:04:25","modified_gmt":"2025-06-27T02:04:25","slug":"romverjabrefid-6-kafli","status":"publish","type":"page","link":"https:\/\/biblian.is\/fraedsla\/ritskyring\/romverjabrefid-6-kafli\/","title":{"rendered":"R\u00f3mverjabr\u00e9fi\u00f0 6. kafli"},"content":{"rendered":"<p><strong>6.2\u00a0<\/strong><em>syndinni: <\/em>Sj\u00e1 athugagrein vi\u00f0 2.15 og &#8222;<a href=\"https:\/\/biblian.is\/fraedsla\/ordtakasafn\/synd\/\">Synd<\/a>&#8222;.<\/p>\n<p><strong>6.3\u00a0<\/strong><em>sk\u00edr\u00f0: <\/em>Jes\u00fas f\u00e6r\u00f0i m\u00f6nnunum gj\u00f6f heilags anda og \u00feeir ur\u00f0u n\u00fdir menn. Sj\u00e1 og &#8222;<a href=\"https:\/\/biblian.is\/fraedsla\/ordtakasafn\/skirn\/\">Sk\u00edrnin<\/a>&#8222;. P\u00e1ll segir a\u00f0 \u00ed sk\u00edrninni deyjum vi\u00f0 syndinni og r\u00edsum upp til n\u00fds l\u00edfs, \u00e1 sama h\u00e1tt og Jes\u00fas d\u00f3 og var af Gu\u00f0i reistur upp fr\u00e1 dau\u00f0um.<\/p>\n<p><strong>6.6-11 <\/strong><em>okkar gamli ma\u00f0ur d\u00f3&#8230;\u00e1 krossi&#8230;\u00e1l\u00edta sj\u00e1lf ykkur vera d\u00e1in fr\u00e1 syndinni: <\/em>P\u00e1ll r\u00e6\u00f0ir oft um &#8222;hinn gamla mann&#8220;, \u00fe.e. l\u00edf \u00ed synd, og a\u00f0 hinu leytinu hi\u00f0 n\u00fdja l\u00edf \u00ed Kristi. H\u00e9r segir hann, a\u00f0 syndasekt \u00feeirra sem sk\u00edr\u00f0ir eru og tr\u00faa \u00e1 Jes\u00fa, hafi veri\u00f0 \u00feurrku\u00f0 \u00fat \u00feegar Jes\u00fas var deyddur \u00e1 krossinum (L\u00fak 23.44-49; J\u00f3h 19.28-30). \u00deeir sem eru me\u00f0 Kristi d\u00e1nir munu og me\u00f0 honum lifa, eignast eil\u00edft l\u00edf.<\/p>\n<p><strong>6.13\u00a0<\/strong><em>Lj\u00e1i\u00f0 ekki syndinni limi ykkar&#8230;lj\u00e1i\u00f0 heldur&#8230;limi ykkar sem r\u00e9ttl\u00e6tisvopn: <\/em>\u00cd samt\u00ed\u00f0 P\u00e1ls var \u00fer\u00e6lahald algengt. Til \u00feess var \u00e6tlast af \u00fer\u00e6lunum, a\u00f0 \u00feeir &#8222;l\u00e9\u00f0u limi s\u00edna&#8220; h\u00fasb\u00e6ndum s\u00ednum. H\u00e9r segir P\u00e1ll, a\u00f0 \u00feeir sem sk\u00edr\u00f0ir hafi veri\u00f0 \u00ed nafni Jes\u00fa Krists, eigi ekki framar a\u00f0 vera \u00fer\u00e6lar syndarinnar, \u00fe.e. \u00fej\u00f3na illum hv\u00f6tum s\u00ednum. \u00deess \u00ed sta\u00f0 skuli \u00feeir \u00fej\u00f3na Gu\u00f0i. P\u00e1ll hvetur lesendur s\u00edna \u00ed R\u00f3m til \u00feess a\u00f0 lifa l\u00edfinu n\u00fdja, eins og Gu\u00f0 hefur gert \u00feeim kleift \u2013 ekki til \u00feess a\u00f0 r\u00e9ttl\u00e6tast fyrir honum af l\u00f6gm\u00e1lsverkum, heldur til \u00feess a\u00f0 f\u00e6ra \u00feakkir fyrir \u00fea\u00f0 sem Gu\u00f0 hefur \u00ed Kristi fyrir \u00fe\u00e1 gert. Sj\u00e1 athugagrein vi\u00f0 2.12 (l\u00f6gm\u00e1l).<\/p>\n<p><strong>6.16\u00a0<\/strong><em>\u00e1nau\u00f0ug \u00fe\u00fd: <\/em>Sj\u00e1 athugagrein vi\u00f0 6.13 og &#8222;\u00der\u00e6lar og \u00fej\u00f3nustuf\u00f3lk \u00e1 d\u00f6gum Jes\u00fa&#8220;.P\u00e1ll minnir R\u00f3mverja \u00e1, a\u00f0 \u00feeir hafi veri\u00f0 \u00fer\u00e6lar syndarinnar \u00feanga\u00f0 til \u00feeir t\u00f3ku a\u00f0 tr\u00faa \u00e1 Jes\u00fa og treysta honum. N\u00fa hefur Gu\u00f0 \u00ed Kristi s\u00e6tt \u00fe\u00e1 vi\u00f0 sig af \u00f3ver\u00f0skulda\u00f0ri n\u00e1\u00f0 og \u00fe\u00e1 eiga \u00feeir a\u00f0 s\u00ednu leyti a\u00f0 \u00fej\u00f3na Gu\u00f0i.<\/p>\n<p><strong>6.23\u00a0<\/strong><em>syndarinnar&#8230;eil\u00edft l\u00edf: <\/em>Synd er allt \u00fea\u00f0 sem skilur okkur fr\u00e1 Gu\u00f0i og \u00f6\u00f0rum m\u00f6nnum. \u00deegar menn syndga \u00f3hl\u00fd\u00f0nast \u00feeir Gu\u00f0i. Sj\u00e1 og \u201e<a href=\"https:\/\/biblian.is\/fraedsla\/ordtakasafn\/synd\/\">Synd<\/a>\u201c.<\/p>\n","protected":false},"excerpt":{"rendered":"<p>6.2\u00a0syndinni: Sj\u00e1 athugagrein vi\u00f0 2.15 og &#8222;Synd&#8222;. 6.3\u00a0sk\u00edr\u00f0: Jes\u00fas f\u00e6r\u00f0i <a href=\"https:\/\/biblian.is\/fraedsla\/ritskyring\/romverjabrefid-6-kafli\/\"> [&#8230;]<\/a><\/p>\n","protected":false},"author":1,"featured_media":0,"parent":4829,"menu_order":0,"comment_status":"closed","ping_status":"closed","template":"","meta":{"footnotes":""},"class_list":["post-5490","page","type-page","status-publish","hentry"],"_links":{"self":[{"href":"https:\/\/biblian.is\/fraedsla\/wp-json\/wp\/v2\/pages\/5490","targetHints":{"allow":["GET"]}}],"collection":[{"href":"https:\/\/biblian.is\/fraedsla\/wp-json\/wp\/v2\/pages"}],"about":[{"href":"https:\/\/biblian.is\/fraedsla\/wp-json\/wp\/v2\/types\/page"}],"author":[{"embeddable":true,"href":"https:\/\/biblian.is\/fraedsla\/wp-json\/wp\/v2\/users\/1"}],"replies":[{"embeddable":true,"href":"https:\/\/biblian.is\/fraedsla\/wp-json\/wp\/v2\/comments?post=5490"}],"version-history":[{"count":0,"href":"https:\/\/biblian.is\/fraedsla\/wp-json\/wp\/v2\/pages\/5490\/revisions"}],"up":[{"embeddable":true,"href":"https:\/\/biblian.is\/fraedsla\/wp-json\/wp\/v2\/pages\/4829"}],"wp:attachment":[{"href":"https:\/\/biblian.is\/fraedsla\/wp-json\/wp\/v2\/media?parent=5490"}],"curies":[{"name":"wp","href":"https:\/\/api.w.org\/{rel}","templated":true}]}}