{"id":5482,"date":"2019-06-13T21:08:16","date_gmt":"2019-06-13T21:08:16","guid":{"rendered":"https:\/\/biblian.is\/fraedsla\/?page_id=5482"},"modified":"2025-06-27T02:04:25","modified_gmt":"2025-06-27T02:04:25","slug":"romverjabrefid-2-kafli","status":"publish","type":"page","link":"https:\/\/biblian.is\/fraedsla\/ritskyring\/romverjabrefid-2-kafli\/","title":{"rendered":"R\u00f3mverjabr\u00e9fi\u00f0 2. kafli"},"content":{"rendered":"<p><strong>2.1\u00a0<\/strong><em>fremur hi\u00f0 sama: <\/em>\u00dea\u00f0 er vandalaust a\u00f0 d\u00e6ma a\u00f0ra menn og saka \u00fe\u00e1 um illvirki, en P\u00e1ll minnir lesendur s\u00edna \u00e1 a\u00f0 flestum vaxa mest \u00ed augum \u00fe\u00e6r syndir annarra, sem \u00feeim er sj\u00e1lfum h\u00e6ttast vi\u00f0 a\u00f0 dr\u00fdgja.<\/p>\n<p><strong>2.5\u00a0<\/strong><em>Gu\u00f0 birtir r\u00e9ttl\u00e1tan d\u00f3m sinn: <\/em>V\u00ed\u00f0a \u00ed heilagri ritningu er minnst \u00e1 \u00feann dag \u00ed framt\u00ed\u00f0, \u00feegar Gu\u00f0 mun d\u00e6ma \u00fej\u00f3\u00f0irnar (sj\u00e1 Slm 9; Pr\u00e9d 3.17; Matt 25.31-46; J\u00f3h 3.18; 1P\u00e9t 2.12). \u00deeim tr\u00fau ver\u00f0ur \u00fe\u00e1 umbuna\u00f0, en hinir hlj\u00f3ta makleg m\u00e1lagj\u00f6ld sem sn\u00faa baki vi\u00f0 Gu\u00f0i.<\/p>\n<p><strong>2.7\u00a0<\/strong><em>eil\u00edft l\u00edf: <\/em>\u00c1 d\u00f6gum Jes\u00fa voru margir Gy\u00f0ingar farnir a\u00f0 tr\u00faa \u00e1 l\u00edf eftir dau\u00f0ann. T\u00f6ldu sumir, a\u00f0 \u00fea\u00f0 myndi ver\u00f0a ekki \u00f3l\u00edkt jar\u00f0l\u00edfinu. En P\u00e1ll r\u00e6\u00f0ir hins vegar um n\u00fdtt l\u00edf me\u00f0 Kristi (6.4-8). Sj\u00e1 og <a href=\"https:\/\/biblian.is\/fraedsla\/ordtakasafn\/eilift-lif\/\">&#8222;Eil\u00edft l\u00edf&#8220;<\/a>.<\/p>\n<p><strong>2.9,10 <\/strong><em>Gy\u00f0ingurinn fyrst en Grikkinn l\u00edka: <\/em>Gy\u00f0ingar eru afkomendur Abrahams \u00e6ttf\u00f6\u00f0ur og S\u00f6ru, konu hans. \u00deeir voru og nefndir \u00cdsraelsmenn. &#8222;Grikki&#8220; er h\u00e9r samheiti fyrir alla \u00fe\u00e1, sem ekki eru Gy\u00f0ingar (sbr. hei\u00f0ingjar). P\u00e1ll sta\u00f0h\u00e6fir, a\u00f0 Gu\u00f0 fari ekki \u00ed manngreinar\u00e1lit; hann elskar alla menn og s\u00e9rhver r\u00e9ttl\u00e6tist sem tr\u00fair.<\/p>\n<p><strong>2.12\u00a0<\/strong><em>l\u00f6gm\u00e1l: <\/em>L\u00f6gm\u00e1l M\u00f3se. \u00dear er skr\u00e1\u00f0 hversu Gu\u00f0 vill a\u00f0 menn hagi l\u00edfi s\u00ednu, hvernig \u00feeir tilbi\u00f0ji hann og komi fram hver vi\u00f0 annan. P\u00e1ll sta\u00f0h\u00e6fir, a\u00f0 \u00feeir sem hyggja a\u00f0 \u00feeir r\u00e9ttl\u00e6tist fyrir Gu\u00f0i me\u00f0 \u00fev\u00ed a\u00f0 hl\u00fd\u00f0a l\u00f6gm\u00e1linu, muni ver\u00f0a d\u00e6mdir eftir \u00fev\u00ed sama l\u00f6gm\u00e1li.<\/p>\n<p><strong>2.14,15\u00a0<\/strong><em>gera&#8230;eftir e\u00f0lisbo\u00f0i&#8230;\u00ed hj\u00f6rtum \u00feeirra: <\/em>H\u00e9r hefur P\u00e1ll fyrir satt, a\u00f0 jafnvel \u00feeir menn, sem aldrei hafa heyrt um l\u00f6gm\u00e1l M\u00f3se geti\u00f0, skynji \u00ed &#8222;hjarta&#8220; s\u00ednu bo\u00f0or\u00f0 \u00feess og viti muninn \u00e1 r\u00e9ttu og r\u00f6ngu. \u00cd \u00feann t\u00ed\u00f0 var almennt tali\u00f0 a\u00f0 innri ma\u00f0urinn, hugsanir og fyrir\u00e6tlanir, byggju \u00ed hjartanu.<\/p>\n<p><strong>2.15\u00a0<\/strong><em>\u00e1saka \u00fe\u00e1 e\u00f0a afsaka: <\/em>Synd er s\u00e9rhvert brot m\u00f3t or\u00f0i Gu\u00f0s og hans heilaga vilja. Fyrirgefning m\u00e1ir syndina \u00fat og gj\u00f6rir hana a\u00f0 engu. Samkv\u00e6mt helgiritum Gy\u00f0inga \u00f6\u00f0last syndarar fyrirgefningu, \u00feegar \u00feeir bi\u00f0ja Gu\u00f0 um hana og fela sig honum \u00e1 hendur \u00e1 n\u00fd. P\u00e1ll fullyr\u00f0ir, a\u00f0 \u00fea\u00f0 s\u00e9 Jes\u00fas sem fyrirgefur syndirnar, enda hafi hann veri\u00f0 Gu\u00f0s lambi\u00f0, sem ber synd heimsins (3.25,26; J\u00f3h 1.29). \u00deeir, sem ekki treysta Gu\u00f0i, munu gjalda \u00feess (sj\u00e1 athugagrein vi\u00f0 2.5) og ekki ver\u00f0a hluttakendur \u00ed fyrirheiti eil\u00edfs l\u00edfs.<\/p>\n<p><strong>2.25\u00a0<\/strong><em>Umskurn: <\/em>\u00cd M\u00f3sel\u00f6gum var kve\u00f0i\u00f0 svo \u00e1, a\u00f0 sveinb\u00f6rn \u00ed \u00cdsrael skyldi umskera (1M\u00f3s 17.9-14). <a href=\"https:\/\/biblian.is\/fraedsla\/ordtakasafn\/umskurn\/\">Sj\u00e1 &#8222;Umskurn&#8220;<\/a>. P\u00e1ll segir h\u00e9r, a\u00f0 umskurn komi \u00fev\u00ed a\u00f0eins a\u00f0 gagni a\u00f0 menn haldi l\u00f6gm\u00e1li\u00f0. \u00d3hl\u00fd\u00f0nist \u00feeir l\u00f6gm\u00e1linu eru \u00feeir ekki Gy\u00f0ingar, jafnvel \u00fe\u00f3tt umskornir s\u00e9u (2.28).<\/p>\n","protected":false},"excerpt":{"rendered":"<p>2.1\u00a0fremur hi\u00f0 sama: \u00dea\u00f0 er vandalaust a\u00f0 d\u00e6ma a\u00f0ra menn <a href=\"https:\/\/biblian.is\/fraedsla\/ritskyring\/romverjabrefid-2-kafli\/\"> [&#8230;]<\/a><\/p>\n","protected":false},"author":1,"featured_media":0,"parent":4829,"menu_order":0,"comment_status":"closed","ping_status":"closed","template":"","meta":{"footnotes":""},"class_list":["post-5482","page","type-page","status-publish","hentry"],"_links":{"self":[{"href":"https:\/\/biblian.is\/fraedsla\/wp-json\/wp\/v2\/pages\/5482","targetHints":{"allow":["GET"]}}],"collection":[{"href":"https:\/\/biblian.is\/fraedsla\/wp-json\/wp\/v2\/pages"}],"about":[{"href":"https:\/\/biblian.is\/fraedsla\/wp-json\/wp\/v2\/types\/page"}],"author":[{"embeddable":true,"href":"https:\/\/biblian.is\/fraedsla\/wp-json\/wp\/v2\/users\/1"}],"replies":[{"embeddable":true,"href":"https:\/\/biblian.is\/fraedsla\/wp-json\/wp\/v2\/comments?post=5482"}],"version-history":[{"count":0,"href":"https:\/\/biblian.is\/fraedsla\/wp-json\/wp\/v2\/pages\/5482\/revisions"}],"up":[{"embeddable":true,"href":"https:\/\/biblian.is\/fraedsla\/wp-json\/wp\/v2\/pages\/4829"}],"wp:attachment":[{"href":"https:\/\/biblian.is\/fraedsla\/wp-json\/wp\/v2\/media?parent=5482"}],"curies":[{"name":"wp","href":"https:\/\/api.w.org\/{rel}","templated":true}]}}