{"id":5472,"date":"2019-06-13T20:56:37","date_gmt":"2019-06-13T20:56:37","guid":{"rendered":"https:\/\/biblian.is\/fraedsla\/?page_id=5472"},"modified":"2026-04-17T13:01:25","modified_gmt":"2026-04-17T13:01:25","slug":"postulasagan-25-kafli","status":"publish","type":"page","link":"https:\/\/biblian.is\/fraedsla\/ritskyring\/postulasagan-25-kafli\/","title":{"rendered":"Postulasagan 25. kafli"},"content":{"rendered":"<p><strong>25.1\u00a0<\/strong><em>fr\u00e1 Sesareu upp til Jer\u00fasalem: <\/em>Sj\u00e1 athugagreinar vi\u00f0 8.40 (Sesarea) og 20.22 (Jer\u00fasalem).<\/p>\n<p><strong>25.2\u00a0<\/strong><em>\u00c6\u00f0stu prestarnir og fyrirmenn Gy\u00f0inga: <\/em>Sj\u00e1 athugagreinar vi\u00f0 4.1; 4.5 og 22.30.<\/p>\n<p><strong>25.11\u00a0<\/strong><em>\u00c9g sk\u00fdt m\u00e1li m\u00ednu til keisarans: <\/em>\u00cd \u00feennan t\u00edma var Ner\u00f3 keisari \u00ed R\u00f3m (sj\u00e1 athugagrein vi\u00f0 27.24). P\u00e1ll var r\u00f3mverskur borgari og \u00e1tti \u00fev\u00ed r\u00e9tt \u00e1 a\u00f0 keisarinn e\u00f0a fulltr\u00fai keisarans fjalla\u00f0i um m\u00e1l hans. Keisarinn jafngilti h\u00e6star\u00e9tti.<\/p>\n<p><strong>25.12\u00a0<\/strong><em>r\u00e1\u00f0unauta: <\/em>R\u00f3mverski landstj\u00f3rinn haf\u00f0i s\u00e9r til r\u00e1\u00f0uneytis h\u00f3p Gy\u00f0inga, s\u00e9rfr\u00f3\u00f0an um l\u00f6gm\u00e1li\u00f0.<\/p>\n<p><strong>25.13\u00a0<\/strong><em>Agrippa konungur og Bern\u00edke: <\/em>Agrippa konungur II., sonur Her\u00f3desar Agrippu I. (Sj\u00e1 athugagrein vi\u00f0 12.1). Hann var 17 \u00e1ra, \u00feegar fa\u00f0ir hans t\u00f3k andv\u00f6rpin 44 e. Kr. \u00deegar hann \u00fe\u00f3tti hafa aldur til, f\u00f3l Kl\u00e1d\u00edus keisari honum yfirr\u00e1\u00f0 sv\u00e6\u00f0a fyrir nor\u00f0an og austan Gal\u00edleuvatn og hluta af Pereu. Agrippa II. st\u00f3\u00f0 me\u00f0 R\u00f3mverjum \u00feegar Gy\u00f0ingar risu gegn \u00feeim \u00e1ri\u00f0 66 e. Kr.,<\/p>\n<p>Bern\u00edke var systir Agrippu II. H\u00fan var a\u00f0eins 13 \u00e1ra \u00feegar h\u00fan giftist f\u00f6\u00f0urbr\u00f3\u00f0ur s\u00ednum Her\u00f3desi af Kalk\u00eds. Eftir l\u00e1t hans f\u00f3r h\u00fan til br\u00f3\u00f0ur s\u00edns. \u00de\u00f3tt h\u00fan gengi s\u00ed\u00f0ar a\u00f0 eiga Polomon af Kilik\u00edu, h\u00e9lt h\u00fan \u00e1fram a\u00f0 fremja bl\u00f3\u00f0sk\u00f6mm me\u00f0 Agrippu II., br\u00f3\u00f0ur s\u00ednum.<\/p>\n<p><strong>25.14\u00a0<\/strong><em>Felix: <\/em>Sj\u00e1 athugagrein vi\u00f0 23.24.<\/p>\n<p><strong>25.23\u00a0<\/strong><em>hersveitarforingjum og \u00e6\u00f0stu m\u00f6nnum: <\/em>Margar r\u00f3mverskar hersveitir h\u00f6f\u00f0u a\u00f0setur \u00ed Sesareu. Foringjar \u00feeirra s\u00f3ttu \u00feingi\u00f0 (sj\u00e1 og athugagrein vi\u00f0 21.31). Me\u00f0 &#8222;\u00e6\u00f0stu m\u00f6nnum&#8220; er \u00e1tt vi\u00f0 \u00e1hrifamenn Gy\u00f0inga og r\u00f3mversk yfirv\u00f6ld.<\/p>\n","protected":false},"excerpt":{"rendered":"<p>25.1\u00a0fr\u00e1 Sesareu upp til Jer\u00fasalem: Sj\u00e1 athugagreinar vi\u00f0 8.40 (Sesarea) <a href=\"https:\/\/biblian.is\/fraedsla\/ritskyring\/postulasagan-25-kafli\/\"> [&#8230;]<\/a><\/p>\n","protected":false},"author":1,"featured_media":0,"parent":4829,"menu_order":0,"comment_status":"closed","ping_status":"closed","template":"","meta":{"footnotes":""},"class_list":["post-5472","page","type-page","status-publish","hentry"],"_links":{"self":[{"href":"https:\/\/biblian.is\/fraedsla\/wp-json\/wp\/v2\/pages\/5472","targetHints":{"allow":["GET"]}}],"collection":[{"href":"https:\/\/biblian.is\/fraedsla\/wp-json\/wp\/v2\/pages"}],"about":[{"href":"https:\/\/biblian.is\/fraedsla\/wp-json\/wp\/v2\/types\/page"}],"author":[{"embeddable":true,"href":"https:\/\/biblian.is\/fraedsla\/wp-json\/wp\/v2\/users\/1"}],"replies":[{"embeddable":true,"href":"https:\/\/biblian.is\/fraedsla\/wp-json\/wp\/v2\/comments?post=5472"}],"version-history":[{"count":0,"href":"https:\/\/biblian.is\/fraedsla\/wp-json\/wp\/v2\/pages\/5472\/revisions"}],"up":[{"embeddable":true,"href":"https:\/\/biblian.is\/fraedsla\/wp-json\/wp\/v2\/pages\/4829"}],"wp:attachment":[{"href":"https:\/\/biblian.is\/fraedsla\/wp-json\/wp\/v2\/media?parent=5472"}],"curies":[{"name":"wp","href":"https:\/\/api.w.org\/{rel}","templated":true}]}}