{"id":5418,"date":"2019-05-25T22:04:58","date_gmt":"2019-05-25T22:04:58","guid":{"rendered":"https:\/\/biblian.is\/fraedsla\/?page_id=5418"},"modified":"2026-04-17T13:01:21","modified_gmt":"2026-04-17T13:01:21","slug":"opinberunarbok-johannesar-22-kafli","status":"publish","type":"page","link":"https:\/\/biblian.is\/fraedsla\/ritskyring\/opinberunarbok-johannesar-22-kafli\/","title":{"rendered":"Opinberunarb\u00f3k J\u00f3hannesar 22. kafli"},"content":{"rendered":"<p><strong>22.1 <\/strong><em>m\u00f3\u00f0u: <\/em>M\u00f3\u00f0an (flj\u00f3ti\u00f0) \u00ed hinni n\u00fdju Jer\u00fasalem er eins og \u00e1rnar st\u00f3ru, sem v\u00f6kvu\u00f0u Edensgar\u00f0 (1M\u00f3s 2.10-14). Sj\u00e1 og Es 47.1-12 og Sak 14.8.<\/p>\n<p><strong>22.2\u00a0<\/strong><em>tr\u00e9:<\/em>Or\u00f0i\u00f0 er h\u00e9r haft \u00ed eint\u00f6lu, en merkir fleiri en eitt tr\u00e9, sem vaxa b\u00e1\u00f0um meginn \u00e1rinnar.<\/p>\n<p><strong>22.3\u00a0<\/strong><em>Engin b\u00f6lvun: <\/em>\u00deegar Adam og Eva \u00e1tu af \u00e1vexti skilningstr\u00e9s g\u00f3\u00f0s og ills (1M\u00f3s 2.17; 3.6) sag\u00f0i Gu\u00f0 a\u00f0 akurlendi\u00f0 skyldi vera b\u00f6lva\u00f0 vegna \u00f3hl\u00fd\u00f0ni Adams og rak \u00feau \u00fat \u00far aldingar\u00f0inum Eden, a\u00f0 \u00feau \u00e6tu ekki l\u00edka af l\u00edfsins tr\u00e9 og lif\u00f0u eil\u00edflega (1M\u00f3s 3.22). \u00cd hinni n\u00fdju Jer\u00fasalem leyfist Gu\u00f0s l\u00fd\u00f0 a\u00f0 leggja s\u00e9r til munns aldin af l\u00edfsins tr\u00e9 af \u00fev\u00ed a\u00f0 b\u00f6lvun syndarinnar hefur veri\u00f0 afl\u00e9tt um eil\u00edf\u00f0 alla.<\/p>\n<p><strong>22.3 <\/strong><em>lambsins: <\/em>Sj\u00e1 athugagrein vi\u00f0 5.6.<\/p>\n<h3>Fyrirheit a\u00f0 lokum, blessunar- og varna\u00f0aror\u00f0<\/h3>\n<p><em>\u00cd s\u00fdn J\u00f3hannesar birtast \u00feau sannindi kristinnar tr\u00faar, a\u00f0 Jes\u00fas muni koma aftur innan skamms og blessa alla \u00fe\u00e1, sem reynst hafa tr\u00fair. Kristnum m\u00f6nnum ber a\u00f0 vera hreinl\u00edfir (&#8222;\u00fevo skikkjur s\u00ednar&#8220;) og for\u00f0ast allt hi\u00f0 illa. J\u00f3hannes minnir \u00e1, a\u00f0 hver s\u00e1 sem b\u00e6ti vi\u00f0 e\u00f0a a\u00f0 \u00f6\u00f0rum kosti dragi fr\u00e1 innihaldinu og bo\u00f0skapnum \u00ed s\u00fdn hans, muni ekki f\u00e1 a\u00f0 koma inn \u00ed borgina helgu.<\/em><\/p>\n<p><strong>22.6\u00a0<\/strong><em>sp\u00e1m\u00f6nnunum: <\/em>Sj\u00e1 athugagrein vi\u00f0 1.3.<\/p>\n<p><strong>22.7\u00a0<\/strong><em>Sj\u00e1, \u00e9g kem skj\u00f3tt: <\/em>\u00derisvar sinnum koma \u00feessi or\u00f0 fyrir \u00ed lokaversum Opinberunarb\u00f3kar J\u00f3hannesar (sj\u00e1 22.12,20). \u00cd \u00feeim er b\u00e6\u00f0i hlj\u00f3mur fyrirheitis og a\u00f0v\u00f6runar. Um \u00feann dag, \u00feegar Jes\u00fas kemur aftur, r\u00e6\u00f0ir v\u00ed\u00f0a \u00ed N\u00fdja testamenti (1Kor 15.20-28; Fil 11.0; 2.16; 3.20,21; 1\u00deess 4.13-18). Gu\u00f0 einn veit, hven\u00e6r \u00feetta ver\u00f0ur, og er endurkomunni \u00feess vegna l\u00edkt vi\u00f0 \u00fea\u00f0, \u00feegar \u00fej\u00f3fur br\u00fdst inn \u00ed h\u00fas, \u00f6llum a\u00f0 \u00f3v\u00f6rum (Matt 24.42,43; L\u00fak 12.35-40; 2P\u00e9t 3.10 og Opb 3.2,3). L\u00e6risveinar hans \u00feurfa \u00fev\u00ed \u00e1vallt a\u00f0 vera vi\u00f0b\u00fanir. Sj\u00e1 og &#8222;<a href=\"https:\/\/biblian.is\/fraedsla\/ordtakasafn\/efstu-dagar\/\">Efstu dagar<\/a>&#8220; og &#8222;<a href=\"https:\/\/biblian.is\/fraedsla\/ordtakasafn\/endurkoma-drottins-jesu\/\">Endurkoman<\/a>&#8222;.<\/p>\n<p><strong>22.8\u00a0<\/strong><em>J\u00f3hannes: <\/em>Sj\u00e1 <a href=\"https:\/\/biblian.is\/fraedsla\/ritskyring\/opinberunarbok-johannesar-inngangur\/\">innganginn a\u00f0 Opinberunarb\u00f3k J\u00f3hannesar<\/a> og athugagrein vi\u00f0 1.1 (J\u00f3hannesi, \u00fej\u00f3ni s\u00ednum).<\/p>\n<p><strong>22.14\u00a0<\/strong><em>\u00fevo skikkjur s\u00ednar&#8230;l\u00edfsins tr\u00e9: <\/em>Sj\u00e1 athugagreinar vi\u00f0 7.14 (hv\u00edt\u00fevegi\u00f0 skikkjur s\u00ednar) og 22.3 (Engin b\u00f6lvun).<\/p>\n<p><strong>22.16\u00a0<\/strong><em>r\u00f3tarkvistur Dav\u00ed\u00f0s&#8230;morgunstjarnan: <\/em>Sj\u00e1 athugagreinar vi\u00f0 3.7 (lykil Dav\u00ed\u00f0s); 5.5 (lj\u00f3ni\u00f0 af J\u00fada \u00e6ttkv\u00edsl); og athugagrein vi\u00f0 2.27-28 (morgunstj\u00f6rnuna).<\/p>\n<p><strong>22.17\u00a0<\/strong><em>andinn og br\u00fa\u00f0urin: <\/em>Sj\u00e1 athugagrein vi\u00f0 1.10 (\u00ed anda). H\u00e9r er &#8222;br\u00fa\u00f0urin&#8220; hin n\u00fdja Jer\u00fasalem (gj\u00f6rv\u00f6ll sk\u00f6punin). Sj\u00e1 og Matt 22.1-10; Ef 5.22-32.<\/p>\n<p><strong>22.17\u00a0<\/strong><em>s\u00e1 sem heyrir: <\/em>Opinberunarb\u00f3k J\u00f3hannesar skyldi lesin upp \u00ed gu\u00f0s\u00fej\u00f3nustu safna\u00f0arins.<\/p>\n<p><strong>22.19 <\/strong><em>l\u00edfsins tr\u00e9&#8230;.borginni helgu: <\/em>Sj\u00e1 athugagrein \u00e1 bls. 2309 (l\u00edfsins tr\u00e9) og athugagrein vi\u00f0 21.2 (n\u00fdja Jer\u00fasalem).<\/p>\n","protected":false},"excerpt":{"rendered":"<p>22.1 m\u00f3\u00f0u: M\u00f3\u00f0an (flj\u00f3ti\u00f0) \u00ed hinni n\u00fdju Jer\u00fasalem er eins <a href=\"https:\/\/biblian.is\/fraedsla\/ritskyring\/opinberunarbok-johannesar-22-kafli\/\"> [&#8230;]<\/a><\/p>\n","protected":false},"author":1,"featured_media":0,"parent":4829,"menu_order":0,"comment_status":"closed","ping_status":"closed","template":"","meta":{"footnotes":""},"class_list":["post-5418","page","type-page","status-publish","hentry"],"_links":{"self":[{"href":"https:\/\/biblian.is\/fraedsla\/wp-json\/wp\/v2\/pages\/5418","targetHints":{"allow":["GET"]}}],"collection":[{"href":"https:\/\/biblian.is\/fraedsla\/wp-json\/wp\/v2\/pages"}],"about":[{"href":"https:\/\/biblian.is\/fraedsla\/wp-json\/wp\/v2\/types\/page"}],"author":[{"embeddable":true,"href":"https:\/\/biblian.is\/fraedsla\/wp-json\/wp\/v2\/users\/1"}],"replies":[{"embeddable":true,"href":"https:\/\/biblian.is\/fraedsla\/wp-json\/wp\/v2\/comments?post=5418"}],"version-history":[{"count":0,"href":"https:\/\/biblian.is\/fraedsla\/wp-json\/wp\/v2\/pages\/5418\/revisions"}],"up":[{"embeddable":true,"href":"https:\/\/biblian.is\/fraedsla\/wp-json\/wp\/v2\/pages\/4829"}],"wp:attachment":[{"href":"https:\/\/biblian.is\/fraedsla\/wp-json\/wp\/v2\/media?parent=5418"}],"curies":[{"name":"wp","href":"https:\/\/api.w.org\/{rel}","templated":true}]}}