{"id":5378,"date":"2019-05-24T18:23:14","date_gmt":"2019-05-24T18:23:14","guid":{"rendered":"https:\/\/biblian.is\/fraedsla\/?page_id=5378"},"modified":"2026-04-17T13:01:26","modified_gmt":"2026-04-17T13:01:26","slug":"postulasagan-5-kafli","status":"publish","type":"page","link":"https:\/\/biblian.is\/fraedsla\/ritskyring\/postulasagan-5-kafli\/","title":{"rendered":"Postulasagan 5. kafli"},"content":{"rendered":"<p><strong>5.1<\/strong> Anan\u00edas&#8230;Saff\u00edru, konu sinni: Ekkert er vita\u00f0 um \u00feess hj\u00f3n umfram \u00fea\u00f0 sem lesi\u00f0 ver\u00f0ur um \u00feau \u00ed Postulas\u00f6gunni. \u00dear sem Barnabas s\u00fdndi gjafmildi og f\u00f3rnf\u00fdsi, ur\u00f0u \u00feau uppv\u00eds a\u00f0 undirhyggju og s\u00e9rdr\u00e6gni. Framfer\u00f0i \u00feeirra hefur minnt Gy\u00f0inga \u00e1 brot Akans Karm\u00edsonar, sem t\u00f3k \u00fea\u00f0 \u00f3frj\u00e1lsri hendi sem teki\u00f0 haf\u00f0i veri\u00f0 fr\u00e1 handa Drottni (J\u00f3s 7).<\/p>\n<p><strong>5.3<\/strong> Satan: Nafni\u00f0 &#8222;Satan&#8220; \u00fe\u00fd\u00f0ir andst\u00e6\u00f0ingur. Hann er h\u00f6f\u00f0ingi \u00feeirra annarlegu afla sem standa \u00ed gegn Gu\u00f0i og l\u00fd\u00f0 hans.<\/p>\n<p><strong>5.9<\/strong> storka anda Drottins: Merking \u00feessara or\u00f0a er &#8222;lj\u00faga a\u00f0 anda Drottins.&#8220; \u00c1 miklu rei\u00f0, a\u00f0 l\u00e6risveinar g\u00e6tu treyst hver \u00f6\u00f0rum. Ef Anan\u00edas og Saff\u00edra hef\u00f0u komist upp me\u00f0 a\u00f0 segja \u00f3satt, kynnu a\u00f0rir a\u00f0 hafa freistast til hins sama. Broti\u00f0 f\u00f3lst ekki \u00ed a\u00f0 halda fj\u00e1rmunum eftir, \u00fev\u00ed a\u00f0 \u00feeir voru r\u00e9ttm\u00e6t eign \u00feeirra. Hitt var verra, a\u00f0 \u00feau skyldu hafa gjafmildi a\u00f0 yfirskini.<\/p>\n<p><strong>5.11<\/strong> s\u00f6fnu\u00f0inn: &#8222;Kirkja&#8220; er \u00e1 gr\u00edsku ekkles\u00eda. Or\u00f0i\u00f0 merkir &#8222;samkoma, s\u00f6fnu\u00f0ur&#8220; og getur \u00e1tt vi\u00f0 hvers kyns samfundi e\u00f0a \u00feing. <a href=\"https:\/\/biblian.is\/fraedsla\/ordtakasafn\/kirkjan\/\">Sj\u00e1 og &#8222;Kirkja&#8220;.<\/a><\/p>\n<p><strong>5.12<\/strong> s\u00falnag\u00f6ngum Sal\u00f3mons: Sj\u00e1 athugagrein vi\u00f0 3.11.<\/p>\n<p><strong>5.16<\/strong> \u00fej\u00e1\u00f0a af \u00f3hreinum \u00f6ndum: Illir andar eru \u00ed \u00fej\u00f3nustu dj\u00f6fulsins. \u00deeir voru taldir valda margs konar sj\u00fakd\u00f3mum og sinnisveiki.<\/p>\n<p><strong>5.17<\/strong> \u00e6\u00f0sti presturinn&#8230;sadd\u00fakeaflokkurinn: \u00cd \u00feennan t\u00edma var Ka\u00edfas \u00e6\u00f0sti prestur. Sj\u00e1 athugagrein vi\u00f0 4.6. Sj\u00e1 og <a href=\"https:\/\/biblian.is\/fraedsla\/ordtakasafn\/prestarnir-i-israel\/\">&#8222;Prestar \u00ed \u00cdsrael&#8220;.<\/a> Sj\u00e1 n\u00e1nar um sadd\u00fakea \u00ed athugagrein vi\u00f0 4.1.<\/p>\n<p><strong>5.19<\/strong> engill Drottins: Or\u00f0i\u00f0 &#8222;engill&#8220; er \u00e1 gr\u00edsku angelos og \u00fe\u00fd\u00f0ir &#8222;sendibo\u00f0i.&#8220; \u00cd Bibl\u00edunni framkv\u00e6ma englar oft vilja Gu\u00f0s.<\/p>\n<p><strong>5.21<\/strong> r\u00e1\u00f0i\u00f0: \u00cd r\u00e1\u00f0i Gy\u00f0inga s\u00e1tu \u00e6\u00f0sti presturinn, helstu prestar og fleiri fram\u00e1menn. R\u00f3mverjar heimilu\u00f0u r\u00e1\u00f0inu a\u00f0 fara me\u00f0 s\u00e9rm\u00e1l \u00fej\u00f3\u00f0arinnar og skyldi \u00fea\u00f0 jafnframt sj\u00e1 til \u00feess a\u00f0 l\u00f6gunum v\u00e6ri hl\u00fdtt. R\u00e1\u00f0i\u00f0 h\u00e9t <em>Sanhedrin<\/em>af gr\u00edsku or\u00f0i, sem merkir a\u00f0 &#8222;sitja saman.&#8220;<\/p>\n<p><strong>5.26<\/strong> var\u00f0foringinn me\u00f0 \u00fej\u00f3nunum: Sj\u00e1 athugagrein vi\u00f0 4.1.<\/p>\n<p><strong>5.30<\/strong> Gu\u00f0 forfe\u00f0ra vorra: Sj\u00e1 athugagrein vi\u00f0 3.13.<\/p>\n<p><strong>5.31<\/strong> h\u00f6f\u00f0ingja og frelsara: Or\u00f0in eiga b\u00e6\u00f0i vi\u00f0 Jes\u00fa. Frelsari er \u00e1 gr\u00edsku <em>s\u00f3ter<\/em>og merkir &#8222;s\u00e1, sem f\u00e6rir lausn&#8220; (sj\u00e1 athugagrein vi\u00f0 2.47).<\/p>\n<p><strong>5.31<\/strong> til h\u00e6gri handar: Sj\u00e1 athugagrein vi\u00f0 2.33.<\/p>\n<p><strong>5.34<\/strong> far\u00edsei nokkur, Gamal\u00edel: Or\u00f0i\u00f0 &#8222;far\u00edsei&#8220; merkir &#8222;hinn a\u00f0skildi.&#8220; Far\u00edsear reyndu a\u00f0 hl\u00fd\u00f0a l\u00f6gm\u00e1li Drottins \u00fat \u00ed ystu \u00e6sar og vildu eiga sem allra minnst samskipti vi\u00f0 \u00fe\u00e1, sem ekki t\u00f3ku undir \u00fea\u00f0. Gamal\u00edel sat \u00ed r\u00e1\u00f0inu \u00ed Jer\u00fasalem. Sj\u00e1 Post 22.3.<\/p>\n<p><strong>5.36,37<\/strong> \u00deevdas&#8230;J\u00fadas: \u00deevdas \u00feessi kann a\u00f0 hafa haft forg\u00f6ngu um uppreisn gegn R\u00f3mverjum, en Palest\u00edna var skattland \u00feeirra. J\u00fadas fr\u00e1 Gal\u00edleu er ef til vill s\u00e1 sem stofna\u00f0i flokk Sel\u00f3ta og f\u00f3r fyrir byltingartilraun \u00e1ri\u00f0 6 e. Kr. Sj\u00e1 N\u00e1nar um Sel\u00f3ta sj\u00e1 <a href=\"https:\/\/biblian.is\/fraedsla\/samtidarsaga-bibliunnar\/mannlif-og-landshaettir-a-timum-jesu-thjodir-valdhafar-og-stjornmal\/\">&#8222;Mannl\u00edf og landsh\u00e6ttir \u00e1 t\u00edmum Jes\u00fa: \u00dej\u00f3\u00f0ir, valdhafar og stj\u00f3rnm\u00e1l&#8220;.<\/a><\/p>\n<p><strong>5.42<\/strong> fagna\u00f0arerindi\u00f0 um a\u00f0 Jes\u00fas s\u00e9 Kristur: Fagna\u00f0arerindi\u00f0 er kenning Jes\u00fa um Gu\u00f0s r\u00edki og fr\u00e1s\u00f6gn l\u00e6risveina hans af \u00fev\u00ed sem Jes\u00fas ger\u00f0i.<\/p>\n","protected":false},"excerpt":{"rendered":"<p>5.1 Anan\u00edas&#8230;Saff\u00edru, konu sinni: Ekkert er vita\u00f0 um \u00feess hj\u00f3n <a href=\"https:\/\/biblian.is\/fraedsla\/ritskyring\/postulasagan-5-kafli\/\"> [&#8230;]<\/a><\/p>\n","protected":false},"author":1,"featured_media":0,"parent":4829,"menu_order":0,"comment_status":"closed","ping_status":"closed","template":"","meta":{"footnotes":""},"class_list":["post-5378","page","type-page","status-publish","hentry"],"_links":{"self":[{"href":"https:\/\/biblian.is\/fraedsla\/wp-json\/wp\/v2\/pages\/5378","targetHints":{"allow":["GET"]}}],"collection":[{"href":"https:\/\/biblian.is\/fraedsla\/wp-json\/wp\/v2\/pages"}],"about":[{"href":"https:\/\/biblian.is\/fraedsla\/wp-json\/wp\/v2\/types\/page"}],"author":[{"embeddable":true,"href":"https:\/\/biblian.is\/fraedsla\/wp-json\/wp\/v2\/users\/1"}],"replies":[{"embeddable":true,"href":"https:\/\/biblian.is\/fraedsla\/wp-json\/wp\/v2\/comments?post=5378"}],"version-history":[{"count":0,"href":"https:\/\/biblian.is\/fraedsla\/wp-json\/wp\/v2\/pages\/5378\/revisions"}],"up":[{"embeddable":true,"href":"https:\/\/biblian.is\/fraedsla\/wp-json\/wp\/v2\/pages\/4829"}],"wp:attachment":[{"href":"https:\/\/biblian.is\/fraedsla\/wp-json\/wp\/v2\/media?parent=5378"}],"curies":[{"name":"wp","href":"https:\/\/api.w.org\/{rel}","templated":true}]}}