{"id":5352,"date":"2019-05-24T14:21:32","date_gmt":"2019-05-24T14:21:32","guid":{"rendered":"https:\/\/biblian.is\/fraedsla\/?page_id=5352"},"modified":"2026-04-17T13:01:11","modified_gmt":"2026-04-17T13:01:11","slug":"johannesargudspjall-19-kafli","status":"publish","type":"page","link":"https:\/\/biblian.is\/fraedsla\/ritskyring\/johannesargudspjall-19-kafli\/","title":{"rendered":"J\u00f3hannesargu\u00f0spjall 19. kafli"},"content":{"rendered":"<p><strong>19.1,2<\/strong> h\u00fa\u00f0str\u00fdkja&#8230;k\u00f3r\u00f3nu \u00far \u00feyrnum: \u00dea\u00f0 var mikill si\u00f0ur \u00ed r\u00f3mverska heimsveldinu a\u00f0 berja menn og h\u00e6\u00f0a \u00e1\u00f0ur en \u00feeir voru festir upp \u00e1 krossinn. \u00deyrnik\u00f3r\u00f3nan m\u00e1 vel hafa veri\u00f0 fl\u00e9ttu\u00f0 \u00far greinum \u00feyrnirenglu, sem er jurt \u00ed Palest\u00ednu og sk\u00edr\u00f0ur eftir j\u00f6r\u00f0inni, e\u00f0a a\u00f0 \u00f6\u00f0rum kosti \u00feyrnirunna.<\/p>\n<p><strong>19.4<\/strong> \u00e9g finn enga s\u00f6k hj\u00e1 honum: Sj\u00e1 og Matt 27.24 \u00fear sem segir fr\u00e1 \u00fev\u00ed er P\u00edlatus \u00fevo\u00f0i hendur s\u00ednar framm fyrir fj\u00f6ldanum til merkis um a\u00f0 hann \u00e6tla\u00f0i ekki a\u00f0 axla \u00e1byrg\u00f0ina \u00e1 dau\u00f0a Jes\u00fa.<\/p>\n<p><strong>19.6<\/strong> \u00e6\u00f0stu prestarnir og ver\u00f0irnir: Sj\u00e1 athugagreinar vi\u00f0 1.19-20 (\u00e6\u00f0stu prestar) og 7.32 (\u00fej\u00f3nar).<\/p>\n<p><strong>19.6<\/strong> Krossfestu: Sj\u00e1 &#8222;<a href=\"https:\/\/biblian.is\/fraedsla\/ordtakasafn\/krossfesting\/\">Krossfesting<\/a>&#8222;.<\/p>\n<p><strong>19.7<\/strong> l\u00f6gm\u00e1l&#8230;Gu\u00f0s syni: Sj\u00e1 &#8222;<a href=\"https:\/\/biblian.is\/fraedsla\/ordtakasafn\/guds-sonur\/\">Gu\u00f0s sonur<\/a>&#8222;. Sj\u00e1 og athugagrein vi\u00f0 10.33 (\u00de\u00fa gerir sj\u00e1lfan \u00feig a\u00f0 Gu\u00f0i).<\/p>\n<p><strong>19.11<\/strong> s\u00e1&#8230;sem hefur selt mig \u00fe\u00e9r \u00ed hendur: J\u00fadas, Ka\u00edfas e\u00f0a jafnvel Satan.<\/p>\n<p><strong>19.12<\/strong> P\u00edlatus&#8230;keisarans: Sj\u00e1 athugagrein vi\u00f0 18.21 (P\u00edlatus). \u00deetta var \u00e1 valdat\u00ed\u00f0 T\u00edber\u00edusar keisara \u00ed R\u00f3m (14 til 37 e. Kr.).<\/p>\n<p><strong>19.13<\/strong> d\u00f3mst\u00f3linn&#8230;Gabbata: D\u00f3mst\u00f3llinn hefur veri\u00f0 st\u00e9tt (steinhla\u00f0) \u00fear sem landstj\u00f3ri kva\u00f0 upp \u00farskur\u00f0i s\u00edna og hefur sl\u00edkt g\u00f3lf fundist vi\u00f0 fornleifaranns\u00f3knir \u00ed Anton\u00edusarkastalanum. Ekki er vita\u00f0 hva\u00f0 arame\u00edska nafni\u00f0 &#8222;Gabbata&#8220; \u00fe\u00fd\u00f0ir. Tr\u00falega hefur P\u00edlatus kve\u00f0i\u00f0 upp d\u00f3m sinn sitjandi og hafi hann l\u00e1ti\u00f0 Jes\u00fa setjast \u00fearna ni\u00f0ur hj\u00e1 s\u00e9r \u00fe\u00e1 hefur \u00fea\u00f0 veri\u00f0 \u00ferungi\u00f0 merkingu a\u00f0 frelsarinn skyldi vera \u00ed valdasessi \u00e1 me\u00f0an hann var d\u00e6mdur.<\/p>\n<p><strong>19.14<\/strong> a\u00f0fangadagur p\u00e1ska&#8230;um h\u00e1degi: \u00c1 \u00feeirri stundu \u00feegar Jes\u00fas var d\u00e6mdur til dau\u00f0a \u00e1 krossi voru Gy\u00f0ingar a\u00f0 sl\u00e1tra p\u00e1skalambinu og undirb\u00faa h\u00e1t\u00ed\u00f0arm\u00e1lt\u00ed\u00f0ina daginn eftir. Sj\u00e1 og athugagrein vi\u00f0 1.29 (Gu\u00f0s lamb).<\/p>\n<p><strong>19.15<\/strong> Vi\u00f0 h\u00f6fum engan konung nema keisarann: \u00de\u00f3tt h\u00f6fu\u00f0skylda \u00e6\u00f0stu prestanna v\u00e6ri \u00fej\u00f3nustan vi\u00f0 Gu\u00f0, h\u00f6mpu\u00f0u \u00feeir n\u00fa tr\u00famennsku sinni vi\u00f0 keisarann framan \u00ed P\u00edlatus til \u00feess a\u00f0 f\u00e1 hann til \u00feess a\u00f0 d\u00e6ma Jes\u00fa til dau\u00f0a.<\/p>\n<p><strong>19.17<\/strong> Hausk\u00fapa&#8230;Golgata: Nafni\u00f0 g\u00e6ti veri\u00f0 komi\u00f0 til fyrir \u00fea\u00f0 a\u00f0 \u00feessi sta\u00f0ur fyrir utan borgarm\u00farinn er n\u00e6rri kletti sem er \u00ed laginu ekki \u00f3l\u00edkur h\u00f6fu\u00f0k\u00fapu \u00far manni.<\/p>\n<p><strong>19.18<\/strong> krossfestu \u00feeir hann: Sj\u00e1 &#8222;<a href=\"https:\/\/biblian.is\/fraedsla\/ordtakasafn\/krossfesting\/\">Krossfesting<\/a>&#8222;.<\/p>\n<p><strong>19.20<\/strong> hebresku, lat\u00ednu og gr\u00edsku: Yfirskriftina skyldu sem flestir geta lesi\u00f0. Gy\u00f0ingar t\u00f6lu\u00f0u arame\u00edsku (sem\u00edt\u00edskt tungum\u00e1l, skylt hebresku). Lat\u00edna var r\u00edkism\u00e1l \u00ed r\u00f3mverska heimsveldinu, \u00fe\u00f3tt margir R\u00f3mverjar hafi tr\u00falega tala\u00f0 gr\u00edsku. Gr\u00edska var daglegt m\u00e1l almennings \u00ed l\u00f6ndunum vi\u00f0 Mi\u00f0jar\u00f0arhafi\u00f0.<\/p>\n<p><strong>19.26<\/strong> l\u00e6risveininn, sem hann elska\u00f0i: Sj\u00e1 athugagrein vi\u00f0 13.23.<\/p>\n<p><strong>19.29<\/strong> ker fullt af ediki&#8230;\u00eds\u00f3pslegg: Stundum var galli (lyfjategund) blanda\u00f0 saman vi\u00f0 edik e\u00f0a sveitav\u00edn (Matt 27.34) og drykkurinn gefinn brotamanni, er tekinn skyldi af l\u00edfi, til \u00feess a\u00f0 lina kvalir hans. \u00cds\u00f3pur er afbrig\u00f0i af varabl\u00f3ma\u00e6ttinni og er sterkur leggur hans.<\/p>\n<p><strong>19.30<\/strong> \u00dea\u00f0 er fullkomna\u00f0: Jar\u00f0neskt l\u00edf Jes\u00fa er n\u00fa \u00e1 enda klj\u00e1\u00f0. Jafnframt hefur hann innt af hendi \u00fea\u00f0 verk sem Gu\u00f0 f\u00f3l honum a\u00f0 vinna. Hann hefur gefi\u00f0 l\u00edf sitt til lausnargjalds fyrir alla (Matt 20.28).<\/p>\n<p><strong>19.31<\/strong> mikil helgi \u00feess hv\u00edldardags: \u00dear e\u00f0 p\u00e1skar voru haldnir h\u00e1t\u00ed\u00f0legir \u00feegar s\u00e9rstaklega st\u00f3\u00f0 \u00e1 tungli, gat p\u00e1skadag bori\u00f0 upp \u00e1 hva\u00f0 vikudag sem var (sj\u00e1 athugagrein vi\u00f0 2.13). S\u00f3larhringur Gy\u00f0ingar h\u00f3fst vi\u00f0 s\u00f3lsetur. H\u00e9r st\u00f3\u00f0 svo \u00e1 a\u00f0 morgundagurinn var hv\u00edldardagur (sabbatsdagur) og \u00fev\u00ed rei\u00f0 \u00e1 a\u00f0 l\u00e1ta l\u00edk Jes\u00fa ekki vera \u00e1 krossinum \u00feann dag. Ofan \u00e1 \u00feetta b\u00e6ttust \u00feau vandkv\u00e6\u00f0i, a\u00f0 hver s\u00e1 er snerti l\u00edk var\u00f0 a\u00f0 gangast undir langdregna og fl\u00f3kna hreinsnarsi\u00f0i til \u00feess a\u00f0 mega neyta p\u00e1skalambsins.<\/p>\n<p><strong>19.31<\/strong> brj\u00f3ta f\u00f3tleggi \u00feeirra: \u00deannig f\u00f3ru R\u00f3mverjar gjarnan me\u00f0 krossfesta menn. Sj\u00e1 &#8222;<a href=\"https:\/\/biblian.is\/fraedsla\/ordtakasafn\/krossfesting\/\">Krossfesting<\/a>&#8222;.<\/p>\n<p><strong>19.38<\/strong> J\u00f3sef fr\u00e1 Ar\u00edma\u00feeu: Ar\u00edma\u00feea var l\u00edti\u00f0 \u00feorp um 30 km. nor\u00f0vestur af Jer\u00fasalem. J\u00f3sef var au\u00f0ugur ma\u00f0ur (Matt 27.57) og haf\u00f0i \u00fev\u00ed r\u00e1\u00f0 \u00e1 a\u00f0 b\u00faa l\u00edkama Jes\u00fa til grefrunar og leggja hann \u00ed n\u00fdja gr\u00f6f.<\/p>\n<p><strong>19.39<\/strong> Nik\u00f3demus: Sj\u00e1 athugagrein vi\u00f0 3.1. \u00deeir J\u00f3sef og Nik\u00f3demus stofnu\u00f0u sj\u00e1lfum s\u00e9r \u00ed h\u00e6ttu me\u00f0 \u00fev\u00ed a\u00f0 sj\u00e1 um greftrun Jes\u00fa.<\/p>\n<p><strong>19.39<\/strong> myrri og al\u00f3e: Sj\u00e1 &#8222;Kryddjurtir og ilmefni&#8220; (texta vantar).<\/p>\n<p><strong>19.40<\/strong> sveipu\u00f0u hann l\u00ednbl\u00e6jum: Sj\u00e1 athugagrein vi\u00f0 11.44.<\/p>\n<p><strong>19.41<\/strong> \u00ed gar\u00f0inum n\u00fd gr\u00f6f: \u00deetta hl\u00fdtur a\u00f0 hafa veri\u00f0 n\u00e6rri Golgata (sj\u00e1 athugagrein vi\u00f0 19.17). \u00dea\u00f0 au\u00f0velda\u00f0i \u00feeim J\u00f3sef og Nik\u00f3demusi a\u00f0 annast um greftrun Jes\u00fa \u00e1\u00f0ur en hv\u00edldardagurinn gengi \u00ed gar\u00f0.<\/p>\n<p><strong>19.42<\/strong> a\u00f0fangadagur Gy\u00f0inga: Sj\u00e1 athugagrein vi\u00f0 19.31 (mikil helgi \u00feess hv\u00edldardags).<\/p>\n","protected":false},"excerpt":{"rendered":"<p>19.1,2 h\u00fa\u00f0str\u00fdkja&#8230;k\u00f3r\u00f3nu \u00far \u00feyrnum: \u00dea\u00f0 var mikill si\u00f0ur \u00ed r\u00f3mverska <a href=\"https:\/\/biblian.is\/fraedsla\/ritskyring\/johannesargudspjall-19-kafli\/\"> [&#8230;]<\/a><\/p>\n","protected":false},"author":1,"featured_media":0,"parent":4829,"menu_order":0,"comment_status":"closed","ping_status":"closed","template":"","meta":{"footnotes":""},"class_list":["post-5352","page","type-page","status-publish","hentry"],"_links":{"self":[{"href":"https:\/\/biblian.is\/fraedsla\/wp-json\/wp\/v2\/pages\/5352","targetHints":{"allow":["GET"]}}],"collection":[{"href":"https:\/\/biblian.is\/fraedsla\/wp-json\/wp\/v2\/pages"}],"about":[{"href":"https:\/\/biblian.is\/fraedsla\/wp-json\/wp\/v2\/types\/page"}],"author":[{"embeddable":true,"href":"https:\/\/biblian.is\/fraedsla\/wp-json\/wp\/v2\/users\/1"}],"replies":[{"embeddable":true,"href":"https:\/\/biblian.is\/fraedsla\/wp-json\/wp\/v2\/comments?post=5352"}],"version-history":[{"count":0,"href":"https:\/\/biblian.is\/fraedsla\/wp-json\/wp\/v2\/pages\/5352\/revisions"}],"up":[{"embeddable":true,"href":"https:\/\/biblian.is\/fraedsla\/wp-json\/wp\/v2\/pages\/4829"}],"wp:attachment":[{"href":"https:\/\/biblian.is\/fraedsla\/wp-json\/wp\/v2\/media?parent=5352"}],"curies":[{"name":"wp","href":"https:\/\/api.w.org\/{rel}","templated":true}]}}