{"id":5335,"date":"2019-04-26T19:32:36","date_gmt":"2019-04-26T19:32:36","guid":{"rendered":"https:\/\/biblian.is\/fraedsla\/?page_id=5335"},"modified":"2025-06-27T02:10:13","modified_gmt":"2025-06-27T02:10:13","slug":"sidara-thessalonikubref-inngangur","status":"publish","type":"page","link":"https:\/\/biblian.is\/fraedsla\/ritskyring\/sidara-thessalonikubref-inngangur\/","title":{"rendered":"S\u00ed\u00f0ara \u00deessalon\u00edkubr\u00e9f &#8211; Inngangur"},"content":{"rendered":"<p><em>Oft tr\u00faum vi\u00f0 \u00fev\u00ed frekar og skiljum \u00fea\u00f0 betur, sem vi\u00f0 heyrum oftar en einu sinni. \u00cd \u00feessu stutta br\u00e9fi \u00edtrekar P\u00e1ll margt af \u00fev\u00ed, sem hann skrifa\u00f0i \u00ed Fyrra \u00deessalon\u00edkubr\u00e9fi s\u00ednu.<\/em><\/p>\n<h3>Hver eru s\u00e9reinkenni S\u00ed\u00f0ara br\u00e9fs P\u00e1ls til \u00deessalon\u00edkumanna?<\/h3>\n<p>Alveg eins og \u00ed Fyrra \u00deessalon\u00edkubr\u00e9fi \u00feakkar P\u00e1ll Gu\u00f0i fyrir \u00fea\u00f0, a\u00f0 hinir kristnu \u00ed \u00deessalon\u00edku skuli hafa haldi\u00f0 \u00e1fram a\u00f0 styrkjast \u00ed tr\u00fanni og k\u00e6rleikanum, \u00fer\u00e1tt fyrir alla erfi\u00f0leika og \u00ferengingar, sem \u00feeir hafa m\u00e1tt \u00feola. Hann \u00edtrekar, a\u00f0 tr\u00fa \u00feeirra s\u00e9 or\u00f0in \u00f6\u00f0rum s\u00f6fnu\u00f0um til fyrirmyndar. \u00de\u00e1 fjallar hann um endurkomu Krists og hvernig beri a\u00f0 undirb\u00faa sig undir hana.<\/p>\n<h3>Tilefni br\u00e9fsins<\/h3>\n<p>Sumir safna\u00f0arm\u00f6nnum misl\u00edka\u00f0i, a\u00f0 \u00fev\u00ed skyldi haldi\u00f0 fram a\u00f0 Kristur v\u00e6ri \u00feegar kominn aftur, en \u00feeir hef\u00f0u misst af honum. En P\u00e1ll segir \u00feeim a\u00f0 b\u00ed\u00f0a og vera \u00feolinm\u00f3\u00f0ir; endurkoman muni ekki fara leynt, enda ver\u00f0i h\u00fan ekki nema &#8222;fr\u00e1hvarfi\u00f0 komi fyrst og&#8230;sonur gl\u00f6tunarinnar.&#8220; \u00de\u00e1 ver\u00f0a \u00feau &#8222;\u00f6ll d\u00e6md sem tr\u00fa\u00f0u ekki sannleikanum en h\u00f6f\u00f0u vel\u00fe\u00f3knun \u00e1 rangl\u00e6tinu&#8220; (2.12), en \u00fatvaldir munu frelsast (2.13). \u00deessalon\u00edkumenn eru hvattir til \u00feess a\u00f0 bi\u00f0ja fyrir \u00fatbrei\u00f0slu fagna\u00f0arerindisins (3.1-5), gefa gaum a\u00f0 kenningum P\u00e1ls og for\u00f0ast leti og i\u00f0juleysi (3.6-13).<\/p>\n<h3>N\u00e1nar um br\u00e9fi\u00f0<\/h3>\n<p>\u00deetta br\u00e9f er tr\u00falega rita\u00f0 sk\u00f6mmu eftir Fyrra \u00deessalon\u00edkubr\u00e9f (sj\u00e1 innganginn a\u00f0 \u00fev\u00ed). \u00de\u00f3tt tr\u00fa og k\u00e6rleikur safna\u00f0armanna \u00ed \u00deessalon\u00edku v\u00e6ri til fyrirmyndar, h\u00f6f\u00f0u sumir \u00feeirra l\u00e1ti\u00f0 blekkjast af villukenningum um endurkomu Krists (2.1-5). Br\u00e9fritari r\u00e6\u00f0ir endurkomuna n\u00e1nar og sigur Drottins \u00e1 &#8222;hinum vonda.&#8220; \u00cd lokin minnir hann lesendur s\u00edna \u00e1, a\u00f0 \u00fe\u00f3tt b\u00faast megi vi\u00f0 \u00fev\u00ed a\u00f0 Jes\u00fas komi aftur \u00e1\u00f0ur en langt um l\u00ed\u00f0ur, \u00fe\u00e1 s\u00e9 \u00fea\u00f0 engin afs\u00f6kun fyrir \u00fev\u00ed a\u00f0 h\u00e6tta a\u00f0 vinna.<\/p>\n<p>Sumir fr\u00e6\u00f0imenn telja, a\u00f0 einhver af l\u00e6risveinum P\u00e1ls hafi rita\u00f0 S\u00ed\u00f0ara \u00deessalon\u00edkubr\u00e9f, eftir a\u00f0 hann var allur. Ekki var \u00f3algengt til forna, a\u00f0 l\u00e6risveinn hei\u00f0ra\u00f0i meistara sinn me\u00f0 \u00fev\u00ed a\u00f0 skrifa \u00ed nafni hans.<\/p>\n<h3>Efnisyfirlit S\u00ed\u00f0ara \u00deessalon\u00edkubr\u00e9fs<\/h3>\n<ul>\n<li><strong>Sannleikurinn um endurkomu Krists (1.1-2.17)<\/strong><\/li>\n<li><strong>B\u00e6nir og varna\u00f0aror\u00f0 (3.1-18)<\/strong><\/li>\n<\/ul>\n","protected":false},"excerpt":{"rendered":"<p>Oft tr\u00faum vi\u00f0 \u00fev\u00ed frekar og skiljum \u00fea\u00f0 betur, sem <a href=\"https:\/\/biblian.is\/fraedsla\/ritskyring\/sidara-thessalonikubref-inngangur\/\"> [&#8230;]<\/a><\/p>\n","protected":false},"author":1,"featured_media":0,"parent":4829,"menu_order":0,"comment_status":"closed","ping_status":"closed","template":"","meta":{"footnotes":""},"class_list":["post-5335","page","type-page","status-publish","hentry"],"_links":{"self":[{"href":"https:\/\/biblian.is\/fraedsla\/wp-json\/wp\/v2\/pages\/5335","targetHints":{"allow":["GET"]}}],"collection":[{"href":"https:\/\/biblian.is\/fraedsla\/wp-json\/wp\/v2\/pages"}],"about":[{"href":"https:\/\/biblian.is\/fraedsla\/wp-json\/wp\/v2\/types\/page"}],"author":[{"embeddable":true,"href":"https:\/\/biblian.is\/fraedsla\/wp-json\/wp\/v2\/users\/1"}],"replies":[{"embeddable":true,"href":"https:\/\/biblian.is\/fraedsla\/wp-json\/wp\/v2\/comments?post=5335"}],"version-history":[{"count":0,"href":"https:\/\/biblian.is\/fraedsla\/wp-json\/wp\/v2\/pages\/5335\/revisions"}],"up":[{"embeddable":true,"href":"https:\/\/biblian.is\/fraedsla\/wp-json\/wp\/v2\/pages\/4829"}],"wp:attachment":[{"href":"https:\/\/biblian.is\/fraedsla\/wp-json\/wp\/v2\/media?parent=5335"}],"curies":[{"name":"wp","href":"https:\/\/api.w.org\/{rel}","templated":true}]}}