{"id":5333,"date":"2019-04-26T19:30:59","date_gmt":"2019-04-26T19:30:59","guid":{"rendered":"https:\/\/biblian.is\/fraedsla\/?page_id=5333"},"modified":"2026-04-17T13:01:09","modified_gmt":"2026-04-17T13:01:09","slug":"fyrra-thessalonikubref-inngangur","status":"publish","type":"page","link":"https:\/\/biblian.is\/fraedsla\/ritskyring\/fyrra-thessalonikubref-inngangur\/","title":{"rendered":"Fyrra \u00deessalon\u00edkubr\u00e9f &#8211; Inngangur"},"content":{"rendered":"<p><em>Hva\u00f0 ver\u00f0ur, \u00feegar vi\u00f0 deyjum? Lesum um \u00fea\u00f0, sem P\u00e1ll haf\u00f0i um \u00feetta a\u00f0 segja \u00ed br\u00e9fi til vina \u00ed \u00deessalon\u00edku.<\/em><\/p>\n<h3>Hver eru s\u00e9reinkenni Fyrra \u00deessalon\u00edkubr\u00e9fs?<\/h3>\n<p>\u00deetta stutta br\u00e9f varpar sk\u00fdru lj\u00f3si \u00e1 samband P\u00e1ls postula vi\u00f0 s\u00f6fnu\u00f0inn \u00ed \u00deessalon\u00edku. Meira en helmingur \u00feess er b\u00e6nir fyrir safna\u00f0arf\u00f3lkinu og \u00feakkir fyrir tr\u00fa \u00feess. P\u00e1ll er h\u00e9r l\u00edkt og prestur, sem ber hag s\u00f3knarbarna sinna fyrir brj\u00f3sti og minnist \u00feeirra me\u00f0 \u00feakkl\u00e6ti. Aftur og aftur gr\u00edpur hann til or\u00f0anna &#8222;\u00fei\u00f0 viti\u00f0&#8220; og &#8222;\u00fei\u00f0 muni\u00f0&#8220;, \u00feegar hann minnir \u00deessalon\u00edkumenn \u00e1 \u00fea\u00f0, sem \u00feeir hafa af honum l\u00e6rt. Auglj\u00f3st er, a\u00f0 hann er h\u00e9r a\u00f0 skrifa f\u00f3lki, sem \u00feegar hefur teki\u00f0 vi\u00f0 Kristi og er tr\u00fair l\u00e6risveinar hans.<\/p>\n<h3>Hvert var tilefni Fyrra \u00deessalon\u00edkubr\u00e9fs?<\/h3>\n<p>P\u00e1ll sendir \u00deessalon\u00edkum\u00f6nnum kve\u00f0ju s\u00edna og \u00feakkar \u00feeim fyrir a\u00f0 \u00feeir skuli standa st\u00f6\u00f0ugir \u00ed tr\u00fanni. Hann tilkynnir \u00feeim jafnframt, a\u00f0 hann hafi \u00ed hyggju a\u00f0 heims\u00e6kja \u00fe\u00e1 aftur (3.11). Greinilega hafa einhverjir l\u00e6risveinanna \u00ed \u00deessalon\u00edku velt \u00fev\u00ed fyrir s\u00e9r, hva\u00f0 yr\u00f0i um \u00fe\u00e1 sem d\u00e6ju \u00e1\u00f0ur en Kristur k\u00e6mi aftur (sj\u00e1 &#8222;Endurkoman&#8220; \u00e1 bls. 2184). P\u00e1ll svarar \u00feessari spurningu \u00ed 4.13-18. Og hann minnir lesendur s\u00edna \u00e1 nau\u00f0syn \u00feess a\u00f0 &#8222;vaka og vera allsg\u00e1\u00f0a&#8220;, \u00fev\u00ed a\u00f0 &#8222;dagur Drottins kemur eins og \u00fej\u00f3fur \u00e1 n\u00f3ttu&#8220; (5.1-11). Svo sem \u00ed flestum br\u00e9fum s\u00ednum lei\u00f0beinir P\u00e1ll h\u00e9r \u00deessalon\u00edkum\u00f6nnum um \u00fea\u00f0, hvernig lifa skuli Gu\u00f0i vel\u00fe\u00f3knanlegu l\u00edfi (4.1-12).<\/p>\n<h3>N\u00e1nar um br\u00e9fi\u00f0<\/h3>\n<p>H\u00f6fundur Postulas\u00f6gunnar segir fr\u00e1 \u00fev\u00ed \u00feegar P\u00e1ll bo\u00f0a\u00f0i or\u00f0i\u00f0 \u00ed \u00deessalon\u00edku (Post 17.1-10). \u00de\u00f3 er ekki vita\u00f0, hve lengi hann dvaldi \u00ed borginni. En hann kve\u00f0st \u00ed br\u00e9finu hafa unni\u00f0 n\u00f3tt og dag til \u00feess a\u00f0 vera engum til \u00feyngsla (2.9) um lei\u00f0 og hann pr\u00e9dika\u00f0i fagna\u00f0arerindi Gu\u00f0s fyrir \u00deessalon\u00edkum\u00f6nnum. Vel m\u00e1 \u00fev\u00ed \u00edmynda s\u00e9r, a\u00f0 hann hafi haft vi\u00f0dv\u00f6l \u00ed \u00deessalon\u00edku um nokkurra m\u00e1na\u00f0a skei\u00f0.<\/p>\n<p>\u00deessalon\u00edku var h\u00f6fu\u00f0borg r\u00f3mverska skattlandsins Maked\u00f3n\u00edu \u00ed Grikklandi nor\u00f0anver\u00f0u. Um borgina \u00fevera l\u00e1 \u00fej\u00f3\u00f0brautin fr\u00e1 austri til vesturs. Margir \u00edb\u00faanna h\u00f6f\u00f0u veri\u00f0 skur\u00f0go\u00f0ad\u00fdrkendur, \u00e1\u00f0ur en \u00feeir t\u00f3ku tr\u00fa (1.9). En n\u00fa voru \u00feeir or\u00f0nir fyrirmynd tr\u00fau\u00f0um og fr\u00e1 \u00feeim haf\u00f0i or\u00f0 Drottins hlj\u00f3ma\u00f0, og \u00fea\u00f0 v\u00ed\u00f0ar en \u00ed Maked\u00f3n\u00edu og Akkeu (1.7,8). \u00deetta Fyrra br\u00e9f P\u00e1ls til \u00deessalon\u00edku manna m\u00e1 vel vera hi\u00f0 elsta af br\u00e9fum hans, sem var\u00f0veitt eru \u00ed N\u00fdja testamenti.. \u00dea\u00f0 getur jafnvel veri\u00f0 hi\u00f0 allra elsta efni af \u00f6llu \u00fevi, sem var\u00f0veitt er \u00ed N\u00fdja testamentinu.<\/p>\n<h3>Efnisskipan Fyrra \u00deessalon\u00edkubr\u00e9fs<\/h3>\n<p>Efnisyfirlit Fyrra \u00deessalon\u00edkubr\u00e9fs er svofellt:<\/p>\n<ul>\n<li><strong>Tr\u00fa \u00deessalon\u00edkumanna og bo\u00f0un P\u00e1ls postula (1.1-3.13)<\/strong><\/li>\n<li><strong>L\u00edferni kristins manns og endurkoma Krists (4.1-5.22)<\/strong><\/li>\n<li><strong>Kve\u00f0jur (5.23-28)<\/strong><\/li>\n<\/ul>\n","protected":false},"excerpt":{"rendered":"<p>Hva\u00f0 ver\u00f0ur, \u00feegar vi\u00f0 deyjum? Lesum um \u00fea\u00f0, sem P\u00e1ll <a href=\"https:\/\/biblian.is\/fraedsla\/ritskyring\/fyrra-thessalonikubref-inngangur\/\"> [&#8230;]<\/a><\/p>\n","protected":false},"author":1,"featured_media":0,"parent":4829,"menu_order":0,"comment_status":"closed","ping_status":"closed","template":"","meta":{"footnotes":""},"class_list":["post-5333","page","type-page","status-publish","hentry"],"_links":{"self":[{"href":"https:\/\/biblian.is\/fraedsla\/wp-json\/wp\/v2\/pages\/5333","targetHints":{"allow":["GET"]}}],"collection":[{"href":"https:\/\/biblian.is\/fraedsla\/wp-json\/wp\/v2\/pages"}],"about":[{"href":"https:\/\/biblian.is\/fraedsla\/wp-json\/wp\/v2\/types\/page"}],"author":[{"embeddable":true,"href":"https:\/\/biblian.is\/fraedsla\/wp-json\/wp\/v2\/users\/1"}],"replies":[{"embeddable":true,"href":"https:\/\/biblian.is\/fraedsla\/wp-json\/wp\/v2\/comments?post=5333"}],"version-history":[{"count":0,"href":"https:\/\/biblian.is\/fraedsla\/wp-json\/wp\/v2\/pages\/5333\/revisions"}],"up":[{"embeddable":true,"href":"https:\/\/biblian.is\/fraedsla\/wp-json\/wp\/v2\/pages\/4829"}],"wp:attachment":[{"href":"https:\/\/biblian.is\/fraedsla\/wp-json\/wp\/v2\/media?parent=5333"}],"curies":[{"name":"wp","href":"https:\/\/api.w.org\/{rel}","templated":true}]}}