{"id":5310,"date":"2019-04-26T18:48:19","date_gmt":"2019-04-26T18:48:19","guid":{"rendered":"https:\/\/biblian.is\/fraedsla\/?page_id=5310"},"modified":"2026-04-17T13:01:12","modified_gmt":"2026-04-17T13:01:12","slug":"johannesargudspjall-3-kafli","status":"publish","type":"page","link":"https:\/\/biblian.is\/fraedsla\/ritskyring\/johannesargudspjall-3-kafli\/","title":{"rendered":"J\u00f3hannesargu\u00f0spjall 3. kafli"},"content":{"rendered":"<p><strong>3.1<\/strong> <em>Nik\u00f3demus, af flokki far\u00edsea&#8230;\u00ed \u00f6ldungar\u00e1\u00f0i Gy\u00f0inga<\/em>: Nik\u00f3demus kemur til Jes\u00fa um n\u00f3tt, tr\u00falega til \u00feess a\u00f0 ekki ver\u00f0i gert uppsk\u00e1tt um fund \u00feeirra. Hann er einungis nefndur \u00e1 nafn \u00ed J\u00f3hannesargu\u00f0spjalli (7.50; 19.39). Sj\u00e1 og athugagreinar vi\u00f0 1.24 (far\u00edsear) og 1.19,20 (r\u00e1\u00f0amenn).<\/p>\n<p><strong>3.3<\/strong> <em>Gu\u00f0s r\u00edki<\/em>: Gu\u00f0s r\u00edki er enginn tiltekinn sta\u00f0ur, heldur hvarvetna \u00fear sem Gu\u00f0s vilji r\u00e6\u00f0ur og b\u00f6rn hans hl\u00fd\u00f0a honum me\u00f0 \u00fev\u00ed t.d. a\u00f0 \u00fej\u00f3na \u00f6\u00f0rum \u00ed \u00feolinm\u00e6\u00f0i og k\u00e6rleika og \u00fatbrei\u00f0a fagna\u00f0arerindi\u00f0 um Jes\u00fa Krist.<\/p>\n<p><strong>3.5\u00a0<\/strong><em>nema hann f\u00e6\u00f0ist af vatni og anda<\/em>: Sj\u00e1 athugagreinar vi\u00f0 1.26 og 1.33 (sk\u00edrn) og 1.32 (andi).<\/p>\n<p><strong>3.6<\/strong> <em>Gu\u00f0s barn<\/em>: Gy\u00f0ingar litu \u00e1 sig sem Gu\u00f0s b\u00f6rn \u00fear e\u00f0 \u00feeir v\u00e6ru afkomendur Abrahams. Jes\u00fas segir, a\u00f0 gy\u00f0inglegur uppruni og hl\u00fd\u00f0ni vi\u00f0 l\u00f6gm\u00e1l M\u00f3se n\u00e6gi ekki lengur til \u00feess a\u00f0 vera Gu\u00f0s barn. Sj\u00e1 og Gal 3.1-5, 26-29.<\/p>\n<p><strong>3.10<\/strong> <em>l\u00e6rifa\u00f0ir \u00ed \u00cdsrael<\/em>: Nik\u00f3demus var far\u00edsei og \u00feess vegna l\u00edka kennari \u00ed helgiritum Gy\u00f0inga.<\/p>\n<p><strong>3.13<\/strong> <em>Mannssonurinn<\/em>: Sj\u00e1 athugagrein vi\u00f0 1.51.<\/p>\n<p><strong>3.14<\/strong> <em>M\u00f3se h\u00f3f upp h\u00f6ggorminn \u00ed ey\u00f0im\u00f6rkinni<\/em>: Jes\u00fas segir, a\u00f0 hann muni sj\u00e1lfur ver\u00f0a hafinn upp eins og h\u00f6ggormurinn, sem M\u00f3se setti \u00e1 st\u00f6ng til \u00feess a\u00f0 l\u00e6kna f\u00f3lki\u00f0 af h\u00f6ggormsbiti \u00ed ey\u00f0im\u00f6rkinni (4M\u00f3s 21.4-9). \u00c1 sama h\u00e1tt muni Jes\u00fas ver\u00f0a negldur upp \u00e1 kross og hver s\u00e1 bjargast fr\u00e1 dau\u00f0anum sem tr\u00fair \u00e1 hann.<\/p>\n<p><strong>3.15<\/strong> <em>eil\u00edft l\u00edf<\/em>: <a href=\"https:\/\/biblian.is\/fraedsla\/ordtakasafn\/eilift-lif\/\">Sj\u00e1 &#8222;Eil\u00edft l\u00edf&#8220;.<\/a><\/p>\n<p><strong>3.22<\/strong> <em>J\u00fadeuh\u00e9ra\u00f0<\/em>: &#8222;J\u00fadea&#8220; er latneska mynd or\u00f0sins &#8222;J\u00fada&#8220;. J\u00fadea laut r\u00f3mverskri stj\u00f3rn \u00e1 d\u00f6gum Jes\u00fa.<\/p>\n<p><strong>3.22<\/strong> <em>sk\u00edr\u00f0i<\/em>: Sj\u00e1 athugagreinar vi\u00f0 1.26 og 1.33.<\/p>\n<p><strong>3.23-24<\/strong> <em>A\u00ednon n\u00e1l\u00e6gt Sal\u00edm<\/em>: Ekki er me\u00f0 vissu vita\u00f0 um \u00feennan sta\u00f0, en gera m\u00e1 r\u00e1\u00f0 fyrir a\u00f0 hann hafi veri\u00f0 vestan vi\u00f0 \u00e1na J\u00f3rdan \u00fear sem voru vatnsuppsprettur.<\/p>\n<p><strong>3.25<\/strong> <em>hreinsun<\/em>: Gy\u00f0ingar f\u00f3ru eftir str\u00f6ngum reglum sem m\u00e6ltu svo fyrir a\u00f0 nema \u00feeir \u00fev\u00e6gju s\u00e9r og hreinsu\u00f0u matar\u00edl\u00e1tin m\u00e6ttu \u00feeir ekki tilbi\u00f0ja Gu\u00f0. <a href=\"https:\/\/biblian.is\/fraedsla\/ordtakasafn\/hreinsanir-hreint-og-ohreint\/\">Sj\u00e1 og\u00a0&#8222;Hreinsanir (hreint og \u00f3hreint)&#8220;.<\/a><\/p>\n<p><strong>3.26<\/strong> <em>Rabb\u00ed<\/em>: Sj\u00e1 athugagrein vi\u00f0 1.38.<\/p>\n<p><strong>3.28<\/strong> <em>Kristur<\/em>: Sj\u00e1 athugagrein vi\u00f0 1.19,20.<\/p>\n<p><strong>3.31<\/strong><em> S\u00e1 sem kemur a\u00f0 ofan&#8230;af himni<\/em>: Sj\u00e1 athugagreinar vi\u00f0 1.34 (Gu\u00f0s\u00a0sonur) og 3.12 (Gu\u00f0s sonur).<\/p>\n<p><strong>3.34<\/strong> <em>S\u00e1 sem Gu\u00f0 sendi&#8230;andann<\/em>: Sj\u00e1 athugagreinar vi\u00f0 1.34 (Gu\u00f0s sonur) og 1.32 (Heilagur andi).<\/p>\n","protected":false},"excerpt":{"rendered":"<p>3.1 Nik\u00f3demus, af flokki far\u00edsea&#8230;\u00ed \u00f6ldungar\u00e1\u00f0i Gy\u00f0inga: Nik\u00f3demus kemur til <a href=\"https:\/\/biblian.is\/fraedsla\/ritskyring\/johannesargudspjall-3-kafli\/\"> [&#8230;]<\/a><\/p>\n","protected":false},"author":1,"featured_media":0,"parent":4829,"menu_order":0,"comment_status":"closed","ping_status":"closed","template":"","meta":{"footnotes":""},"class_list":["post-5310","page","type-page","status-publish","hentry"],"_links":{"self":[{"href":"https:\/\/biblian.is\/fraedsla\/wp-json\/wp\/v2\/pages\/5310","targetHints":{"allow":["GET"]}}],"collection":[{"href":"https:\/\/biblian.is\/fraedsla\/wp-json\/wp\/v2\/pages"}],"about":[{"href":"https:\/\/biblian.is\/fraedsla\/wp-json\/wp\/v2\/types\/page"}],"author":[{"embeddable":true,"href":"https:\/\/biblian.is\/fraedsla\/wp-json\/wp\/v2\/users\/1"}],"replies":[{"embeddable":true,"href":"https:\/\/biblian.is\/fraedsla\/wp-json\/wp\/v2\/comments?post=5310"}],"version-history":[{"count":0,"href":"https:\/\/biblian.is\/fraedsla\/wp-json\/wp\/v2\/pages\/5310\/revisions"}],"up":[{"embeddable":true,"href":"https:\/\/biblian.is\/fraedsla\/wp-json\/wp\/v2\/pages\/4829"}],"wp:attachment":[{"href":"https:\/\/biblian.is\/fraedsla\/wp-json\/wp\/v2\/media?parent=5310"}],"curies":[{"name":"wp","href":"https:\/\/api.w.org\/{rel}","templated":true}]}}