{"id":5280,"date":"2019-04-26T13:33:01","date_gmt":"2019-04-26T13:33:01","guid":{"rendered":"https:\/\/biblian.is\/fraedsla\/?page_id=5280"},"modified":"2026-04-17T13:01:13","modified_gmt":"2026-04-17T13:01:13","slug":"lukasargudspjall-11-kafli","status":"publish","type":"page","link":"https:\/\/biblian.is\/fraedsla\/ritskyring\/lukasargudspjall-11-kafli\/","title":{"rendered":"L\u00fakasargu\u00f0spjall 11. kafli"},"content":{"rendered":"<p><strong>11.2\u00a0<\/strong><em>r\u00edki: <\/em>Sj\u00e1 athugagrein vi\u00f0 4.43.<\/p>\n<p><strong>11.4\u00a0<\/strong><em>syndir: <\/em>Synd er uppreisn manna gegn Gu\u00f0i og \u00f3hl\u00fd\u00f0ni vi\u00f0 bo\u00f0 hans. Syndin skilur okkur \u00fev\u00ed fr\u00e1 Gu\u00f0i og \u00f6\u00f0rum m\u00f6nnum. Fyrirgefning tekur syndina burt. Samkv\u00e6mt helgiritum Gy\u00f0inga hlutu \u00feeir fyrirgefningu sem syndga\u00f0 h\u00f6f\u00f0u ef \u00feeir sneru s\u00e9r aftur til Gu\u00f0s og h\u00e6ttu a\u00f0 brj\u00f3ta gegn vilja hans. \u00dea\u00f0 nefnum vi\u00f0 &#8222;i\u00f0run&#8220;. L\u00e6rimeistarar Gy\u00f0inga kenndu, a\u00f0 Gu\u00f0i einn g\u00e6ti fyrirgefi\u00f0 syndir. Sj\u00e1 og \u201e<a href=\"https:\/\/biblian.is\/fraedsla\/ordtakasafn\/synd\/\">Synd<\/a>\u201c.<\/p>\n<p><strong>11.3\u00a0<\/strong><em>vort daglegt brau\u00f0: <\/em>E\u00f0a: brau\u00f0 vort til dagsins \u00e1 morgun.<\/p>\n<p><strong>11.13,14\u00a0<\/strong><em>heilagan anda&#8230;illan anda: <\/em>Sj\u00e1 athugagreinar vi\u00f0 1.35 (Heilagur andi) og 4.33-35 (\u00f3hreinum, illum anda).<\/p>\n<p><strong>11.15\u00a0<\/strong><em>Beelseb\u00fals, h\u00f6f\u00f0ingja illra anda: <\/em>Beelseb\u00fal er dregi\u00f0 af nafni kanverska gu\u00f0sins Baals og merkir &#8222;h\u00f6f\u00f0inginn Baal&#8220; e\u00f0a &#8222;gu\u00f0 kraftarins.&#8220; Hebrear breyttu nafninu \u00ed &#8222;Beelseb\u00fab&#8220; (Matt 12.24), sem \u00fe\u00fd\u00f0ir &#8222;flugnah\u00f6f\u00f0ingi.&#8220; Sj\u00e1 og Matt 9.34.<\/p>\n<p><strong>11.18\u00a0<\/strong><em>Satan:<\/em>Sj\u00e1 athugagrein vi\u00f0 4.3.<\/p>\n<p><strong>11.23\u00a0<\/strong><em>safnar ekki saman me\u00f0 m\u00e9r: <\/em>Jes\u00fas \u00e1 vi\u00f0 \u00fea\u00f0, a\u00f0 hinir tr\u00fau safnist saman, ver\u00f0i ein hj\u00f6r\u00f0 (J\u00f3h 10.16). \u00deeir sem ekki starfa me\u00f0 Jes\u00fa eru andst\u00e6\u00f0ingar hans og bo\u00f0skapar hans. Sj\u00e1 og Mrk 9.40.<\/p>\n<p><strong>11.24\u00a0<\/strong><em>\u00f3hreinn andi: <\/em>Sj\u00e1 athugagrein vi\u00f0 4.33-35.<\/p>\n<p><strong>11.28\u00a0<\/strong><em>&#8222;J\u00e1, \u00fev\u00ed s\u00e6lir eru \u00feeir&#8230;var\u00f0veita \u00fea\u00f0&#8220;: <\/em>E\u00f0a: <em>&#8222;Nei, en s\u00e6lir eru \u00feeir&#8230;var\u00f0veita \u00fea\u00f0.&#8220;<\/em><\/p>\n<p><strong>11.29,30\u00a0<\/strong><em>t\u00e1kn J\u00f3nasar&#8230;J\u00f3nas var\u00f0 N\u00edn\u00edvem\u00f6nnum t\u00e1kn<\/em>: \u00deegar J\u00f3nas sp\u00e1ma\u00f0ur neita\u00f0i a\u00f0 bera Ass\u00fdringum, \u00f3vinum \u00cdsraels, bo\u00f0 fr\u00e1 Gu\u00f0i, sendi Gu\u00f0 st\u00f3ran fisk og l\u00e9t hann gleypa J\u00f3nas. J\u00f3nas var \u00ed kvi\u00f0i fisksins \u00ed \u00ferj\u00e1 s\u00f3larhringa, en a\u00f0 \u00feeim li\u00f0num bau\u00f0 Drottinn fiskinum a\u00f0 sp\u00faa J\u00f3nasi upp \u00e1 \u00feurrt land. Jes\u00fas segir, a\u00f0 sj\u00e1lfur muni hann hv\u00edla \u00ed gr\u00f6f sinni \u00ed \u00ferj\u00fa d\u00e6gur (L\u00fak 23.50-24.12), jafn lengi og J\u00f3nas var \u00ed kvi\u00f0i fisksins. Sj\u00e1 og Matt 16.4; Mrk 8.12; J\u00f3n 3.4.<\/p>\n<p><strong>11.31,32\u00a0<\/strong><em>Drottning Su\u00f0urlanda: <\/em>Drottingin \u00ed Saba \u00ed Su\u00f0ur-Arab\u00edu e\u00f0a ef til vill \u00ed Nor\u00f0austur-Afr\u00edku. Jes\u00fas segir, a\u00f0 fyrst hei\u00f0ingjarnir \u00ed N\u00edn\u00edve (J\u00f3n 3.5) e\u00f0a drottningin \u00ed Saba (1Kon 10.1-10; 2Kron 9.1-12) g\u00e1tu l\u00e6rt af sp\u00e1m\u00f6nnum og konungum Gy\u00f0inga, \u00fe\u00e1 \u00e6ttu lei\u00f0togarnir \u00ed J\u00fadeu a\u00f0 meta \u00fev\u00ed meir bo\u00f0in fr\u00e1 Gu\u00f0i, flutt af landa \u00feeirra, Jes\u00fa.<\/p>\n<p><strong>11.34\u00a0<\/strong><em>lampi: <\/em>Sj\u00e1 athugagrein vi\u00f0 8.16. Sj\u00e1 og Matt 5.15; Mrk 4.21; L\u00fak 8.16.<\/p>\n<p><strong>11.37\u00a0<\/strong><em>far\u00edsei: <\/em>Sj\u00e1 athugagrein vi\u00f0 5.17.<\/p>\n<p><strong>11.37\u00a0<\/strong><em>settist til bor\u00f0s: <\/em>Sj\u00e1 athugagrein vi\u00f0 7.36<\/p>\n<p><strong>11.38,39\u00a0<\/strong>\u00fevo\u00f0i ekki hendur s\u00ednar: \u00dea\u00f0 var sk\u00fdrt teki\u00f0 fram \u00ed l\u00f6gm\u00e1li Gy\u00f0inga, a\u00f0 f\u00f3lk m\u00e6tti ekki tilbi\u00f0ja Gu\u00f0, ef \u00fea\u00f0 hef\u00f0i snert \u00e1kve\u00f0na hluti e\u00f0a eti\u00f0 vissa f\u00e6\u00f0u. \u00deess vegna \u00fevo\u00f0i \u00fea\u00f0 s\u00e9r um hendur og hreinsa\u00f0i matar\u00edl\u00e1t \u00e1\u00f0ur en \u00fea\u00f0 settist a\u00f0 bor\u00f0um. Jes\u00fas segir, a\u00f0 innri ma\u00f0urinn, hugarfari\u00f0, skipti meira m\u00e1li en hl\u00fd\u00f0ni vi\u00f0 l\u00f6g er m\u00e6la einungis fyrir um hreinleika hi\u00f0 ytra. <a href=\"https:\/\/biblian.is\/fraedsla\/ordtakasafn\/hreinsanir-hreint-og-ohreint\/\">Sj\u00e1 og &#8222;Hreinsanir (hreint og \u00f3hreint)&#8220;<\/a>.<\/p>\n<p><strong>11.40\u00a0<\/strong><em>hefur s\u00e1 sem skapa\u00f0i hi\u00f0 ytra ekki einnig skapa\u00f0 hi\u00f0<\/em><em>innra?<\/em>hi\u00f0 E\u00f0a: <em>&#8222;S\u00e1 sem \u00fev\u00e6r s\u00e9r utan, \u00fev\u00e6r hann s\u00e9r ekki l\u00edka a\u00f0 innan?<\/em><\/p>\n<p><strong>11.42\u00a0<\/strong><em>\u00de\u00e9r gjaldi\u00f0 t\u00edund: <\/em>Far\u00edsear virtu l\u00f6gin er m\u00e6ltu fyrir um \u00fea\u00f0, a\u00f0 Drottni skyldi gefinn t\u00edundi hluti af uppskerunni af akrinum og afur\u00f0um hjar\u00f0arinnar (5M\u00f3s 14.22 og 3M\u00f3s 27.30), og t\u00f6ldu \u00feeir jafnvel fram t\u00edund af kryddi \u00far g\u00f6r\u00f0um s\u00ednum, sem ekki var skylt af gjalda t\u00edund af. Jes\u00fas sag\u00f0i \u00feeim, a\u00f0 jafn mikilv\u00e6gt v\u00e6ri a\u00f0 s\u00fdna \u00f6\u00f0ru f\u00f3lki k\u00e6rleika og hj\u00e1lpsemi.<\/p>\n<p><strong>11.43\u00a0<\/strong><em>skipa \u00e6\u00f0sta bekk..l\u00e1ta heilsa y\u00f0ur \u00e1 torgum:<\/em>Far\u00edsear s\u00e1tu yfirleitt fremst \u00e1 samkomum, enda l\u00e1su \u00feeir oft upp \u00far helgum ritningum og kenndu. Liti\u00f0 var upp til \u00feeirra og \u00feeim heilsa\u00f0 me\u00f0 vir\u00f0ingu \u00e1 g\u00f6tum \u00fati.<\/p>\n<p><strong>11.44 <\/strong><em>duldar grafir: <\/em>Grafir voru kalka\u00f0ar svo a\u00f0 f\u00f3lk t\u00e6ki eftir \u00feeim og l\u00e9ti \u00f3gert a\u00f0 snerta \u00fe\u00e6r. S\u00e1 sem kom vi\u00f0 gr\u00f6f e\u00f0a l\u00edki\u00f0 af dau\u00f0um manni var \u00e1litinn \u00f3hreinn og var\u00f0 a\u00f0 fara a\u00f0 helgum si\u00f0 um hreinsun og var fyrst eftir \u00fea\u00f0 velkominn aftur \u00ed samf\u00e9lag Gu\u00f0s l\u00fd\u00f0s.<\/p>\n<p><strong>11.45 <\/strong><em>l\u00f6gvitringur: <\/em>Sj\u00e1 athugagrein vi\u00f0 5.17.<\/p>\n<p><strong>11.46\u00a0<\/strong><em>l\u00edtt b\u00e6rar byr\u00f0ar: <\/em>H\u00e9r \u00e1 Jes\u00fas vi\u00f0 l\u00f6gin, sem far\u00edsear og l\u00f6gvitringar br\u00fdndu fyrir f\u00f3lki a\u00f0 hafa \u00ed hei\u00f0ri. Hann segir, a\u00f0 \u00feessum fr\u00e6\u00f0urum s\u00e9 miki\u00f0 \u00ed mun a\u00f0 leggja m\u00f6nnum l\u00edfsreglur, en \u00feeir nenni s\u00ed\u00f0ur a\u00f0 hj\u00e1lpa \u00feeim sem berjast vi\u00f0 a\u00f0 hl\u00fd\u00f0a \u00feessum fyrirm\u00e6lum.<\/p>\n<p><strong>11.49\u00a0<\/strong><em>speki Gu\u00f0s: <\/em>Ekki er vita\u00f0 til hva\u00f0a heimildar Jes\u00fas vitnar h\u00e9r. Gu\u00f0 sendi sp\u00e1menn \u00e1\u00f0ur en Jes\u00fas f\u00e6ddist, en Gy\u00f0ingar sneru vi\u00f0 \u00feeim baki og suma dr\u00e1pu \u00feeir. \u00deeir hl\u00fdddu ekki \u00e1 \u00fea\u00f0 sem Gu\u00f0 vildi vi\u00f0 \u00fe\u00e1 segja.<\/p>\n<p><strong>11.51\u00a0<\/strong><em>fr\u00e1 bl\u00f3\u00f0i Abels til bl\u00f3\u00f0s Sakar\u00eda: <\/em>Jes\u00fas nefnir fyrsta manninn sem helgirit Gy\u00f0inga segja hafa veri\u00f0 myrtan, og hinn s\u00ed\u00f0asta. Fr\u00e1 Abel segir \u00ed 1M\u00f3s 4.1-16; \u00e1 Sakar\u00eda, br\u00f3\u00f0ur J\u00f3rams konungs, er minnst \u00ed 2Kron 24.20-22. (2Kron er s\u00ed\u00f0ast rit hebresku Bibl\u00edunnar).<\/p>\n<p><strong>11.52\u00a0<\/strong><em>l\u00f6gvitringar: <\/em>Sj\u00e1 athugagrein vi\u00f0 5.17.<\/p>\n","protected":false},"excerpt":{"rendered":"<p>11.2\u00a0r\u00edki: Sj\u00e1 athugagrein vi\u00f0 4.43. 11.4\u00a0syndir: Synd er uppreisn manna <a href=\"https:\/\/biblian.is\/fraedsla\/ritskyring\/lukasargudspjall-11-kafli\/\"> [&#8230;]<\/a><\/p>\n","protected":false},"author":1,"featured_media":0,"parent":4829,"menu_order":0,"comment_status":"closed","ping_status":"closed","template":"","meta":{"footnotes":""},"class_list":["post-5280","page","type-page","status-publish","hentry"],"_links":{"self":[{"href":"https:\/\/biblian.is\/fraedsla\/wp-json\/wp\/v2\/pages\/5280","targetHints":{"allow":["GET"]}}],"collection":[{"href":"https:\/\/biblian.is\/fraedsla\/wp-json\/wp\/v2\/pages"}],"about":[{"href":"https:\/\/biblian.is\/fraedsla\/wp-json\/wp\/v2\/types\/page"}],"author":[{"embeddable":true,"href":"https:\/\/biblian.is\/fraedsla\/wp-json\/wp\/v2\/users\/1"}],"replies":[{"embeddable":true,"href":"https:\/\/biblian.is\/fraedsla\/wp-json\/wp\/v2\/comments?post=5280"}],"version-history":[{"count":0,"href":"https:\/\/biblian.is\/fraedsla\/wp-json\/wp\/v2\/pages\/5280\/revisions"}],"up":[{"embeddable":true,"href":"https:\/\/biblian.is\/fraedsla\/wp-json\/wp\/v2\/pages\/4829"}],"wp:attachment":[{"href":"https:\/\/biblian.is\/fraedsla\/wp-json\/wp\/v2\/media?parent=5280"}],"curies":[{"name":"wp","href":"https:\/\/api.w.org\/{rel}","templated":true}]}}