{"id":5268,"date":"2019-04-22T18:01:02","date_gmt":"2019-04-22T18:01:02","guid":{"rendered":"https:\/\/biblian.is\/fraedsla\/?page_id=5268"},"modified":"2025-06-27T02:08:44","modified_gmt":"2025-06-27T02:08:44","slug":"sidara-korintubref-inngangur","status":"publish","type":"page","link":"https:\/\/biblian.is\/fraedsla\/ritskyring\/sidara-korintubref-inngangur\/","title":{"rendered":"S\u00ed\u00f0ara Korintubr\u00e9f &#8211; Inngangur"},"content":{"rendered":"<p><em>P\u00e1ll sag\u00f0i hinum kristnu \u00ed Korintu sannleikann og \u00ed g\u00f3\u00f0ri meiningu. En \u00fea\u00f0 f\u00f3r \u00f6fugt \u00ed suma. Lestu S\u00ed\u00f0ara Korintubr\u00e9f og sj\u00e1\u00f0u hvernig P\u00e1ll bi\u00f0ur lesendurna &#8222;l\u00e1ta ver\u00f0a r\u00famgott&#8220; fyrir sig hj\u00e1 \u00feeim enn a\u00f0 n\u00fdju.<\/em><\/p>\n<h3>Hver eru einkenni S\u00ed\u00f0ara Korintubr\u00e9fs?<\/h3>\n<p>\u00deetta br\u00e9f P\u00e1ls s\u00fdnir gl\u00f6ggt hversu samskiptum hans og safna\u00f0arins \u00ed Korintu var vari\u00f0 og einkanlega hvernig P\u00e1ll svarar \u00feeim, sem veist hafa a\u00f0 honum. Margir sty\u00f0ja P\u00e1l, en sumir draga \u00ed efa kennivald hans sem postula. A\u00f0rir hafa horn \u00ed s\u00ed\u00f0u hans fyrir sitthva\u00f0 sem hann hefur l\u00e1ti\u00f0 fr\u00e1 s\u00e9r fara \u00ed r\u00e6\u00f0u og riti og til eru \u00feeir, sem ganga svo langt a\u00f0 telja hann jafnvel \u00f3notalegan og vi\u00f0skotaillan \u00ed skrifum s\u00ednum. P\u00e1ll heldur uppi v\u00f6rnum fyrir sig, kve\u00f0st a\u00f0 s\u00f6nnu vera postuli Krists og notar t\u00e6kif\u00e6ri\u00f0 til \u00feess a\u00f0 brj\u00f3ta upp \u00e1 br\u00fdnum umr\u00e6\u00f0uefnum, eins og t.d.:<\/p>\n<ul>\n<li>Vi\u00f0 eigum a\u00f0 fyrirgefum \u00f6\u00f0rum (2.5-17);<\/li>\n<li>N\u00fdr s\u00e1ttm\u00e1li Gu\u00f0s, or\u00f0inn til fyrir heilagan anda, en ekki rita\u00f0ur \u00ed L\u00f6gm\u00e1linu (3.1-18);<\/li>\n<li>Hver sem er \u00ed Kristi, er or\u00f0inn n\u00fdr ma\u00f0ur (5.17-21);<\/li>\n<li>L\u00e1tum f\u00e9 myndarlega af hendi rakna til stu\u00f0nings s\u00f6fnu\u00f0inum \u00ed Jer\u00fasalem (8.1-15; 9.1-15); og<\/li>\n<li>Gu\u00f0 hefur breytt l\u00edfi P\u00e1ls sj\u00e1lfs (12.1-9).<\/li>\n<\/ul>\n<h3>Hvert var tilefni br\u00e9fsins?<\/h3>\n<p>P\u00e1ll haf\u00f0i um skei\u00f0 \u00e1tt heima \u00ed Korintu og starfa\u00f0 \u00fear me\u00f0 l\u00e6risveinum Krists. S\u00ed\u00f0ar skrifa\u00f0i hann \u00feeim br\u00e9f \u00ed \u00fev\u00ed skyni a\u00f0 upp\u00f6rva \u00fe\u00e1 og svara spurningum \u00feeirra (sj\u00e1 innganginn a\u00f0 Fyrra Korintur\u00e9fi). Hann lofa\u00f0i l\u00edka a\u00f0 heims\u00e6kja \u00fe\u00e1 (1Kor 16.5,6). En hann byrjar S\u00ed\u00f0ara Korintubr\u00e9f \u00e1 \u00fev\u00ed a\u00f0 segja \u00feeim hvers vegna hann er n\u00fa h\u00e6ttur vi\u00f0 a\u00f0 koma. Hann sni\u00f0gengur Korintu til \u00feess a\u00f0 f\u00f3lki \u00fear finnist hann ekki of frekur og \u00e1gengur (1.23), og l\u00edka til \u00feess a\u00f0 vita hvort safna\u00f0armenn fari a\u00f0 fyrirm\u00e6lum hans um a\u00f0 fyrirgefa \u00feeim og hugga, sem hrasa\u00f0 hafa (2.5-11). \u00deegar P\u00e1ll skrifa\u00f0i S\u00ed\u00f0ara Korintubr\u00e9f sitt var honum mj\u00f6g \u00ed mun a\u00f0 r\u00e9ttl\u00e6ta postulad\u00f3m sinn, en jafnframt a\u00f0 hvetja Korintumenn til \u00feess a\u00f0 l\u00e1ta rausnarlega af hendi rakna fj\u00e1rstyrk til handa kristnum m\u00f6nnum annars sta\u00f0ar \u00ed r\u00f3mverska heimsveldinu.<\/p>\n<h3>Hvernig var \u00e1statt \u00ed Korintuborg, \u00feegar br\u00e9fi\u00f0 var skrifa\u00f0?<\/h3>\n<p>P\u00e1ll mun hafa rita\u00f0 Korintum\u00f6nnum fleiri en eitt sendibr\u00e9f og fleiri en tv\u00f6. \u00dear \u00e1 me\u00f0al hefur veri\u00f0 br\u00e9fi\u00f0 sem minnst er \u00e1 \u00ed 1Kor 5.9 og svo sj\u00e1lft Fyrra Korintubr\u00e9f. Hann getur l\u00edka &#8222;t\u00e1rabr\u00e9fsins&#8220; svonefnda \u00ed 2Kor 2.3,4. S\u00ed\u00f0ara Korintubr\u00e9f samanstendur tr\u00falega af tveimur umbur\u00f0arbr\u00e9fum, sem s\u00ed\u00f0ar ur\u00f0u a\u00f0 einu br\u00e9fi. Hi\u00f0 fyrra er 2Kor 1-9, en hi\u00f0 s\u00ed\u00f0ara 2Kor 10-13. \u00dea\u00f0 getur meira a\u00f0 segja veri\u00f0, a\u00f0 2Kor 6.14-7.1 s\u00e9 brot af einu br\u00e9finu enn, enda kemur \u00ed lj\u00f3s vi\u00f0 n\u00e1na athugun, a\u00f0 \u00fea\u00f0 ver\u00f0ur rof \u00ed hugsanaganginum fr\u00e1 6.11-33 og allt a\u00f0 7.2. Tali\u00f0 er, a\u00f0 P\u00e1ll hafi dvalist \u00ed Korintu \u00e1 \u00e1runum 50-51 e. Kr. og skrifa\u00f0 Fyrra Korintubr\u00e9f \u00feegar hann var kominn aftur til Jer\u00fasalem (Post 18) 53-54 e. Kr. Br\u00e9fin tv\u00f6, sem eru efni S\u00ed\u00f0ara Korintubr\u00e9fs hefur hann svo skrifa\u00f0 einhvern t\u00edma eftir \u00feetta.<\/p>\n<h3>Efnisskipan br\u00e9fsins<\/h3>\n<p>\u00de\u00f3tt S\u00ed\u00f0ara Korintubr\u00e9f s\u00e9 tali\u00f0 samsett \u00far fleiri br\u00e9fum eru upphaf \u00feess og endir \u00ed hef\u00f0bundnum sendibr\u00e9fsst\u00edl \u00feessa t\u00edma. \u00cd st\u00f3rum dr\u00e1ttum er efni\u00f0 svol\u00e1tandi:<\/p>\n<ul>\n<li><strong>Heilsun, b\u00e6nir og \u00feakkir (1.1-11)<\/strong><\/li>\n<li><strong>P\u00e1ll vill fri\u00f0m\u00e6last vi\u00f0 andst\u00e6\u00f0ina s\u00edna (1.12-6.13; 7.2-16)<\/strong><\/li>\n<li><strong>Kafli \u00far \u00f6\u00f0ru br\u00e9fi (6.14-7.16)<\/strong><\/li>\n<li><strong>P\u00e1ll hvetur Korintumenn til \u00feess a\u00f0 gefa af rausn (8.1-9.15)<\/strong><\/li>\n<li><strong>P\u00e1ll r\u00f6ksty\u00f0ur r\u00e9ttm\u00e6ti postulad\u00f3ms s\u00edns (10.1-12.21)<\/strong><\/li>\n<li><strong>\u00c1minning, hvatning og kve\u00f0jur (13.1-13)<\/strong><\/li>\n<\/ul>\n","protected":false},"excerpt":{"rendered":"<p>P\u00e1ll sag\u00f0i hinum kristnu \u00ed Korintu sannleikann og \u00ed g\u00f3\u00f0ri <a href=\"https:\/\/biblian.is\/fraedsla\/ritskyring\/sidara-korintubref-inngangur\/\"> [&#8230;]<\/a><\/p>\n","protected":false},"author":1,"featured_media":0,"parent":4829,"menu_order":0,"comment_status":"closed","ping_status":"closed","template":"","meta":{"footnotes":""},"class_list":["post-5268","page","type-page","status-publish","hentry"],"_links":{"self":[{"href":"https:\/\/biblian.is\/fraedsla\/wp-json\/wp\/v2\/pages\/5268","targetHints":{"allow":["GET"]}}],"collection":[{"href":"https:\/\/biblian.is\/fraedsla\/wp-json\/wp\/v2\/pages"}],"about":[{"href":"https:\/\/biblian.is\/fraedsla\/wp-json\/wp\/v2\/types\/page"}],"author":[{"embeddable":true,"href":"https:\/\/biblian.is\/fraedsla\/wp-json\/wp\/v2\/users\/1"}],"replies":[{"embeddable":true,"href":"https:\/\/biblian.is\/fraedsla\/wp-json\/wp\/v2\/comments?post=5268"}],"version-history":[{"count":0,"href":"https:\/\/biblian.is\/fraedsla\/wp-json\/wp\/v2\/pages\/5268\/revisions"}],"up":[{"embeddable":true,"href":"https:\/\/biblian.is\/fraedsla\/wp-json\/wp\/v2\/pages\/4829"}],"wp:attachment":[{"href":"https:\/\/biblian.is\/fraedsla\/wp-json\/wp\/v2\/media?parent=5268"}],"curies":[{"name":"wp","href":"https:\/\/api.w.org\/{rel}","templated":true}]}}