{"id":5244,"date":"2019-04-22T17:31:42","date_gmt":"2019-04-22T17:31:42","guid":{"rendered":"https:\/\/biblian.is\/fraedsla\/?page_id=5244"},"modified":"2026-04-17T13:01:14","modified_gmt":"2026-04-17T13:01:14","slug":"lukasargudspjall-6-kafli","status":"publish","type":"page","link":"https:\/\/biblian.is\/fraedsla\/ritskyring\/lukasargudspjall-6-kafli\/","title":{"rendered":"L\u00fakasargu\u00f0spjall 6. kafli"},"content":{"rendered":"<p><strong>6.1\u00a0<\/strong><em>Jes\u00fas f\u00f3r um s\u00e1\u00f0l\u00f6nd: <\/em>\u00dea\u00f0 var alsi\u00f0a \u00ed \u00cdsrael a\u00f0 soltnum fer\u00f0al\u00f6ngum v\u00e6ri leyft a\u00f0 t\u00edna korn\u00f6x sem me\u00f0 vilja h\u00f6f\u00f0u veri\u00f0 skilin eftir handa \u00feeim \u00e1 akrinum eftir uppskeruna (5M\u00f3s 23.25).<\/p>\n<p><strong>6.2\u00a0<\/strong><em>ekki leyfilegt \u00e1 hv\u00edldardegi: <\/em>Sabbatinn er hv\u00edldardagur gy\u00f0inga og hefst vi\u00f0 s\u00f3lsetur \u00e1 f\u00f6studagskv\u00f6ldi og l\u00fdkur \u00feegar s\u00f3l sest laugardaginn eftir. Allir gy\u00f0ingar ur\u00f0u a\u00f0 vir\u00f0a hv\u00edldardagshelgina (2M\u00f3s 20.8-11; 5M\u00f3s 5.14). H\u00e9r s\u00e9st a\u00f0 sumir far\u00edsear t\u00f6ldu \u00fea\u00f0 vera starf a\u00f0 t\u00edna korn\u00f6xin og \u00feess vegna vanhelgun \u00e1 hv\u00edldardeginum.<\/p>\n<p><strong>6.3,4\u00a0<\/strong><em>Dav\u00ed\u00f0&#8230;prestarnir einir: <\/em>Dav\u00ed\u00f0 konungur var af \u00e6ttkv\u00edsl J\u00fada. Sj\u00e1 1Sam 21.1-6. Einungis prestarnir (afkomendur Arons, af Lev\u00ed-\u00e6tt) m\u00e1ttu leggja s\u00e9r sko\u00f0unarbrau\u00f0in (heilagt brau\u00f0) til munns. Sj\u00e1 og 3M\u00f3s 24.8,9.<\/p>\n<p><strong>6.5\u00a0<\/strong><em>Mannssonurinn: <\/em>Sj\u00e1 athugagrein vi\u00f0 5.24. Or\u00f0 Jes\u00fa og gj\u00f6r\u00f0ir hafa meira v\u00e6gi en L\u00f6gm\u00e1l M\u00f3se, a\u00f0 \u00e1kv\u00e6\u00f0unum um hv\u00edldardaginn me\u00f0t\u00f6ldum. Sj\u00e1 og Heb 2.1-3.6.<\/p>\n<p><strong>6.6\u00a0<\/strong><em>samkunduna: <\/em>Sj\u00e1 athugagrein vi\u00f0 4.15.<\/p>\n<p><strong>6.7 <\/strong><em>fr\u00e6\u00f0imenn og far\u00edsear: <\/em>Sj\u00e1 athugagrein vi\u00f0 5.17.<\/p>\n<p><strong>6.9\u00a0<\/strong><em>gera gott&#8230;\u00e1 hv\u00edldardegi: <\/em>Sj\u00e1 athugagrein vi\u00f0 4.16 (hv\u00edldardegi). \u00dear sem s\u00e9rhvert starf, sem innt var af hendi \u00e1 hv\u00edldardegi, var tali\u00f0 str\u00ed\u00f0a gegn hv\u00edldardagsbo\u00f0inu, t\u00f6ldu far\u00edsearnir og fr\u00e6\u00f0imennirnir a\u00f0 Jes\u00fas hef\u00f0i frami\u00f0 l\u00f6gbrot \u00feegar hann l\u00e6kna\u00f0i manninn me\u00f0 visnu h\u00f6ndina. Jes\u00fas s\u00fdndi h\u00e9r \u00ed verki, a\u00f0 \u00fea\u00f0 fer ekki \u00ed b\u00e1ga vi\u00f0 gu\u00f0sl\u00f6g a\u00f0 gera gott \u00e1 hv\u00edldardeginum.<\/p>\n<p><strong>6.12\u00a0<\/strong><em>til fjalls: <\/em>Jes\u00fas f\u00f3r upp \u00ed fjall til \u00feess a\u00f0 bi\u00f0jast fyrir \u00e1\u00f0ur en hann veldi postulana 12. \u00cd L\u00fakasargu\u00f0spjalli ver\u00f0a merkisvi\u00f0bur\u00f0ir \u00e1 ferli Jes\u00fa gjarnan \u00e1 fj\u00f6llum uppi (sj\u00e1 og 4.5; 9.28 og 19.29).<\/p>\n<p><strong>6.13\u00a0<\/strong><em>l\u00e6risveina&#8230;t\u00f3lf&#8230;postula: <\/em>L\u00e6risveinn er s\u00e1, sem situr vi\u00f0 f\u00f3tsk\u00f6r meistara s\u00edns og nemur af honum. Postuli er s\u00e1, sem sendur er a\u00f0 flytja \u00f6\u00f0rum bo\u00f0skap meistarans og herma fr\u00e1 ath\u00f6fnum hans. Postularnir voru 12 eins og \u00e6ttkv\u00edslir \u00cdsraelsmanna. S\u00ed\u00f0ar b\u00e6ttust f\u00e1einir a\u00f0rir \u00ed \u00feann h\u00f3p, svo sem P\u00e1ll postuli (1Kor 9.1). <a href=\"https:\/\/biblian.is\/fraedsla\/ordtakasafn\/tolf-laerisveinar-jesu\/\">Sj\u00e1 og t\u00f6fluna &#8222;12 postular Jes\u00fa&#8220;.<\/a><\/p>\n<p><strong>6.15\u00a0<\/strong><em>kalla\u00f0ur vandl\u00e6tari: <\/em>Vandl\u00e6tari er \u00fe\u00fd\u00f0ing \u00e1 gr\u00edska or\u00f0inu &#8222;sel\u00f3ti.&#8220; Sel\u00f3tar nefndist flokkur Gy\u00f0inga sem vildu hrinda yfirr\u00e1\u00f0um R\u00f3mverja me\u00f0 upp\u00feotum og sk\u00e6ruherna\u00f0i. <a href=\"https:\/\/biblian.is\/fraedsla\/samtidarsaga-bibliunnar\/mannlif-og-landshaettir-a-timum-jesu-thjodir-valdhafar-og-stjornmal\/\">Sj\u00e1 og greinina &#8222;Mannl\u00edf og landsh\u00e6ttir \u00e1 t\u00edmum Jes\u00fa: \u00dej\u00f3\u00f0ir, valdhafar og stj\u00f3rnm\u00e1l&#8220;. <\/a><\/p>\n<p><strong>6.16\u00a0<\/strong><em>\u00cdskar\u00edot: <\/em>Nafni\u00f0 \u00fe\u00fd\u00f0ir ef til vill &#8222;ma\u00f0urinn fr\u00e1 Kar\u00edot&#8220; (sta\u00f0arnafn \u00ed J\u00fadeu). En \u00fea\u00f0 g\u00e6ti l\u00edka merkt &#8222;ma\u00f0ur sem reyndist lygari&#8220; e\u00f0a &#8222;ma\u00f0urinn sem sveik.&#8220;<\/p>\n<p><strong>6.17\u00a0<\/strong><em>gekk ofan&#8230;\u00e1 sl\u00e9ttri fl\u00f6t: <\/em>Ekki er vita\u00f0 hvar \u00feetta var. \u00deetta efni L\u00fakasargu\u00f0spjalls (6.20-49) er stundum er stundum nefnt &#8222;Sl\u00e9ttur\u00e6\u00f0an&#8220;. Margt sem Jes\u00fas kennir h\u00e9r er mj\u00f6g l\u00edkt \u00fev\u00ed sem fram kemur \u00ed &#8222;Fjallr\u00e6\u00f0u&#8220; hans \u00ed Matteus 5.1-7.29.<\/p>\n<p><strong>6.20\u00a0<\/strong><em>Gu\u00f0s r\u00edki: <\/em>Sj\u00e1 athugagrein vi\u00f0 4.43.<\/p>\n<p><strong>6.22\u00a0<\/strong><em>Mannssonarins: <\/em>Sj\u00e1 athugagrein vi\u00f0 5.24.<\/p>\n<p><strong>6.23\u00a0<\/strong><em>\u00e1 himni: <\/em>Hinir tr\u00fau hlj\u00f3ta a\u00f0 launum l\u00edf vi\u00f0 h\u00e1s\u00e6ti Gu\u00f0s \u00e1 himnum.<\/p>\n<p><strong>6.29\u00a0<\/strong><em>Sl\u00e1i \u00feig einhver \u00e1 kinnina: <\/em>Kinnhestur \u00fe\u00f3tti gr\u00f3f m\u00f3\u00f0gun.<\/p>\n<p><strong>6.35\u00a0<\/strong><em>b\u00f6rn Hins h\u00e6sta: <\/em>\u00cd fj\u00f6lskyldu Gu\u00f0s er f\u00f3lk oft kalla\u00f0 &#8222;b\u00f6rn,&#8220; sama hver aldur \u00feess er. Jes\u00fas segir, a\u00f0 b\u00f6rn Gu\u00f0s muni koma fram eins og hann: Elska \u00f3vini s\u00edna, vera gjafmild og hafa sam\u00fa\u00f0 me\u00f0 \u00f6\u00f0ru f\u00f3lki.<\/p>\n<p><strong>6.41\u00a0<\/strong><em>bj\u00e1lkanum \u00ed auga \u00fe\u00ednu: <\/em>Jes\u00fas \u00fdkir h\u00e9r st\u00f3rlega til \u00feess a\u00f0 leggja \u00e1herslu \u00e1 hve br\u00fdnt \u00fea\u00f0 er a\u00f0 l\u00edta \u00ed eigin barm \u00e1\u00f0ur en teki\u00f0 er til vi\u00f0 a\u00f0 d\u00e6ma a\u00f0ra.<\/p>\n<p><strong>6.42\u00a0<\/strong><em>Hr\u00e6snari: <\/em>Gr\u00edska or\u00f0i\u00f0, sem \u00fe\u00fdtt er \u00e1 \u00edslensku me\u00f0 &#8222;hr\u00e6snari&#8220; er &#8222;hypocrites&#8220; sem merkir &#8222;gortari,&#8220; &#8222;lygari&#8220; e\u00f0a &#8222;leikari.&#8220;<\/p>\n<p><strong>6.44\u00a0<\/strong><em>f\u00edkjur&#8230;v\u00ednber: <\/em>F\u00edkjur eru \u00e1v\u00f6xtur tr\u00e9s me\u00f0 greinar og lauf, sem n\u00e1 allt ni\u00f0ur \u00e1 j\u00f6r\u00f0u, s\u00e6tar \u00e1 brag\u00f0i\u00f0. \u00de\u00e6r voru miki\u00f0 etnar \u00e1 d\u00f6gum Jes\u00fa. F\u00edkjutr\u00e9 getur or\u00f0i\u00f0 allt a\u00f0 9 metrar \u00e1 h\u00e6\u00f0 og ber \u00e1vexti tvisvar \u00e1 \u00e1ri. V\u00ednber voru l\u00edka algeng f\u00e6\u00f0a. \u00deau voru etin n\u00fd e\u00f0a \u00feurrku\u00f0, en mest \u00fe\u00f3 h\u00f6f\u00f0 til v\u00ednger\u00f0ar. \u00der\u00fagurnar vaxa \u00e1 l\u00f6ngum, renglulegum vi\u00f0i, sem festa \u00fearf upp fr\u00e1 j\u00f6r\u00f0u og krefst mikillar v\u00f6kvunar og umhir\u00f0u. Sj\u00e1 og Matt 12.33.<\/p>\n","protected":false},"excerpt":{"rendered":"<p>6.1\u00a0Jes\u00fas f\u00f3r um s\u00e1\u00f0l\u00f6nd: \u00dea\u00f0 var alsi\u00f0a \u00ed \u00cdsrael a\u00f0 <a href=\"https:\/\/biblian.is\/fraedsla\/ritskyring\/lukasargudspjall-6-kafli\/\"> [&#8230;]<\/a><\/p>\n","protected":false},"author":1,"featured_media":0,"parent":4829,"menu_order":0,"comment_status":"closed","ping_status":"closed","template":"","meta":{"footnotes":""},"class_list":["post-5244","page","type-page","status-publish","hentry"],"_links":{"self":[{"href":"https:\/\/biblian.is\/fraedsla\/wp-json\/wp\/v2\/pages\/5244","targetHints":{"allow":["GET"]}}],"collection":[{"href":"https:\/\/biblian.is\/fraedsla\/wp-json\/wp\/v2\/pages"}],"about":[{"href":"https:\/\/biblian.is\/fraedsla\/wp-json\/wp\/v2\/types\/page"}],"author":[{"embeddable":true,"href":"https:\/\/biblian.is\/fraedsla\/wp-json\/wp\/v2\/users\/1"}],"replies":[{"embeddable":true,"href":"https:\/\/biblian.is\/fraedsla\/wp-json\/wp\/v2\/comments?post=5244"}],"version-history":[{"count":0,"href":"https:\/\/biblian.is\/fraedsla\/wp-json\/wp\/v2\/pages\/5244\/revisions"}],"up":[{"embeddable":true,"href":"https:\/\/biblian.is\/fraedsla\/wp-json\/wp\/v2\/pages\/4829"}],"wp:attachment":[{"href":"https:\/\/biblian.is\/fraedsla\/wp-json\/wp\/v2\/media?parent=5244"}],"curies":[{"name":"wp","href":"https:\/\/api.w.org\/{rel}","templated":true}]}}