{"id":5200,"date":"2019-04-22T13:58:41","date_gmt":"2019-04-22T13:58:41","guid":{"rendered":"https:\/\/biblian.is\/fraedsla\/?page_id=5200"},"modified":"2026-04-17T13:01:16","modified_gmt":"2026-04-17T13:01:16","slug":"markusargudspjall-8-kafli","status":"publish","type":"page","link":"https:\/\/biblian.is\/fraedsla\/ritskyring\/markusargudspjall-8-kafli\/","title":{"rendered":"Mark\u00fasargu\u00f0spjall 8. kafli"},"content":{"rendered":"<p><strong>8.4<\/strong> <em>\u00ed \u00f3bygg\u00f0um:<\/em> Margir munu hafa minnst heimfararinnar fr\u00e1 Egyptalandi m\u00f6rgum \u00f6ldum fyrr, er \u00feeir ur\u00f0u vitni a\u00f0 \u00fev\u00ed a\u00f0 Jes\u00fas metta\u00f0i \u00fe\u00fasundirnar. \u00de\u00e1 gaf Drottinn f\u00f3lkinu manna (himnabrau\u00f0) og lyngh\u00e6nsn til f\u00e6\u00f0slu \u00ed ey\u00f0im\u00f6rkinni (2M\u00f3s 16; 3M\u00f3s 11).<\/p>\n<p><strong>8.5<\/strong> <em>brau\u00f0<\/em>: Sj\u00e1 athugagrein vi\u00f0 6.38.<\/p>\n<p><strong>8.6<\/strong> <em>ger\u00f0i \u00feakkir og braut \u00feau:<\/em> Sj\u00e1 athugagrein vi\u00f0 6.41.<\/p>\n<p><strong>8.8-9<\/strong> <em>sj\u00f6 k\u00f6rfur:<\/em> Sj\u00f6 var heil\u00f6g tala \u00ed hinum g\u00f6mlu Austurl\u00f6ndum n\u00e6r. H\u00fan var t\u00e1kn fullkomnunar. <a href=\"https:\/\/biblian.is\/fraedsla\/ordtakasafn\/tolur-i-bibliunni\/\">Sj\u00e1 og &#8222;T\u00f6lur \u00ed Bibl\u00edunni&#8220;.<\/a><\/p>\n<p><strong>8.10<\/strong> <em>Dalman\u00fatabygg\u00f0ir<\/em>: Ekki er vita\u00f0 me\u00f0 vissu hvar \u00fe\u00e6r voru, en sumir hafa tali\u00f0 \u00fe\u00e6r hafa veri\u00f0 vi\u00f0 Gal\u00edleuvatni\u00f0 vestanvert.<\/p>\n<p><strong>8.11<\/strong> <em>far\u00edsear&#8230;kr\u00f6f\u00f0u hann um t\u00e1kn af himni:<\/em> Sj\u00e1 athugagrein vi\u00f0 2.16. \u00deeir vildu a\u00f0 Jes\u00fas ynni kraftaverk til \u00feess a\u00f0 s\u00fdna, svo ekki yr\u00f0i um villst, a\u00f0 Gu\u00f0 v\u00e6ri me\u00f0 honum. Sj\u00e1 og Matt 12.38; 16.11; L\u00fak 11.16.<\/p>\n<p><strong>8.15<\/strong> <em>s\u00fardeig far\u00edsea og s\u00fardeig Her\u00f3desar:<\/em> Ger er agnarl\u00edtill gulur sveppur. \u00deegar hann er settur saman vi\u00f0 hveiti og vatn, lyftir deigi\u00f0 (s\u00fardeig) s\u00e9r, \u00feannig a\u00f0 ekki ver\u00f0ur \u00far flatbrau\u00f0 \u00feegar baka\u00f0 er. \u00deetta er kalla\u00f0 s\u00fardeig. Brau\u00f0 \u00e1n gers er hins vegar nefnt &#8222;\u00f3s\u00fdrt brau\u00f0&#8220;. \u00dea\u00f0 er n\u00e6fur\u00feunnt og var bori\u00f0 fram vi\u00f0 s\u00e9rst\u00f6k t\u00e6kif\u00e6ri eins og t.d. \u00e1 p\u00e1skum.\u00a0Jes\u00fas \u00e1 vi\u00f0 \u00fea\u00f0, a\u00f0 or\u00f0 far\u00edsea (2.16) og verk Her\u00f3desar Ant\u00edpasar (3.6) hafi \u00e1hrif \u00e1 allan l\u00fd\u00f0 Gu\u00f0s \u00e1 sama h\u00e1tt og geri\u00f0 gegns\u00fdrir deigi\u00f0. Sj\u00e1 og L\u00fak 12.1.<\/p>\n<p><strong>8.22<\/strong> <em>Betsa\u00eddu<\/em>: Sj\u00e1 athugagrein vi\u00f0 6.45.<\/p>\n<p><strong>8.27<\/strong> <em>Sesareu Filipp\u00ed:<\/em> \u00deessi borg var um 40 km. nor\u00f0an vi\u00f0 Gal\u00edleuvatn.<\/p>\n<p><strong>8.28<\/strong> <em>J\u00f3hannes sk\u00edrara, a\u00f0rir El\u00eda&#8230;einn af sp\u00e1m\u00f6nnunum:<\/em> Sj\u00e1 athugagreinar vi\u00f0 1.4 (J\u00f3hannes sk\u00edrari) og 6.15 (El\u00eda). Sj\u00e1 og Mrk 6.14,15; L\u00fak 9.7,8.<\/p>\n<p><strong>8.29<\/strong> <em>Kristur:<\/em> Kristur er gr\u00edska or\u00f0i\u00f0 yfir Mess\u00edas \u00e1 hebresku og \u00fe\u00fd\u00f0ir &#8222;hinn smur\u00f0i&#8220; \u00fe.e. hinn \u00fatvaldi. P\u00e9tur kallar Jes\u00fa Krist (Mess\u00edas), hinn \u00fatvalda Drottins. Beri\u00f0 \u00feetta vers saman vi\u00f0 J\u00f3h 6.68,69.<\/p>\n<p><strong>8.30<\/strong> <em>a\u00f0 segja engum fr\u00e1 s\u00e9r:<\/em> \u00de\u00f3tt augu P\u00e9turs hafi opnast fyrir \u00fev\u00ed a\u00f0 Jes\u00fas er Kristur, vill Jes\u00fas ekki l\u00e6risveinarnir segi \u00f6\u00f0rum fr\u00e1 \u00fev\u00ed. Sj\u00e1 athugagrein vi\u00f0 1.44.<\/p>\n<p><strong>8.31<\/strong> <em>\u00d6ldungarnir, \u00e6\u00f0stu prestarnir og fr\u00e6\u00f0imennirnir:<\/em> \u00c6\u00f0stu prestarnir og a\u00f0rir lei\u00f0togar l\u00fd\u00f0sins, svo sem far\u00edsear og sadd\u00fakear, s\u00e1tu \u00ed valdamiklu r\u00e1\u00f0i og l\u00e9tu r\u00f3mversku stj\u00f3rnv\u00f6ldin \u00fev\u00ed a\u00f0 mestu eftir heimastj\u00f3rnina (14.53,55). Sj\u00e1 athugagrein vi\u00f0 12.38 (fr\u00e6\u00f0imennirnir).<\/p>\n<p><strong>8.31\u00a0<\/strong><em>Mannssonurinn&#8230;\u00fatsk\u00fafa&#8230;l\u00edfl\u00e1ta:<\/em> Sj\u00e1 athugagrein vi\u00f0 2.10 (Mannssonurinn). H\u00e9r r\u00e6\u00f0ir Jes\u00fas um \u00fea\u00f0 sem framundan er: a\u00f0 ver\u00f0a r\u00e9ttarh\u00f6ld, hann deyra \u00e1 krossinum og Gu\u00f0 reisir hann aftur upp fr\u00e1 dau\u00f0um.<\/p>\n<p><strong>8.32<\/strong> <em>P\u00e9tur<\/em>: Sj\u00e1 athugagrein vi\u00f0 1.16 (S\u00edmon P\u00e9tur).<\/p>\n<p><strong>8.33<\/strong> <em>Satan<\/em>: Sj\u00e1 athugagrein vi\u00f0 1.13. H\u00e9r er Jes\u00fas hvassyrtur: s\u00e1, sem kemur s\u00e9r hj\u00e1 \u00fev\u00ed a\u00f0 fara a\u00f0 vilja Gu\u00f0s vinnur \u00fear me\u00f0 verk Satans.<\/p>\n<p><strong>8.34<\/strong><em> kross sinn:<\/em> Sj\u00e1 athugagrein vi\u00f0 15.13.<\/p>\n<p><strong>8.35<\/strong> <em>l\u00edfi<\/em>: \u00cd versum 35-37 er gr\u00edska or\u00f0i\u00f0 &#8222;psyche&#8220; \u00fe\u00fdtt me\u00f0 &#8222;l\u00edf&#8220; og &#8222;s\u00e1l&#8220;.<\/p>\n<p><strong>8.38<\/strong> <em>syndugu kynsl\u00f3\u00f0:<\/em> Sj\u00e1 athugagrein vi\u00f0 1.4 (l\u00e1ta sk\u00edrast).<\/p>\n<p><strong>8.38<\/strong> <em>Mannssonurinn kemur \u00ed d\u00fdr\u00f0 f\u00f6\u00f0ur s\u00edns me\u00f0 heil\u00f6gum englum:<\/em> Sj\u00e1 athugagreinar vi\u00f0 2.10 (Mannssonurinn) og 1.13 (englar). Jes\u00fas kalla\u00f0i Gu\u00f0 \u00cdsraels &#8222;f\u00f6\u00f0ur.&#8220; <a href=\"https:\/\/biblian.is\/fraedsla\/ordtakasafn\/mannssonurinn\/\">Sj\u00e1 og &#8222;Mannssonurinn&#8220;.<\/a><\/p>\n","protected":false},"excerpt":{"rendered":"<p>8.4 \u00ed \u00f3bygg\u00f0um: Margir munu hafa minnst heimfararinnar fr\u00e1 Egyptalandi <a href=\"https:\/\/biblian.is\/fraedsla\/ritskyring\/markusargudspjall-8-kafli\/\"> [&#8230;]<\/a><\/p>\n","protected":false},"author":1,"featured_media":0,"parent":4829,"menu_order":0,"comment_status":"closed","ping_status":"closed","template":"","meta":{"footnotes":""},"class_list":["post-5200","page","type-page","status-publish","hentry"],"_links":{"self":[{"href":"https:\/\/biblian.is\/fraedsla\/wp-json\/wp\/v2\/pages\/5200","targetHints":{"allow":["GET"]}}],"collection":[{"href":"https:\/\/biblian.is\/fraedsla\/wp-json\/wp\/v2\/pages"}],"about":[{"href":"https:\/\/biblian.is\/fraedsla\/wp-json\/wp\/v2\/types\/page"}],"author":[{"embeddable":true,"href":"https:\/\/biblian.is\/fraedsla\/wp-json\/wp\/v2\/users\/1"}],"replies":[{"embeddable":true,"href":"https:\/\/biblian.is\/fraedsla\/wp-json\/wp\/v2\/comments?post=5200"}],"version-history":[{"count":0,"href":"https:\/\/biblian.is\/fraedsla\/wp-json\/wp\/v2\/pages\/5200\/revisions"}],"up":[{"embeddable":true,"href":"https:\/\/biblian.is\/fraedsla\/wp-json\/wp\/v2\/pages\/4829"}],"wp:attachment":[{"href":"https:\/\/biblian.is\/fraedsla\/wp-json\/wp\/v2\/media?parent=5200"}],"curies":[{"name":"wp","href":"https:\/\/api.w.org\/{rel}","templated":true}]}}