{"id":5194,"date":"2019-04-22T13:46:28","date_gmt":"2019-04-22T13:46:28","guid":{"rendered":"https:\/\/biblian.is\/fraedsla\/?page_id=5194"},"modified":"2026-04-17T13:01:15","modified_gmt":"2026-04-17T13:01:15","slug":"markusargudspjall-5-kafli","status":"publish","type":"page","link":"https:\/\/biblian.is\/fraedsla\/ritskyring\/markusargudspjall-5-kafli\/","title":{"rendered":"Mark\u00fasargu\u00f0spjall 5. kafli"},"content":{"rendered":"<p><strong>5.1 <\/strong><em>yfir um vatni\u00f0&#8230;bygg\u00f0 Gerasena:<\/em>Sj\u00e1 athugagrein vi\u00f0 1.16 (Gal\u00edleuvatn). Gerasenar bjuggu fyrir austan \u00e1na J\u00f3rdan, sunnan vi\u00f0 Gal\u00edleuvatn. \u00dear var flest af gr\u00edskum toga: f\u00f3lk, byggingar og l\u00edfsh\u00e6ttir.<\/p>\n<p><strong>5.2\u00a0<\/strong><em>illur andi:<\/em>Sj\u00e1 athugagrein vi\u00f0 3.30.<\/p>\n<p><strong>5.3\u00a0<\/strong><em>\u00ed gr\u00f6funum<\/em>: Tali\u00f0 var a\u00f0 illir andar hef\u00f0ust vi\u00f0 \u00fear sem dau\u00f0ir voru greftra\u00f0ir.<\/p>\n<p><strong>5.7\u00a0<\/strong><em>sonur Gu\u00f0s Hins h\u00e6sta:<\/em>Illu andarnir vita hver Jes\u00fas er. <a href=\"https:\/\/biblian.is\/fraedsla\/ordtakasafn\/guds-sonur\/\">Sj\u00e1 og or\u00f0takasafn &#8222;Gu\u00f0s sonur&#8220;<\/a> og vi\u00f0 1.24.\u00a0&#8222;Hinn h\u00e6sti&#8220; v\u00edsar til himinsins. Margir hugsa s\u00e9r himnar\u00edki &#8222;h\u00e1tt uppi&#8220;, en \u00ed Bibl\u00edunni er \u00e1tt vi\u00f0 r\u00edki Gu\u00f0s. \u00deeim, sem er tr\u00far, ver\u00f0ur launa\u00f0 me\u00f0 \u00fev\u00ed a\u00f0 hann f\u00e6r a\u00f0 dvelja \u00fear sem Gu\u00f0 er allt \u00ed \u00f6llu. Jes\u00fas talar oft um \u00fea\u00f0, a\u00f0 \u00feetta r\u00edki Gu\u00f0s muni koma \u00ed fyllingu sinni.<\/p>\n<p><strong>5.8\u00a0<\/strong><em>\u00f3hreini andi:\u00a0<\/em>Sj\u00e1 athugagrein vi\u00f0 3.30.<\/p>\n<p><strong>5.9 <\/strong><em>&#8222;Hersing heiti \u00e9g: <\/em>Or\u00f0i\u00f0, sem h\u00e9r er \u00fe\u00fdtt me\u00f0 &#8222;hersing&#8220; getur l\u00edka veri\u00f0 &#8222;leg\u00ed\u00f3&#8220;, \u00fe.e. \u00f3t\u00f6lulegur fj\u00f6ldi. R\u00f3mversk herdeild (leg\u00ed\u00f3n) taldi allt a\u00f0 6000 m\u00f6nnum.<\/p>\n<p><strong>5.11\u00a0<\/strong><em>mikil sv\u00ednahj\u00f6r\u00f0:<\/em>\u00cd augum gy\u00f0inga eru sv\u00edn \u00f3hreinar skepnur; <a href=\"https:\/\/biblian.is\/fraedsla\/ordtakasafn\/hreinsanir-hreint-og-ohreint\/\">sj\u00e1 &#8222;Hreinsanir (hreint og \u00f3hreint)&#8220;<\/a>. Sv\u00ednahj\u00f6r\u00f0in s\u00fdnir a\u00f0 h\u00e9r var miki\u00f0 um hei\u00f0ingja, enda hef\u00f0u gy\u00f0ingar aldrei teki\u00f0 upp \u00e1 \u00fev\u00ed a\u00f0 r\u00e6kta sv\u00edn.<\/p>\n<p><strong>5.19\u00a0<\/strong><em>Drottinn:<\/em>Gr\u00edska or\u00f0i\u00f0 yfir &#8222;Drottinn&#8220; er &#8222;kyrios&#8220;, sem getur \u00fe\u00fdtt meistari og l\u00edka veri\u00f0 nota\u00f0 sem kurteisis\u00e1varp, sbr. &#8222;herra&#8220;. \u00deegar \u00fea\u00f0 er nota\u00f0 um Jes\u00fa, undirstrikar \u00fea\u00f0 vald hans og m\u00e1tt.. <a href=\"https:\/\/biblian.is\/fraedsla\/ordtakasafn\/drottinn-eitt-af-virdingarnofnum-jesu\/\">Sj\u00e1 og &#8222;Drottinn (nota\u00f0 um Jes\u00fa)&#8220;<\/a>.<\/p>\n<p><strong>5.20\u00a0<\/strong><em>Dekap\u00f3lis:<\/em>Samband t\u00edu borga fyrir austan Samar\u00edu og Gal\u00edleu, og voru \u00edb\u00faarnir flestir hei\u00f0ingjar (f\u00f3lk, sem ekki var gy\u00f0ingar). Byggingarnar \u00ed \u00feeim voru margar reistar samkv\u00e6mt gr\u00edskri h\u00fasager\u00f0arlist og \u00feeim komi\u00f0 fyrir a\u00f0 h\u00e6tti gr\u00edskra borga. \u00cdb\u00faarnir s\u00f6mdu sig a\u00f0 si\u00f0um Grikkja.<\/p>\n<p><strong>5.21\u00a0<\/strong><em>yfir um:<\/em>\u00deeir f\u00f3ru yfir um Gal\u00edleuvatni\u00f0 og lentu b\u00e1tnum vi\u00f0 vesturstr\u00f6ndina (sj\u00e1 athugagrein vi\u00f0 1.16).<\/p>\n<p><strong>5.22\u00a0<\/strong><em>samkundustj\u00f3runum: <\/em>Or\u00f0i\u00f0 &#8222;s\u00fdnag\u00f3ga&#8220; (samkunda) er komi\u00f0 \u00far gr\u00edsku, dregi\u00f0 af s\u00f6gn sem \u00fe\u00fd\u00f0ir &#8222;a\u00f0 koma (e\u00f0a safna) saman&#8220;. \u00cd Bibl\u00edunni er \u00fea\u00f0 nota\u00f0 um h\u00f3p f\u00f3lks sem s\u00e6kir gu\u00f0s\u00fej\u00f3nustu e\u00f0a kemur saman til \u00feess a\u00f0 rannsaka helgar ritningar. <a href=\"https:\/\/biblian.is\/fraedsla\/ordtakasafn\/samkundurnar\/\">Sj\u00e1 og &#8222;Samkundurnar&#8220;.<\/a><\/p>\n<p><strong>5.22\u00a0<\/strong><em>Ja\u00edrus: <\/em>Samkundustj\u00f3ri haf\u00f0i \u00e1 hendi eftirlit me\u00f0 samkunduh\u00fasinu og undirbj\u00f3 fundi og helgihald.<\/p>\n<p><strong>5.26\u00a0<\/strong><em>l\u00e6knum: <\/em>\u00c1 t\u00edmum N\u00fdja testamentis hj\u00e1lpu\u00f0u l\u00e6knar sj\u00fakum og s\u00e6r\u00f0um. \u00deeir kunnu \u00fdmislegt fyrir s\u00e9r en h\u00f6f\u00f0u takmarka\u00f0a \u00feekkingu \u00e1 ors\u00f6kum sj\u00fakd\u00f3ma. <a href=\"https:\/\/biblian.is\/fraedsla\/samtidarsaga-bibliunnar\/kraftaverk-tofrar-og-laeknisdomar\/\">Sj\u00e1 og &#8222;Kraftaverk, t\u00f6frar og l\u00e6knisd\u00f3mar&#8220;<\/a>.<\/p>\n<p><strong>5.33\u00a0<\/strong><em>f\u00e9ll til f\u00f3ta honum:<\/em>\u00deannig s\u00fdndu menn hver \u00f6\u00f0rum st\u00f3rmikla vir\u00f0ingu.<\/p>\n<p><strong>5.38\u00a0<\/strong><em>gr\u00e1tur mikill og kveinan<\/em>: Gy\u00f0ingar h\u00f6f\u00f0u \u00feann si\u00f0 a\u00f0 leigja gr\u00e1tkonur a\u00f0 ganga \u00ed l\u00edkfylgdinni; \u00fe\u00e6r veinu\u00f0u s\u00e1ran og b\u00e1rust l\u00edtt af, gegn grei\u00f0slu. Stundum var jar\u00f0a\u00f0 sama dag og andl\u00e1ti\u00f0 bar a\u00f0.<\/p>\n<p><strong>5.41-42<\/strong><em> &#8222;Tal\u00ed\u00fea k\u00fam&#8220;<\/em>: Arame\u00edska var tungan, sem f\u00f3lk tala\u00f0i \u00ed Palest\u00ednu \u00e1 d\u00f6gum Jes\u00fa. H\u00fan var \u00fatbreidd \u00ed Austurl\u00f6ndum n\u00e6r, enda haf\u00f0i h\u00fan veri\u00f0 millir\u00edkjam\u00e1l \u00ed heimsveldi Persa m\u00f6rgum \u00f6ldum fyrr, \u00feegar Palest\u00edna tilheyr\u00f0i Persaveldi.<\/p>\n<p><strong>5.43<\/strong> <em>lag\u00f0i r\u00edkt \u00e1 vi\u00f0 \u00fe\u00e1 a\u00f0 l\u00e1ta engan vita:<\/em> Sj\u00e1 athugagrein vi\u00f0 1.44.<\/p>\n","protected":false},"excerpt":{"rendered":"<p>5.1 yfir um vatni\u00f0&#8230;bygg\u00f0 Gerasena:Sj\u00e1 athugagrein vi\u00f0 1.16 (Gal\u00edleuvatn). Gerasenar <a href=\"https:\/\/biblian.is\/fraedsla\/ritskyring\/markusargudspjall-5-kafli\/\"> [&#8230;]<\/a><\/p>\n","protected":false},"author":1,"featured_media":0,"parent":4829,"menu_order":0,"comment_status":"closed","ping_status":"closed","template":"","meta":{"footnotes":""},"class_list":["post-5194","page","type-page","status-publish","hentry"],"_links":{"self":[{"href":"https:\/\/biblian.is\/fraedsla\/wp-json\/wp\/v2\/pages\/5194","targetHints":{"allow":["GET"]}}],"collection":[{"href":"https:\/\/biblian.is\/fraedsla\/wp-json\/wp\/v2\/pages"}],"about":[{"href":"https:\/\/biblian.is\/fraedsla\/wp-json\/wp\/v2\/types\/page"}],"author":[{"embeddable":true,"href":"https:\/\/biblian.is\/fraedsla\/wp-json\/wp\/v2\/users\/1"}],"replies":[{"embeddable":true,"href":"https:\/\/biblian.is\/fraedsla\/wp-json\/wp\/v2\/comments?post=5194"}],"version-history":[{"count":0,"href":"https:\/\/biblian.is\/fraedsla\/wp-json\/wp\/v2\/pages\/5194\/revisions"}],"up":[{"embeddable":true,"href":"https:\/\/biblian.is\/fraedsla\/wp-json\/wp\/v2\/pages\/4829"}],"wp:attachment":[{"href":"https:\/\/biblian.is\/fraedsla\/wp-json\/wp\/v2\/media?parent=5194"}],"curies":[{"name":"wp","href":"https:\/\/api.w.org\/{rel}","templated":true}]}}