{"id":5149,"date":"2019-04-22T12:51:57","date_gmt":"2019-04-22T12:51:57","guid":{"rendered":"https:\/\/biblian.is\/fraedsla\/?page_id=5149"},"modified":"2026-04-17T13:01:16","modified_gmt":"2026-04-17T13:01:16","slug":"matteusargudspjall-14-kafli","status":"publish","type":"page","link":"https:\/\/biblian.is\/fraedsla\/ritskyring\/matteusargudspjall-14-kafli\/","title":{"rendered":"Matteusargu\u00f0spjall 14. kafli"},"content":{"rendered":"<p><strong>14.1\u00a0<\/strong><em>Her\u00f3des fj\u00f3r\u00f0ungsstj\u00f3ri:<\/em>Her\u00f3des Ant\u00edpas, einn af sonum Her\u00f3desar mikla (sj\u00e1 athugagrein vi\u00f0 2.1). \u00deegar Her\u00f3des mikli var allur \u00e1ri\u00f0 4 f. Kr. var r\u00edki hans skipt \u00e1 milli fj\u00f6gurra sona hans. Einn \u00feeirra, Her\u00f3des Ant\u00edpas, t\u00f3k konungd\u00f3m \u00ed Gal\u00edleu og Pereu og r\u00edkti fr\u00e1 4 f. Kr. til 39 e. Kr. Hann var af yfirv\u00f6ldum \u00ed R\u00f3m kalla\u00f0ur fj\u00f3r\u00f0ungsstj\u00f3ri, \u00fear e\u00f0 hann st\u00fdr\u00f0i einungis hluta skattlandsins. \u00deegnar hans nefndu hann \u00fe\u00f3 stundum konung (sj\u00e1 14.9).<\/p>\n<p><strong>14.3-4\u00a0<\/strong><em>Her\u00f3d\u00edasar&#8230;.Filippusar br\u00f3\u00f0ur s\u00edns:<\/em>Her\u00f3d\u00edas var barnabarn Her\u00f3desar mikla. H\u00fan g\u00e9kk a\u00f0 eiga Filippus, fr\u00e6nda sinn, son Her\u00f3desar. Einhverju sinni \u00feegar Her\u00f3des Ant\u00edpas var gestur \u00ed h\u00f6ll Filippusar \u00ed R\u00f3m, t\u00e6ldi hann Her\u00f3d\u00edas til \u00feess a\u00f0 skilja vi\u00f0 Filippus og giftast s\u00e9r. L\u00f6gm\u00e1l M\u00f3se lag\u00f0i bl\u00e1tt bann vi\u00f0 \u00fev\u00ed a\u00f0 ma\u00f0ur kv\u00e6ntist m\u00e1gkonu sinni, \u00e1 me\u00f0an br\u00f3\u00f0ir hans lif\u00f0i (sj\u00e1 3M\u00f3s 18.16; 20.21). \u00dev\u00ed \u00e1taldi J\u00f3hannes sk\u00edrari Her\u00f3des Ant\u00edpas fyrir sifjaspell. Sj\u00e1 og L\u00fak 3.19,20.<\/p>\n<p><strong>14.9\u00a0<\/strong><em>vegna ei\u00f0sins:<\/em>M\u00f6nnum var mj\u00f6g \u00ed mun a\u00f0 halda or\u00f0 s\u00edn. Ekki \u00e1tti \u00fea\u00f0 s\u00edst vi\u00f0 \u00fej\u00f3\u00f0h\u00f6f\u00f0ingja og gilti \u00fea\u00f0 jafnt fyrir \u00fev\u00ed \u00fe\u00f3tt efndirnar kynnu a\u00f0 valda vandr\u00e6\u00f0um. \u00dev\u00ed var \u00fea\u00f0, a\u00f0 Her\u00f3des gat ekki gengi\u00f0 \u00e1 bak or\u00f0a sinna og sviki\u00f0 \u00fea\u00f0 lofor\u00f0 sem hann haf\u00f0i gefi\u00f0 stj\u00fapd\u00f3ttur sinni \u00ed vi\u00f0urvist m\u00e1lsmetandi gesta.<\/p>\n<p><strong>14.13\u00a0<\/strong><em>f\u00f3r hann \u00fea\u00f0an \u00e1 b\u00e1ti: <\/em>Jes\u00fas sigldi yfir Ga\u00edleuvatn, yfir \u00e1 austurstr\u00f6ndina. sem var nor\u00f0an til \u00ed J\u00f3rdandalnum. Oft r\u00edsa \u00f6ldur \u00e1 vatninu \u00ed hvassvi\u00f0ri, enda er \u00fea\u00f0 umkringt fj\u00f6llum \u00e1 alla vegu.<\/p>\n<p><strong>14.17\u00a0<\/strong><em>fimm brau\u00f0:<\/em>\u00deau hafa veri\u00f0 kringl\u00f3tt, \u00feunn og \u00e1 st\u00e6r\u00f0 vi\u00f0 lummu.<\/p>\n<p><strong>14.22\u00a0<\/strong><em>yfir um: <\/em>yfir \u00e1 vesturstr\u00f6ndina.<strong>\u00a0<\/strong><\/p>\n<p><strong>14.34 <\/strong>Genesaret: B\u00e6rinn st\u00f3\u00f0 vi\u00f0 Gal\u00edleuvatn a\u00f0 nor\u00f0vestanver\u00f0u, fyrir sunnan Kaperna\u00fam, \u00fear sem Jes\u00fas \u00e1tti heima. Hann hefur tr\u00falega veri\u00f0 \u00e1 \u00fer\u00f6ngri sl\u00e9ttu, sem l\u00edka var nefnd Genesaret, og er um sex og h\u00e1lfur k\u00f3l\u00f3metri a\u00f0 lengd og r\u00famir \u00fer\u00edr \u00e1 breidd. \u00dearna er rigningasamt og jar\u00f0vegur frj\u00f3samur og \u00fev\u00ed mj\u00f6g gott undir b\u00fa.<\/p>\n","protected":false},"excerpt":{"rendered":"<p>14.1\u00a0Her\u00f3des fj\u00f3r\u00f0ungsstj\u00f3ri:Her\u00f3des Ant\u00edpas, einn af sonum Her\u00f3desar mikla (sj\u00e1 athugagrein <a href=\"https:\/\/biblian.is\/fraedsla\/ritskyring\/matteusargudspjall-14-kafli\/\"> [&#8230;]<\/a><\/p>\n","protected":false},"author":1,"featured_media":0,"parent":4829,"menu_order":0,"comment_status":"closed","ping_status":"closed","template":"","meta":{"footnotes":""},"class_list":["post-5149","page","type-page","status-publish","hentry"],"_links":{"self":[{"href":"https:\/\/biblian.is\/fraedsla\/wp-json\/wp\/v2\/pages\/5149","targetHints":{"allow":["GET"]}}],"collection":[{"href":"https:\/\/biblian.is\/fraedsla\/wp-json\/wp\/v2\/pages"}],"about":[{"href":"https:\/\/biblian.is\/fraedsla\/wp-json\/wp\/v2\/types\/page"}],"author":[{"embeddable":true,"href":"https:\/\/biblian.is\/fraedsla\/wp-json\/wp\/v2\/users\/1"}],"replies":[{"embeddable":true,"href":"https:\/\/biblian.is\/fraedsla\/wp-json\/wp\/v2\/comments?post=5149"}],"version-history":[{"count":0,"href":"https:\/\/biblian.is\/fraedsla\/wp-json\/wp\/v2\/pages\/5149\/revisions"}],"up":[{"embeddable":true,"href":"https:\/\/biblian.is\/fraedsla\/wp-json\/wp\/v2\/pages\/4829"}],"wp:attachment":[{"href":"https:\/\/biblian.is\/fraedsla\/wp-json\/wp\/v2\/media?parent=5149"}],"curies":[{"name":"wp","href":"https:\/\/api.w.org\/{rel}","templated":true}]}}