{"id":5142,"date":"2019-04-22T11:58:45","date_gmt":"2019-04-22T11:58:45","guid":{"rendered":"https:\/\/biblian.is\/fraedsla\/?page_id=5142"},"modified":"2026-04-17T13:01:16","modified_gmt":"2026-04-17T13:01:16","slug":"matteusargudspjall-11-kafli","status":"publish","type":"page","link":"https:\/\/biblian.is\/fraedsla\/ritskyring\/matteusargudspjall-11-kafli\/","title":{"rendered":"Matteusargu\u00f0spjall 11. kafli"},"content":{"rendered":"<p><strong>11.2\u00a0<\/strong><em>J\u00f3hannes:<\/em>J\u00f3hannes sk\u00edrari. <a href=\"https:\/\/biblian.is\/fraedsla\/ordtakasafn\/johannes-skirari\/\">Sj\u00e1 &#8222;J\u00f3hannes sk\u00edrari&#8220;<\/a>.<\/p>\n<p><strong>11.2\u00a0<\/strong><em>Krists:<\/em>Kristur er gr\u00edska \u00fe\u00fd\u00f0ingin \u00e1 hebreska or\u00f0inu Mess\u00edas. (sj\u00e1 athugagrein vi\u00f0 1.17.) Gy\u00f0ingar tr\u00fa\u00f0u \u00fev\u00ed a\u00f0 Gu\u00f0 mundi \u00fatvelja \u00f6flugan lei\u00f0toga er bl\u00e9si n\u00fdju l\u00edfi \u00ed tr\u00fa f\u00f3lksins og gera a\u00f0 veruleika \u00fe\u00e6r fyrir\u00e6tlanir sem Gu\u00f0 hef\u00f0i \u00ed hyggju me\u00f0 \u00fea\u00f0.<\/p>\n<p><strong>11.5\u00a0<\/strong><em>l\u00edk\u00fer\u00e1ir:<\/em>Sj\u00e1 athugagrein vi\u00f0 10.8.<\/p>\n<p><strong>11.13\u00a0<\/strong><em>Sp\u00e1mennirnir allir og l\u00f6gm\u00e1li\u00f0:<\/em>Sj\u00e1 athugagrein vi\u00f0 5.17.<\/p>\n<p><strong>11.14\u00a0<\/strong><em>El\u00eda:<\/em>El\u00eda var sp\u00e1ma\u00f0ur \u00ed \u00cdsrael um 800 \u00e1rum \u00e1\u00f0ur en Jes\u00fas f\u00e6ddist. Sumir sp\u00e1mannanna sem komu eftir hann bjuggust vi\u00f0 a\u00f0 Gu\u00f0 myndi senda El\u00eda aftur til jar\u00f0ar til \u00feess a\u00f0 vara f\u00f3lk vi\u00f0 v\u00e6ntanlegu d\u00f3m\u00feingi Gu\u00f0s (Mal 3.1-4; 4.5,6). Sumir t\u00f6ldu a\u00f0 J\u00f3hannes sk\u00edrari v\u00e6ri El\u00eda (Matt 17.1\u00f6-13; Mrk 9.11-13). Me\u00f0 \u00fev\u00ed a\u00f0 segja J\u00f3hannes vera El\u00eda \u00e1tti Jes\u00fas vi\u00f0 \u00fea\u00f0, a\u00f0 J\u00f3hannes v\u00e6ri l\u00edkur El\u00eda, kraftmikill ma\u00f0ur, sendur af Gu\u00f0i me\u00f0 mikilsver\u00f0an bo\u00f0skap.<\/p>\n<p><strong>11.19\u00a0<\/strong><em>tollheimtumanna:<\/em>Sj\u00e1 athugagrein vi\u00f0 5.46.<\/p>\n<p><strong>11.19\u00a0<\/strong><em>spekin:<\/em>Sanna speki voru menn sag\u00f0ir \u00f6\u00f0last me\u00f0 \u00fev\u00ed a\u00f0 hl\u00fd\u00f0a l\u00f6gm\u00e1li Drottins (Slm 19.8). En h\u00e9r er sem Jes\u00fas haldi \u00fev\u00ed fram a\u00f0 speki s\u00e9 meira en \u00fea\u00f0. Spekin finnur lei\u00f0 til \u00feess a\u00f0 koma n\u00e1unganum til hj\u00e1lpar, jafnvel \u00fe\u00f3tt hann s\u00e9 hei\u00f0ingi e\u00f0a ma\u00f0ur sem ekki lifir eftir l\u00f6gm\u00e1li M\u00f3se.<\/p>\n<p><strong>11.21\u00a0<\/strong><em>Koras\u00edn&#8230;Betsa\u00edda&#8230;T\u00fdrus og S\u00eddon:<\/em>Koras\u00edn var b\u00e6r skammt nor\u00f0an vi\u00f0 Gal\u00edleuvatn. Betsa\u00edda var gy\u00f0inga\u00feorp r\u00e9tt austan vi\u00f0 \u00e1na J\u00f3rdan. T\u00fdrus og S\u00eddon voru \u00ed F\u00f6nik\u00edu, mikilsh\u00e1ttar hafnarb\u00e6ir vi\u00f0 Mi\u00f0jar\u00f0arhafi\u00f0. F\u00f3lki\u00f0 \u00ed gy\u00f0inga\u00feorpunum ger\u00f0i Jes\u00fa oft afturreka me\u00f0 bo\u00f0skap sinn og mat l\u00edtils kraftaverk hans, en hei\u00f0ingjar \u00ed b\u00e6jum eins og T\u00fdrus og S\u00eddon voru s\u00fdnu f\u00fasari til \u00feess a\u00f0 sn\u00faa s\u00e9r til Drottins.<\/p>\n<p><strong>11.21\u00a0<\/strong><em>\u00ed sekk og \u00f6sku:<\/em>F\u00f3lk j\u00f3s \u00f6sku yfir h\u00f6fu\u00f0 s\u00e9r og kl\u00e6ddist gr\u00f3fum strigakl\u00e6\u00f0na\u00f0i til \u00feess a\u00f0 s\u00fdna hve mj\u00f6g \u00fea\u00f0 i\u00f0ra\u00f0ist synda sinna.<\/p>\n<p><strong>11.23\u00a0<\/strong><em>Kaperna\u00fam&#8230;S\u00f3d\u00f3mu:<\/em>Sj\u00e1 athugagreinar vi\u00f0 4.13 (Kaperna\u00fam) og 10.15 (S\u00f3d\u00f3ma). Sj\u00e1 og Jes 14.13-15; 1M\u00f3s 19.24-28.<\/p>\n<p><strong>11.29\u00a0<\/strong><em>ok:<\/em>\u00deversl\u00e1r \u00far tr\u00e9 sem lag\u00f0ar voru \u00e1 milli h\u00e1ls og her\u00f0akambs \u00e1 dr\u00e1ttard\u00fdrum, svo sem uxum. \u00cd \u00feessa klafa voru aktaugar festar og dr\u00f3gu d\u00fdrin \u00fe\u00e1 pl\u00f3g e\u00f0a vagn. Ok var t\u00e1kn hl\u00fd\u00f0ni og erfi\u00f0is. Sj\u00e1 og Jer 6.16.<\/p>\n","protected":false},"excerpt":{"rendered":"<p>11.2\u00a0J\u00f3hannes:J\u00f3hannes sk\u00edrari. Sj\u00e1 &#8222;J\u00f3hannes sk\u00edrari&#8220;. 11.2\u00a0Krists:Kristur er gr\u00edska \u00fe\u00fd\u00f0ingin \u00e1 <a href=\"https:\/\/biblian.is\/fraedsla\/ritskyring\/matteusargudspjall-11-kafli\/\"> [&#8230;]<\/a><\/p>\n","protected":false},"author":1,"featured_media":0,"parent":4829,"menu_order":0,"comment_status":"closed","ping_status":"closed","template":"","meta":{"footnotes":""},"class_list":["post-5142","page","type-page","status-publish","hentry"],"_links":{"self":[{"href":"https:\/\/biblian.is\/fraedsla\/wp-json\/wp\/v2\/pages\/5142","targetHints":{"allow":["GET"]}}],"collection":[{"href":"https:\/\/biblian.is\/fraedsla\/wp-json\/wp\/v2\/pages"}],"about":[{"href":"https:\/\/biblian.is\/fraedsla\/wp-json\/wp\/v2\/types\/page"}],"author":[{"embeddable":true,"href":"https:\/\/biblian.is\/fraedsla\/wp-json\/wp\/v2\/users\/1"}],"replies":[{"embeddable":true,"href":"https:\/\/biblian.is\/fraedsla\/wp-json\/wp\/v2\/comments?post=5142"}],"version-history":[{"count":0,"href":"https:\/\/biblian.is\/fraedsla\/wp-json\/wp\/v2\/pages\/5142\/revisions"}],"up":[{"embeddable":true,"href":"https:\/\/biblian.is\/fraedsla\/wp-json\/wp\/v2\/pages\/4829"}],"wp:attachment":[{"href":"https:\/\/biblian.is\/fraedsla\/wp-json\/wp\/v2\/media?parent=5142"}],"curies":[{"name":"wp","href":"https:\/\/api.w.org\/{rel}","templated":true}]}}