{"id":5041,"date":"2019-04-01T21:41:38","date_gmt":"2019-04-01T21:41:38","guid":{"rendered":"https:\/\/biblian.is\/fraedsla\/?page_id=5041"},"modified":"2026-04-17T13:01:12","modified_gmt":"2026-04-17T13:01:12","slug":"judasarbrefid-inngangur","status":"publish","type":"page","link":"https:\/\/biblian.is\/fraedsla\/ritskyring\/judasarbrefid-inngangur\/","title":{"rendered":"J\u00fadasarbr\u00e9fi\u00f0 &#8211; Inngangur"},"content":{"rendered":"<p><em>Hvernig geta Gu\u00f0s b\u00f6rn sta\u00f0i\u00f0 fast \u00e1 tr\u00fa sinni, \u00e1n \u00feess \u00feeim ver\u00f0i hnika\u00f0?\u00a0 Vittu hva\u00f0 Hi\u00f0 almenna br\u00e9f J\u00fadasar segir um \u00fea\u00f0.\u00a0 <\/em><em>\u00a0<\/em><\/p>\n<h3>Hver eru einkenni J\u00fadasarbr\u00e9fsins?<\/h3>\n<p>Br\u00e9fritarinn hvetur lesendur s\u00edna til \u00feess a\u00f0 falla ekki fr\u00e1 tr\u00fanni sem \u00feeim hefur veri\u00f0 \u00ed hendur seld.\u00a0 \u00a0Hann varar \u00fe\u00e1 jafnframt vi\u00f0 \u00f3gu\u00f0legum m\u00f6nnum, sem reyna a\u00f0 afvegalei\u00f0a l\u00e6risveina Drottins.\u00a0 \u00de\u00e1 vitnar hann gjarnan \u00ed helgirit Gy\u00f0inga (Gamla testamenti) og auk \u00feess \u00ed tv\u00f6 gy\u00f0ingleg rit, sem ekki heyra Bibl\u00edunni til:\u00a0 <em>Himnaf\u00f6r M\u00f3se <\/em>og\u00a0 <em>Fyrstu<\/em><em>Enoksb\u00f3k. <\/em>\u00a0Br\u00e9fi\u00f0 er mj\u00f6g skylt S\u00ed\u00f0ara P\u00e9tursbr\u00e9fi (sbr. 2P\u00e9t 2.1-8 og J\u00fad 4-16).<\/p>\n<h3>Hvert var tilefni br\u00e9fsins?<\/h3>\n<p>H\u00f6fundur hefur \u00e1hyggjur af \u00f3gu\u00f0legum m\u00f6nnum, sem laumast hafa inn \u00ed s\u00f6fnu\u00f0inn og segjast vera l\u00e6risveinar Krists.\u00a0 \u00deeir halda \u00fev\u00ed fram, a\u00f0 \u00feeir geti \u00f3hr\u00e6ddir lifa\u00f0 \u00ed taumleysi, \u00fev\u00ed a\u00f0 Gu\u00f0 muni \u00ed g\u00e6sku sinni fyrirgefa \u00feeim hva\u00f0eina.\u00a0 \u00deeir afneita jafnvel Drottni, Jes\u00fa Kristi (4).\u00a0 Lesendurnir eru \u00e1minntir um a\u00f0 vera \u00e1 var\u00f0bergi fyrir sl\u00edkum villukenningum, og hvika \u00ed engu fr\u00e1 tr\u00fa sinni.\u00a0 Kristnum m\u00f6nnum ber a\u00f0 lifa gu\u00f0r\u00e6kilega og &#8222;l\u00e1ta k\u00e6rleika Gu\u00f0s var\u00f0veita sig&#8220; (21).\u00a0 \u00deeir skulu for\u00f0ast syndsamlegt l\u00edferni, s\u00fdna \u00feeim mildi sem efast og koma \u00feeim til hj\u00e1lpar, sem frelsunar \u00feurfa vi\u00f0.<\/p>\n<h3>N\u00e1nar um br\u00e9fi\u00f0<\/h3>\n<p>H\u00f6fundur kve\u00f0st heita J\u00fadas og vera br\u00f3\u00f0ir Jakobs.\u00a0 Hin hebreska mynd nafnsins er J\u00fada, en svo h\u00e9t einn af t\u00f3lf sonum \u00e6ttf\u00f6\u00f0urins Jakobs (1M\u00f3s 29.35) og bar \u00e6ttkv\u00edsl\u00a0 J\u00fada nafn hans.\u00a0 B\u00e6\u00f0i Dav\u00ed\u00f0 konungur og sj\u00e1lfur Jes\u00fas voru af \u00feeim stofni (L\u00fak 3.33).<\/p>\n<p>\u00cd gu\u00f0spj\u00f6llunum greinir fr\u00e1 br\u00e6\u00f0rum Jes\u00fa, \u00feeim Jakobi og J\u00fadasi (Matt 13.55;\u00a0 Mrk 6.3).\u00a0 Jakob var lei\u00f0togi safna\u00f0arins \u00ed Jer\u00fasalem (sj\u00e1 Post 15.13; Gal 1.19) og\u00a0J\u00fadas kann l\u00edka a\u00f0 hafa veri\u00f0 forv\u00edgisma\u00f0ur \u00ed gy\u00f0ing-kristnu kirkjunni \u00ed Palest\u00ednu.<\/p>\n<p>\u00d3v\u00edst er hverjir voru m\u00f3ttakendur br\u00e9fsins \u00ed \u00f6ndver\u00f0u (1,2).\u00a0 \u00dea\u00f0 geta hafa veri\u00f0 gy\u00f0ing-kristnir menn \u00ed frumkirkjunni, sem voru vel lesnir \u00ed helgiritum Gy\u00f0inga og kristnir menn kalla Gamla testamenti.\u00a0E\u00f0a br\u00e9fi\u00f0 hefur veri\u00f0 skrifa\u00f0 s\u00ed\u00f0ar, eftir a\u00f0 br\u00e6\u00f0ur Jes\u00fa, \u00feeir Jakob og J\u00fadas, voru d\u00e1nir.\u00a0 \u00ddmis r\u00f6k hn\u00edga a\u00f0 \u00fev\u00ed, eins og b\u00e6\u00f0i ritst\u00edllinn og kringumst\u00e6\u00f0urnar, sem br\u00e9fi\u00f0 l\u00fdsir.\u00a0\u00a0 Hvort tveggja \u00feetta vir\u00f0ist vera fr\u00e1 seinni t\u00edma en \u00feeim, \u00feegar fyrsta kynsl\u00f3\u00f0 l\u00e6risveina Jes\u00fa var \u00e1 d\u00f6gum.\u00a0\u00a0 Fyrstu, kristnu s\u00f6fnu\u00f0irnir \u00e1ttu ekki heldur a\u00f0 heiti\u00f0 g\u00e6ti \u00ed h\u00f6ggi vi\u00f0 villukenningar eins og \u00fe\u00e6r, sem fjalla\u00f0 er um \u00ed br\u00e9finu.<\/p>\n<h3>Efnisyfirlit J\u00fadasarbr\u00e9fs<\/h3>\n<ul>\n<li>\u00c1varp og fyrirb\u00e6n (1.2)<\/li>\n<li>Verjum tr\u00fana fyrir falskennendum (3-15)<\/li>\n<\/ul>\n","protected":false},"excerpt":{"rendered":"<p>Hvernig geta Gu\u00f0s b\u00f6rn sta\u00f0i\u00f0 fast \u00e1 tr\u00fa sinni, \u00e1n <a href=\"https:\/\/biblian.is\/fraedsla\/ritskyring\/judasarbrefid-inngangur\/\"> [&#8230;]<\/a><\/p>\n","protected":false},"author":1,"featured_media":0,"parent":4829,"menu_order":0,"comment_status":"closed","ping_status":"closed","template":"","meta":{"footnotes":""},"class_list":["post-5041","page","type-page","status-publish","hentry"],"_links":{"self":[{"href":"https:\/\/biblian.is\/fraedsla\/wp-json\/wp\/v2\/pages\/5041","targetHints":{"allow":["GET"]}}],"collection":[{"href":"https:\/\/biblian.is\/fraedsla\/wp-json\/wp\/v2\/pages"}],"about":[{"href":"https:\/\/biblian.is\/fraedsla\/wp-json\/wp\/v2\/types\/page"}],"author":[{"embeddable":true,"href":"https:\/\/biblian.is\/fraedsla\/wp-json\/wp\/v2\/users\/1"}],"replies":[{"embeddable":true,"href":"https:\/\/biblian.is\/fraedsla\/wp-json\/wp\/v2\/comments?post=5041"}],"version-history":[{"count":0,"href":"https:\/\/biblian.is\/fraedsla\/wp-json\/wp\/v2\/pages\/5041\/revisions"}],"up":[{"embeddable":true,"href":"https:\/\/biblian.is\/fraedsla\/wp-json\/wp\/v2\/pages\/4829"}],"wp:attachment":[{"href":"https:\/\/biblian.is\/fraedsla\/wp-json\/wp\/v2\/media?parent=5041"}],"curies":[{"name":"wp","href":"https:\/\/api.w.org\/{rel}","templated":true}]}}