{"id":5039,"date":"2019-04-01T21:40:13","date_gmt":"2019-04-01T21:40:13","guid":{"rendered":"https:\/\/biblian.is\/fraedsla\/?page_id=5039"},"modified":"2025-06-27T02:12:47","modified_gmt":"2025-06-27T02:12:47","slug":"thridja-johannesarbref-1-kafli","status":"publish","type":"page","link":"https:\/\/biblian.is\/fraedsla\/ritskyring\/thridja-johannesarbref-1-kafli\/","title":{"rendered":"\u00deri\u00f0ja J\u00f3hannesarbr\u00e9f 1. kafli"},"content":{"rendered":"<h3>Kve\u00f0ja<\/h3>\n<p>\u00d6ldungurinn (sj\u00e1 og 2J\u00f3h 1) heilsar elsku\u00f0um vini s\u00ednum, Gajusi.\u00a0 Hann bi\u00f0ur \u00feess, a\u00f0 Gajusi vegni vel \u00ed \u00f6llu, hann s\u00e9 heill heilsu og honum l\u00ed\u00f0i vel.\u00a0 Hann hr\u00f3sar Gajusi fyrir k\u00e6rleika hans og tr\u00fana\u00f0 vi\u00f0 sannleikann.<\/p>\n<p><strong>\u00a01\u00a0<\/strong><em>\u00d6ldungurinn:\u00a0<\/em>\u00a0Sj\u00e1 athugagrein vi\u00f0 2J\u00f3h 1.<\/p>\n<p><strong>1\u00a0 <\/strong><em>Gajusi:<\/em>\u00a0\u00a0L\u00e6risveinn Jes\u00fa sem haf\u00f0i or\u00f0 fyrir a\u00f0 vera tr\u00far sannleikanum um hann.\u00a0 Vera m\u00e1, a\u00f0 br\u00e9fritarinn (&#8222;\u00f6ldungurinn&#8220;) hafi or\u00f0i\u00f0 til \u00feess a\u00f0 Gajus snerist til hl\u00fd\u00f0ni vi\u00f0 tr\u00fana \u00e1 Krist.\u00a0 Hann hr\u00f3sar Gajusi fyrir \u00fea\u00f0, a\u00f0 hann hafi teki\u00f0 vel \u00e1 m\u00f3ti a\u00f0v\u00edfandi pr\u00e9dikurum fagna\u00f0arerindisins og hvatt a\u00f0ra \u00ed s\u00f6fnu\u00f0inum til \u00feess a\u00f0 gj\u00f6ra sl\u00edkt hi\u00f0 saman.<\/p>\n<p>Gajus var algengt nafn \u00ed R\u00f3maveldi.\u00a0 Nokkrir menn \u00ed N\u00fdja testamenti heita svo (Post 19.21;\u00a0 R\u00f3m 16.23;\u00a0 1Kor 1.14).\u00a0\u00de\u00f3 er \u00f3l\u00edklegt, a\u00f0 einhver \u00feeirra s\u00e9 s\u00e1 Gajus, sem h\u00e9r um r\u00e6\u00f0ir.<\/p>\n<p><strong>3<\/strong>\u00a0 <em>hve tr\u00far \u00fe\u00fa ert sannleikanum: <\/em>\u00a0\u00a0Gajus var &#8222;tr\u00far sannleikanum&#8220; af \u00fev\u00ed a\u00f0 hann treysti \u00fev\u00ed, a\u00f0 Jes\u00fas v\u00e6ri sonur Gu\u00f0s, Mess\u00edas, &#8222;hinn smur\u00f0i, hinn \u00fatvaldi.&#8220; \u00a0\u00a0S\u00e1 sannleikur var \u00ed andst\u00f6\u00f0u vi\u00f0 \u00fe\u00e1 villukenningu, a\u00f0 Jes\u00fas hef\u00f0i ekki veri\u00f0 raunverulegur ma\u00f0ur og ekki heldur sonur Gu\u00f0s (sj\u00e1 1J\u00f3h 2.18-23; 4.1-3; 2J\u00f3h 7).\u00a0Sj\u00e1 og &#8222;Sannleikurinn&#8220; \u00e1 bls. 1992.<\/p>\n<p><strong>4 <em>\u00a0<\/em><\/strong><em>b\u00f6rnin m\u00edn: <\/em>\u00a0F\u00f3lki\u00f0 sem br\u00e9fritari hefur leitt til tr\u00faar \u00e1 Krist.\u00a0 Sj\u00e1 og athugagrein vi\u00f0 1J\u00f3h 2.1.<\/p>\n<p><strong>6 <em>\u00a0<\/em><\/strong><em>grei\u00f0a f\u00f6r \u00feeirra: <\/em>\u00a0Sty\u00f0ja \u00fe\u00e1 \u00ed \u00fev\u00ed \u00e6tlunarverki a\u00f0 bo\u00f0a fagna\u00f0arerindi\u00f0 um Jes\u00fa (8).<\/p>\n<p><strong>9 <em>\u00a0<\/em><\/strong><em>safna\u00f0arins:\u00a0 <\/em>\u00a0Gr\u00edska or\u00f0i\u00f0, sem h\u00e9r er \u00fe\u00fdtt \u00e1 \u00edslensku me\u00f0 &#8222;s\u00f6fnu\u00f0ur&#8220; er <em>ekkles\u00eda.\u00a0 <\/em>Upphafleg merking \u00feess er s\u00e9rhver &#8222;samkoma f\u00f3lks.&#8220;\u00a0 Or\u00f0i\u00f0 kirkja getur veri\u00f0 haft um gj\u00f6rvalla kristnina \u00ed heiminum (kirkja Krists), hvern einstakan s\u00f6fnu\u00f0, og loks um kirkjuh\u00fas.\u00a0 Sj\u00e1 n\u00e1nar &#8222;<a href=\"https:\/\/biblian.is\/fraedsla\/ordtakasafn\/kirkjan\/\">Kirkja<\/a>&#8222;.<\/p>\n<p><strong>9\u00a0 <\/strong><em>D\u00ed\u00f3trefes:<\/em>\u00a0\u00a0Hans er hvergi geti\u00f0 annars sta\u00f0ar \u00ed N\u00fdja testamenti.\u00a0 D\u00ed\u00f3trefes hefur veri\u00f0 \u00ed sama s\u00f6fnu\u00f0i og Gajus.\u00a0 Hann haf\u00f0i dreift um br\u00e9fritarann \u00e1lygum og r\u00f3gi (9) og neita\u00f0 a\u00f0 veita vi\u00f0t\u00f6ku kristnum br\u00e6\u00f0rum \u00e1 hans \u00e1 vegum (10).<\/p>\n<p><strong>11\u00a0 \u00a0<\/strong>Sj\u00e1 1J\u00f3h 3.11-18;\u00a0 2J\u00f3h 5,6.<\/p>\n<p><strong>12 <\/strong><em>\u00a0Demetr\u00edus: <\/em><strong>\u00a0<\/strong>\u00a0\u00d6ldungurinn hr\u00f3sar Demetr\u00edusi fyrir sanna og \u00e1rei\u00f0anlega kenningu hans um Krist. Annars Demetr\u00edusar er geti\u00f0 \u00ed Postulas\u00f6gunni;\u00a0s\u00e1 var silfursmi\u00f0ur (Post 19.23-41).<\/p>\n<p>&nbsp;<\/p>\n<p>&nbsp;<\/p>\n","protected":false},"excerpt":{"rendered":"<p>Kve\u00f0ja \u00d6ldungurinn (sj\u00e1 og 2J\u00f3h 1) heilsar elsku\u00f0um vini s\u00ednum, <a href=\"https:\/\/biblian.is\/fraedsla\/ritskyring\/thridja-johannesarbref-1-kafli\/\"> [&#8230;]<\/a><\/p>\n","protected":false},"author":1,"featured_media":0,"parent":4829,"menu_order":0,"comment_status":"closed","ping_status":"closed","template":"","meta":{"footnotes":""},"class_list":["post-5039","page","type-page","status-publish","hentry"],"_links":{"self":[{"href":"https:\/\/biblian.is\/fraedsla\/wp-json\/wp\/v2\/pages\/5039","targetHints":{"allow":["GET"]}}],"collection":[{"href":"https:\/\/biblian.is\/fraedsla\/wp-json\/wp\/v2\/pages"}],"about":[{"href":"https:\/\/biblian.is\/fraedsla\/wp-json\/wp\/v2\/types\/page"}],"author":[{"embeddable":true,"href":"https:\/\/biblian.is\/fraedsla\/wp-json\/wp\/v2\/users\/1"}],"replies":[{"embeddable":true,"href":"https:\/\/biblian.is\/fraedsla\/wp-json\/wp\/v2\/comments?post=5039"}],"version-history":[{"count":0,"href":"https:\/\/biblian.is\/fraedsla\/wp-json\/wp\/v2\/pages\/5039\/revisions"}],"up":[{"embeddable":true,"href":"https:\/\/biblian.is\/fraedsla\/wp-json\/wp\/v2\/pages\/4829"}],"wp:attachment":[{"href":"https:\/\/biblian.is\/fraedsla\/wp-json\/wp\/v2\/media?parent=5039"}],"curies":[{"name":"wp","href":"https:\/\/api.w.org\/{rel}","templated":true}]}}