{"id":5037,"date":"2019-04-01T21:38:48","date_gmt":"2019-04-01T21:38:48","guid":{"rendered":"https:\/\/biblian.is\/fraedsla\/?page_id=5037"},"modified":"2025-06-27T02:08:44","modified_gmt":"2025-06-27T02:08:44","slug":"thridja-johannesarbref-inngangur","status":"publish","type":"page","link":"https:\/\/biblian.is\/fraedsla\/ritskyring\/thridja-johannesarbref-inngangur\/","title":{"rendered":"\u00deri\u00f0ja J\u00f3hannesarbr\u00e9f &#8211; Inngangur"},"content":{"rendered":"<p><em>Hvernig geta kristnir menn styrkt \u00fe\u00e1 sem fara um og \u00fatbrei\u00f0a fagna\u00f0arerindi\u00f0?\u00a0 Svari\u00f0 vi\u00f0 spurningunni er a\u00f0 finna \u00ed \u00deri\u00f0ja br\u00e9fi J\u00f3hannesar.<\/em><\/p>\n<h3>Hva\u00f0 einkennir \u00deri\u00f0ja J\u00f3hannesarbr\u00e9f?<\/h3>\n<p>\u00deetta stutta rit er \u00ed sendibr\u00e9fsformi, eins og Anna\u00f0 J\u00f3hannesarbr\u00e9f.\u00a0 \u00dea\u00f0 hefst \u00e1 \u00e1varpi og \u00fev\u00ed l\u00fdkur me\u00f0 kve\u00f0jum.\u00a0 En \u00fea\u00f0 er hins vegar st\u00edla\u00f0 \u00e1 Gajus nokkurn.<\/p>\n<h3>Hvert var tilefni br\u00e9fsins?<\/h3>\n<p>Br\u00e9fritari \u00f3skar Gajusi allra heilla.\u00a0 Hann fagnar fr\u00e9ttum af \u00fev\u00ed, hve g\u00f3\u00f0an beina hann hefur unni\u00f0 \u00feeim sem fer\u00f0ast um og \u00fatbrei\u00f0a fagna\u00f0arerindi\u00f0, og greitt vel f\u00f6r \u00feeirra,\u00a0 og \u00fea\u00f0 jafnvel \u00fe\u00f3tt sumir \u00feeirra hafi veri\u00f0 Gajusi me\u00f0 \u00f6llu \u00f3kunnir.\u00a0En ma\u00f0ur a\u00f0 nafni D\u00ed\u00f3trefes, einn lei\u00f0toga safna\u00f0arins,\u00a0 setur sig upp \u00e1 m\u00f3ti \u00f6ldunginum, sem br\u00e9fi\u00f0 skrifar. Hann tekur ekki \u00e1 m\u00f3ti a\u00f0v\u00edfandi br\u00e6\u00f0rum og hvetur meira a\u00f0 segja a\u00f0ra til \u00feess a\u00f0 gera \u00fea\u00f0 ekki heldur.\u00a0 Gajus er be\u00f0inn a\u00f0 halda uppteknum h\u00e6tti, \u00e1n tillits til \u00feess sem D\u00ed\u00f3trefes gerir.<\/p>\n<h3>N\u00e1nar um br\u00e9fi\u00f0<\/h3>\n<p>Sj\u00e1 inngangsor\u00f0 a\u00f0 <a href=\"https:\/\/biblian.is\/fraedsla\/ritskyring\/fyrsta-johannesarbref-inngangur\/\">Fyrsta J\u00f3hannesarbr\u00e9fi<\/a> hinu almenna og <a href=\"https:\/\/biblian.is\/fraedsla\/ritskyring\/annad-johannesarbref-inngangur\/\">\u00d6\u00f0ru J\u00f3hannesarbr\u00e9fi<\/a>.<\/p>\n<h3>Efnisyfirlit \u00deri\u00f0ja J\u00f3hannesarbr\u00e9fs<\/h3>\n<ul>\n<li>Kve\u00f0ja (1. til 4. vers)<\/li>\n<li>Samverkamenn sannleikans studdir (5. til 15. vers)<\/li>\n<\/ul>\n","protected":false},"excerpt":{"rendered":"<p>Hvernig geta kristnir menn styrkt \u00fe\u00e1 sem fara um og <a href=\"https:\/\/biblian.is\/fraedsla\/ritskyring\/thridja-johannesarbref-inngangur\/\"> [&#8230;]<\/a><\/p>\n","protected":false},"author":1,"featured_media":0,"parent":4829,"menu_order":0,"comment_status":"closed","ping_status":"closed","template":"","meta":{"footnotes":""},"class_list":["post-5037","page","type-page","status-publish","hentry"],"_links":{"self":[{"href":"https:\/\/biblian.is\/fraedsla\/wp-json\/wp\/v2\/pages\/5037","targetHints":{"allow":["GET"]}}],"collection":[{"href":"https:\/\/biblian.is\/fraedsla\/wp-json\/wp\/v2\/pages"}],"about":[{"href":"https:\/\/biblian.is\/fraedsla\/wp-json\/wp\/v2\/types\/page"}],"author":[{"embeddable":true,"href":"https:\/\/biblian.is\/fraedsla\/wp-json\/wp\/v2\/users\/1"}],"replies":[{"embeddable":true,"href":"https:\/\/biblian.is\/fraedsla\/wp-json\/wp\/v2\/comments?post=5037"}],"version-history":[{"count":0,"href":"https:\/\/biblian.is\/fraedsla\/wp-json\/wp\/v2\/pages\/5037\/revisions"}],"up":[{"embeddable":true,"href":"https:\/\/biblian.is\/fraedsla\/wp-json\/wp\/v2\/pages\/4829"}],"wp:attachment":[{"href":"https:\/\/biblian.is\/fraedsla\/wp-json\/wp\/v2\/media?parent=5037"}],"curies":[{"name":"wp","href":"https:\/\/api.w.org\/{rel}","templated":true}]}}