{"id":5032,"date":"2019-04-01T21:34:03","date_gmt":"2019-04-01T21:34:03","guid":{"rendered":"https:\/\/biblian.is\/fraedsla\/?page_id=5032"},"modified":"2026-04-17T13:01:08","modified_gmt":"2026-04-17T13:01:08","slug":"annad-johannesarbref-inngangur","status":"publish","type":"page","link":"https:\/\/biblian.is\/fraedsla\/ritskyring\/annad-johannesarbref-inngangur\/","title":{"rendered":"Anna\u00f0 J\u00f3hannesarbr\u00e9f &#8211; Inngangur"},"content":{"rendered":"<p><em>Hvernig eiga kristnir menn a\u00f0 breg\u00f0ast vi\u00f0 \u00feeim, sem reyna a\u00f0 grafa undan sannleikanum um Jes\u00fa Krist? \u00a0Vittu hvernig Anna\u00f0 J\u00f3hannesarbr\u00e9f svarar \u00feeirri spurningu.\u00a0\u00a0 <\/em><\/p>\n<h3>Hvert er einkenni Annars J\u00f3hannesarbr\u00e9fs?<\/h3>\n<p>Anna\u00f0 J\u00f3hannesarbr\u00e9f er a\u00f0 formi til hef\u00f0bundi\u00f0 sendibr\u00e9f me\u00f0 \u00e1varpi \u00ed upphafi og kve\u00f0jum \u00ed lokin. \u00a0Hinir kristnu eru hvattir til \u00feess a\u00f0 elska hver annan og lifa samkv\u00e6mt sannleikanum.<\/p>\n<h3>Hvert var tilefni br\u00e9fsins?<\/h3>\n<p>H\u00f6fundur varar vi\u00f0 \u00feeim sem lei\u00f0a menn afvega me\u00f0 \u00fev\u00ed a\u00f0 draga \u00ed efa a\u00f0 sonur Gu\u00f0s hafi veri\u00f0 raunverulegur ma\u00f0ur.\u00a0 Lesendur eru be\u00f0nir a\u00f0 bj\u00f3\u00f0a ekki velkomna \u00fe\u00e1, sem sl\u00edkt bo\u00f0a, n\u00e9 taka \u00fe\u00e1\u00a0 inn \u00e1 heimili s\u00edn.<\/p>\n<h3>Hverjum var br\u00e9fi\u00f0 \u00e6tla\u00f0?<\/h3>\n<p>Me\u00f0 &#8222;hinni \u00fatv\u00f6ldu fr\u00fa&#8220; (1.1) og &#8222;systur \u00feinni, hinni \u00fatv\u00f6ldu&#8220; (1.13) er a\u00f0 l\u00edkindum fremur \u00e1tt vi\u00f0 tvo s\u00f6fnu\u00f0i en tv\u00e6r konur.\u00a0 Sj\u00e1 og inngangsor\u00f0 a\u00f0 Fyrsta J\u00f3hannesarbr\u00e9fi hinu almenna og \u00deri\u00f0ja J\u00f3hannearbr\u00e9fi.<\/p>\n<h3>Efnisyfirlit Annars J\u00f3hannearbr\u00e9fs<\/h3>\n<p>Anna\u00f0 J\u00f3hannearbr\u00e9f er stysta rit Bibl\u00edunnar.\u00a0 Fyrst er vi\u00f0takendum heilsa\u00f0 (1-3) og s\u00ed\u00f0an hvatt til hl\u00fd\u00f0ni vi\u00f0 sannleikann og l\u00edfs \u00ed k\u00e6rleika.<\/p>\n<p>*\u00a0 <em>hinni \u00fatv\u00f6ldu fr\u00fa og b\u00f6rnum hennar: <\/em>\u00a0\u00a0\u00d3l\u00edklegt er, a\u00f0 h\u00e9r s\u00e9 \u00e1tt vi\u00f0 einhverja s\u00e9rstaka konu.\u00a0 \u00deegar h\u00f6fundur, sem kallar sig \u00f6ldunginn,\u00a0 segir &#8222;hinni \u00fatv\u00f6ldu fr\u00fa og b\u00f6rnum hennar&#8220; (1. vers) og &#8222;b\u00f6rn systur \u00feinnar, hinnar \u00fatv\u00f6ldu&#8220; (13. vers), \u00fe\u00e1 \u00e1 hann tr\u00falega vi\u00f0 tvo s\u00f6fnu\u00f0i, hvorn \u00e1 s\u00ednum sta\u00f0.\u00a0 Hann kann a\u00f0 hafa gripi\u00f0 til \u00feessa l\u00edkingam\u00e1ls til \u00feess a\u00f0 firra sj\u00e1lfan sig og m\u00f3ttakendurna vandr\u00e6\u00f0um, ef br\u00e9f hans kynni a\u00f0 falla \u00ed hendur \u00f3vinveittum m\u00f6nnum.\u00a0 Sumir s\u00f6fnu\u00f0ir frumkirkjunnar komu reyndar saman \u00e1 heimilum st\u00f6ndugra kvenna, sem sn\u00faist h\u00f6f\u00f0u til kristni (Post 16.14,15;\u00a0 R\u00f3m 16.1,2;\u00a0 1Kor 16.19;\u00a0K\u00f3l 4.15).<\/p>\n","protected":false},"excerpt":{"rendered":"<p>Hvernig eiga kristnir menn a\u00f0 breg\u00f0ast vi\u00f0 \u00feeim, sem reyna <a href=\"https:\/\/biblian.is\/fraedsla\/ritskyring\/annad-johannesarbref-inngangur\/\"> [&#8230;]<\/a><\/p>\n","protected":false},"author":1,"featured_media":0,"parent":4829,"menu_order":0,"comment_status":"closed","ping_status":"closed","template":"","meta":{"footnotes":""},"class_list":["post-5032","page","type-page","status-publish","hentry"],"_links":{"self":[{"href":"https:\/\/biblian.is\/fraedsla\/wp-json\/wp\/v2\/pages\/5032","targetHints":{"allow":["GET"]}}],"collection":[{"href":"https:\/\/biblian.is\/fraedsla\/wp-json\/wp\/v2\/pages"}],"about":[{"href":"https:\/\/biblian.is\/fraedsla\/wp-json\/wp\/v2\/types\/page"}],"author":[{"embeddable":true,"href":"https:\/\/biblian.is\/fraedsla\/wp-json\/wp\/v2\/users\/1"}],"replies":[{"embeddable":true,"href":"https:\/\/biblian.is\/fraedsla\/wp-json\/wp\/v2\/comments?post=5032"}],"version-history":[{"count":0,"href":"https:\/\/biblian.is\/fraedsla\/wp-json\/wp\/v2\/pages\/5032\/revisions"}],"up":[{"embeddable":true,"href":"https:\/\/biblian.is\/fraedsla\/wp-json\/wp\/v2\/pages\/4829"}],"wp:attachment":[{"href":"https:\/\/biblian.is\/fraedsla\/wp-json\/wp\/v2\/media?parent=5032"}],"curies":[{"name":"wp","href":"https:\/\/api.w.org\/{rel}","templated":true}]}}