{"id":5028,"date":"2019-04-01T21:31:42","date_gmt":"2019-04-01T21:31:42","guid":{"rendered":"https:\/\/biblian.is\/fraedsla\/?page_id=5028"},"modified":"2026-04-17T13:01:10","modified_gmt":"2026-04-17T13:01:10","slug":"fyrsta-johannesarbref-5-kafli","status":"publish","type":"page","link":"https:\/\/biblian.is\/fraedsla\/ritskyring\/fyrsta-johannesarbref-5-kafli\/","title":{"rendered":"Fyrsta J\u00f3hannesarbr\u00e9f 5. kafli"},"content":{"rendered":"<p><strong>5.1 \u00a0<\/strong>\u00a0<em>Hver sem tr\u00fair a\u00f0 Jes\u00fas s\u00e9 Kristur er barn Gu\u00f0s:\u00a0 <\/em>\u00a0Sj\u00e1 athugagreinar vi\u00f0 1.3 (son hans Jes\u00fa Krist) og 2.1 (B\u00f6rnin m\u00edn).\u00a0 Eins og Gu\u00f0 hefur \u00fatvali\u00f0 Jes\u00fa, eins hefur Jes\u00fas \u00fatvali\u00f0 \u00fe\u00e1, sem honum fylgja, til \u00feess a\u00f0 vera Gu\u00f0s b\u00f6rn.<\/p>\n<p><strong>5.3\u00a0 <\/strong>J\u00f3h 14.15;\u00a01J\u00f3h 2.5,7.<\/p>\n<p><strong>5.4\u00a0 <\/strong>\u00a0<em>sigrar heiminn og tr\u00fa okkar er sigurinn:<\/em>\u00a0 Sj\u00e1 athugagreinar vi\u00f0 2.15 (heiminn) og 3.23 (tr\u00faa).<\/p>\n<p><strong>5.6 <em>\u00a0<\/em><\/strong><em>andinn:\u00a0 <\/em>\u00a0Sj\u00e1 athugagrein vi\u00f0 2.27.<\/p>\n<p><strong>5.6\u00a0 <\/strong><em>Hann er s\u00e1 sem kom me\u00f0 vatni og bl\u00f3\u00f0i, Jes\u00fas Kristur.\u00a0 Ekki me\u00f0 vatninu eing\u00f6ngu heldur me\u00f0 vatninu og me\u00f0 bl\u00f3\u00f0inu:\u00a0 <\/em>\u00a0Sj\u00e1 J\u00f3h 19.34.\u00a0 \u00deetta vers m\u00e6tti einnig or\u00f0a svo:\u00a0 &#8222;Hann er s\u00e1 sem kom me\u00f0 vatni sk\u00edrnarinnar og bl\u00f3\u00f0i dau\u00f0a s\u00edns.\u00a0 Hann var ekki einasta sk\u00edr\u00f0ur, heldur \u00fathellti hann l\u00edka bl\u00f3\u00f0i s\u00ednu og d\u00f3.&#8220;\u00a0 Tilgangur \u00feessa vers er a\u00f0 \u00e1r\u00e9tta, a\u00f0 Jes\u00fas hafi veri\u00f0 sannur ma\u00f0ur og dau\u00f0i hans \u00e1 krossinum hafi ekki veri\u00f0 s\u00fdndardau\u00f0i.<\/p>\n<p><strong>5.7,8 <em>\u00a0<\/em><\/strong><em>\u00der\u00edr&#8230;Andinn og vatni\u00f0 og bl\u00f3\u00f0i\u00f0: <\/em>\u00a0\u00derj\u00fa eru kennimerki Gu\u00f0s barna.\u00a0 Andinn er kraftur Gu\u00f0s, hj\u00e1lparinn, sem Jes\u00fas h\u00e9t a\u00f0 senda l\u00e6risveinum s\u00ednum, \u00feegar hann v\u00e6ri sj\u00e1lfur farinn burt (J\u00f3h 16.5-15).\u00a0 Vatni\u00f0 t\u00e1knar sk\u00edrnina; sj\u00e1lfur var Jes\u00fas sk\u00edr\u00f0ur af J\u00f3hannesi, fr\u00e6nda s\u00ednum (Matt 3.13-17).\u00a0 P\u00e1ll postuli kenndi, a\u00f0 \u00ed sk\u00edrninni v\u00e6ru syndirnar \u00fevegnar burt og\u00a0 l\u00e6risveinar Krists risu upp me\u00f0 honum.\u00a0 Eftir \u00fea\u00f0 \u00e6ttu \u00feeir a\u00f0 lifa n\u00fdju l\u00edfi og leggja af hina fyrri heg\u00f0an (sj\u00e1 R\u00f3m 6.3-5).\u00a0\u00a0 Bl\u00f3\u00f0i\u00f0 minnir \u00e1 dau\u00f0a Jes\u00fa \u00e1 krossinum (J\u00f3h 19.34,35) og s\u00ed\u00f0ustu kv\u00f6ldm\u00e1lt\u00ed\u00f0ina, \u00feegar Jes\u00fas l\u00e9t svo um m\u00e6lt, a\u00f0 v\u00edni\u00f0 \u00ed kaleiknum v\u00e6ri bl\u00f3\u00f0 sitt, bl\u00f3\u00f0 s\u00e1ttm\u00e1lans, \u00fathellt fyrir marga til fyrirgefningar synda\u00a0 (Matt 26.27,28).<\/p>\n<p><strong>5.11 <\/strong><em>\u00a0eil\u00edft l\u00edf: <\/em><strong>\u00a0<\/strong>Sj\u00e1 athugagrein vi\u00f0 1.2.<\/p>\n<p><strong>5.11<\/strong>\u00a0 J\u00f3h 3.36.<\/p>\n<p><strong>5.16 \u00a0<\/strong><em>synd, sem lei\u00f0ir ekki til dau\u00f0a: <\/em><strong>\u00a0<\/strong>Sj\u00e1 athugagrein vi\u00f0 1.7 (synd).\u00a0 Synd, sem lei\u00f0ir til dau\u00f0a, ver\u00f0ur ekki fyrirgefin.\u00a0 L\u00fatherskir menn (og a\u00f0rir m\u00f3tm\u00e6lendur) gera engan mun st\u00e6rri og sm\u00e6rri synda, heldur benda \u00e1 gu\u00f0leysi mannsins, sem er r\u00f3t syndarinnar.\u00a0 \u00de\u00f3 r\u00e6\u00f0ir og um breyskleikasyndir og \u00e1setningssyndir.\u00a0 Dau\u00f0asyndirnar sj\u00f6 (sem kat\u00f3lskir telja, a\u00f0 ekki ver\u00f0i fyrirgefnar, nema menn skrifti fyrir \u00fe\u00e6r, i\u00f0rist og geri yfirb\u00f3t) eru \u00feessar:\u00a0 Dramb, \u00e1girnd, lausl\u00e6ti, \u00f6fund, gr\u00e6\u00f0gi, heift og hir\u00f0uleysi.\u00a0 Sj\u00e1 og Heb 6.4-6.<\/p>\n<p><strong>5.18:\u00a0 <em>\u00a0<\/em><\/strong><em>hinn vondi:<\/em>\u00a0 Sj\u00e1 athugagrein vi\u00f0 3.8\u00a0 (dj\u00f6flinum).<\/p>\n<p><strong>5.19\u00a0 <\/strong><em>\u00a0heimurinn er \u00e1 valdi hins vonda: <\/em>\u00a0\u00a0Sj\u00e1 athugagreinar vi\u00f0 2.15 og 3.8.<\/p>\n<p><strong>5.20<\/strong><em>\u00a0eil\u00edfa l\u00edfi\u00f0:\u00a0<\/em>\u00a0Sj\u00e1 athugagrein vi\u00f0 1.2 (l\u00edfi\u00f0 eil\u00edfa).<\/p>\n<p><strong>5.21<\/strong><em>\u00a0falsgu\u00f0unum: <\/em>\u00a0H\u00f6fundur Fyrsta J\u00f3hannesarbr\u00e9fs vissi, a\u00f0 til voru m\u00f6rg og mismunandi tr\u00faarbr\u00f6g\u00f0, sem ekki fylgdu kenningum Krists.\u00a0 \u00deeir, sem a\u00f0hylltust \u00feau, tilb\u00e1\u00f0u skur\u00f0go\u00f0 \u00e1 bor\u00f0 vi\u00f0 gu\u00f0i og gy\u00f0jur Grikkja og R\u00f3mverja.\u00a0Oft var l\u00edkneskjum af \u00feessum falsgu\u00f0um komi\u00f0 fyrir \u00ed musterum, \u00fear sem \u00feeim voru f\u00e6r\u00f0ar f\u00f3rnir.<\/p>\n","protected":false},"excerpt":{"rendered":"<p>5.1 \u00a0\u00a0Hver sem tr\u00fair a\u00f0 Jes\u00fas s\u00e9 Kristur er barn <a href=\"https:\/\/biblian.is\/fraedsla\/ritskyring\/fyrsta-johannesarbref-5-kafli\/\"> [&#8230;]<\/a><\/p>\n","protected":false},"author":1,"featured_media":0,"parent":4829,"menu_order":0,"comment_status":"closed","ping_status":"closed","template":"","meta":{"footnotes":""},"class_list":["post-5028","page","type-page","status-publish","hentry"],"_links":{"self":[{"href":"https:\/\/biblian.is\/fraedsla\/wp-json\/wp\/v2\/pages\/5028","targetHints":{"allow":["GET"]}}],"collection":[{"href":"https:\/\/biblian.is\/fraedsla\/wp-json\/wp\/v2\/pages"}],"about":[{"href":"https:\/\/biblian.is\/fraedsla\/wp-json\/wp\/v2\/types\/page"}],"author":[{"embeddable":true,"href":"https:\/\/biblian.is\/fraedsla\/wp-json\/wp\/v2\/users\/1"}],"replies":[{"embeddable":true,"href":"https:\/\/biblian.is\/fraedsla\/wp-json\/wp\/v2\/comments?post=5028"}],"version-history":[{"count":0,"href":"https:\/\/biblian.is\/fraedsla\/wp-json\/wp\/v2\/pages\/5028\/revisions"}],"up":[{"embeddable":true,"href":"https:\/\/biblian.is\/fraedsla\/wp-json\/wp\/v2\/pages\/4829"}],"wp:attachment":[{"href":"https:\/\/biblian.is\/fraedsla\/wp-json\/wp\/v2\/media?parent=5028"}],"curies":[{"name":"wp","href":"https:\/\/api.w.org\/{rel}","templated":true}]}}