{"id":4935,"date":"2019-03-22T22:03:52","date_gmt":"2019-03-22T22:03:52","guid":{"rendered":"https:\/\/biblian.is\/fraedsla\/?page_id=4935"},"modified":"2026-04-17T13:01:07","modified_gmt":"2026-04-17T13:01:07","slug":"tolf-laerisveinar-jesu","status":"publish","type":"page","link":"https:\/\/biblian.is\/fraedsla\/ordtakasafn\/tolf-laerisveinar-jesu\/","title":{"rendered":"T\u00f3lf l\u00e6risveinar Jes\u00fa"},"content":{"rendered":"<p>Hinir t\u00f3lf l\u00e6risveinar Jes\u00fa eru taldir upp \u00ed \u00feremur af gu\u00f0spj\u00f6llunum fj\u00f3rum.\u00a0 H\u00e9r s\u00e9st a\u00f0 n\u00f6fn \u00feeirra sem Mark\u00fas og L\u00fakas nefna koma heim og saman vi\u00f0 nafnalistann \u00ed Matteusargu\u00f0spjalli.<\/p>\n<table width=\"100%\">\n<tbody>\n<tr>\n<td width=\"35%\"><strong>Matteus 10.2-4<\/strong><\/td>\n<td width=\"35%\"><strong>Mark\u00fas 3.14-19<\/strong><\/td>\n<td width=\"30%\"><strong>L\u00fakas 6.13,16<\/strong><\/td>\n<\/tr>\n<tr>\n<td>S\u00edmon (P\u00e9tur)<\/td>\n<td>S\u00edmon (P\u00e9tur)<\/td>\n<td>S\u00edmon (P\u00e9tur)<\/td>\n<\/tr>\n<tr>\n<td>Andr\u00e9s, br\u00f3\u00f0ir P\u00e9turs<\/td>\n<td>Andr\u00e9s<\/td>\n<td>Andr\u00e9s, br\u00f3\u00f0ir P\u00e9turs<\/td>\n<\/tr>\n<tr>\n<td>Jakob Sebedeusson<\/td>\n<td>Jakob Sebedeusson<\/td>\n<td>Jakob (\u00ferumusonur)<\/td>\n<\/tr>\n<tr>\n<td>J\u00f3hannes Sebedeusson<\/td>\n<td>J\u00f3hannes Sebedeusson<\/td>\n<td>J\u00f3hannes (\u00ferumusonur)<\/td>\n<\/tr>\n<tr>\n<td>Filippus<\/td>\n<td>Filippus<\/td>\n<td>Filippus<\/td>\n<\/tr>\n<tr>\n<td>Bart\u00f3l\u00f3meus<\/td>\n<td>Bart\u00f3l\u00f3meus<\/td>\n<td>Bart\u00f3l\u00f3meus<\/td>\n<\/tr>\n<tr>\n<td>T\u00f3mas<\/td>\n<td>T\u00f3mas<\/td>\n<td>T\u00f3mas<\/td>\n<\/tr>\n<tr>\n<td>Matteus tollheimtuma\u00f0ur<\/td>\n<td>Matteus<\/td>\n<td>Matteus<\/td>\n<\/tr>\n<tr>\n<td>Jakob Alfeusson<\/td>\n<td>Jakob Alfeusson<\/td>\n<td>Jakob Alfeusson<\/td>\n<\/tr>\n<tr>\n<td>Taddeus<\/td>\n<td>Taddeus<\/td>\n<td>J\u00fadas Jakobsson<\/td>\n<\/tr>\n<tr>\n<td>S\u00edmon vandl\u00e6tari<\/td>\n<td>S\u00edmon vandl\u00e6tari<\/td>\n<td>S\u00edmon vandl\u00e6tari<\/td>\n<\/tr>\n<tr>\n<td>J\u00fadas \u00cdskar\u00edot<\/td>\n<td>J\u00fadas \u00cdskar\u00edot<\/td>\n<td>J\u00fadas \u00cdskar\u00edot<\/td>\n<\/tr>\n<\/tbody>\n<\/table>\n<p>&nbsp;<\/p>\n<p><span lang=\"SQ\">L\u00e6risveinarnir t\u00f3lf voru seinna nefndir postular, sem og f\u00e1einir a\u00f0rir eins og t.d. P\u00e1ll postuli.\u00a0 Jes\u00fas gaf l\u00e6risveinum s\u00ednum vald til \u00feess a\u00f0 l\u00e6kna sj\u00faka og reka \u00fat illa anda.\u00a0 L\u00e6risveinarnir eru l\u00edka taldir upp \u00ed Mrk 3.16-19 og L\u00fak 6.13-16 og ber gu\u00f0spj\u00f6llunum \u00feremur n\u00e6r alveg saman.\u00a0 Sj\u00e1 t\u00f6fluna h\u00e9r a\u00f0 ofan.<\/span><\/p>\n","protected":false},"excerpt":{"rendered":"<p>Hinir t\u00f3lf l\u00e6risveinar Jes\u00fa eru taldir upp \u00ed \u00feremur af <a href=\"https:\/\/biblian.is\/fraedsla\/ordtakasafn\/tolf-laerisveinar-jesu\/\"> [&#8230;]<\/a><\/p>\n","protected":false},"author":1,"featured_media":0,"parent":4827,"menu_order":0,"comment_status":"closed","ping_status":"closed","template":"","meta":{"footnotes":""},"class_list":["post-4935","page","type-page","status-publish","hentry"],"_links":{"self":[{"href":"https:\/\/biblian.is\/fraedsla\/wp-json\/wp\/v2\/pages\/4935","targetHints":{"allow":["GET"]}}],"collection":[{"href":"https:\/\/biblian.is\/fraedsla\/wp-json\/wp\/v2\/pages"}],"about":[{"href":"https:\/\/biblian.is\/fraedsla\/wp-json\/wp\/v2\/types\/page"}],"author":[{"embeddable":true,"href":"https:\/\/biblian.is\/fraedsla\/wp-json\/wp\/v2\/users\/1"}],"replies":[{"embeddable":true,"href":"https:\/\/biblian.is\/fraedsla\/wp-json\/wp\/v2\/comments?post=4935"}],"version-history":[{"count":0,"href":"https:\/\/biblian.is\/fraedsla\/wp-json\/wp\/v2\/pages\/4935\/revisions"}],"up":[{"embeddable":true,"href":"https:\/\/biblian.is\/fraedsla\/wp-json\/wp\/v2\/pages\/4827"}],"wp:attachment":[{"href":"https:\/\/biblian.is\/fraedsla\/wp-json\/wp\/v2\/media?parent=4935"}],"curies":[{"name":"wp","href":"https:\/\/api.w.org\/{rel}","templated":true}]}}