{"id":4933,"date":"2019-03-22T21:55:58","date_gmt":"2019-03-22T21:55:58","guid":{"rendered":"https:\/\/biblian.is\/fraedsla\/?page_id=4933"},"modified":"2026-04-17T13:01:06","modified_gmt":"2026-04-17T13:01:06","slug":"mannssonurinn","status":"publish","type":"page","link":"https:\/\/biblian.is\/fraedsla\/ordtakasafn\/mannssonurinn\/","title":{"rendered":"Mannssonurinn"},"content":{"rendered":"<p>\u00cd helgiritum gy\u00f0inga (Gamla testamenti) \u00fe\u00fd\u00f0ir &#8222;mannssonur&#8220; v\u00ed\u00f0a sama og manneskja.\u00a0 \u00deetta m\u00e1 gl\u00f6gglega sj\u00e1 \u00ed sp\u00e1d\u00f3msb\u00f3k Esek\u00edels \u00fear sem sp\u00e1ma\u00f0urinn er kalla\u00f0ur &#8222;mannssonur&#8220; n\u00e6r hundra\u00f0 sinnum.\u00a0 \u00deannig minnti Drottinn Esek\u00edel \u00e1 a\u00f0 hann v\u00e6ri ekkert anna\u00f0 en ma\u00f0ur af holdi og bl\u00f3\u00f0i og yr\u00f0i a\u00f0 beygja sig fyrir m\u00e6tti Gu\u00f0s og fyrir\u00e6tlunum hans \u00ed heimi h\u00e9r.<\/p>\n<p>Sp\u00e1ma\u00f0urinn Dan\u00edel notar l\u00edka \u00feetta heiti, en hj\u00e1 honum er merkingin \u00f6nnur.\u00a0 Hann kve\u00f0st hafa s\u00e9\u00f0 &#8222;einhvern koma \u00e1 sk\u00fdjum himins, \u00e1\u00feekkan mannssyni&#8220; (Dan 7.13). H\u00e9r er &#8222;mannssonurinn&#8220; frelsari \u2013 ma\u00f0urinn sem Gu\u00f0 mun \u00fatvelja til \u00feess a\u00f0 r\u00edkja yfir\u00a0 heiminum og \u00feeim sem \u00ed honum b\u00faa.\u00a0 L\u00edkt og \u00feessi mannssonur kemur Jes\u00fas \u00ed heiminn, hinn \u00fatvaldi Gu\u00f0s (Mess\u00edas).<\/p>\n<p>\u00cd gu\u00f0spj\u00f6llunum nefnir Jes\u00fas sj\u00e1lfan sig Mannssoninn.\u00a0 Stundum gerir hann \u00fea\u00f0 til \u00feess a\u00f0 kve\u00f0a sk\u00fdrt \u00e1 um mennsku s\u00edna (Matt 8.20) e\u00f0a til \u00feess a\u00f0 l\u00fdsa \u00fev\u00ed hlutverki s\u00ednu a\u00f0 \u00fej\u00e1st og l\u00e1ta l\u00edfi\u00f0 til lausnargjalds fyrir alla (Mrk 8.31; 9.31; 10.45).\u00a0 En nafngiftin er l\u00edka notu\u00f0 \u00feegar r\u00e6tt er um hina komandi d\u00fdr\u00f0 Jes\u00fa, \u00feegar b\u00f6rnum Gu\u00f0s ver\u00f0ur safna\u00f0 saman og Gu\u00f0s r\u00edki (konungd\u00f3mur) kemur me\u00f0 krafti (Mrk 8.31-9.1).\u00a0\u00de\u00e1 munu menn sj\u00e1 Mannssoninn sitja til h\u00e6gri handar Hins alm\u00e1ttuga (Mrk14.62).\u00a0 Hann mun og sn\u00faa aftur til jar\u00f0arinnar me\u00f0 m\u00e6tti og mikilli d\u00fdr\u00f0 (Matt 24.30).\u00a0 Af \u00feessum l\u00fdsingum gu\u00f0spjallanna hafa sumir fr\u00e6\u00f0imenn r\u00e1\u00f0i\u00f0 a\u00f0 Jes\u00fas hafi haft nafni\u00f0 Mannssonur \u00ed s\u00f6mu merkingu og Dan\u00edel for\u00f0um.<\/p>\n<p>F\u00f3lki er \u00e6tla\u00f0 a\u00f0 gera \u00fea\u00f0 upp vi\u00f0 sig og vi\u00f0urkenna opinberlega hvern \u00fea\u00f0 telji Mannssoninn vera (Mark 8.27; Matt 16.13).\u00a0\u00deeim, sem tr\u00faa \u00fev\u00ed, a\u00f0 hann hafi veri\u00f0 af Gu\u00f0i sendur til \u00feess a\u00f0 endurn\u00fdja l\u00fd\u00f0 hans og safna allri sk\u00f6puninni saman undir stj\u00f3rn Gu\u00f0s, b\u00fdr hann sta\u00f0 \u00ed h\u00fasi f\u00f6\u00f0ur s\u00edns.\u00a0 \u00deeim mun ver\u00f0a launa\u00f0 fyrir \u00fea\u00f0 sem \u00feau hafa gott gert (Matt 16.27,28).<\/p>\n<p>Sj\u00e1 einnig <em><a href=\"https:\/\/biblian.is\/fraedsla\/ordtakasafn\/guds-sonur\/\">Gu\u00f0s sonur<\/a><\/em> og Mess\u00edas (hinn \u00fatvaldi)<\/p>\n","protected":false},"excerpt":{"rendered":"<p>\u00cd helgiritum gy\u00f0inga (Gamla testamenti) \u00fe\u00fd\u00f0ir &#8222;mannssonur&#8220; v\u00ed\u00f0a sama og <a href=\"https:\/\/biblian.is\/fraedsla\/ordtakasafn\/mannssonurinn\/\"> [&#8230;]<\/a><\/p>\n","protected":false},"author":1,"featured_media":0,"parent":4827,"menu_order":0,"comment_status":"closed","ping_status":"closed","template":"","meta":{"footnotes":""},"class_list":["post-4933","page","type-page","status-publish","hentry"],"_links":{"self":[{"href":"https:\/\/biblian.is\/fraedsla\/wp-json\/wp\/v2\/pages\/4933","targetHints":{"allow":["GET"]}}],"collection":[{"href":"https:\/\/biblian.is\/fraedsla\/wp-json\/wp\/v2\/pages"}],"about":[{"href":"https:\/\/biblian.is\/fraedsla\/wp-json\/wp\/v2\/types\/page"}],"author":[{"embeddable":true,"href":"https:\/\/biblian.is\/fraedsla\/wp-json\/wp\/v2\/users\/1"}],"replies":[{"embeddable":true,"href":"https:\/\/biblian.is\/fraedsla\/wp-json\/wp\/v2\/comments?post=4933"}],"version-history":[{"count":0,"href":"https:\/\/biblian.is\/fraedsla\/wp-json\/wp\/v2\/pages\/4933\/revisions"}],"up":[{"embeddable":true,"href":"https:\/\/biblian.is\/fraedsla\/wp-json\/wp\/v2\/pages\/4827"}],"wp:attachment":[{"href":"https:\/\/biblian.is\/fraedsla\/wp-json\/wp\/v2\/media?parent=4933"}],"curies":[{"name":"wp","href":"https:\/\/api.w.org\/{rel}","templated":true}]}}