{"id":4899,"date":"2019-03-22T20:28:02","date_gmt":"2019-03-22T20:28:02","guid":{"rendered":"https:\/\/biblian.is\/fraedsla\/?page_id=4899"},"modified":"2026-04-17T13:01:16","modified_gmt":"2026-04-17T13:01:16","slug":"matteusargudspjall-inngangur","status":"publish","type":"page","link":"https:\/\/biblian.is\/fraedsla\/ritskyring\/matteusargudspjall-inngangur\/","title":{"rendered":"Matteusargu\u00f0spjall &#8211; Inngangur"},"content":{"rendered":"<p><em>Or\u00f0 skulu standa segir gamalt m\u00e1lt\u00e6ki.\u00a0Lofor\u00f0 ber a\u00f0 halda. \u00a0Lesi\u00f0 Matteusargu\u00f0spjall me\u00f0 \u00fea\u00f0 \u00ed huga, a\u00f0 Gu\u00f0 efndi \u00e6vafornt heit er hann sendi Jes\u00fa til \u00feess a\u00f0 ver\u00f0a frelsari heimsins.<\/em><em>\u00a0<\/em><\/p>\n<h3>S\u00e9rkenni Matteusargu\u00f0spjalls<\/h3>\n<p>Svo sem vi\u00f0 \u00e1 um gu\u00f0spj\u00f6llin \u00f6ll segir Matteusargu\u00f0spjall fr\u00e1 l\u00edfi og kenningu Jes\u00fa.\u00a0 \u00dea\u00f0 fjallar l\u00edka um \u00fea\u00f0 hva\u00f0 \u00ed \u00fev\u00ed felst a\u00f0 tilheyra Gu\u00f0s l\u00fd\u00f0.\u00a0 Ennfremur er a\u00f0 finna \u00ed gu\u00f0spjallinu lei\u00f0beiningar um Gu\u00f0i \u00fe\u00f3knanlegt l\u00edferni.<\/p>\n<h3>Hvers vegna var Matteusargu\u00f0spjall sami\u00f0?<\/h3>\n<p>H\u00f6fundur Matteusargu\u00f0spjalls haf\u00f0i \u00ed huga lesendur gagnkunnuga helgiritum Gy\u00f0inga, sem kristnir menn nefna Gamla testamenti. Hann kemur a\u00f0 \u00fev\u00ed aftur og aftur hve \u00e1kaflega menn v\u00e6ntu Mess\u00edasar Gu\u00f0s, a\u00f0 \u00fev\u00ed er lesi\u00f0 ver\u00f0ur \u00ed \u00feessum fornu textum, og hann segir Jes\u00fa vera \u00feennan fyrirheitna frelsara.<\/p>\n<h3>Hvert er baksvi\u00f0 Matteusargu\u00f0spjalls?<\/h3>\n<p>Samkv\u00e6mt gu\u00f0spjalli Matteusar byggir bo\u00f0skapur Jes\u00fa \u00e1 l\u00f6gm\u00e1li og kenningum Gamla testamentis.\u00a0 M\u00f3se haf\u00f0i af Gu\u00f0i veri\u00f0 birt l\u00f6gm\u00e1li\u00f0 \u00e1 S\u00edna\u00edfjalli, \u00feau bo\u00f0or\u00f0, sem \u00edsraelska \u00fej\u00f3\u00f0in skyldi hafa \u00ed hei\u00f0ri.\u00a0 \u00cd Matteusargu\u00f0spjalli er var\u00f0veitt Fjallr\u00e6\u00f0a Jes\u00fa. \u00a0\u00dear st\u00edgur Jes\u00fas upp \u00e1 fjall og leggur fyrir \u00e1heyrendurna\u00a0 hversu \u00feeir skuli haga l\u00edfi s\u00ednu samkv\u00e6mt vilja Gu\u00f0s.\u00a0S\u00e1 hluti Matteusargu\u00f0spjalls sem segir fr\u00e1 starfi Jes\u00fa og kenningu hans er \u00ed fimm k\u00f6flum alveg eins og l\u00f6gm\u00e1l M\u00f3se \u00ed Gamla testamenti eru fimm b\u00e6kur:\u00a0 Genesis, Exodus, Leviticus, Numeri og Deuteronomium.\u00a0 Matteusi er \u00ed mun a\u00f0 s\u00fdna fram \u00e1 a\u00f0 \u00e1rhundru\u00f0um \u00e1\u00f0ur en Jes\u00fas f\u00e6ddist h\u00f6f\u00f0u sp\u00e1menn \u00cdsraels sagt fyrir um margt af \u00fev\u00ed sem hann sag\u00f0i og ger\u00f0i og hann segir Jes\u00fa or\u00f0a upp \u00e1 n\u00fdtt \u00fe\u00e1 von a\u00f0 allar \u00fej\u00f3\u00f0ir m\u00e6ttu ver\u00f0a hluttakendur \u00ed tr\u00fa \u00cdsrales (t.d. Jes 2:2,3).\u00a0 Bo\u00f0skapur Jes\u00fa var l\u00edka n\u00fdr a\u00f0 \u00fev\u00ed leyti a\u00f0 hann st\u00f3\u00f0 \u00f6llu f\u00f3lki til bo\u00f0a, ekki a\u00f0eins \u00feeim sem lif\u00f0u eftir l\u00f6gm\u00e1li M\u00f3se.\u00a0 Jes\u00fas vildi kenna \u00f6llum a\u00f0 treysta Gu\u00f0i,\u00a0 \u00fej\u00f3na honum og elska n\u00e1ungann.<\/p>\n<h3>Hvernig er Matteusargu\u00f0spjall sett saman?<\/h3>\n<p>Eftirfarandi efnisyfirlit Matteusargu\u00f0spjalls s\u00fdnir byggingu \u00feess:<\/p>\n<ul>\n<li><strong>Jes\u00fas, Hinn smur\u00f0i Drottins (Mess\u00edas), er sendur af Gu\u00f0i (1:1-4:11)<\/strong>\n<ul>\n<li>Uppruni Jes\u00fa (1:1-2:23)<\/li>\n<li>Grei\u00f0i\u00f0 Jes\u00fa veg (3:1-4:11)<\/li>\n<\/ul>\n<\/li>\n<li><strong>Jes\u00fas bo\u00f0ar\u00a0 fagna\u00f0arerindi\u00f0 \u00ed Gal\u00edleu og J\u00fadeu (4:12-25:46)<\/strong>\n<ul>\n<li>Jes\u00fas pr\u00e9dikar og kallar fyrstu l\u00e6risveinana (4:12-25)<\/li>\n<li><em>Jes\u00fas kennir \u00e1 fjallinu (5:1-7:29)<\/em><\/li>\n<li>Jes\u00fas l\u00e6knar marga og vinnur kraftaverk (8:1-9:38)<\/li>\n<li><em>Jes\u00fas sendir postulana t\u00f3lf (10:1-42)<\/em><\/li>\n<li>Jes\u00fas svarar spurningum andst\u00e6\u00f0inga sinna (11:1-12:50)<\/li>\n<li><em>Jes\u00fas segir d\u00e6mis\u00f6gur um Gu\u00f0s r\u00edki\u00a0 (13:1-58)<\/em><\/li>\n<li>Jes\u00fas er Hinn smur\u00f0i Drottins, Mess\u00edas (14:1-17:27)<\/li>\n<li><em>Jes\u00fas fr\u00e6\u00f0ir \u00fe\u00e1 sem fylgja honum (18:1-34)<\/em><\/li>\n<li>Jes\u00fas frammi fyrir andst\u00e6\u00f0ingum s\u00ednum \u00ed J\u00fadeu (19:1-23:39)<\/li>\n<li>Jes\u00fas pr\u00e9dikar um komandi Gu\u00f0s r\u00edki (24:1-25:46)<\/li>\n<\/ul>\n<\/li>\n<li><strong>Jes\u00fas deyr og er reistur upp fr\u00e1 dau\u00f0um samkv\u00e6mt fyrir\u00e6tlun Gu\u00f0s\u00a0<\/strong><strong>(26:1-28:20)<\/strong><\/li>\n<\/ul>\n","protected":false},"excerpt":{"rendered":"<p>Or\u00f0 skulu standa segir gamalt m\u00e1lt\u00e6ki.\u00a0Lofor\u00f0 ber a\u00f0 halda. \u00a0Lesi\u00f0 <a href=\"https:\/\/biblian.is\/fraedsla\/ritskyring\/matteusargudspjall-inngangur\/\"> [&#8230;]<\/a><\/p>\n","protected":false},"author":1,"featured_media":0,"parent":4829,"menu_order":0,"comment_status":"closed","ping_status":"closed","template":"","meta":{"footnotes":""},"class_list":["post-4899","page","type-page","status-publish","hentry"],"_links":{"self":[{"href":"https:\/\/biblian.is\/fraedsla\/wp-json\/wp\/v2\/pages\/4899","targetHints":{"allow":["GET"]}}],"collection":[{"href":"https:\/\/biblian.is\/fraedsla\/wp-json\/wp\/v2\/pages"}],"about":[{"href":"https:\/\/biblian.is\/fraedsla\/wp-json\/wp\/v2\/types\/page"}],"author":[{"embeddable":true,"href":"https:\/\/biblian.is\/fraedsla\/wp-json\/wp\/v2\/users\/1"}],"replies":[{"embeddable":true,"href":"https:\/\/biblian.is\/fraedsla\/wp-json\/wp\/v2\/comments?post=4899"}],"version-history":[{"count":0,"href":"https:\/\/biblian.is\/fraedsla\/wp-json\/wp\/v2\/pages\/4899\/revisions"}],"up":[{"embeddable":true,"href":"https:\/\/biblian.is\/fraedsla\/wp-json\/wp\/v2\/pages\/4829"}],"wp:attachment":[{"href":"https:\/\/biblian.is\/fraedsla\/wp-json\/wp\/v2\/media?parent=4899"}],"curies":[{"name":"wp","href":"https:\/\/api.w.org\/{rel}","templated":true}]}}