{"id":2926,"date":"2017-12-30T21:05:14","date_gmt":"2017-12-30T21:05:14","guid":{"rendered":"http:\/\/biblian.is\/biblian\/fyrsta-makkabeab%c2%97k-3-kafli\/"},"modified":"2017-12-30T21:05:15","modified_gmt":"2017-12-30T21:05:15","slug":"fyrsta-makkabeabok-3-kafli","status":"publish","type":"page","link":"https:\/\/biblian.is\/biblian\/fyrsta-makkabeabok-3-kafli\/","title":{"rendered":"Fyrsta Makkabeab\u00f3k 3. kafli"},"content":{"rendered":"<h3 class=\"millifyrirsogn_2007\"> Fyrstu sigrar J\u00fadasar<\/h3>\n<p><a name=\"1\"><span class=\"versanumer_2007\">1<\/span><\/a> J\u00fadas sonur Mattat\u00edasar, sem kalla\u00f0ur var Makkabeus, kom n\u00fa \u00ed sta\u00f0 f\u00f6\u00f0ur s\u00edns. <a name=\"2\"><span class=\"versanumer_2007\">2<\/span><\/a> Br\u00e6\u00f0ur hans veittu honum fulltingi og allir fylgismenn f\u00f6\u00f0ur hans, og reifir h\u00e9ldu \u00feeir \u00e1fram bar\u00e1ttunni fyrir \u00cdsrael.<br \/> <span class=\"ljodatexti\"> <a name=\"3\"><span class=\"versanumer_ljod\">3<\/span><\/a> Hann j\u00f3k hr\u00f3\u00f0ur \u00fej\u00f3\u00f0ar sinnar st\u00f3rum,<br \/>var sem risi er hann bj\u00f3 sig brynju<br \/>og gyrti sig hertygjum.<br \/>\u00cd orrustum var\u00f0i sver\u00f0 hans herinn.<br \/> <\/span> <span class=\"ljodatexti\"> <a name=\"4\"><span class=\"versanumer_ljod\">4<\/span><\/a> Hann l\u00edktist lj\u00f3ni \u00ed d\u00e1\u00f0um s\u00ednum,<br \/>unglj\u00f3ni sem \u00f6skrar eftir br\u00e1\u00f0.<br \/> <\/span> <span class=\"ljodatexti\"> <a name=\"5\"><span class=\"versanumer_ljod\">5<\/span><\/a> Gu\u00f0lausa leita\u00f0i hann uppi og ofs\u00f3tti \u00fe\u00e1<br \/>og hegndi \u00feeim me\u00f0 eldi sem \u00fej\u00f6ku\u00f0u \u00fej\u00f3\u00f0 hans.<br \/> <\/span> <span class=\"ljodatexti\"> <a name=\"6\"><span class=\"versanumer_ljod\">6<\/span><\/a> Gu\u00f0leysingjarnir ur\u00f0u a\u00f0 gjalti af \u00f3tta vi\u00f0 hann,<br \/>enginn l\u00f6gm\u00e1lsbrj\u00f3tur vissi sitt rj\u00fakandi r\u00e1\u00f0.<br \/>Handlei\u00f0sla hans reyndist frelsinu heilladrj\u00fag.<br \/> <\/span> <span class=\"ljodatexti\"> <a name=\"7\"><span class=\"versanumer_ljod\">7<\/span><\/a> M\u00f6rgum konungi ger\u00f0i hann l\u00edfi\u00f0 leitt<br \/>en gladdi Jakob me\u00f0 d\u00e1\u00f0um s\u00ednum.<br \/>Blessu\u00f0 skal minning hans a\u00f0 eil\u00edfu.<br \/> <\/span> <span class=\"ljodatexti\"> <a name=\"8\"><span class=\"versanumer_ljod\">8<\/span><\/a> Hann f\u00f3r um borgir J\u00fadeu,<br \/>hrakti gu\u00f0lausa \u00fea\u00f0an,<br \/>rei\u00f0inni beindi hann fr\u00e1 \u00cdsrael.<br \/> <\/span> <span class=\"ljodatexti\"> <a name=\"9\"><span class=\"versanumer_ljod\">9<\/span><\/a> Or\u00f0st\u00edr hans barst til endimarka jar\u00f0ar <br \/>og hann safna\u00f0i \u00feeim sem gl\u00f6tun ein bei\u00f0. <\/span> <br \/> <a name=\"10\"><span class=\"versanumer_2007\">10<\/span><\/a> Appoll\u00f3n\u00edus safna\u00f0i miklum her hei\u00f0ingja og Samverja til a\u00f0 herja \u00e1 \u00cdsrael. <a name=\"11\"><span class=\"versanumer_2007\">11<\/span><\/a> \u00deegar J\u00fadas var\u00f0 \u00feess var f\u00f3r hann gegn honum. Sigra\u00f0i hann Appoll\u00f3n\u00edus og felldi hann. Margir f\u00e9llu s\u00e1rir en hinir fl\u00fd\u00f0u. <a name=\"12\"><span class=\"versanumer_2007\">12<\/span><\/a> Er \u00feeir r\u00e6ndu valinn t\u00f3k J\u00fadas sver\u00f0 Appoll\u00f3n\u00edusar og bar \u00fea\u00f0 jafnan s\u00ed\u00f0an \u00ed orrustum.<br \/> <a name=\"13\"><span class=\"versanumer_2007\">13<\/span><\/a> Seron, foringi s\u00fdrlenska hersins, fr\u00e9tti a\u00f0 J\u00fadas hef\u00f0i safna\u00f0 um sig skara tr\u00farra manna sem v\u00e6ru alb\u00fanir til a\u00f0 berjast <a name=\"14\"><span class=\"versanumer_2007\">14<\/span><\/a> og sag\u00f0i: \u201e\u00c9g r\u00e6\u00f0st \u00e1 J\u00fadas og menn hans sem \u00f3hl\u00fd\u00f0nast bo\u00f0um konungs. Af \u00fev\u00ed ver\u00f0 \u00e9g nafnkunnur og v\u00ed\u00f0fr\u00e6gur \u00ed r\u00edkinu.\u201c <a name=\"15\"><span class=\"versanumer_2007\">15<\/span><\/a> S\u00ed\u00f0an t\u00f3k hann sig upp og h\u00e9lt af sta\u00f0 til a\u00f0 hegna \u00cdsraelsm\u00f6nnum. Til stu\u00f0nings s\u00e9r haf\u00f0i hann mikinn her gu\u00f0leysingja.<br \/> <a name=\"16\"><span class=\"versanumer_2007\">16<\/span><\/a> Er Seron n\u00e1lga\u00f0ist gili\u00f0 upp til Bet H\u00f3ron kom J\u00fadas \u00e1 m\u00f3ti honum og var li\u00f0f\u00e1r. <a name=\"17\"><span class=\"versanumer_2007\">17<\/span><\/a> \u00deegar menn hans s\u00e1u herinn, sem a\u00f0 \u00feeim stefndi, s\u00f6g\u00f0u \u00feeir vi\u00f0 J\u00fadas: \u201eHvernig eigum vi\u00f0 svona f\u00e1ir a\u00f0 berjast vi\u00f0 \u00fev\u00edl\u00edkt ofurefli? A\u00f0 auki erum vi\u00f0 \u00f6rmagna enda h\u00f6fum vi\u00f0 einskis neytt \u00ed dag.\u201c <a name=\"18\"><span class=\"versanumer_2007\">18<\/span><\/a> \u00dev\u00ed svara\u00f0i J\u00fadas: \u201eH\u00e6glega geta f\u00e1ir bori\u00f0 marga ofurli\u00f0i. Himninum veitist jafn au\u00f0velt a\u00f0 frelsa me\u00f0 f\u00e1um og m\u00f6rgum. <a name=\"19\"><span class=\"versanumer_2007\">19<\/span><\/a> Sigur \u00ed str\u00ed\u00f0i r\u00e6\u00f0st ekki af li\u00f0styrk heldur m\u00e6tti fr\u00e1 himni. <a name=\"20\"><span class=\"versanumer_2007\">20<\/span><\/a> \u00deeir koma gegn okkur me\u00f0 hroka og l\u00f6gm\u00e1lsbrotum til a\u00f0 afm\u00e1 okkur, konur okkar og b\u00f6rn og r\u00e6na eigum okkar. <a name=\"21\"><span class=\"versanumer_2007\">21<\/span><\/a> Vi\u00f0 berjumst hins vegar fyrir l\u00edfi og arfhelgum r\u00e9ttindum. <a name=\"22\"><span class=\"versanumer_2007\">22<\/span><\/a> Himinninn mun sj\u00e1lfur ey\u00f0a \u00feeim fyrir augum okkar. \u00d3ttist \u00fe\u00e1 ekki.\u201c<br \/> <a name=\"23\"><span class=\"versanumer_2007\">23<\/span><\/a> A\u00f0 or\u00f0inu slepptu r\u00e9\u00f0st J\u00fadas \u00f3v\u00e6nt \u00e1 \u00f3vinina og bi\u00f0u Seron og her hans algj\u00f6ran \u00f3sigur fyrir honum. <a name=\"24\"><span class=\"versanumer_2007\">24<\/span><\/a> Eltu hann og menn hans Seron ofan einstigi\u00f0 vi\u00f0 Bet H\u00f3ron og ofan \u00e1 sl\u00e9ttlendi\u00f0. F\u00e9llu n\u00e6r \u00e1tta hundru\u00f0 af li\u00f0i Serons en hinir fl\u00fd\u00f0u til lands Filistea.<br \/> <a name=\"25\"><span class=\"versanumer_2007\">25<\/span><\/a> \u00de\u00e1 t\u00f3k a\u00f0 g\u00e6ta \u00f3tta vi\u00f0 J\u00fadas og br\u00e6\u00f0ur hans og skelfing greip hei\u00f0ingjana umhverfis. <a name=\"26\"><span class=\"versanumer_2007\">26<\/span><\/a> Barst or\u00f0st\u00edr hans jafnvel til konungs og allar \u00fej\u00f3\u00f0ir s\u00f6g\u00f0u fr\u00e1 d\u00e1\u00f0um hans.<\/p>\n<h3 class=\"millifyrirsogn_2007\">Ant\u00edokkus skipar L\u00fds\u00edas landstj\u00f3ra<\/h3>\n<p><a name=\"27\"><span class=\"versanumer_2007\">27<\/span><\/a> \u00deegar Ant\u00edokkus konungur fr\u00e9tti af \u00feessum atbur\u00f0um var\u00f0 hann hamslaus af br\u00e6\u00f0i. Ger\u00f0i hann \u00fat sendibo\u00f0a til a\u00f0 safna \u00f6llu herli\u00f0i \u00ed r\u00edki s\u00ednu. Var\u00f0 \u00fea\u00f0 g\u00edfurlegur her. <a name=\"28\"><span class=\"versanumer_2007\">28<\/span><\/a> Hann opna\u00f0i fj\u00e1rhirslu s\u00edna og galt hernum \u00e1rsm\u00e1la fyrir fram og bau\u00f0 honum a\u00f0 vera vi\u00f0b\u00fainn hverju sem v\u00e6ri. <a name=\"29\"><span class=\"versanumer_2007\">29<\/span><\/a> En hann s\u00e1 a\u00f0 st\u00f3rum gekk \u00e1 silfri\u00f0 \u00ed sj\u00f3\u00f0i. Skattheimtan haf\u00f0i l\u00edka dregist mj\u00f6g saman \u00ed r\u00edkinu vegna \u00feeirra \u00f3eir\u00f0a og tj\u00f3ns sem hann haf\u00f0i baka\u00f0 landinu er hann nam \u00far gildi helgan r\u00e9tt sem virtur haf\u00f0i veri\u00f0 fr\u00e1 \u00f3munat\u00ed\u00f0. <a name=\"30\"><span class=\"versanumer_2007\">30<\/span><\/a> \u00de\u00e1 \u00f3tta\u00f0ist hann a\u00f0 fara kynni l\u00edkt og stundum \u00e1\u00f0ur a\u00f0 hann hef\u00f0i ekki n\u00f3g til ey\u00f0slu og gjafa. \u00deeim haf\u00f0i hann dreift af enn meira \u00f6rl\u00e6ti en fyrirrennarar hans. <a name=\"31\"><span class=\"versanumer_2007\">31<\/span><\/a> Vissi hann ekki hva\u00f0 til brag\u00f0s skyldi taka en \u00e1kva\u00f0 a\u00f0 halda til Pers\u00edu til a\u00f0 krefjast skatta \u00ed skattl\u00f6ndunum og n\u00e1 saman miklu f\u00e9.<br \/> <a name=\"32\"><span class=\"versanumer_2007\">32<\/span><\/a> Skildi hann L\u00fds\u00edas, sem var vel metinn ma\u00f0ur af konungs\u00e6ttum, eftir og f\u00f3l honum stj\u00f3rn r\u00edkisins milli flj\u00f3tsins Efrat og Egyptalands. <a name=\"33\"><span class=\"versanumer_2007\">33<\/span><\/a> Einnig f\u00f3l konungur honum Ant\u00edokkus son sinn til f\u00f3sturs \u00fear til hann k\u00e6mi aftur. <a name=\"34\"><span class=\"versanumer_2007\">34<\/span><\/a> Hann afhenti L\u00fds\u00edasi helming hersins og f\u00edlana og gaf honum fyrirm\u00e6li um allt sem hann haf\u00f0i \u00ed hyggju, einkum var\u00f0andi \u00edb\u00faa J\u00fadeu og Jer\u00fasalem. <a name=\"35\"><span class=\"versanumer_2007\">35<\/span><\/a> Hann bau\u00f0 L\u00fds\u00edasi a\u00f0 senda her til a\u00f0 brj\u00f3ta \u00cdsraelsmenn \u00e1 bak aftur og ey\u00f0a herli\u00f0i \u00cdsraelsmanna og \u00feeim sem enn bjuggu \u00ed Jer\u00fasalem og afm\u00e1 allt sem \u00e1 \u00fe\u00e1 minnti \u00ed borginni. <a name=\"36\"><span class=\"versanumer_2007\">36<\/span><\/a> Enn fremur \u00e1tti hann a\u00f0 l\u00e1ta \u00fatlendinga setjast a\u00f0 \u00ed \u00f6llum bygg\u00f0um landsins og skipta landinu upp \u00e1 milli \u00feeirra.<br \/> <a name=\"37\"><span class=\"versanumer_2007\">37<\/span><\/a> Hinn helminginn af her s\u00ednum t\u00f3k konungur me\u00f0 s\u00e9r og h\u00e9lt \u00e1 brott fr\u00e1 h\u00f6fu\u00f0borg sinni, Ant\u00edokk\u00edu. Var \u00fea\u00f0 \u00e1ri\u00f0 eitt hundra\u00f0 fj\u00f6rut\u00edu og sj\u00f6. H\u00e9lt hann yfir Efratflj\u00f3t og lag\u00f0i lei\u00f0 s\u00edna um uppl\u00f6ndin. <\/p>\n<h3 class=\"millifyrirsogn_2007\">N\u00fdir sigrar J\u00fadasar<\/h3>\n<p><a name=\"38\"><span class=\"versanumer_2007\">38<\/span><\/a> L\u00fds\u00edas valdi Pt\u00f3lemeus D\u00f3r\u00fdmenesson, N\u00edkanor og Gorg\u00edas, dugmikla menn \u00far h\u00f3pi vina konungs, <a name=\"39\"><span class=\"versanumer_2007\">39<\/span><\/a> og sendi \u00fe\u00e1 af sta\u00f0 me\u00f0 fj\u00f6rut\u00edu \u00fe\u00fasund f\u00f3tg\u00f6nguli\u00f0a og sj\u00f6 \u00fe\u00fasund riddara. \u00c1ttu \u00feeir a\u00f0 gera innr\u00e1s \u00ed J\u00fadeu og gera hana a\u00f0 au\u00f0n eins og konungur haf\u00f0i m\u00e6lt fyrir um. <a name=\"40\"><span class=\"versanumer_2007\">40<\/span><\/a> Foringjarnir h\u00e9ldu af sta\u00f0 me\u00f0 allt li\u00f0 sitt og er \u00feeir komu \u00e1 sl\u00e9ttuna vi\u00f0 Emmaus sl\u00f3gu \u00feeir upp herb\u00fa\u00f0um. <a name=\"41\"><span class=\"versanumer_2007\">41<\/span><\/a> \u00deegar kaupmennirnir \u00fear \u00ed grennd fr\u00e9ttu af \u00feeim komu \u00feeir \u00ed herb\u00fa\u00f0irnar. H\u00f6f\u00f0u \u00feeir me\u00f0fer\u00f0is gn\u00f3tt gulls og silfurs og f\u00f3tfj\u00f6tra \u00fev\u00ed a\u00f0 \u00feeir hug\u00f0ust kaupa \u00edsraelska herfanga. Hernum j\u00f3kst svo li\u00f0styrkur fr\u00e1 S\u00fdrlandi og Filisteu.<br \/> <a name=\"42\"><span class=\"versanumer_2007\">42<\/span><\/a> J\u00fadas og br\u00e6\u00f0ur hans s\u00e1u a\u00f0 \u00e1standi\u00f0 var\u00f0 st\u00f6\u00f0ugt \u00edskyggilegra \u00fev\u00ed a\u00f0 herinn haf\u00f0i komi\u00f0 s\u00e9r fyrir \u00ed landi \u00feeirra. Einnig fr\u00e9ttu \u00feeir af fyrirm\u00e6lum konungs um a\u00f0 uppr\u00e6ta \u00fej\u00f3\u00f0ina og ey\u00f0a henni. <a name=\"43\"><span class=\"versanumer_2007\">43<\/span><\/a> \u00deeir s\u00f6g\u00f0u hver vi\u00f0 annan: \u201eVi\u00f0 skulum r\u00edsa gegn ey\u00f0ingu \u00fej\u00f3\u00f0ar okkar og berjast fyrir hana og helgid\u00f3minn.\u201c <a name=\"44\"><span class=\"versanumer_2007\">44<\/span><\/a> Allir bjuggu \u00feeir sig s\u00ed\u00f0an til bardaga og sameinu\u00f0ust \u00ed b\u00e6n og \u00e1kalli um n\u00e1\u00f0 og miskunn.<br \/> <span class=\"ljodatexti\"> <a name=\"45\"><span class=\"versanumer_ljod\">45<\/span><\/a> Jer\u00fasalem var sem \u00f3bygg\u00f0 au\u00f0n, <br \/>ekkert barna hennar f\u00f3r \u00fear um.<br \/>Helgid\u00f3murinn var f\u00f3tum tro\u00f0inn,<br \/>\u00fatlendingar h\u00e9ldu virkinu<br \/>svo a\u00f0 \u00fea\u00f0 var\u00f0 hei\u00f0ingjum h\u00e6li.<br \/>Gle\u00f0i var horfin Jakobi,<br \/>flauta og harpa \u00fe\u00f6gnu\u00f0. <\/span> <br \/> <a name=\"46\"><span class=\"versanumer_2007\">46<\/span><\/a> J\u00fadas og menn hans s\u00f6fnu\u00f0ust saman og h\u00e9ldu til Mispa, gegnt Jer\u00fasalem, en Mispa haf\u00f0i fyrr \u00e1 t\u00edmum veri\u00f0 b\u00e6nasta\u00f0ur \u00cdsraelsmanna. <a name=\"47\"><span class=\"versanumer_2007\">47<\/span><\/a> Daginn \u00feann f\u00f6stu\u00f0u \u00feeir, kl\u00e6ddust h\u00e6rusekk, jusu \u00f6sku yfir h\u00f6fu\u00f0 s\u00e9r og rifu kl\u00e6\u00f0i s\u00edn. <a name=\"48\"><span class=\"versanumer_2007\">48<\/span><\/a> S\u00ed\u00f0an luku \u00feeir l\u00f6gm\u00e1lsb\u00f3kinni upp til a\u00f0 finna \u00fea\u00f0 sem hei\u00f0ingjarnir leita eftir hj\u00e1 skur\u00f0go\u00f0amyndum s\u00ednum. <a name=\"49\"><span class=\"versanumer_2007\">49<\/span><\/a> \u00deeir b\u00e1ru einnig skr\u00fa\u00f0a prestanna fram, frumgr\u00f3\u00f0ann og t\u00edundirnar og s\u00f3ttu nas\u00edrea sem fullna\u00f0 h\u00f6f\u00f0u helgunardaga s\u00edna. <a name=\"50\"><span class=\"versanumer_2007\">50<\/span><\/a> S\u00ed\u00f0an hr\u00f3pu\u00f0u \u00feeir h\u00e1rri r\u00f6ddu til himins: \u201eHva\u00f0 eigum vi\u00f0 a\u00f0 gera vi\u00f0 \u00feetta og hvert \u00e1 a\u00f0 fara me\u00f0 \u00feetta? <a name=\"51\"><span class=\"versanumer_2007\">51<\/span><\/a> Helgid\u00f3mur \u00feinn er f\u00f3tum tro\u00f0inn og sv\u00edvirtur or\u00f0inn og prestar \u00fe\u00ednir hryggir og ni\u00f0url\u00e6g\u00f0ir. <a name=\"52\"><span class=\"versanumer_2007\">52<\/span><\/a> Og n\u00fa hafa hei\u00f0ingjarnir sameinast gegn okkur til a\u00f0 uppr\u00e6ta okkur. \u00de\u00fa veist hva\u00f0 \u00feeir hafa \u00ed hyggju me\u00f0 okkur. <a name=\"53\"><span class=\"versanumer_2007\">53<\/span><\/a> Hvernig eigum vi\u00f0 a\u00f0 standa \u00ed gegn \u00feeim ef \u00fe\u00fa hj\u00e1lpar okkur ekki?\u201c <a name=\"54\"><span class=\"versanumer_2007\">54<\/span><\/a> S\u00ed\u00f0an \u00feeyttu \u00feeir l\u00fa\u00f0ra og hr\u00f3pu\u00f0u h\u00e1st\u00f6fum.<br \/> <a name=\"55\"><span class=\"versanumer_2007\">55<\/span><\/a> Eftir \u00feetta skipa\u00f0i J\u00fadas fyrirli\u00f0a fyrir li\u00f0 sitt. St\u00fdr\u00f0u sumir \u00fe\u00fasund, a\u00f0rir fimm hundru\u00f0, hundra\u00f0, fimmt\u00edu e\u00f0a t\u00edu manna deildum. <a name=\"56\"><span class=\"versanumer_2007\">56<\/span><\/a> En eins og l\u00f6gm\u00e1li\u00f0 kve\u00f0ur \u00e1 um sendi hann \u00fe\u00e1 heim til s\u00edn sem voru a\u00f0 reisa s\u00e9r h\u00fas, h\u00f6f\u00f0u fastna\u00f0 s\u00e9r konu e\u00f0a planta\u00f0 v\u00edngar\u00f0 e\u00f0a kenndu hr\u00e6\u00f0slu. <br \/> <a name=\"57\"><span class=\"versanumer_2007\">57<\/span><\/a> \u00de\u00e1 yfirgaf herinn b\u00fa\u00f0ir s\u00ednar og kom s\u00e9r fyrir a\u00f0 n\u00fdju fyrir sunnan Emmaus. <a name=\"58\"><span class=\"versanumer_2007\">58<\/span><\/a> \u00dear sag\u00f0i J\u00fadas: \u201eBrynji\u00f0 ykkur og hleypi\u00f0 kappi \u00ed kinn. B\u00faist til a\u00f0 berjast \u00ed b\u00edti\u00f0 \u00e1 morgun vi\u00f0 \u00feessa hei\u00f0ingja sem sameinast hafa m\u00f3ti okkur til a\u00f0 afm\u00e1 okkur og helgid\u00f3m okkar. <a name=\"59\"><span class=\"versanumer_2007\">59<\/span><\/a> Betra mun okkur a\u00f0 falla \u00ed orrustu en a\u00f0 horfa upp \u00e1 \u00f3g\u00e6fu \u00fej\u00f3\u00f0ar okkar og helgid\u00f3msins. <a name=\"60\"><span class=\"versanumer_2007\">60<\/span><\/a> En hver sem vilji himinsins er, \u00fea\u00f0 l\u00e6tur hann ver\u00f0a.\u201c<\/p>\n","protected":false},"excerpt":{"rendered":"<p>Fyrstu sigrar J\u00fadasar 1 J\u00fadas sonur Mattat\u00edasar, sem kalla\u00f0ur var Makkabeus, kom n\u00fa \u00ed sta\u00f0 f\u00f6\u00f0ur s\u00edns. 2 Br\u00e6\u00f0ur hans veittu honum fulltingi og allir fylgismenn f\u00f6\u00f0ur hans, og reifir h\u00e9ldu \u00feeir \u00e1fram bar\u00e1ttunni fyrir \u00cdsrael. 3 Hann j\u00f3k hr\u00f3\u00f0ur \u00fej\u00f3\u00f0ar sinnar st\u00f3rum,var sem risi er hann bj\u00f3 sig brynjuog gyrti sig hertygjum.\u00cd orrustum var\u00f0i sver\u00f0 hans herinn. 4 Hann l\u00edktist lj\u00f3ni \u00ed d\u00e1\u00f0um s\u00ednum,unglj\u00f3ni sem \u00f6skrar eftir br\u00e1\u00f0. 5 Gu\u00f0lausa leita\u00f0i hann uppi og ofs\u00f3tti \u00fe\u00e1og hegndi \u00feeim me\u00f0 eldi sem \u00fej\u00f6ku\u00f0u \u00fej\u00f3\u00f0 hans. 6 Gu\u00f0leysingjarnir ur\u00f0u a\u00f0 gjalti af \u00f3tta vi\u00f0 hann,enginn l\u00f6gm\u00e1lsbrj\u00f3tur vissi sitt rj\u00fakandi r\u00e1\u00f0.Handlei\u00f0sla hans <a href=\"https:\/\/biblian.is\/biblian\/fyrsta-makkabeabok-3-kafli\/\"> [&#8230;]<\/a><\/p>\n","protected":false},"author":1,"featured_media":0,"parent":0,"menu_order":0,"comment_status":"open","ping_status":"open","template":"bibliukaflar.php","meta":{"footnotes":""},"class_list":["post-2926","page","type-page","status-publish","hentry"],"_links":{"self":[{"href":"https:\/\/biblian.is\/biblian\/wp-json\/wp\/v2\/pages\/2926","targetHints":{"allow":["GET"]}}],"collection":[{"href":"https:\/\/biblian.is\/biblian\/wp-json\/wp\/v2\/pages"}],"about":[{"href":"https:\/\/biblian.is\/biblian\/wp-json\/wp\/v2\/types\/page"}],"author":[{"embeddable":true,"href":"https:\/\/biblian.is\/biblian\/wp-json\/wp\/v2\/users\/1"}],"replies":[{"embeddable":true,"href":"https:\/\/biblian.is\/biblian\/wp-json\/wp\/v2\/comments?post=2926"}],"version-history":[{"count":0,"href":"https:\/\/biblian.is\/biblian\/wp-json\/wp\/v2\/pages\/2926\/revisions"}],"wp:attachment":[{"href":"https:\/\/biblian.is\/biblian\/wp-json\/wp\/v2\/media?parent=2926"}],"curies":[{"name":"wp","href":"https:\/\/api.w.org\/{rel}","templated":true}]}}