{"id":2918,"date":"2017-12-30T21:05:14","date_gmt":"2017-12-30T21:05:14","guid":{"rendered":"http:\/\/biblian.is\/biblian\/bar%c2%9cksb%c2%97k-2-kafli\/"},"modified":"2017-12-30T21:05:14","modified_gmt":"2017-12-30T21:05:14","slug":"baruksbok-2-kafli","status":"publish","type":"page","link":"https:\/\/biblian.is\/biblian\/baruksbok-2-kafli\/","title":{"rendered":"Bar\u00faksb\u00f3k 2. kafli"},"content":{"rendered":"<p><a name=\"1\"><span class=\"versanumer_2007\">1<\/span><\/a> En Drottinn l\u00e9t \u00fea\u00f0 koma fram sem hann haf\u00f0i m\u00e6lt gegn oss og d\u00f3murum vorum sem stj\u00f3rnu\u00f0u \u00cdsrael og gegn konungum vorum, h\u00f6f\u00f0ingjum og \u00fej\u00f3\u00f0 \u00cdsraels og J\u00fada. <a name=\"2\"><span class=\"versanumer_2007\">2<\/span><\/a> Aldrei hefur nein sl\u00edk \u00f3g\u00e6fa or\u00f0i\u00f0 undir \u00f6llum himninum sem s\u00fa sem hann l\u00e9t koma yfir Jer\u00fasalem eins og fyrir var sagt \u00ed l\u00f6gm\u00e1li M\u00f3se. <a name=\"3\"><span class=\"versanumer_2007\">3<\/span><\/a> V\u00e9r ur\u00f0um a\u00f0 eta hold sona vorra og d\u00e6tra. <a name=\"4\"><span class=\"versanumer_2007\">4<\/span><\/a> Drottinn seldi \u00fej\u00f3\u00f0ina \u00e1 vald \u00f6llum konungsr\u00edkjum \u00ed grennd vi\u00f0 oss og ger\u00f0i hana a\u00f0 h\u00e1\u00f0i og spotti me\u00f0al \u00feeirra \u00fej\u00f3\u00f0a \u00fear sem hann tv\u00edstra\u00f0i \u00feeim. <a name=\"5\"><span class=\"versanumer_2007\">5<\/span><\/a> \u00cd sta\u00f0 upphef\u00f0ar var h\u00fan ni\u00f0url\u00e6g\u00f0 vegna \u00feess a\u00f0 v\u00e9r h\u00f6fum syndga\u00f0 gegn Drottni Gu\u00f0i vorum og ekki hl\u00fdtt \u00e1 raust hans. <br \/> <a name=\"6\"><span class=\"versanumer_2007\">6<\/span><\/a> Drottinn Gu\u00f0 er r\u00e9ttl\u00e1tur en v\u00e9r og allir fe\u00f0ur vorir megum bera kinnro\u00f0a af blyg\u00f0un allt til \u00feessa dags. <a name=\"7\"><span class=\"versanumer_2007\">7<\/span><\/a> \u00d6ll s\u00fa \u00f3g\u00e6fa sem Drottinn haf\u00f0i sagt fyrir a\u00f0 mundi henda oss er yfir oss komin. <a name=\"8\"><span class=\"versanumer_2007\">8<\/span><\/a> Samt leitu\u00f0um v\u00e9r ekki \u00e1 n\u00e1\u00f0ir Drottins og b\u00e1\u00f0um hann a\u00f0 sn\u00faa hj\u00f6rtum vorum fr\u00e1 illri breytni. <a name=\"9\"><span class=\"versanumer_2007\">9<\/span><\/a> \u00deess vegna l\u00e9t Drottinn \u00f3g\u00e6funa, sem hann haf\u00f0i vald yfir, koma yfir oss enda allt r\u00e9ttl\u00e1tt sem Drottinn bo\u00f0a\u00f0i eins og \u00f6ll hans verk. <a name=\"10\"><span class=\"versanumer_2007\">10<\/span><\/a> En v\u00e9r hl\u00fdddum ekki \u00e1 raust hans og f\u00f3rum ekki a\u00f0 fyrirm\u00e6lum \u00feeim sem Drottinn lag\u00f0i fyrir oss.<\/p>\n<h3 class=\"millifyrirsogn_2007\">B\u00e6n um frelsi<\/h3>\n<p><a name=\"11\"><span class=\"versanumer_2007\">11<\/span><\/a> En n\u00fa, Drottinn, \u00cdsraels Gu\u00f0, \u00fe\u00fa sem leiddir l\u00fd\u00f0 \u00feinn \u00fat \u00far Egyptalandi me\u00f0 m\u00e1ttugri hendi \u00feinni og me\u00f0 t\u00e1knum, undrum og miklum m\u00e6tti og upplyftum armi. \u00de\u00fa hefur gert nafn \u00feitt kunnugt fram \u00e1 \u00feennan dag. <a name=\"12\"><span class=\"versanumer_2007\">12<\/span><\/a> V\u00e9r h\u00f6fum syndga\u00f0, v\u00e9r h\u00f6fum lifa\u00f0 \u00f3gu\u00f0lega og breytt rangl\u00e1tlega, Drottinn Gu\u00f0, og gegn \u00f6llum r\u00e9ttl\u00e1tum bo\u00f0um \u00fe\u00ednum. <a name=\"13\"><span class=\"versanumer_2007\">13<\/span><\/a> Sn\u00fa \u00fe\u00fa rei\u00f0i \u00feinni fr\u00e1 oss \u00fev\u00ed a\u00f0 v\u00e9r erum einungis f\u00e1ir eftir me\u00f0al \u00fej\u00f3\u00f0anna sem \u00fe\u00fa tv\u00edstra\u00f0ir oss \u00e1 me\u00f0al. <a name=\"14\"><span class=\"versanumer_2007\">14<\/span><\/a> Heyr, Drottinn, b\u00e6n vora og \u00e1kall og frelsa oss sj\u00e1lfs \u00fe\u00edn vegna og l\u00e1t oss hlj\u00f3ta velvild \u00feeirra sem fluttu oss \u00ed \u00fatleg\u00f0. <a name=\"15\"><span class=\"versanumer_2007\">15<\/span><\/a> \u00de\u00e1 mun heimur allur komast a\u00f0 raun um a\u00f0 \u00fe\u00fa ert Drottinn, Gu\u00f0 vor \u00fev\u00ed a\u00f0 \u00cdsrael og ni\u00f0jar hans eru kenndir vi\u00f0 \u00feig.<br \/> <a name=\"16\"><span class=\"versanumer_2007\">16<\/span><\/a> Drottinn, l\u00edt ni\u00f0ur \u00far \u00fe\u00ednum heilaga b\u00fasta\u00f0 og hugsa til vor. Hneig eyra \u00feitt a\u00f0 oss og hl\u00fd\u00f0 \u00e1, Drottinn. <a name=\"17\"><span class=\"versanumer_2007\">17<\/span><\/a> Lj\u00fak upp augum \u00fe\u00ednum og horf\u00f0u \u00e1. \u00deeir sem d\u00e1nir eru \u00ed helju og andinn hefur veri\u00f0 numinn \u00far brj\u00f3stinu \u00e1 geta ekki tigna\u00f0 Drottin og r\u00e9ttl\u00e6ti hans. <a name=\"18\"><span class=\"versanumer_2007\">18<\/span><\/a> Nei, \u00fea\u00f0 er s\u00e1 sem er s\u00e1rhryggur og gengur beyg\u00f0ur og vanmegna, \u00fea\u00f0 eru depru\u00f0 augu og s\u00e1l sem hungrar sem vegsama \u00feig og r\u00e9ttl\u00e6ti \u00feitt, Drottinn.<br \/> <a name=\"19\"><span class=\"versanumer_2007\">19<\/span><\/a> \u00dea\u00f0 er sannarlega ekki vegna ver\u00f0leika fe\u00f0ra vorra e\u00f0a konunga a\u00f0 v\u00e9r komum fram fyrir \u00e1sj\u00f3nu \u00fe\u00edna og bi\u00f0jum um miskunn, Drottinn Gu\u00f0. <a name=\"20\"><span class=\"versanumer_2007\">20<\/span><\/a> \u00de\u00fa hefur leitt rei\u00f0i \u00fe\u00edna og gremju yfir oss svo sem \u00fe\u00fa l\u00e9st \u00fej\u00f3na \u00fe\u00edna, sp\u00e1mennina, segja fyrir um vi\u00f0 oss: <a name=\"21\"><span class=\"versanumer_2007\">21<\/span><\/a> \u201eSvo segir Drottinn: Beygi\u00f0 h\u00e1ls y\u00f0ar undir ok Bab\u00fdlon\u00edukonungs og \u00fej\u00f3ni\u00f0 honum. \u00de\u00e1 f\u00e1i\u00f0 \u00fe\u00e9r a\u00f0 vera kyrrir \u00ed landinu sem \u00e9g gaf fe\u00f0rum y\u00f0ar. <a name=\"22\"><span class=\"versanumer_2007\">22<\/span><\/a> En ef \u00fe\u00e9r \u00f3hl\u00fd\u00f0nist raust minni og \u00fej\u00f3ni\u00f0 Bab\u00fdlon\u00edukonungi ekki <a name=\"23\"><span class=\"versanumer_2007\">23<\/span><\/a> \u00fe\u00e1 l\u00e6t \u00e9g \u00f6ll gle\u00f0i- og fagna\u00f0arl\u00e6ti \u00feagna og r\u00f6dd br\u00fa\u00f0guma og br\u00fa\u00f0ar \u00ed borgum J\u00fada og \u00e1 str\u00e6tum Jer\u00fasalem hlj\u00f3\u00f0na og landi\u00f0 allt skal ver\u00f0a au\u00f0n og \u00f3bygg\u00f0.\u201c <br \/> <a name=\"24\"><span class=\"versanumer_2007\">24<\/span><\/a> En v\u00e9r \u00f3hl\u00fd\u00f0nu\u00f0umst raust \u00feinni og \u00fej\u00f3nu\u00f0um Bab\u00fdlon\u00edukonungi ekki og \u00fe\u00fa l\u00e9st \u00fea\u00f0 koma fram sem \u00fe\u00fa haf\u00f0ir sagt fyrir munn \u00fej\u00f3na \u00feinna, sp\u00e1mannanna, a\u00f0 bein fe\u00f0ra vorra og konunga yr\u00f0u tekin \u00far gr\u00f6fum \u00feeirra. <a name=\"25\"><span class=\"versanumer_2007\">25<\/span><\/a> \u00deeim hefur veri\u00f0 varpa\u00f0 \u00fat og mega \u00feola hita dags og kulda n\u00e6tur. Fe\u00f0ur vorir d\u00f3u h\u00f6rmulega \u00fejaka\u00f0ir af hungri, fyrir sver\u00f0i og \u00far dreps\u00f3ttum. <a name=\"26\"><span class=\"versanumer_2007\">26<\/span><\/a> Og sakir illsku \u00edb\u00faa \u00cdsraels og J\u00fada l\u00e9st \u00fe\u00fa h\u00fasi\u00f0, sem ber nafn \u00feitt, ver\u00f0a \u00fea\u00f0 sem \u00fea\u00f0 er or\u00f0i\u00f0. <br \/> <a name=\"27\"><span class=\"versanumer_2007\">27<\/span><\/a> En samt hefur \u00fe\u00fa, Drottinn Gu\u00f0, au\u00f0s\u00fdnt oss alla \u00fe\u00edna mildi og miklu miskunnsemi <a name=\"28\"><span class=\"versanumer_2007\">28<\/span><\/a> eins og \u00fe\u00fa sag\u00f0ir \u00ed or\u00f0i M\u00f3se, \u00fej\u00f3ns \u00fe\u00edns, \u00feegar \u00fe\u00fa bau\u00f0st honum a\u00f0 rita l\u00f6gm\u00e1l \u00feitt frammi fyrir \u00cdsraelsm\u00f6nnum og sag\u00f0ir: <a name=\"29\"><span class=\"versanumer_2007\">29<\/span><\/a> \u201eEf \u00fe\u00e9r hl\u00fd\u00f0i\u00f0 ekki raust minni \u00fe\u00e1 mun \u00feessi h\u00e1v\u00e6ri aragr\u00fai manna sannarlega skreppa saman \u00ed l\u00edtinn h\u00f3p hj\u00e1 \u00fej\u00f3\u00f0unum sem \u00e9g mun dreifa \u00feeim \u00e1 me\u00f0al. <a name=\"30\"><span class=\"versanumer_2007\">30<\/span><\/a> En \u00e9g veit a\u00f0 \u00feeir munu ekki hl\u00fd\u00f0a \u00e1 mig \u00fear sem \u00feeir eru har\u00f0sv\u00edra\u00f0ur l\u00fd\u00f0ur. En \u00ed \u00fatleg\u00f0arlandi s\u00ednu munu \u00feeir sj\u00e1 a\u00f0 s\u00e9r <a name=\"31\"><span class=\"versanumer_2007\">31<\/span><\/a> og vi\u00f0urkenna a\u00f0 \u00e9g er Drottinn, Gu\u00f0 \u00feeirra. \u00c9g mun gefa \u00feeim hl\u00fd\u00f0i\u00f0 hjarta og eyru sem heyra. <a name=\"32\"><span class=\"versanumer_2007\">32<\/span><\/a> \u00de\u00e1 munu \u00feeir lofa mig \u00ed \u00fatleg\u00f0arlandi s\u00ednu og minnast nafns m\u00edns <a name=\"33\"><span class=\"versanumer_2007\">33<\/span><\/a> og l\u00e1ta af \u00feverm\u00f3\u00f0sku sinni og vondum verkum er \u00feeir minnast \u00feess hvernig f\u00f3r fyrir fe\u00f0rum \u00feeirra sem syndgu\u00f0u gegn Drottni. <a name=\"34\"><span class=\"versanumer_2007\">34<\/span><\/a> \u00de\u00e1 mun \u00e9g lei\u00f0a \u00fe\u00e1 aftur til landsins sem \u00e9g s\u00f3r a\u00f0 gefa fe\u00f0rum \u00feeirra, Abraham, \u00cdsak og Jakobi, og \u00feeir skulu r\u00edkja \u00fear. S\u00ed\u00f0an mun \u00e9g fj\u00f6lga \u00feeim og \u00feeim mun aldrei f\u00e6kka. <a name=\"35\"><span class=\"versanumer_2007\">35<\/span><\/a> \u00c9g mun gera eil\u00edfan s\u00e1ttm\u00e1la vi\u00f0 \u00fe\u00e1 og ver\u00f0a Gu\u00f0 \u00feeirra og \u00feeir munu ver\u00f0a m\u00edn \u00fej\u00f3\u00f0. Aldrei mun \u00e9g framar flytja l\u00fd\u00f0 minn, \u00cdsrael, fr\u00e1 landinu sem \u00e9g gaf honum.\u201c <\/p>\n","protected":false},"excerpt":{"rendered":"<p>1 En Drottinn l\u00e9t \u00fea\u00f0 koma fram sem hann haf\u00f0i m\u00e6lt gegn oss og d\u00f3murum vorum sem stj\u00f3rnu\u00f0u \u00cdsrael og gegn konungum vorum, h\u00f6f\u00f0ingjum og \u00fej\u00f3\u00f0 \u00cdsraels og J\u00fada. 2 Aldrei hefur nein sl\u00edk \u00f3g\u00e6fa or\u00f0i\u00f0 undir \u00f6llum himninum sem s\u00fa sem hann l\u00e9t koma yfir Jer\u00fasalem eins og fyrir var sagt \u00ed l\u00f6gm\u00e1li M\u00f3se. 3 V\u00e9r ur\u00f0um a\u00f0 eta hold sona vorra og d\u00e6tra. 4 Drottinn seldi \u00fej\u00f3\u00f0ina \u00e1 vald \u00f6llum konungsr\u00edkjum \u00ed grennd vi\u00f0 oss og ger\u00f0i hana a\u00f0 h\u00e1\u00f0i og spotti me\u00f0al \u00feeirra \u00fej\u00f3\u00f0a \u00fear sem hann tv\u00edstra\u00f0i \u00feeim. 5 \u00cd sta\u00f0 upphef\u00f0ar var h\u00fan ni\u00f0url\u00e6g\u00f0 vegna <a href=\"https:\/\/biblian.is\/biblian\/baruksbok-2-kafli\/\"> [&#8230;]<\/a><\/p>\n","protected":false},"author":1,"featured_media":0,"parent":0,"menu_order":0,"comment_status":"open","ping_status":"open","template":"bibliukaflar.php","meta":{"footnotes":""},"class_list":["post-2918","page","type-page","status-publish","hentry"],"_links":{"self":[{"href":"https:\/\/biblian.is\/biblian\/wp-json\/wp\/v2\/pages\/2918","targetHints":{"allow":["GET"]}}],"collection":[{"href":"https:\/\/biblian.is\/biblian\/wp-json\/wp\/v2\/pages"}],"about":[{"href":"https:\/\/biblian.is\/biblian\/wp-json\/wp\/v2\/types\/page"}],"author":[{"embeddable":true,"href":"https:\/\/biblian.is\/biblian\/wp-json\/wp\/v2\/users\/1"}],"replies":[{"embeddable":true,"href":"https:\/\/biblian.is\/biblian\/wp-json\/wp\/v2\/comments?post=2918"}],"version-history":[{"count":0,"href":"https:\/\/biblian.is\/biblian\/wp-json\/wp\/v2\/pages\/2918\/revisions"}],"wp:attachment":[{"href":"https:\/\/biblian.is\/biblian\/wp-json\/wp\/v2\/media?parent=2918"}],"curies":[{"name":"wp","href":"https:\/\/api.w.org\/{rel}","templated":true}]}}