{"id":2844,"date":"2017-12-30T21:04:53","date_gmt":"2017-12-30T21:04:53","guid":{"rendered":"http:\/\/biblian.is\/biblian\/esterarb%c2%97k-me_-vi_aukum-8-kafli\/"},"modified":"2018-01-22T01:17:22","modified_gmt":"2018-01-22T01:17:22","slug":"esterarbok-med-vidaukum-8-kafli","status":"publish","type":"page","link":"https:\/\/biblian.is\/biblian\/esterarbok-med-vidaukum-8-kafli\/","title":{"rendered":"Esterarb\u00f3k (me\u00f0 vi\u00f0aukum) 8. kafli"},"content":{"rendered":"<h3 class=\"millifyrirsogn_2007\"> Gy\u00f0ingum bo\u00f0i\u00f0 a\u00f0 sn\u00faast til varnar<\/h3>\n<p><a name=\"1\"><span class=\"versanumer_2007\">1<\/span><\/a> \u00deennan sama dag gaf Artaxerxes konungur Ester allar eigur r\u00f3gberans Hamans. Mardoka\u00ed var og kalla\u00f0ur \u00e1 konungsfund \u00fev\u00ed a\u00f0 Ester haf\u00f0i sk\u00fdrt fr\u00e1 skyldleika \u00feeirra. <a name=\"2\"><span class=\"versanumer_2007\">2<\/span><\/a> Konungur t\u00f3k innsiglishring \u00feann sem hann haf\u00f0i teki\u00f0 af Haman og l\u00e9t Mardoka\u00ed hafa hann en Ester setti Mardoka\u00ed yfir allar eigur Hamans.<br \/> <a name=\"3\"><span class=\"versanumer_2007\">3<\/span><\/a> Ester kom s\u00ed\u00f0an a\u00f0 m\u00e1li vi\u00f0 konung. L\u00e9t h\u00fan sig falla ni\u00f0ur fyrir f\u00f3tum hans og ba\u00f0 hann a\u00f0 hindra ill r\u00e1\u00f0 Hamans og allt sem hann haf\u00f0i \u00e6tla\u00f0 a\u00f0 gera \u00e1 hlut Gy\u00f0inga. <a name=\"4\"><span class=\"versanumer_2007\">4<\/span><\/a> Konungur r\u00e9tti gullna veldissprotann \u00ed \u00e1ttina a\u00f0 Ester sem reis \u00e1 f\u00e6tur og st\u00f3\u00f0 frammi fyrir konungi. <a name=\"5\"><span class=\"versanumer_2007\">5<\/span><\/a> T\u00f3k Ester til m\u00e1ls og sag\u00f0i: \u201eEf \u00fe\u00e9r \u00fe\u00f3knast og nj\u00f3ti \u00e9g n\u00e1\u00f0ar sendu \u00fe\u00e1 og afturkalla\u00f0u br\u00e9fin sem Haman sendi me\u00f0 fyrirm\u00e6lum um a\u00f0 \u00fatr\u00fdma \u00f6llum Gy\u00f0ingum \u00ed r\u00edki \u00fe\u00ednu. <a name=\"6\"><span class=\"versanumer_2007\">6<\/span><\/a> Hvernig \u00e1 \u00e9g a\u00f0 geta horft \u00e1 ey\u00f0ingu \u00fej\u00f3\u00f0ar minnar og hvernig \u00e6tti \u00e9g a\u00f0 geta lifa\u00f0 ef landar m\u00ednir glatast?\u201c <a name=\"7\"><span class=\"versanumer_2007\">7<\/span><\/a> En konungur svara\u00f0i Ester: \u201e\u00dear sem \u00e9g hef gefi\u00f0 \u00fe\u00e9r allar eigur Hamans a\u00f0 gj\u00f6f og hengt hann \u00ed g\u00e1lga fyrir a\u00f0 r\u00e1\u00f0ast gegn Gy\u00f0ingum, hva\u00f0 viltu frekar? <a name=\"8\"><span class=\"versanumer_2007\">8<\/span><\/a> Skrifi\u00f0 \u00fei\u00f0 eins og hann ger\u00f0i \u00ed m\u00ednu nafni \u00fea\u00f0 sem ykkur \u00fe\u00f3knast og setji\u00f0 innsigli mitt undir. \u00dev\u00ed a\u00f0 \u00fev\u00ed sem skrifa\u00f0 er a\u00f0 bo\u00f0i konungs og sta\u00f0fest me\u00f0 innsigli m\u00ednu getur enginn sett sig upp \u00e1 m\u00f3ti.\u201c<br \/> <a name=\"9\"><span class=\"versanumer_2007\">9<\/span><\/a> \u00de\u00e1 voru ritararnir kalla\u00f0ir til. Var \u00fea\u00f0 \u00e1 tuttugasta og \u00feri\u00f0ja degi \u00ed fyrsta m\u00e1nu\u00f0i \u00feess \u00e1rs, m\u00e1nu\u00f0inum n\u00edsan. Gy\u00f0ingunum var skrifa\u00f0 um allt sem emb\u00e6ttism\u00f6nnum og landstj\u00f3rum var fyrirskipa\u00f0 \u00ed s\u00e9rhverju af skattl\u00f6ndunum eitt hundra\u00f0 tuttugu og sj\u00f6 fr\u00e1 Med\u00edu til E\u00fe\u00ed\u00f3p\u00edu. Rita\u00f0 var til hvers skattlands \u00e1 tungu \u00feess lands. <a name=\"10\"><span class=\"versanumer_2007\">10<\/span><\/a> Skrifa\u00f0 var \u00ed nafni konungs og sta\u00f0fest me\u00f0 innsigli hans og br\u00e9fin send me\u00f0 hra\u00f0bo\u00f0um. <a name=\"11\"><span class=\"versanumer_2007\">11<\/span><\/a> \u00cd \u00feeim var kunngj\u00f6rt a\u00f0 konungur hvetti Gy\u00f0inga til a\u00f0 fylgja eigin l\u00f6gum \u00ed \u00f6llum borgum r\u00edkisins og til a\u00f0 verja hendur s\u00ednar og gera \u00fea\u00f0 sem \u00feeim \u00fe\u00f3kna\u00f0ist vi\u00f0 andst\u00e6\u00f0inga s\u00edna og \u00f3vini. <a name=\"12\"><span class=\"versanumer_2007\">12<\/span><\/a> \u00deetta skyldi kunngj\u00f6rt \u00ed \u00f6llu r\u00edki Artaxerxesar \u00e1 einum og sama degi, hinum \u00ferett\u00e1nda \u00ed t\u00f3lfta m\u00e1nu\u00f0i \u00e1rsins sem er m\u00e1nu\u00f0urinn adar.<\/p>\n<div class=\"kaflaheiti\">E <\/div>\n<h3 class=\"millifyrirsogn_2007\">Tilskipun konungs Gy\u00f0ingum til varnar<\/h3>\n<p><a name=\"1\"><span class=\"versanumer_2007\">1<\/span><\/a> H\u00e9r fer \u00e1 eftir afrit af br\u00e9finu:<br \/>\u201eSt\u00f3rkonungurinn Artaxerxes sendir kve\u00f0ju landstj\u00f3rum \u00ed skattl\u00f6ndunum eitt hundra\u00f0 tuttugu og sj\u00f6, fr\u00e1 Indlandi til E\u00fe\u00ed\u00f3p\u00edu, og \u00f6\u00f0rum \u00feeim sem g\u00e6ta \u00feess sem vort er. <a name=\"2\"><span class=\"versanumer_2007\">2<\/span><\/a> Svo er um marga sem hloti\u00f0 hafa miklar vegtyllur sakir \u00f6rl\u00e6tis velgj\u00f6r\u00f0amanna sinna a\u00f0 \u00feeir fyllast ofmetna\u00f0i. <a name=\"3\"><span class=\"versanumer_2007\">3<\/span><\/a> Og \u00fea\u00f0 er ekki n\u00f3g me\u00f0 \u00fea\u00f0 a\u00f0 \u00feeir hafi leitast vi\u00f0 a\u00f0 vinna \u00feegnum vorum mein vegna \u00feess a\u00f0 \u00feeir hafa ekki haft bein til a\u00f0 bera vels\u00e6ld s\u00edna heldur hafa \u00feeir jafnvel brugga\u00f0 v\u00e9lr\u00e1\u00f0 gegn velgj\u00f6r\u00f0am\u00f6nnum s\u00ednum. <a name=\"4\"><span class=\"versanumer_2007\">4<\/span><\/a> \u00deeir l\u00e1ta ekki heldur vi\u00f0 \u00fea\u00f0 sitja a\u00f0 gera \u00feakkarskuld s\u00edna vi\u00f0 menn a\u00f0 engu heldur l\u00e1ta \u00feeir h\u00e1v\u00e6rt skjall illa \u00feenkjandi manna fylla sig \u00feeim hroka a\u00f0 \u00feeir telja sig geta umfl\u00fai\u00f0 refsid\u00f3m \u00feess Gu\u00f0s sem s\u00e9r allt og hatar hi\u00f0 illa. <a name=\"5\"><span class=\"versanumer_2007\">5<\/span><\/a> Oftlega hafa \u00feeir sem fara me\u00f0 v\u00f6ld rata\u00f0 \u00ed \u00f3b\u00e6tanlega \u00f3g\u00e6fu og or\u00f0i\u00f0 me\u00f0sekir um dau\u00f0a saklausra manna fyrir or\u00f0 vina sem \u00feeir h\u00f6f\u00f0u fengi\u00f0 stj\u00f3rn \u00ed hendur. <a name=\"6\"><span class=\"versanumer_2007\">6<\/span><\/a> Me\u00f0 lygum og fl\u00e1ttsemi dr\u00f3gu \u00feeir einl\u00e6ga g\u00f3\u00f0vild valdhafanna \u00e1 t\u00e1lar. <a name=\"7\"><span class=\"versanumer_2007\">7<\/span><\/a> \u00deetta getur ekki a\u00f0eins a\u00f0 l\u00edta \u00ed fornum s\u00f6gnum sem til vor hafa borist heldur eru lj\u00f3s d\u00e6mi fyrir augum y\u00f0ar um \u00fea\u00f0 hvernig illska \u00f3ver\u00f0ugra valdamanna hefur leitt til sv\u00edvir\u00f0ilegrar \u00f3h\u00e6fu. <a name=\"8\"><span class=\"versanumer_2007\">8<\/span><\/a> \u00dev\u00ed ber oss h\u00e9\u00f0an \u00ed fr\u00e1 a\u00f0 leggja kapp \u00e1 a\u00f0 s\u00e9rhver ma\u00f0ur nj\u00f3ti fri\u00f0sams og \u00f3hults l\u00edfs. <a name=\"9\"><span class=\"versanumer_2007\">9<\/span><\/a> Gerum v\u00e9r \u00fev\u00ed nau\u00f0synlegar breytingar og d\u00e6mum um \u00fea\u00f0 sem oss er or\u00f0i\u00f0 kunnugt en undantekningarlaust \u00e1n \u00f3bilgirni. <a name=\"10\"><span class=\"versanumer_2007\">10<\/span><\/a> Haman Hamadatsson var Maked\u00f3n\u00eduma\u00f0ur, \u00ed raun r\u00e9ttri alls \u00f3skyldur Persum, og \u00feekkti ekki \u00fe\u00e1 mildi sem v\u00e9r eigum. En v\u00e9r t\u00f3kum honum vel <a name=\"11\"><span class=\"versanumer_2007\">11<\/span><\/a> og f\u00f3r hann eigi varhluta af \u00feeirri g\u00f3\u00f0vild sem v\u00e9r berum til manna af \u00f6llu \u00fej\u00f3\u00f0erni. Naut hann hennar \u00ed sl\u00edkum m\u00e6li a\u00f0 hann var l\u00fdstur fa\u00f0ir vor og honum au\u00f0s\u00fdnd lotning af \u00f6llum sakir \u00feess a\u00f0 hann gekk n\u00e6st h\u00e1s\u00e6ti konungs. <a name=\"12\"><span class=\"versanumer_2007\">12<\/span><\/a> En hann gat ekki bori\u00f0 upphef\u00f0 s\u00edna og leita\u00f0ist hann vi\u00f0 a\u00f0 r\u00e6na oss b\u00e6\u00f0i r\u00edki og l\u00edfi. <a name=\"13\"><span class=\"versanumer_2007\">13<\/span><\/a> Me\u00f0 sl\u00e6g\u00f0 og v\u00e9labr\u00f6g\u00f0um kraf\u00f0ist hann \u00feess a\u00f0 f\u00e1 a\u00f0 dey\u00f0a Mardoka\u00ed, l\u00edfgjafa minn og st\u00f6\u00f0ugan velgj\u00f6r\u00f0amann, og einnig Ester, hina flekklausu sem me\u00f0 m\u00e9r r\u00edkir, og alla \u00fej\u00f3\u00f0 \u00feeirra. <a name=\"14\"><span class=\"versanumer_2007\">14<\/span><\/a> Me\u00f0 \u00feessum br\u00f6g\u00f0um hug\u00f0ist hann einangra oss og koma v\u00f6ldum Persa \u00ed hendur Maked\u00f3n\u00edumanna. <a name=\"15\"><span class=\"versanumer_2007\">15<\/span><\/a> En v\u00e9r komumst a\u00f0 raun um a\u00f0 Gy\u00f0ingar, sem \u00feessi erkifantur haf\u00f0i framselt til \u00fatr\u00fdmingar, eru hreint engir illvirkjar heldur breyta \u00feeir eftir hinum r\u00e9ttl\u00e1tustu l\u00f6gum. <a name=\"16\"><span class=\"versanumer_2007\">16<\/span><\/a> \u00deeir eru b\u00f6rn hins mesta og \u00e6\u00f0sta lifandi Gu\u00f0s sem kemur hinni bestu skipan \u00e1 r\u00edki\u00f0 \u00ed vora \u00fe\u00e1gu og forfe\u00f0ra vorra. <a name=\"17\"><span class=\"versanumer_2007\">17<\/span><\/a> Geri\u00f0 \u00fev\u00ed svo vel a\u00f0 fara ekki eftir br\u00e9finu sem sent var af Haman Hamadatssyni. <a name=\"18\"><span class=\"versanumer_2007\">18<\/span><\/a> Enda hefur hann, sem kom \u00feessu til lei\u00f0ar, veri\u00f0 hengdur vi\u00f0 borgarhli\u00f0 S\u00fasa \u00e1samt fj\u00f6lskyldu sinni og me\u00f0 \u00fev\u00ed fengi\u00f0 skj\u00f3tan og maklegan d\u00f3m af alm\u00e1ttugum Gu\u00f0i. <a name=\"19\"><span class=\"versanumer_2007\">19<\/span><\/a> Setji\u00f0 \u00feess vegna hvarvetna \u00e1 opinberum st\u00f6\u00f0um upp afrit af br\u00e9fi \u00feessu. Leyfi\u00f0 Gy\u00f0ingum a\u00f0 breyta eftir eigin l\u00f6gum <a name=\"20\"><span class=\"versanumer_2007\">20<\/span><\/a> og veiti\u00f0 \u00feeim stu\u00f0ning \u00e1 ney\u00f0art\u00edma, \u00ferett\u00e1nda degi t\u00f3lfta m\u00e1na\u00f0arins adar, til a\u00f0 verjast \u00feeim sem s\u00fdna \u00feeim fjandskap \u00feann dag. <a name=\"21\"><span class=\"versanumer_2007\">21<\/span><\/a> Einmitt \u00feeim degi hefur Gu\u00f0, sem \u00f6llu r\u00e6\u00f0ur, umbreytt \u00far degi \u00fatr\u00fdmingar \u00ed dag fagna\u00f0ar fyrir s\u00edna \u00fatv\u00f6ldu. <a name=\"22\"><span class=\"versanumer_2007\">22<\/span><\/a> \u00de\u00e9r skulu\u00f0 einnig taka \u00feennan dag \u00ed t\u00f6lu merkish\u00e1t\u00ed\u00f0a y\u00f0ar og fagna st\u00f3rum \u00e1 \u00feeim degi <a name=\"23\"><span class=\"versanumer_2007\">23<\/span><\/a> svo a\u00f0 hann ver\u00f0i b\u00e6\u00f0i n\u00fa og framvegis minning um bj\u00f6rgun vora og allra konunghollra Persa en \u00e1minning um gl\u00f6tun \u00feeirra sem sitja \u00e1 svikr\u00e1\u00f0um vi\u00f0 oss. <a name=\"24\"><span class=\"versanumer_2007\">24<\/span><\/a> \u00c1n undantekningar skal s\u00e9rhverri borg og hverju skattlandi, sem eigi breytir eftir \u00feessu, gereytt me\u00f0 sver\u00f0i og \u00fev\u00edl\u00edku heiftarb\u00e1li a\u00f0 \u00fea\u00f0 ver\u00f0ur ekki einungis \u00f3byggilegt m\u00f6nnum heldur munu d\u00fdr og fuglar for\u00f0ast \u00fea\u00f0 um alla framt\u00ed\u00f0.<br \/> <a name=\"13\"><span class=\"versanumer_2007\">13<\/span><\/a> Afrit af br\u00e9finu skulu sett upp \u00e1 \u00e1berandi st\u00f6\u00f0um um gervallt r\u00edki\u00f0 og allir Gy\u00f0ingar skulu undir \u00fea\u00f0 b\u00fanir a\u00f0 berjast vi\u00f0 \u00f3vini s\u00edna \u00feennan dag.\u201c<span class=\"nedan_mal\" title=\" 13. vers er hluti af hebresku fr\u00e1s\u00f6gninni og nota\u00f0 h\u00e9r sem ni\u00f0urlag E vi\u00f0b\u00f3tarinnar gr\u00edsku.\">[<\/span> <br \/> <a name=\"14\"><span class=\"versanumer_2007\">14<\/span><\/a> Riddarar hr\u00f6\u00f0u\u00f0u s\u00e9r af sta\u00f0 til a\u00f0 framkv\u00e6ma skipun konungs. Voru fyrirm\u00e6lin einnig ger\u00f0 opinber \u00ed S\u00fasa. <a name=\"15\"><span class=\"versanumer_2007\">15<\/span><\/a> Mardoka\u00ed gekk \u00fat, kl\u00e6ddur konunglegum skr\u00fa\u00f0a. Hann bar gullsveig og vefjarh\u00f6tt \u00far purpurarau\u00f0u l\u00edni. \u00cdb\u00faar S\u00fasa gl\u00f6ddust \u00feegar \u00feeir s\u00e1u hann. <a name=\"16\"><span class=\"versanumer_2007\">16<\/span><\/a> Hj\u00e1 Gy\u00f0ingum r\u00edkti birta og gle\u00f0i. <a name=\"17\"><span class=\"versanumer_2007\">17<\/span><\/a> \u00cd hverri borg og skattlandi \u00fear sem tilskipunin var birt, hvarvetna \u00fear sem h\u00fan var fest upp, gl\u00f6ddust Gy\u00f0ingar og f\u00f6gnu\u00f0u. \u00deeir drukku og voru gla\u00f0ir. Margir hei\u00f0ingjar l\u00e9tu umskera sig og gengu gy\u00f0ingd\u00f3mi \u00e1 h\u00f6nd af \u00f3tta vi\u00f0 Gy\u00f0ingana. <\/p>\n","protected":false},"excerpt":{"rendered":"<p>Gy\u00f0ingum bo\u00f0i\u00f0 a\u00f0 sn\u00faast til varnar 1 \u00deennan sama dag gaf Artaxerxes konungur Ester allar eigur r\u00f3gberans Hamans. Mardoka\u00ed var og kalla\u00f0ur \u00e1 konungsfund \u00fev\u00ed a\u00f0 Ester haf\u00f0i sk\u00fdrt fr\u00e1 skyldleika \u00feeirra. 2 Konungur t\u00f3k innsiglishring \u00feann sem hann haf\u00f0i teki\u00f0 af Haman og l\u00e9t Mardoka\u00ed hafa hann en Ester setti Mardoka\u00ed yfir allar eigur Hamans. 3 Ester kom s\u00ed\u00f0an a\u00f0 m\u00e1li vi\u00f0 konung. L\u00e9t h\u00fan sig falla ni\u00f0ur fyrir f\u00f3tum hans og ba\u00f0 hann a\u00f0 hindra ill r\u00e1\u00f0 Hamans og allt sem hann haf\u00f0i \u00e6tla\u00f0 a\u00f0 gera \u00e1 hlut Gy\u00f0inga. 4 Konungur r\u00e9tti gullna veldissprotann \u00ed \u00e1ttina a\u00f0 Ester <a href=\"https:\/\/biblian.is\/biblian\/esterarbok-med-vidaukum-8-kafli\/\"> [&#8230;]<\/a><\/p>\n","protected":false},"author":1,"featured_media":0,"parent":0,"menu_order":0,"comment_status":"open","ping_status":"open","template":"bibliukaflar.php","meta":{"footnotes":""},"class_list":["post-2844","page","type-page","status-publish","hentry"],"_links":{"self":[{"href":"https:\/\/biblian.is\/biblian\/wp-json\/wp\/v2\/pages\/2844","targetHints":{"allow":["GET"]}}],"collection":[{"href":"https:\/\/biblian.is\/biblian\/wp-json\/wp\/v2\/pages"}],"about":[{"href":"https:\/\/biblian.is\/biblian\/wp-json\/wp\/v2\/types\/page"}],"author":[{"embeddable":true,"href":"https:\/\/biblian.is\/biblian\/wp-json\/wp\/v2\/users\/1"}],"replies":[{"embeddable":true,"href":"https:\/\/biblian.is\/biblian\/wp-json\/wp\/v2\/comments?post=2844"}],"version-history":[{"count":0,"href":"https:\/\/biblian.is\/biblian\/wp-json\/wp\/v2\/pages\/2844\/revisions"}],"wp:attachment":[{"href":"https:\/\/biblian.is\/biblian\/wp-json\/wp\/v2\/media?parent=2844"}],"curies":[{"name":"wp","href":"https:\/\/api.w.org\/{rel}","templated":true}]}}