{"id":2838,"date":"2017-12-30T21:04:53","date_gmt":"2017-12-30T21:04:53","guid":{"rendered":"http:\/\/biblian.is\/biblian\/esterarb%c2%97k-me_-vi_aukum-2-kafli\/"},"modified":"2018-01-22T00:45:27","modified_gmt":"2018-01-22T00:45:27","slug":"esterarbok-med-vidaukum-2-kafli","status":"publish","type":"page","link":"https:\/\/biblian.is\/biblian\/esterarbok-med-vidaukum-2-kafli\/","title":{"rendered":"Esterarb\u00f3k (me\u00f0 vi\u00f0aukum) 2. kafli"},"content":{"rendered":"<h3 class=\"millifyrirsogn_2007\"> Ester ver\u00f0ur drottning Persa<\/h3>\n<p><a name=\"1\"><span class=\"versanumer_2007\">1<\/span><\/a> Eftir \u00feetta rann konungi rei\u00f0in. En vi\u00f0 Astin kom hann fram eins og h\u00fan v\u00e6ri ekki til enda mundi hann \u00fea\u00f0 sem h\u00fan haf\u00f0i sagt og hvernig hann haf\u00f0i d\u00e6mt hana. <a name=\"2\"><span class=\"versanumer_2007\">2<\/span><\/a> \u00dej\u00f3nar konungsins s\u00f6g\u00f0u vi\u00f0 hann: \u201e\u00dea\u00f0 \u00e6tti a\u00f0 leita a\u00f0 f\u00f6grum og \u00f3spj\u00f6llu\u00f0um meyjum fyrir konung. <a name=\"3\"><span class=\"versanumer_2007\">3<\/span><\/a> Konungur skal skipa tr\u00fana\u00f0armenn \u00ed \u00f6llum \u00feorpum r\u00edkisins til a\u00f0 velja ungar meyjar og fagrar \u00e1s\u00fdndum fyrir kvennab\u00fari\u00f0 \u00ed borginni S\u00fasa. \u00de\u00e6r skulu f\u00f3lgnar geldingi konungs sem g\u00e6tir kvennab\u00farsins og \u00feeim skal s\u00e9\u00f0 fyrir smyrslum og \u00f6\u00f0ru \u00fev\u00ed sem \u00fe\u00e6r \u00fearfnast. <a name=\"4\"><span class=\"versanumer_2007\">4<\/span><\/a> S\u00fa kona sem konungi fellur best \u00ed ge\u00f0 skal ver\u00f0a drottning \u00ed sta\u00f0 Astin.\u201c \u00deetta \u00fe\u00f3tti konungi heillar\u00e1\u00f0 og f\u00f3r hann eftir \u00fev\u00ed.<br \/> <a name=\"5\"><span class=\"versanumer_2007\">5<\/span><\/a> \u00cd h\u00f6fu\u00f0borginni S\u00fasa bj\u00f3 Gy\u00f0ingur, Mardoka\u00ed a\u00f0 nafni. Hann var sonur Ja\u00edrs Shimisonar K\u00edssonar af \u00e6ttkv\u00edsl Benjam\u00edns <a name=\"6\"><span class=\"versanumer_2007\">6<\/span><\/a> og var einn af f\u00f6ngunum sem Neb\u00fakadnesar Bab\u00fdlon\u00edukonungur haf\u00f0i herleitt fr\u00e1 Jer\u00fasalem. <a name=\"7\"><span class=\"versanumer_2007\">7<\/span><\/a> Hann \u00e1tti f\u00f3sturd\u00f3ttur, Ester a\u00f0 nafni. Var h\u00fan d\u00f3ttir Aminadabs f\u00f6\u00f0urbr\u00f3\u00f0ur hans. Haf\u00f0i Mardoka\u00ed ali\u00f0 hana upp allt fr\u00e1 \u00fev\u00ed a\u00f0 foreldrar hennar l\u00e9tust og hug\u00f0ist kv\u00e6nast henni. Var h\u00fan br\u00e1\u00f0f\u00f6gur st\u00falka.<br \/> <a name=\"8\"><span class=\"versanumer_2007\">8<\/span><\/a> \u00deegar fyrirm\u00e6li konungs h\u00f6f\u00f0u veri\u00f0 ger\u00f0 heyrinkunn voru margar st\u00falkur fluttar til h\u00f6fu\u00f0borgarinnar S\u00fasa. Voru \u00fe\u00e6r settar \u00ed umsj\u00e1 Gai. Einnig var komi\u00f0 me\u00f0 Ester til Gai sem g\u00e6tti kvennab\u00farsins. <a name=\"9\"><span class=\"versanumer_2007\">9<\/span><\/a> St\u00falkan ge\u00f0ja\u00f0ist Gai og var\u00f0 honum vel til hennar. Hann l\u00e9t ekki dragast a\u00f0 afhenda henni smyrsli og anna\u00f0 sem henni var \u00e6tla\u00f0 og f\u00e9kk henni \u00fe\u00e6r sj\u00f6 st\u00falkur sem h\u00fan \u00e1tti a\u00f0 f\u00e1 \u00far h\u00f6llinni. Hann ger\u00f0i s\u00e9rlega vel vi\u00f0 Ester og \u00feernur hennar \u00ed kvennab\u00farinu. <a name=\"10\"><span class=\"versanumer_2007\">10<\/span><\/a> Ester sk\u00fdr\u00f0i hvorki fr\u00e1 \u00fej\u00f3\u00f0erni s\u00ednu n\u00e9 \u00e6ttlandi enda haf\u00f0i Mardoka\u00ed sagt henni a\u00f0 l\u00e1ta \u00fea\u00f0 ekki uppi. <a name=\"11\"><span class=\"versanumer_2007\">11<\/span><\/a> Dag hvern gekk Mardoka\u00ed um \u00ed gar\u00f0i kvennab\u00farsins til a\u00f0 fylgjast me\u00f0 \u00fev\u00ed hvernig Ester vegna\u00f0i.<br \/> <a name=\"12\"><span class=\"versanumer_2007\">12<\/span><\/a> T\u00f3lf m\u00e1nu\u00f0i voru st\u00falkurnar haf\u00f0ar \u00fear \u00e1\u00f0ur en \u00fe\u00e6r gengju inn til konungs. Svo langan t\u00edma tekur fegrunara\u00f0ger\u00f0in. \u00cd sex m\u00e1nu\u00f0i var st\u00falkan smur\u00f0 myrruol\u00edu og \u00ed a\u00f0ra sex me\u00f0 ilmefnum og \u00f6\u00f0rum fegrunarlyfjum kvenna. <a name=\"13\"><span class=\"versanumer_2007\">13<\/span><\/a> \u00de\u00e1 gat h\u00fan gengi\u00f0 inn til konungs. Var h\u00fan \u00fe\u00e1 afhent \u00feeim fylgdarmanni sem fali\u00f0 var a\u00f0 fara me\u00f0 hana fr\u00e1 kvennab\u00farinu til konungshallarinnar. <a name=\"14\"><span class=\"versanumer_2007\">14<\/span><\/a> A\u00f0 kveldi gengur h\u00fan \u00feanga\u00f0 inn en a\u00f0 morgni fer h\u00fan \u00ed anna\u00f0 kvennab\u00far sem einnig er g\u00e6tt af Gai, geldingi konungs. Ekki fer h\u00fan s\u00ed\u00f0an aftur til konungs nema hann kalli \u00e1 hana me\u00f0 nafni.<br \/> <a name=\"15\"><span class=\"versanumer_2007\">15<\/span><\/a> Kom n\u00fa a\u00f0 \u00feeim t\u00edma er Ester, d\u00f3ttir Aminadabs f\u00f6\u00f0urbr\u00f3\u00f0ur Mardoka\u00ed, skyldi ganga inn til konungs. \u00cd engu haf\u00f0i h\u00fan breytt gegn \u00fev\u00ed sem geldingurinn Gai kvennab\u00farsv\u00f6r\u00f0ur bau\u00f0 henni. Allir sem litu Ester hrifust af henni. <a name=\"16\"><span class=\"versanumer_2007\">16<\/span><\/a> \u00cd t\u00f3lfta m\u00e1nu\u00f0i \u00e1rsins, m\u00e1nu\u00f0inum adar, \u00e1 sj\u00f6unda stj\u00f3rnar\u00e1ri Artaxerxesar, kom Ester inn til hans. <a name=\"17\"><span class=\"versanumer_2007\">17<\/span><\/a> Konungur var\u00f0 \u00e1stfanginn af Ester. Hreif h\u00fan hann meira en allar hinar meyjarnar og setti hann drottningark\u00f3r\u00f3nuna \u00e1 h\u00f6fu\u00f0 hennar. <a name=\"18\"><span class=\"versanumer_2007\">18<\/span><\/a> Konungur h\u00e9lt \u00f6llum vinum s\u00ednum og herforingjum veislu, sem st\u00f3\u00f0 \u00ed sj\u00f6 daga, til a\u00f0 halda upp \u00e1 br\u00fa\u00f0kaup sitt og Esterar. Einnig veitti hann \u00feegnum s\u00ednum skatta\u00edvilnanir. <\/p>\n<h3 class=\"millifyrirsogn_2007\">Mardoka\u00ed bjargar l\u00edfi konungs<\/h3>\n<p><a name=\"19\"><span class=\"versanumer_2007\">19<\/span><\/a> Mardoka\u00ed gegndi \u00fej\u00f3nustu \u00ed h\u00f6llinni.<br \/> <a name=\"20\"><span class=\"versanumer_2007\">20<\/span><\/a> Ekki sk\u00fdr\u00f0i Ester fr\u00e1 \u00e6tterni s\u00ednu \u00fev\u00ed a\u00f0 \u00fea\u00f0 haf\u00f0i Mardoka\u00ed banna\u00f0 henni og lagt r\u00edkt \u00e1 vi\u00f0 hana a\u00f0 \u00f3ttast Gu\u00f0 og fara a\u00f0 bo\u00f0or\u00f0um hans eins og h\u00fan haf\u00f0i gert \u00feegar h\u00fan bj\u00f3 hj\u00e1 honum. Ester breytti ekki heg\u00f0un sinni \u00ed neinu.<br \/> <a name=\"21\"><span class=\"versanumer_2007\">21<\/span><\/a> En tveir geldingar konungs, sem voru yfir l\u00edfver\u00f0inum, reiddust vegna frama Mardoka\u00ed og ger\u00f0u sams\u00e6ri um a\u00f0 r\u00e1\u00f0a Artaxerxesi bana. <a name=\"22\"><span class=\"versanumer_2007\">22<\/span><\/a> Mardoka\u00ed komst a\u00f0 raun um \u00feetta og sag\u00f0i Ester fr\u00e1 og sk\u00fdr\u00f0i h\u00fan konungi fr\u00e1 sams\u00e6rinu. <a name=\"23\"><span class=\"versanumer_2007\">23<\/span><\/a> Konungurinn yfirheyr\u00f0i geldingana b\u00e1\u00f0a og l\u00e9t hengja \u00fe\u00e1. S\u00ed\u00f0an bau\u00f0 konungur a\u00f0 skrifa skyldi sk\u00fdrslu um fr\u00e1b\u00e6ra \u00fej\u00f3nustu Mardoka\u00ed honum til hei\u00f0urs og for\u00f0a henni fr\u00e1 gleymsku me\u00f0 \u00fev\u00ed a\u00f0 koma henni fyrir \u00ed b\u00f3kasafni konungs.<\/p>\n","protected":false},"excerpt":{"rendered":"<p>Ester ver\u00f0ur drottning Persa 1 Eftir \u00feetta rann konungi rei\u00f0in. En vi\u00f0 Astin kom hann fram eins og h\u00fan v\u00e6ri ekki til enda mundi hann \u00fea\u00f0 sem h\u00fan haf\u00f0i sagt og hvernig hann haf\u00f0i d\u00e6mt hana. 2 \u00dej\u00f3nar konungsins s\u00f6g\u00f0u vi\u00f0 hann: \u201e\u00dea\u00f0 \u00e6tti a\u00f0 leita a\u00f0 f\u00f6grum og \u00f3spj\u00f6llu\u00f0um meyjum fyrir konung. 3 Konungur skal skipa tr\u00fana\u00f0armenn \u00ed \u00f6llum \u00feorpum r\u00edkisins til a\u00f0 velja ungar meyjar og fagrar \u00e1s\u00fdndum fyrir kvennab\u00fari\u00f0 \u00ed borginni S\u00fasa. \u00de\u00e6r skulu f\u00f3lgnar geldingi konungs sem g\u00e6tir kvennab\u00farsins og \u00feeim skal s\u00e9\u00f0 fyrir smyrslum og \u00f6\u00f0ru \u00fev\u00ed sem \u00fe\u00e6r \u00fearfnast. 4 S\u00fa kona sem konungi <a href=\"https:\/\/biblian.is\/biblian\/esterarbok-med-vidaukum-2-kafli\/\"> [&#8230;]<\/a><\/p>\n","protected":false},"author":1,"featured_media":0,"parent":0,"menu_order":0,"comment_status":"open","ping_status":"open","template":"bibliukaflar.php","meta":{"footnotes":""},"class_list":["post-2838","page","type-page","status-publish","hentry"],"_links":{"self":[{"href":"https:\/\/biblian.is\/biblian\/wp-json\/wp\/v2\/pages\/2838","targetHints":{"allow":["GET"]}}],"collection":[{"href":"https:\/\/biblian.is\/biblian\/wp-json\/wp\/v2\/pages"}],"about":[{"href":"https:\/\/biblian.is\/biblian\/wp-json\/wp\/v2\/types\/page"}],"author":[{"embeddable":true,"href":"https:\/\/biblian.is\/biblian\/wp-json\/wp\/v2\/users\/1"}],"replies":[{"embeddable":true,"href":"https:\/\/biblian.is\/biblian\/wp-json\/wp\/v2\/comments?post=2838"}],"version-history":[{"count":0,"href":"https:\/\/biblian.is\/biblian\/wp-json\/wp\/v2\/pages\/2838\/revisions"}],"wp:attachment":[{"href":"https:\/\/biblian.is\/biblian\/wp-json\/wp\/v2\/media?parent=2838"}],"curies":[{"name":"wp","href":"https:\/\/api.w.org\/{rel}","templated":true}]}}