{"id":2831,"date":"2017-12-30T21:04:49","date_gmt":"2017-12-30T21:04:49","guid":{"rendered":"http:\/\/biblian.is\/biblian\/j%c2%9cd%c2%92tarb%c2%97k-11-kafli\/"},"modified":"2018-01-12T19:17:54","modified_gmt":"2018-01-12T19:17:54","slug":"juditarbok-11-kafli","status":"publish","type":"page","link":"https:\/\/biblian.is\/biblian\/juditarbok-11-kafli\/","title":{"rendered":"J\u00fad\u00edtarb\u00f3k 11. kafli"},"content":{"rendered":"<p><a name=\"1\"><span class=\"versanumer_2007\">1<\/span><\/a> H\u00f3lofernes sag\u00f0i vi\u00f0 J\u00fad\u00edt: \u201eVertu \u00e1hyggjulaus, kona, og \u00f3hr\u00e6dd. \u00c9g hef aldrei gert neinum mein sem kosi\u00f0 hefur a\u00f0 \u00fej\u00f3na Neb\u00fakadnesari, konungi allrar jar\u00f0arinnar. <a name=\"2\"><span class=\"versanumer_2007\">2<\/span><\/a> \u00c9g hef\u00f0i ekki heldur lyft spj\u00f3ti m\u00ednu gegn l\u00f6ndum \u00fe\u00ednum, sem b\u00faa \u00ed fjalllendinu, ef \u00feeir hef\u00f0u ekki m\u00f3\u00f0ga\u00f0 mig. \u00deeir geta sj\u00e1lfum s\u00e9r um kennt. <a name=\"3\"><span class=\"versanumer_2007\">3<\/span><\/a> En seg\u00f0u m\u00e9r n\u00fa hvers vegna \u00fe\u00fa fl\u00fd\u00f0ir fr\u00e1 \u00feeim og ert komin til okkar. \u00dea\u00f0 a\u00f0 \u00fe\u00fa komst skal ver\u00f0a \u00fe\u00e9r til heilla. Vertu hughraust. \u00de\u00fa munt lifa b\u00e6\u00f0i \u00ed n\u00f3tt og framvegis. <a name=\"4\"><span class=\"versanumer_2007\">4<\/span><\/a> Enginn mun vinna \u00fe\u00e9r mein. \u00dea\u00f0 mun ver\u00f0a gert eins vel til \u00fe\u00edn og \u00fej\u00f3na Neb\u00fakadnesars konungs, herra m\u00edns.\u201c<br \/> <a name=\"5\"><span class=\"versanumer_2007\">5<\/span><\/a> J\u00fad\u00edt svara\u00f0i honum: \u201eHl\u00fd\u00f0 \u00e1 or\u00f0 amb\u00e1ttar \u00feinnar og leyf \u00feernu \u00feinni a\u00f0 flytja \u00fe\u00e9r m\u00e1l sitt. Ekki mun \u00e9g segja h\u00fasb\u00f3nda m\u00ednum \u00f3satt \u00ed n\u00f3tt. <a name=\"6\"><span class=\"versanumer_2007\">6<\/span><\/a> Farir \u00fe\u00fa a\u00f0 r\u00e1\u00f0um \u00feernu \u00feinnar mun Gu\u00f0 l\u00e1ta miki\u00f0 ver\u00f0a fyrir \u00feitt tilstilli og \u00fea\u00f0 sem herra minn hefur \u00ed r\u00e1\u00f0i mun ekki breg\u00f0ast. <a name=\"7\"><span class=\"versanumer_2007\">7<\/span><\/a> \u00dev\u00ed a\u00f0 svo sannarlega sem Neb\u00fakadnesar, konungur allrar jar\u00f0ar, lifir og veldi hans stendur, sem sendi \u00feig til a\u00f0 stj\u00f3rna \u00f6llu sem lifir, \u00fe\u00e1 munu fyrir \u00feitt tilstilli ekki a\u00f0eins menn \u00fej\u00f3na Neb\u00fakadnesari heldur mun m\u00e1ttur \u00feinn einnig valda \u00fev\u00ed a\u00f0 d\u00fdr merkurinnar, b\u00fasmali og fuglar himinsins munu lifa \u00ed \u00fe\u00e1gu hans og \u00e6ttar hans. <a name=\"8\"><span class=\"versanumer_2007\">8<\/span><\/a> Vi\u00f0 h\u00f6fum fr\u00e9tt af visku \u00feinni og r\u00e1\u00f0snilli. \u00dea\u00f0 er kunnugt um alla j\u00f6r\u00f0ina a\u00f0 enginn \u00ed r\u00edkinu s\u00e9 jafnoki \u00feinn \u00ed neinu hva\u00f0 var\u00f0ar afbur\u00f0a inns\u00e6i og undraver\u00f0a h\u00e6fni \u00ed herstj\u00f3rn. <a name=\"9\"><span class=\"versanumer_2007\">9<\/span><\/a> N\u00fa h\u00f6fum vi\u00f0 heyrt \u00fea\u00f0 sem Ak\u00edor sag\u00f0i vi\u00f0 herr\u00e1\u00f0 \u00feitt \u00fev\u00ed a\u00f0 Bet\u00fal\u00faumenn l\u00e9tu hann halda l\u00edfi. Greindi hann \u00feeim fr\u00e1 \u00f6llu sem hann sag\u00f0i vi\u00f0 \u00feig. <a name=\"10\"><span class=\"versanumer_2007\">10<\/span><\/a> \u00dev\u00ed bi\u00f0 \u00e9g \u00feig, voldugi herra, a\u00f0 l\u00e1ta or\u00f0 hans ekki sem vind um eyru \u00fej\u00f3ta heldur leggja \u00feau \u00fe\u00e9r \u00e1 hjarta. \u00dea\u00f0 var satt sem hann sag\u00f0i. \u00dej\u00f3\u00f0 okkar ver\u00f0ur hvorki refsa\u00f0 n\u00e9 heldur ver\u00f0ur h\u00fan unnin me\u00f0 sver\u00f0i nema h\u00fan syndgi gegn Gu\u00f0i s\u00ednum. <a name=\"11\"><span class=\"versanumer_2007\">11<\/span><\/a> Og til \u00feess a\u00f0 herra m\u00ednum ver\u00f0i ekki hrundi\u00f0 og hann fari ekki erindisleysu skal \u00e9g segja honum a\u00f0 \u00fej\u00f3\u00f0in er dau\u00f0a merkt. \u00dev\u00ed a\u00f0 h\u00fan hefur l\u00e1ti\u00f0 hremmast af synd sem mun vekja rei\u00f0i Gu\u00f0s hennar \u00f3\u00f0ar en h\u00fan breytir ranglega. <a name=\"12\"><span class=\"versanumer_2007\">12<\/span><\/a> \u00dear sem vistir landa minna voru \u00ferotnar og vatnsbirg\u00f0ir a\u00f0 \u00ferj\u00f3ta afr\u00e9\u00f0u \u00feeir a\u00f0 fella f\u00e9na\u00f0 sinn og leggja s\u00e9r allt til munns sem Gu\u00f0 hefur banna\u00f0 \u00feeim a\u00f0 neyta \u00ed l\u00f6gm\u00e1li s\u00ednu. <a name=\"13\"><span class=\"versanumer_2007\">13<\/span><\/a> \u00deeir hafa einnig \u00e1kve\u00f0i\u00f0 a\u00f0 neyta frumgr\u00f3\u00f0akornsins og v\u00edn- og ol\u00edut\u00edundarinnar sem \u00feeir hafa helga\u00f0 og teki\u00f0 fr\u00e1 handa prestunum sem \u00fej\u00f3na frammi fyrir Gu\u00f0i okkar \u00ed Jer\u00fasalem. \u00deetta leyfist leikmanni ekki einu sinni a\u00f0 snerta me\u00f0 h\u00f6ndunum. <br \/> <a name=\"14\"><span class=\"versanumer_2007\">14<\/span><\/a> \u00dear sem jafnvel Jer\u00fasalemb\u00faar hafa gripi\u00f0 til sl\u00edks sendu Bet\u00fal\u00faub\u00faar menn til Jer\u00fasalem til a\u00f0 f\u00e1 heimild \u00f6ldungar\u00e1\u00f0sins til \u00feessa. <a name=\"15\"><span class=\"versanumer_2007\">15<\/span><\/a> En sama dag og \u00feeir f\u00e1 leyfi\u00f0 og taka a\u00f0 framkv\u00e6ma \u00e1form s\u00edn munu \u00feeir ofurseldir \u00fe\u00e9r til tort\u00edmingar.<br \/> <a name=\"16\"><span class=\"versanumer_2007\">16<\/span><\/a> \u00deetta er \u00e1st\u00e6\u00f0an fyrir \u00fev\u00ed a\u00f0 \u00e9g, amb\u00e1tt \u00fe\u00edn, fl\u00fd\u00f0i fr\u00e1 \u00feeim \u00feegar m\u00e9r var\u00f0 kunnugt um allt \u00feetta. Gu\u00f0 hefur sent mig til a\u00f0 vinna me\u00f0 \u00fe\u00e9r \u00feau st\u00f3rvirki sem skelfa munu alla j\u00f6r\u00f0ina \u00feegar af \u00feeim fr\u00e9ttist. <a name=\"17\"><span class=\"versanumer_2007\">17<\/span><\/a> Amb\u00e1tt \u00fe\u00edn er gu\u00f0hr\u00e6dd og \u00fej\u00f3nar Gu\u00f0i himinsins n\u00f3tt sem dag. N\u00fa mun \u00e9g halda kyrru fyrir hj\u00e1 \u00fe\u00e9r, herra minn. En \u00e1 n\u00e6turnar mun amb\u00e1tt \u00fe\u00edn ganga \u00fat \u00ed dalinn til a\u00f0 bi\u00f0ja til Gu\u00f0s. Hann mun segja m\u00e9r \u00feegar landar m\u00ednir hafa dr\u00fdgt syndir s\u00ednar. <a name=\"18\"><span class=\"versanumer_2007\">18<\/span><\/a> \u00de\u00e1 kem \u00e9g og l\u00e6t \u00feig vita. \u00de\u00e1 getur \u00fe\u00fa haldi\u00f0 af sta\u00f0 me\u00f0 allan her \u00feinn og mun enginn af l\u00f6ndum m\u00ednum geta veitt \u00fe\u00e9r vi\u00f0n\u00e1m. <a name=\"19\"><span class=\"versanumer_2007\">19<\/span><\/a> \u00c9g skal lei\u00f0a \u00feig um J\u00fadeu \u00fevera allt \u00fear til \u00fe\u00fa ert kominn gegnt Jer\u00fasalem. \u00dear mun \u00e9g reisa \u00fe\u00e9r h\u00e1s\u00e6ti \u00ed mi\u00f0ri borginni. \u00de\u00fa munt reka \u00cdsraelsmenn sem sau\u00f0i sem engan hir\u00f0i hafa og ekki einu sinni hundur mun svo miki\u00f0 sem urra a\u00f0 \u00fe\u00e9r. \u00deetta hefur m\u00e9r veri\u00f0 opinbera\u00f0 og kunngj\u00f6rt og er \u00e9g send til a\u00f0 l\u00e1ta \u00feig vita \u00feetta.\u201c<br \/> <a name=\"20\"><span class=\"versanumer_2007\">20<\/span><\/a> H\u00f3lofernesi og \u00f6llum \u00fej\u00f3num hans gast vel a\u00f0 or\u00f0um J\u00fad\u00edtar. Undru\u00f0ust \u00feeir visku hennar og s\u00f6g\u00f0u: <a name=\"21\"><span class=\"versanumer_2007\">21<\/span><\/a> \u201eEkki ver\u00f0ur fundin nein kona fr\u00e1 einu skauti jar\u00f0ar til annars jafnf\u00f6gur \u00e1s\u00fdndum og skyns\u00f6m \u00ed tali.\u201c <a name=\"22\"><span class=\"versanumer_2007\">22<\/span><\/a> Og H\u00f3lofernes sag\u00f0i vi\u00f0 hana: \u201eGu\u00f0 ger\u00f0i vel a\u00f0 senda \u00feig til a\u00f0 fara fyrir hernum til a\u00f0 tryggja okkur sigur og ey\u00f0a \u00feeim sem vanvirtu konung minn. <a name=\"23\"><span class=\"versanumer_2007\">23<\/span><\/a> V\u00edst ert \u00fe\u00fa f\u00f6gur \u00e1s\u00fdndum og vel m\u00e1li farin. Ef \u00fe\u00fa gerir eins og \u00fe\u00fa hefur sagt \u00fe\u00e1 skal Gu\u00f0 \u00feinn ver\u00f0a minn Gu\u00f0. \u00de\u00fa skalt b\u00faa \u00ed h\u00f6ll Neb\u00fakadnesars og munt ver\u00f0a nafnfr\u00e6g um allan heiminn.\u201c<\/p>\n","protected":false},"excerpt":{"rendered":"<p>1 H\u00f3lofernes sag\u00f0i vi\u00f0 J\u00fad\u00edt: \u201eVertu \u00e1hyggjulaus, kona, og \u00f3hr\u00e6dd. \u00c9g hef aldrei gert neinum mein sem kosi\u00f0 hefur a\u00f0 \u00fej\u00f3na Neb\u00fakadnesari, konungi allrar jar\u00f0arinnar. 2 \u00c9g hef\u00f0i ekki heldur lyft spj\u00f3ti m\u00ednu gegn l\u00f6ndum \u00fe\u00ednum, sem b\u00faa \u00ed fjalllendinu, ef \u00feeir hef\u00f0u ekki m\u00f3\u00f0ga\u00f0 mig. \u00deeir geta sj\u00e1lfum s\u00e9r um kennt. 3 En seg\u00f0u m\u00e9r n\u00fa hvers vegna \u00fe\u00fa fl\u00fd\u00f0ir fr\u00e1 \u00feeim og ert komin til okkar. \u00dea\u00f0 a\u00f0 \u00fe\u00fa komst skal ver\u00f0a \u00fe\u00e9r til heilla. Vertu hughraust. \u00de\u00fa munt lifa b\u00e6\u00f0i \u00ed n\u00f3tt og framvegis. 4 Enginn mun vinna \u00fe\u00e9r mein. \u00dea\u00f0 mun ver\u00f0a gert eins vel til <a href=\"https:\/\/biblian.is\/biblian\/juditarbok-11-kafli\/\"> [&#8230;]<\/a><\/p>\n","protected":false},"author":1,"featured_media":0,"parent":0,"menu_order":0,"comment_status":"open","ping_status":"open","template":"bibliukaflar.php","meta":{"footnotes":""},"class_list":["post-2831","page","type-page","status-publish","hentry"],"_links":{"self":[{"href":"https:\/\/biblian.is\/biblian\/wp-json\/wp\/v2\/pages\/2831","targetHints":{"allow":["GET"]}}],"collection":[{"href":"https:\/\/biblian.is\/biblian\/wp-json\/wp\/v2\/pages"}],"about":[{"href":"https:\/\/biblian.is\/biblian\/wp-json\/wp\/v2\/types\/page"}],"author":[{"embeddable":true,"href":"https:\/\/biblian.is\/biblian\/wp-json\/wp\/v2\/users\/1"}],"replies":[{"embeddable":true,"href":"https:\/\/biblian.is\/biblian\/wp-json\/wp\/v2\/comments?post=2831"}],"version-history":[{"count":0,"href":"https:\/\/biblian.is\/biblian\/wp-json\/wp\/v2\/pages\/2831\/revisions"}],"wp:attachment":[{"href":"https:\/\/biblian.is\/biblian\/wp-json\/wp\/v2\/media?parent=2831"}],"curies":[{"name":"wp","href":"https:\/\/api.w.org\/{rel}","templated":true}]}}