{"id":2816,"date":"2017-12-30T21:04:44","date_gmt":"2017-12-30T21:04:44","guid":{"rendered":"http:\/\/biblian.is\/biblian\/t%c2%97b%c2%92tsb%c2%97k-10-kafli\/"},"modified":"2018-01-16T01:54:58","modified_gmt":"2018-01-16T01:54:58","slug":"tobitsbok-10-kafli","status":"publish","type":"page","link":"https:\/\/biblian.is\/biblian\/tobitsbok-10-kafli\/","title":{"rendered":"T\u00f3b\u00edtsb\u00f3k 10. kafli"},"content":{"rendered":"<h3 class=\"millifyrirsogn_2007\"> \u00c1hyggjur T\u00f3b\u00edts og \u00d6nnu<\/h3>\n<p><a name=\"1\"><span class=\"versanumer_2007\">1<\/span><\/a> Dag eftir dag taldi T\u00f3b\u00edt dagana sem \u00fea\u00f0 t\u00e6ki son hans a\u00f0 fara fram og aftur. \u00deegar s\u00e1 t\u00edmi lei\u00f0 \u00e1n \u00feess a\u00f0 sonur hans k\u00e6mi <a name=\"2\"><span class=\"versanumer_2007\">2<\/span><\/a> hugsa\u00f0i hann me\u00f0 s\u00e9r: \u201eHva\u00f0 skyldi dvelja hann? \u00c6tli Gabael s\u00e9 d\u00e1inn og enginn til a\u00f0 afhenda honum peningana?\u201c <a name=\"3\"><span class=\"versanumer_2007\">3<\/span><\/a> Var\u00f0 hann s\u00edfellt \u00e1hyggjufyllri. <a name=\"4\"><span class=\"versanumer_2007\">4<\/span><\/a> En Anna kona hans sag\u00f0i: \u201eBarni\u00f0 mitt er d\u00e1i\u00f0. \u00dea\u00f0 er ekki lengur \u00ed lifenda t\u00f6lu.\u201c Og h\u00fan t\u00f3k a\u00f0 gr\u00e1ta og harma son sinn og sag\u00f0i: <a name=\"5\"><span class=\"versanumer_2007\">5<\/span><\/a> \u201eVei m\u00e9r, barni\u00f0 mitt, a\u00f0 \u00e9g skyldi l\u00e1ta \u00feig fara, \u00fe\u00fa sem ert augasteinninn minn.\u201c <a name=\"6\"><span class=\"versanumer_2007\">6<\/span><\/a> \u201eVertu hlj\u00f3\u00f0 og haf\u00f0u engar \u00e1hyggjur, systir g\u00f3\u00f0,\u201c sag\u00f0i T\u00f3b\u00edt s\u00edfellt, \u201e\u00fea\u00f0 amar ekkert a\u00f0 honum. Eitthva\u00f0 \u00f3v\u00e6nt hefur tafi\u00f0 \u00fe\u00e1 \u00fearna. Ma\u00f0urinn, sem fylgir honum, er traustur. Hann er einn af br\u00e6\u00f0rum okkar. Haf\u00f0u ekki \u00e1hyggjur af drengnum, systir, hann kemur br\u00e1\u00f0um.\u201c <a name=\"7\"><span class=\"versanumer_2007\">7<\/span><\/a> En h\u00fan svara\u00f0i: \u201e\u00deegi \u00fe\u00fa sj\u00e1lfur og reyndu ekki a\u00f0 blekkja mig. Drengurinn minn er d\u00e1inn.\u201c Og dag hvern gekk h\u00fan \u00fat og skima\u00f0i eftir veginum sem sonur hennar haf\u00f0i gengi\u00f0 \u00e1 braut og var ekki m\u00f6nnum sinnandi. \u00deegar s\u00f3l var sest kom h\u00fan inn, harma\u00f0i og gr\u00e9t alla n\u00f3ttina og festi ekki blund.<\/p>\n<h3 class=\"millifyrirsogn_2007\">Brottf\u00f6r fr\u00e1 Ekbatana<\/h3>\n<p>\u00deegar fj\u00f3rt\u00e1n daga br\u00fa\u00f0kaupsveislan, sem Rag\u00fael haf\u00f0i heiti\u00f0 a\u00f0 halda d\u00f3ttur sinni, var hj\u00e1 gekk T\u00f3b\u00edas inn til hans og sag\u00f0i: \u201eLeyf\u00f0u m\u00e9r n\u00fa a\u00f0 fara. \u00c9g veit a\u00f0 fa\u00f0ir minn og m\u00f3\u00f0ir eru farin a\u00f0 halda a\u00f0 \u00feau muni aldrei sj\u00e1 mig framar. Leyf\u00f0u m\u00e9r \u00fev\u00ed, fa\u00f0ir g\u00f3\u00f0ur, a\u00f0 halda h\u00e9\u00f0an og fara til f\u00f6\u00f0ur m\u00edns. \u00c9g hef \u00feegar sagt \u00fe\u00e9r hvernig hann var \u00feegar \u00e9g f\u00f3r.\u201c <a name=\"8\"><span class=\"versanumer_2007\">8<\/span><\/a> En Rag\u00fael svara\u00f0i: \u201eVertu h\u00e9r um kyrrt, drengur minn, og \u00e9g skal senda bo\u00f0bera til T\u00f3b\u00edts f\u00f6\u00f0ur \u00fe\u00edns til a\u00f0 segja honum fr\u00e1 h\u00f6gum \u00fe\u00ednum.\u201c <a name=\"9\"><span class=\"versanumer_2007\">9<\/span><\/a> \u201eNei, alls ekki,\u201c sag\u00f0i T\u00f3b\u00edas. \u201e\u00c9g bi\u00f0 \u00feig a\u00f0 leyfa m\u00e9r a\u00f0 fara h\u00e9\u00f0an og til f\u00f6\u00f0ur m\u00edns.\u201c<br \/> <a name=\"10\"><span class=\"versanumer_2007\">10<\/span><\/a> \u00de\u00e1 l\u00e9t Rag\u00fael svo vera og afhenti T\u00f3b\u00edasi S\u00f6ru eiginkonu hans og helming allra eigna sinna: \u00fej\u00f3na og \u00feernur, k\u00fdr og kindur, asna og \u00falfalda, kl\u00e6\u00f0i, silfur og h\u00fasb\u00fana\u00f0. <a name=\"11\"><span class=\"versanumer_2007\">11<\/span><\/a> Hann \u00f3ska\u00f0i \u00feeim velfarna\u00f0ar, fa\u00f0ma\u00f0i T\u00f3b\u00edas og sag\u00f0i: \u201eFar heill, drengur minn, far heill. Drottinn himinsins grei\u00f0i g\u00f6tu \u00fe\u00edna og S\u00f6ru konu \u00feinnar og veiti m\u00e9r a\u00f0 sj\u00e1 b\u00f6rn ykkar \u00e1\u00f0ur en \u00e9g dey.\u201c <a name=\"12\"><span class=\"versanumer_2007\">12<\/span><\/a> En vi\u00f0 S\u00f6ru d\u00f3ttur s\u00edna sag\u00f0i hann: \u201eFar\u00f0u til tengdaforeldra \u00feinna. H\u00e9\u00f0an \u00ed fr\u00e1 eru \u00feeir foreldrar \u00fe\u00ednir eins og vi\u00f0 sem eignu\u00f0umst \u00feig. Far \u00fe\u00fa \u00ed fri\u00f0i, d\u00f3ttir s\u00e6l. Megi \u00e9g alltaf heyra gott eitt af \u00fe\u00e9r svo lengi sem \u00e9g lifi.\u201c Eftir \u00feessa kve\u00f0ju leyf\u00f0i hann \u00feeim a\u00f0 fara. En Edna sag\u00f0i vi\u00f0 T\u00f3b\u00edas: \u201eBarni\u00f0 mitt og elska\u00f0i br\u00f3\u00f0ir. Gu\u00f0 veri me\u00f0 \u00fe\u00e9r og veiti m\u00e9r a\u00f0 lifa \u00fea\u00f0 a\u00f0 l\u00edta b\u00f6rn \u00fe\u00edn og S\u00f6ru d\u00f3ttur minnar \u00e1\u00f0ur en \u00e9g dey. Fyrir augliti Drottins afhendi \u00e9g \u00fe\u00e9r d\u00f3ttur m\u00edna til var\u00f0veislu. Ger\u00f0u hana aldrei hrygga svo lengi sem \u00fe\u00fa lifir. Far \u00fe\u00fa \u00ed fri\u00f0i, barni\u00f0 mitt. H\u00e9\u00f0an \u00ed fr\u00e1 er \u00e9g m\u00f3\u00f0ir \u00fe\u00edn og Sara systir \u00fe\u00edn. M\u00e6ttum vi\u00f0 \u00f6ll f\u00e1 a\u00f0 nj\u00f3ta s\u00f6mu hamingju um alla \u00e6vidaga okkar.\u201c H\u00fan kyssti \u00feau b\u00e6\u00f0i og \u00f3ska\u00f0i \u00feeim velfarna\u00f0ar.<br \/> <a name=\"13\"><span class=\"versanumer_2007\">13<\/span><\/a> T\u00f3b\u00edas lag\u00f0i af sta\u00f0 fr\u00e1 Rag\u00fael s\u00e6ll og gla\u00f0ur og lofa\u00f0i Drottin himins og jar\u00f0ar, konung alls, fyrir a\u00f0 hafa l\u00e1ti\u00f0 fer\u00f0 hans heppnast. Og hann ba\u00f0: \u201eVeit m\u00e9r, Drottinn, a\u00f0 hei\u00f0ra tengdaforeldra m\u00edna svo lengi sem \u00feeir lifa.\u201c<span class=\"nedan_mal\" title=\" \u00d6nnur hugsanleg \u00fe\u00fd\u00f0ing: Og Rag\u00fael sag\u00f0i vi\u00f0 hann: \u201eDrottinn veiti \u00fe\u00e9r n\u00e1\u00f0 til a\u00f0 hei\u00f0ra tengdaforeldra \u00fe\u00edna svo lengi sem \u00feeir lifa.\u201c\">[<\/span> <\/p>\n","protected":false},"excerpt":{"rendered":"<p>\u00c1hyggjur T\u00f3b\u00edts og \u00d6nnu 1 Dag eftir dag taldi T\u00f3b\u00edt dagana sem \u00fea\u00f0 t\u00e6ki son hans a\u00f0 fara fram og aftur. \u00deegar s\u00e1 t\u00edmi lei\u00f0 \u00e1n \u00feess a\u00f0 sonur hans k\u00e6mi 2 hugsa\u00f0i hann me\u00f0 s\u00e9r: \u201eHva\u00f0 skyldi dvelja hann? \u00c6tli Gabael s\u00e9 d\u00e1inn og enginn til a\u00f0 afhenda honum peningana?\u201c 3 Var\u00f0 hann s\u00edfellt \u00e1hyggjufyllri. 4 En Anna kona hans sag\u00f0i: \u201eBarni\u00f0 mitt er d\u00e1i\u00f0. \u00dea\u00f0 er ekki lengur \u00ed lifenda t\u00f6lu.\u201c Og h\u00fan t\u00f3k a\u00f0 gr\u00e1ta og harma son sinn og sag\u00f0i: 5 \u201eVei m\u00e9r, barni\u00f0 mitt, a\u00f0 \u00e9g skyldi l\u00e1ta \u00feig fara, \u00fe\u00fa sem ert augasteinninn minn.\u201c <a href=\"https:\/\/biblian.is\/biblian\/tobitsbok-10-kafli\/\"> [&#8230;]<\/a><\/p>\n","protected":false},"author":1,"featured_media":0,"parent":0,"menu_order":0,"comment_status":"open","ping_status":"open","template":"bibliukaflar.php","meta":{"footnotes":""},"class_list":["post-2816","page","type-page","status-publish","hentry"],"_links":{"self":[{"href":"https:\/\/biblian.is\/biblian\/wp-json\/wp\/v2\/pages\/2816","targetHints":{"allow":["GET"]}}],"collection":[{"href":"https:\/\/biblian.is\/biblian\/wp-json\/wp\/v2\/pages"}],"about":[{"href":"https:\/\/biblian.is\/biblian\/wp-json\/wp\/v2\/types\/page"}],"author":[{"embeddable":true,"href":"https:\/\/biblian.is\/biblian\/wp-json\/wp\/v2\/users\/1"}],"replies":[{"embeddable":true,"href":"https:\/\/biblian.is\/biblian\/wp-json\/wp\/v2\/comments?post=2816"}],"version-history":[{"count":0,"href":"https:\/\/biblian.is\/biblian\/wp-json\/wp\/v2\/pages\/2816\/revisions"}],"wp:attachment":[{"href":"https:\/\/biblian.is\/biblian\/wp-json\/wp\/v2\/media?parent=2816"}],"curies":[{"name":"wp","href":"https:\/\/api.w.org\/{rel}","templated":true}]}}