{"id":2796,"date":"2017-12-30T21:04:39","date_gmt":"2017-12-30T21:04:39","guid":{"rendered":"http:\/\/biblian.is\/biblian\/opinberunarb%c2%97kin-12-kafli\/"},"modified":"2019-08-26T23:31:17","modified_gmt":"2019-08-26T23:31:17","slug":"opinberunarbok-johannesar-12-kafli","status":"publish","type":"page","link":"https:\/\/biblian.is\/biblian\/opinberunarbok-johannesar-12-kafli\/","title":{"rendered":"Opinberunarb\u00f3k J\u00f3hannesar 12. kafli"},"content":{"rendered":"<h3 class=\"millifyrirsogn_2007\"> Konan og drekinn<\/h3>\n<p><a name=\"1\"><span class=\"versanumer_2007\">1<\/span><\/a> Og t\u00e1kn miki\u00f0 birtist \u00e1 himni: Kona kl\u00e6dd s\u00f3linni og tungli\u00f0 var undir f\u00f3tum hennar og \u00e1 h\u00f6f\u00f0i hennar var k\u00f3r\u00f3na af t\u00f3lf stj\u00f6rnum. <a name=\"2\"><span class=\"versanumer_2007\">2<\/span><\/a> H\u00fan var \u00feungu\u00f0 og hlj\u00f3\u00f0a\u00f0i \u00ed j\u00f3\u00f0s\u00f3tt me\u00f0 h\u00f6r\u00f0um hr\u00ed\u00f0um. <br \/> <a name=\"3\"><span class=\"versanumer_2007\">3<\/span><\/a> Anna\u00f0 t\u00e1kn birtist \u00e1 himni: Mikill dreki rau\u00f0ur er haf\u00f0i sj\u00f6 h\u00f6fu\u00f0 og t\u00edu horn og \u00e1 h\u00f6f\u00f0unum sj\u00f6 ennisdj\u00e1sn. <a name=\"4\"><span class=\"versanumer_2007\">4<\/span><\/a> Me\u00f0 halanum dr\u00f3 hann \u00feri\u00f0ja hlutann af stj\u00f6rnum himinsins og varpa\u00f0i \u00feeim ofan \u00e1 j\u00f6r\u00f0ina. Drekinn st\u00f3\u00f0 frammi fyrir konunni, sem komin var a\u00f0 \u00fev\u00ed a\u00f0 f\u00e6\u00f0a, til \u00feess a\u00f0 gleypa barn hennar, \u00fe\u00e1 er h\u00fan hef\u00f0i f\u00e6tt. <a name=\"5\"><span class=\"versanumer_2007\">5<\/span><\/a> H\u00fan f\u00e6ddi son, sveinbarn sem stj\u00f3rna mun \u00f6llum \u00fej\u00f3\u00f0um me\u00f0 j\u00e1rnsprota. Og barn hennar var hrifi\u00f0 til Gu\u00f0s, til h\u00e1s\u00e6tis hans. <a name=\"6\"><span class=\"versanumer_2007\">6<\/span><\/a> En konan fl\u00fd\u00f0i \u00fat \u00e1 ey\u00f0im\u00f6rkina \u00fear sem Gu\u00f0 hefur b\u00fai\u00f0 henni sta\u00f0 og \u00fear sem s\u00e9\u00f0 ver\u00f0ur fyrir \u00fe\u00f6rfum hennar \u00ed eitt \u00fe\u00fasund og tv\u00f6 hundru\u00f0 og sext\u00edu daga. <br \/> <a name=\"7\"><span class=\"versanumer_2007\">7<\/span><\/a> \u00de\u00e1 h\u00f3fst str\u00ed\u00f0 \u00e1 himni: Mikael og englar hans f\u00f3ru a\u00f0 berjast vi\u00f0 drekann. Drekinn og englar hans b\u00f6r\u00f0ust \u00e1 m\u00f3ti <a name=\"8\"><span class=\"versanumer_2007\">8<\/span><\/a> en fengu eigi sta\u00f0ist og h\u00e9ldust heldur ekki lengur vi\u00f0 \u00e1 himni. <a name=\"9\"><span class=\"versanumer_2007\">9<\/span><\/a> Og drekanum mikla var varpa\u00f0 ni\u00f0ur, hinum gamla h\u00f6ggormi sem heitir dj\u00f6full og Satan og afvegalei\u00f0ir alla heimsbygg\u00f0ina, honum var varpa\u00f0 ni\u00f0ur \u00e1 j\u00f6r\u00f0ina og englum hans var varpa\u00f0 ni\u00f0ur me\u00f0 honum. <br \/> <a name=\"10\"><span class=\"versanumer_2007\">10<\/span><\/a> Og \u00e9g heyr\u00f0i r\u00f6dd mikla \u00e1 himni segja: <br \/> <span class=\"ljodatexti\"> N\u00fa er komi\u00f0 hj\u00e1lpr\u00e6\u00f0i\u00f0 og m\u00e1tturinn og r\u00edki Gu\u00f0s vors <br \/>og veldi hans Smur\u00f0a. <br \/>\u00dev\u00ed a\u00f0 \u00feeim sem st\u00f3\u00f0 frammi fyrir Gu\u00f0i dag og n\u00f3tt og \u00e1k\u00e6r\u00f0i \u00feau sem tr\u00faa <br \/>hefur veri\u00f0 steypt ni\u00f0ur.<br \/> <\/span> <span class=\"ljodatexti\"> <a name=\"11\"><span class=\"versanumer_ljod\">11<\/span><\/a>Og \u00feau hafa sigra\u00f0 hann fyrir bl\u00f3\u00f0 lambsins <br \/>og fyrir or\u00f0 vitnisbur\u00f0ar s\u00edns <br \/>og eigi var \u00feeim l\u00edfi\u00f0 svo k\u00e6rt a\u00f0 \u00feeim \u00e6g\u00f0i dau\u00f0i. <br \/> <\/span> <span class=\"ljodatexti\"> <a name=\"12\"><span class=\"versanumer_ljod\">12<\/span><\/a>Fagni\u00f0 \u00fev\u00ed, himnar og \u00fe\u00e9r sem \u00ed \u00feeim b\u00fai\u00f0. <br \/>Vei s\u00e9 j\u00f6r\u00f0unni og hafinu <br \/>\u00fev\u00ed a\u00f0 dj\u00f6fullinn er stiginn ni\u00f0ur til y\u00f0ar \u00ed miklum m\u00f3\u00f0 <br \/>\u00fev\u00ed a\u00f0 hann veit a\u00f0 hann hefur nauman t\u00edma. <\/span> <br \/> <a name=\"13\"><span class=\"versanumer_2007\">13<\/span><\/a> \u00deegar drekinn s\u00e1 a\u00f0 honum var varpa\u00f0 ni\u00f0ur \u00e1 j\u00f6r\u00f0ina ofs\u00f3tti hann konuna sem ali\u00f0 haf\u00f0i sveinbarni\u00f0. <a name=\"14\"><span class=\"versanumer_2007\">14<\/span><\/a> Og konunni voru gefnir v\u00e6ngirnir tveir af erninum mikla til \u00feess a\u00f0 h\u00fan skyldi flj\u00faga \u00e1 ey\u00f0im\u00f6rkina til s\u00edns sta\u00f0ar \u00fear sem s\u00e9\u00f0 ver\u00f0ur fyrir \u00fe\u00f6rfum hennar \u00ferj\u00fa og h\u00e1lft \u00e1r, fjarri augs\u00fdn h\u00f6ggormsins. <a name=\"15\"><span class=\"versanumer_2007\">15<\/span><\/a> H\u00f6ggormurinn spj\u00f3 vatni \u00far munni s\u00e9r \u00e1 eftir konunni, eins og fl\u00f3\u00f0i, til \u00feess a\u00f0 h\u00fan b\u00e6rist burt me\u00f0 straumnum. <a name=\"16\"><span class=\"versanumer_2007\">16<\/span><\/a> En j\u00f6r\u00f0in kom konunni til hj\u00e1lpar og j\u00f6r\u00f0in opna\u00f0i munn sinn og svalg vatnsfl\u00f3\u00f0i\u00f0 sem drekinn spj\u00f3 \u00far munni s\u00e9r. <a name=\"17\"><span class=\"versanumer_2007\">17<\/span><\/a> \u00de\u00e1 reiddist drekinn konunni og f\u00f3r burt til \u00feess a\u00f0 heyja str\u00ed\u00f0 vi\u00f0 a\u00f0ra afkomendur hennar \u00fe\u00e1 er var\u00f0veita or\u00f0 Gu\u00f0s og hafa vitnisbur\u00f0 Jes\u00fa. <a name=\"18\"><span class=\"versanumer_2007\">18<\/span><\/a> Og hann nam sta\u00f0ar \u00e1 sandinum vi\u00f0 sj\u00f3inn. <\/p>\n","protected":false},"excerpt":{"rendered":"<p>Konan og drekinn 1 Og t\u00e1kn miki\u00f0 birtist \u00e1 himni: Kona kl\u00e6dd s\u00f3linni og tungli\u00f0 var undir f\u00f3tum hennar og \u00e1 h\u00f6f\u00f0i hennar var k\u00f3r\u00f3na af t\u00f3lf stj\u00f6rnum. 2 H\u00fan var \u00feungu\u00f0 og hlj\u00f3\u00f0a\u00f0i \u00ed j\u00f3\u00f0s\u00f3tt me\u00f0 h\u00f6r\u00f0um hr\u00ed\u00f0um. 3 Anna\u00f0 t\u00e1kn birtist \u00e1 himni: Mikill dreki rau\u00f0ur er haf\u00f0i sj\u00f6 h\u00f6fu\u00f0 og t\u00edu horn og \u00e1 h\u00f6f\u00f0unum sj\u00f6 ennisdj\u00e1sn. 4 Me\u00f0 halanum dr\u00f3 hann \u00feri\u00f0ja hlutann af stj\u00f6rnum himinsins og varpa\u00f0i \u00feeim ofan \u00e1 j\u00f6r\u00f0ina. Drekinn st\u00f3\u00f0 frammi fyrir konunni, sem komin var a\u00f0 \u00fev\u00ed a\u00f0 f\u00e6\u00f0a, til \u00feess a\u00f0 gleypa barn hennar, \u00fe\u00e1 er h\u00fan hef\u00f0i f\u00e6tt. 5 <a href=\"https:\/\/biblian.is\/biblian\/opinberunarbok-johannesar-12-kafli\/\"> [&#8230;]<\/a><\/p>\n","protected":false},"author":1,"featured_media":0,"parent":0,"menu_order":0,"comment_status":"open","ping_status":"open","template":"bibliukaflar_NT.php","meta":{"footnotes":""},"class_list":["post-2796","page","type-page","status-publish","hentry"],"_links":{"self":[{"href":"https:\/\/biblian.is\/biblian\/wp-json\/wp\/v2\/pages\/2796","targetHints":{"allow":["GET"]}}],"collection":[{"href":"https:\/\/biblian.is\/biblian\/wp-json\/wp\/v2\/pages"}],"about":[{"href":"https:\/\/biblian.is\/biblian\/wp-json\/wp\/v2\/types\/page"}],"author":[{"embeddable":true,"href":"https:\/\/biblian.is\/biblian\/wp-json\/wp\/v2\/users\/1"}],"replies":[{"embeddable":true,"href":"https:\/\/biblian.is\/biblian\/wp-json\/wp\/v2\/comments?post=2796"}],"version-history":[{"count":0,"href":"https:\/\/biblian.is\/biblian\/wp-json\/wp\/v2\/pages\/2796\/revisions"}],"wp:attachment":[{"href":"https:\/\/biblian.is\/biblian\/wp-json\/wp\/v2\/media?parent=2796"}],"curies":[{"name":"wp","href":"https:\/\/api.w.org\/{rel}","templated":true}]}}