{"id":2737,"date":"2017-12-30T21:04:25","date_gmt":"2017-12-30T21:04:25","guid":{"rendered":"http:\/\/biblian.is\/biblian\/fyrra-t%c2%92m%c2%97teusarbr%c2%8ef-1-kafli\/"},"modified":"2019-08-26T23:59:19","modified_gmt":"2019-08-26T23:59:19","slug":"fyrra-timoteusarbref-1-kafli","status":"publish","type":"page","link":"https:\/\/biblian.is\/biblian\/fyrra-timoteusarbref-1-kafli\/","title":{"rendered":"Fyrra T\u00edm\u00f3teusarbr\u00e9f 1. kafli"},"content":{"rendered":"<h3 class=\"millifyrirsogn_2007\"> Kve\u00f0ja<\/h3>\n<p><a name=\"1\"><span class=\"versanumer_2007\">1<\/span><\/a> P\u00e1ll, postuli Krists Jes\u00fa, a\u00f0 bo\u00f0i Gu\u00f0s frelsara vors og Krists Jes\u00fa, vonar vorrar, heilsar <a name=\"2\"><span class=\"versanumer_2007\">2<\/span><\/a> T\u00edm\u00f3teusi, skilgetnu barni s\u00ednu \u00ed tr\u00fanni.<br \/>N\u00e1\u00f0, miskunn og fri\u00f0ur fr\u00e1 Gu\u00f0i f\u00f6\u00f0ur og Kristi Jes\u00fa, Drottni vorum.<\/p>\n<h3 class=\"millifyrirsogn_2007\">Vara\u00f0 vi\u00f0 villukennendum<\/h3>\n<p><a name=\"3\"><span class=\"versanumer_2007\">3<\/span><\/a> \u00deegar \u00e9g var \u00e1 f\u00f6rum til Maked\u00f3n\u00edu hvatti \u00e9g \u00feig a\u00f0 halda kyrru fyrir \u00ed Efesus. \u00de\u00fa \u00e1ttir a\u00f0 bj\u00f3\u00f0a vissum m\u00f6nnum a\u00f0 fara ekki me\u00f0 villukenningar <a name=\"4\"><span class=\"versanumer_2007\">4<\/span><\/a> og gefa sig ekki a\u00f0 kynjas\u00f6gum og endalausum \u00e6ttart\u00f6lum er fremur efla \u00fer\u00e6tur en tr\u00faarskilning \u00e1 r\u00e1\u00f0st\u00f6fun Gu\u00f0s. <a name=\"5\"><span class=\"versanumer_2007\">5<\/span><\/a> Markmi\u00f0 fr\u00e6\u00f0slunnar er a\u00f0 vekja k\u00e6rleika af hreinu hjarta, g\u00f3\u00f0ri samvisku og hr\u00e6snislausri tr\u00fa. <a name=\"6\"><span class=\"versanumer_2007\">6<\/span><\/a> Sumir hafa villst fr\u00e1 \u00feessu og hafa sn\u00fai\u00f0 s\u00e9r a\u00f0 innant\u00f3mu or\u00f0agj\u00e1lfri. <a name=\"7\"><span class=\"versanumer_2007\">7<\/span><\/a> \u00deeir vilja \u00fatsk\u00fdra l\u00f6gm\u00e1li\u00f0 \u00fe\u00f3tt \u00feeir hvorki skilji sj\u00e1lfir hva\u00f0 \u00feeir segja n\u00e9 \u00fea\u00f0 sem \u00feeir telja \u00f6\u00f0rum tr\u00fa um.<br \/> <a name=\"8\"><span class=\"versanumer_2007\">8<\/span><\/a> Vi\u00f0 vitum a\u00f0 l\u00f6gm\u00e1li\u00f0 er gott s\u00e9 \u00fea\u00f0 r\u00e9tt nota\u00f0 <a name=\"9\"><span class=\"versanumer_2007\">9<\/span><\/a> og \u00feess g\u00e6tt a\u00f0 \u00fea\u00f0 er ekki sett vegna r\u00e9ttl\u00e1tra heldur fyrir l\u00f6gleysingja og \u00fever\u00fa\u00f0uga, \u00f3gu\u00f0lega og syndara, vanheilaga og \u00f3hreina, f\u00f6\u00f0urmor\u00f0ingja og m\u00f3\u00f0urmor\u00f0ingja, manndr\u00e1para, <a name=\"10\"><span class=\"versanumer_2007\">10<\/span><\/a> saurl\u00edfismenn, karla sem h\u00f3rast me\u00f0 k\u00f6rlum, \u00fer\u00e6lasala, lygara, meins\u00e6rismenn og hva\u00f0 sem \u00fea\u00f0 er n\u00fa anna\u00f0 sem gagnst\u00e6tt er hinni heiln\u00e6mu kenningu. <a name=\"11\"><span class=\"versanumer_2007\">11<\/span><\/a> \u00deetta er samkv\u00e6mt fagna\u00f0arerindinu um d\u00fdr\u00f0 hins blessa\u00f0a Gu\u00f0s sem m\u00e9r var tr\u00faa\u00f0 fyrir.<\/p>\n<h3 class=\"millifyrirsogn_2007\">\u00c9g \u00feakka Gu\u00f0i<\/h3>\n<p><a name=\"12\"><span class=\"versanumer_2007\">12<\/span><\/a> \u00c9g \u00feakka honum sem mig styrkan ger\u00f0i, Kristi Jes\u00fa, Drottni vorum, fyrir \u00fea\u00f0 a\u00f0 hann s\u00fdndi m\u00e9r \u00fea\u00f0 traust a\u00f0 fela m\u00e9r \u00fej\u00f3nustu, <a name=\"13\"><span class=\"versanumer_2007\">13<\/span><\/a> m\u00e9r sem fyrrum lastm\u00e6lti honum, ofs\u00f3tti hann og sm\u00e1na\u00f0i. En m\u00e9r var miskunna\u00f0, s\u00f6kum \u00feess a\u00f0 \u00e9g tr\u00fa\u00f0i ekki og vissi ekki hva\u00f0 \u00e9g ger\u00f0i, <a name=\"14\"><span class=\"versanumer_2007\">14<\/span><\/a> og n\u00e1\u00f0in Drottins vors var\u00f0 st\u00f3rlega r\u00edk me\u00f0 tr\u00fanni og k\u00e6rleikanum sem veitist \u00ed Kristi Jes\u00fa. <br \/> <a name=\"15\"><span class=\"versanumer_2007\">15<\/span><\/a> \u00dea\u00f0 or\u00f0 er satt, og \u00ed alla sta\u00f0i \u00feess vert a\u00f0 vi\u00f0 \u00fev\u00ed s\u00e9 teki\u00f0, a\u00f0 Kristur Jes\u00fas kom \u00ed heiminn til a\u00f0 frelsa synduga menn og er \u00e9g \u00fear fremstur \u00ed flokki. <a name=\"16\"><span class=\"versanumer_2007\">16<\/span><\/a> En Gu\u00f0 miskunna\u00f0i m\u00e9r til \u00feess a\u00f0 \u00e9g yr\u00f0i fyrstur \u00feeirra sem Kristur Jes\u00fas s\u00fdnir allt sitt mikla langlyndi og \u00fear me\u00f0 yr\u00f0i \u00e9g d\u00e6mi handa \u00feeim sem \u00e1 hann munu tr\u00faa til eil\u00edfs l\u00edfs. <br \/> <a name=\"17\"><span class=\"versanumer_2007\">17<\/span><\/a> Konungi eil\u00edf\u00f0ar, \u00f3dau\u00f0legum, \u00f3s\u00fdnilegum, einum Gu\u00f0i s\u00e9 hei\u00f0ur og d\u00fdr\u00f0 um aldir alda. Amen. <br \/> <a name=\"18\"><span class=\"versanumer_2007\">18<\/span><\/a> \u00deessi fyrirm\u00e6li legg \u00e9g fyrir \u00feig, barni\u00f0 mitt, T\u00edm\u00f3teus, og minni \u00e1 \u00feau sp\u00e1d\u00f3msor\u00f0 sem \u00e1\u00f0ur voru t\u00f6lu\u00f0 yfir \u00fe\u00e9r. Minnugur \u00feeirra skaltu berjast hinni g\u00f3\u00f0u bar\u00e1ttu, <a name=\"19\"><span class=\"versanumer_2007\">19<\/span><\/a> \u00ed tr\u00fa og me\u00f0 g\u00f3\u00f0a samvisku. Henni hafa sumir hafna\u00f0 og li\u00f0i\u00f0 skipbrot \u00e1 tr\u00fa sinni. <a name=\"20\"><span class=\"versanumer_2007\">20<\/span><\/a> \u00cd t\u00f6lu \u00feeirra eru \u00feeir H\u00fdmeneus og Alexander, sem \u00e9g hef selt Satan \u00e1 vald, til \u00feess a\u00f0 hirtingin kenni \u00feeim a\u00f0 h\u00e6tta a\u00f0 gu\u00f0lasta. <\/p>\n","protected":false},"excerpt":{"rendered":"<p>Kve\u00f0ja 1 P\u00e1ll, postuli Krists Jes\u00fa, a\u00f0 bo\u00f0i Gu\u00f0s frelsara vors og Krists Jes\u00fa, vonar vorrar, heilsar 2 T\u00edm\u00f3teusi, skilgetnu barni s\u00ednu \u00ed tr\u00fanni.N\u00e1\u00f0, miskunn og fri\u00f0ur fr\u00e1 Gu\u00f0i f\u00f6\u00f0ur og Kristi Jes\u00fa, Drottni vorum. Vara\u00f0 vi\u00f0 villukennendum 3 \u00deegar \u00e9g var \u00e1 f\u00f6rum til Maked\u00f3n\u00edu hvatti \u00e9g \u00feig a\u00f0 halda kyrru fyrir \u00ed Efesus. \u00de\u00fa \u00e1ttir a\u00f0 bj\u00f3\u00f0a vissum m\u00f6nnum a\u00f0 fara ekki me\u00f0 villukenningar 4 og gefa sig ekki a\u00f0 kynjas\u00f6gum og endalausum \u00e6ttart\u00f6lum er fremur efla \u00fer\u00e6tur en tr\u00faarskilning \u00e1 r\u00e1\u00f0st\u00f6fun Gu\u00f0s. 5 Markmi\u00f0 fr\u00e6\u00f0slunnar er a\u00f0 vekja k\u00e6rleika af hreinu hjarta, g\u00f3\u00f0ri samvisku og hr\u00e6snislausri tr\u00fa. <a href=\"https:\/\/biblian.is\/biblian\/fyrra-timoteusarbref-1-kafli\/\"> [&#8230;]<\/a><\/p>\n","protected":false},"author":1,"featured_media":0,"parent":0,"menu_order":0,"comment_status":"open","ping_status":"open","template":"bibliukaflar_NT.php","meta":{"footnotes":""},"class_list":["post-2737","page","type-page","status-publish","hentry"],"_links":{"self":[{"href":"https:\/\/biblian.is\/biblian\/wp-json\/wp\/v2\/pages\/2737","targetHints":{"allow":["GET"]}}],"collection":[{"href":"https:\/\/biblian.is\/biblian\/wp-json\/wp\/v2\/pages"}],"about":[{"href":"https:\/\/biblian.is\/biblian\/wp-json\/wp\/v2\/types\/page"}],"author":[{"embeddable":true,"href":"https:\/\/biblian.is\/biblian\/wp-json\/wp\/v2\/users\/1"}],"replies":[{"embeddable":true,"href":"https:\/\/biblian.is\/biblian\/wp-json\/wp\/v2\/comments?post=2737"}],"version-history":[{"count":0,"href":"https:\/\/biblian.is\/biblian\/wp-json\/wp\/v2\/pages\/2737\/revisions"}],"wp:attachment":[{"href":"https:\/\/biblian.is\/biblian\/wp-json\/wp\/v2\/media?parent=2737"}],"curies":[{"name":"wp","href":"https:\/\/api.w.org\/{rel}","templated":true}]}}