{"id":2729,"date":"2017-12-30T21:04:25","date_gmt":"2017-12-30T21:04:25","guid":{"rendered":"http:\/\/biblian.is\/biblian\/fyrra-_essalon%c2%92kubr%c2%8ef-1-kafli\/"},"modified":"2019-08-27T00:07:05","modified_gmt":"2019-08-27T00:07:05","slug":"fyrra-thessalonikubref-1-kafli","status":"publish","type":"page","link":"https:\/\/biblian.is\/biblian\/fyrra-thessalonikubref-1-kafli\/","title":{"rendered":"Fyrra \u00deessalon\u00edkubr\u00e9f 1. kafli"},"content":{"rendered":"<h3 class=\"millifyrirsogn_2007\"> Kve\u00f0ja og \u00feakkir<\/h3>\n<p><a name=\"1\"><span class=\"versanumer_2007\">1<\/span><\/a> P\u00e1ll, Silvanus og T\u00edm\u00f3teus heilsa s\u00f6fnu\u00f0i \u00deessalon\u00edkumanna sem er \u00ed Gu\u00f0i f\u00f6\u00f0ur og Drottni Jes\u00fa Kristi. N\u00e1\u00f0 s\u00e9 me\u00f0 y\u00f0ur og fri\u00f0ur.<br \/> <a name=\"2\"><span class=\"versanumer_2007\">2<\/span><\/a> \u00c9g \u00feakka \u00e1vallt Gu\u00f0i fyrir ykkur \u00f6ll er \u00e9g minnist ykkar \u00ed b\u00e6num m\u00ednum. <a name=\"3\"><span class=\"versanumer_2007\">3<\/span><\/a> \u00c9g minnist st\u00f6\u00f0ugt fyrir augliti Gu\u00f0s vors og f\u00f6\u00f0ur hve miki\u00f0 \u00fei\u00f0 starfi\u00f0 \u00ed tr\u00fanni, str\u00ed\u00f0i\u00f0 \u00ed k\u00e6rleikanum og eru\u00f0 sta\u00f0f\u00f6st \u00ed voninni \u00e1 Drottin vorn Jes\u00fa Krist. <a name=\"4\"><span class=\"versanumer_2007\">4<\/span><\/a> Gu\u00f0 elskar ykkur, systkin.<span class=\"nedan_mal\" title=\" Or\u00f0r\u00e9tt: br\u00e6\u00f0ur.\">[<\/span> \u00c9g veit a\u00f0 hann hefur \u00fatvali\u00f0 ykkur. <a name=\"5\"><span class=\"versanumer_2007\">5<\/span><\/a> Fagna\u00f0arerindi mitt kom ekki til ykkar \u00ed or\u00f0um einum heldur \u00ed krafti og heil\u00f6gum anda me\u00f0 fyllstu sannf\u00e6ringu. Eins viti\u00f0 \u00fei\u00f0 hverju \u00e9g kom til vegar ykkar vegna. <a name=\"6\"><span class=\"versanumer_2007\">6<\/span><\/a> \u00dei\u00f0 hafi\u00f0 gerst eftirbreytendur m\u00ednir og Drottins. <a name=\"7\"><span class=\"versanumer_2007\">7<\/span><\/a> \u00der\u00e1tt fyrir mikla \u00ferengingu t\u00f3ku\u00f0 \u00fei\u00f0 \u00e1 m\u00f3ti or\u00f0inu me\u00f0 f\u00f6gnu\u00f0i sem heilagur andi gefur. \u00deannig eru\u00f0 \u00fei\u00f0 or\u00f0in fyrirmynd \u00f6llum tr\u00fau\u00f0um \u00ed Maked\u00f3n\u00edu og \u00ed Akkeu. <a name=\"8\"><span class=\"versanumer_2007\">8<\/span><\/a> Fr\u00e1 ykkur hefur or\u00f0 Drottins hlj\u00f3ma\u00f0, ekki einungis \u00ed Maked\u00f3n\u00edu og Akkeu, heldur er tr\u00fa ykkar \u00e1 Gu\u00f0 kunn or\u00f0in alls sta\u00f0ar. Um \u00fea\u00f0 \u00fearf \u00e9g ekki a\u00f0 fj\u00f6lyr\u00f0a. <a name=\"9\"><span class=\"versanumer_2007\">9<\/span><\/a> Allir segja fr\u00e1 \u00fev\u00ed \u00e1 hvern h\u00e1tt \u00e9g kom til ykkar og hvernig \u00fei\u00f0 sneru\u00f0 ykkur til Gu\u00f0s fr\u00e1 skur\u00f0go\u00f0unum til \u00feess a\u00f0 \u00fej\u00f3na lifandi og s\u00f6nnum Gu\u00f0i, <a name=\"10\"><span class=\"versanumer_2007\">10<\/span><\/a> og hvernig \u00fei\u00f0 v\u00e6nti\u00f0 n\u00fa sonar hans, fr\u00e1 himnum, Jes\u00fa, sem Gu\u00f0 vakti upp fr\u00e1 dau\u00f0um og mun frelsa okkur fr\u00e1 hinni komandi rei\u00f0i.<\/p>\n","protected":false},"excerpt":{"rendered":"<p>Kve\u00f0ja og \u00feakkir 1 P\u00e1ll, Silvanus og T\u00edm\u00f3teus heilsa s\u00f6fnu\u00f0i \u00deessalon\u00edkumanna sem er \u00ed Gu\u00f0i f\u00f6\u00f0ur og Drottni Jes\u00fa Kristi. N\u00e1\u00f0 s\u00e9 me\u00f0 y\u00f0ur og fri\u00f0ur. 2 \u00c9g \u00feakka \u00e1vallt Gu\u00f0i fyrir ykkur \u00f6ll er \u00e9g minnist ykkar \u00ed b\u00e6num m\u00ednum. 3 \u00c9g minnist st\u00f6\u00f0ugt fyrir augliti Gu\u00f0s vors og f\u00f6\u00f0ur hve miki\u00f0 \u00fei\u00f0 starfi\u00f0 \u00ed tr\u00fanni, str\u00ed\u00f0i\u00f0 \u00ed k\u00e6rleikanum og eru\u00f0 sta\u00f0f\u00f6st \u00ed voninni \u00e1 Drottin vorn Jes\u00fa Krist. 4 Gu\u00f0 elskar ykkur, systkin.[ \u00c9g veit a\u00f0 hann hefur \u00fatvali\u00f0 ykkur. 5 Fagna\u00f0arerindi mitt kom ekki til ykkar \u00ed or\u00f0um einum heldur \u00ed krafti og heil\u00f6gum anda me\u00f0 fyllstu <a href=\"https:\/\/biblian.is\/biblian\/fyrra-thessalonikubref-1-kafli\/\"> [&#8230;]<\/a><\/p>\n","protected":false},"author":1,"featured_media":0,"parent":0,"menu_order":0,"comment_status":"open","ping_status":"open","template":"bibliukaflar_NT.php","meta":{"footnotes":""},"class_list":["post-2729","page","type-page","status-publish","hentry"],"_links":{"self":[{"href":"https:\/\/biblian.is\/biblian\/wp-json\/wp\/v2\/pages\/2729","targetHints":{"allow":["GET"]}}],"collection":[{"href":"https:\/\/biblian.is\/biblian\/wp-json\/wp\/v2\/pages"}],"about":[{"href":"https:\/\/biblian.is\/biblian\/wp-json\/wp\/v2\/types\/page"}],"author":[{"embeddable":true,"href":"https:\/\/biblian.is\/biblian\/wp-json\/wp\/v2\/users\/1"}],"replies":[{"embeddable":true,"href":"https:\/\/biblian.is\/biblian\/wp-json\/wp\/v2\/comments?post=2729"}],"version-history":[{"count":0,"href":"https:\/\/biblian.is\/biblian\/wp-json\/wp\/v2\/pages\/2729\/revisions"}],"wp:attachment":[{"href":"https:\/\/biblian.is\/biblian\/wp-json\/wp\/v2\/media?parent=2729"}],"curies":[{"name":"wp","href":"https:\/\/api.w.org\/{rel}","templated":true}]}}