{"id":2724,"date":"2017-12-30T21:04:25","date_gmt":"2017-12-30T21:04:25","guid":{"rendered":"http:\/\/biblian.is\/biblian\/filipp%c2%92br%c2%8efi_-4-kafli\/"},"modified":"2019-08-27T00:03:52","modified_gmt":"2019-08-27T00:03:52","slug":"filippibrefid-4-kafli","status":"publish","type":"page","link":"https:\/\/biblian.is\/biblian\/filippibrefid-4-kafli\/","title":{"rendered":"Filipp\u00edbr\u00e9fi\u00f0 4. kafli"},"content":{"rendered":"<h3 class=\"millifyrirsogn_2007\"> Drottinn \u00ed n\u00e1nd<\/h3>\n<p><a name=\"1\"><span class=\"versanumer_2007\">1<\/span><\/a> \u00deess vegna, m\u00edn elsku\u00f0u og \u00fer\u00e1\u00f0u systkin,<span class=\"nedan_mal\" title=\" Or\u00f0r\u00e9tt: m\u00ednir elsku\u00f0u og \u00fer\u00e1\u00f0u br\u00e6\u00f0ur.\">[<\/span> gle\u00f0i m\u00edn og k\u00f3r\u00f3na, standi\u00f0 \u00fe\u00e1 st\u00f6\u00f0ug \u00ed Drottni.<br \/> <a name=\"2\"><span class=\"versanumer_2007\">2<\/span><\/a> \u00c9g \u00e1minni Evod\u00edu og S\u00fdnt\u00fdke a\u00f0 vera samlyndar vegna Drottins. <a name=\"3\"><span class=\"versanumer_2007\">3<\/span><\/a> J\u00e1, \u00e9g bi\u00f0 einnig \u00feig, tr\u00falyndi sam\u00fej\u00f3nn, hj\u00e1lpa \u00fe\u00fa \u00feeim \u00fev\u00ed a\u00f0 \u00fe\u00e6r b\u00f6r\u00f0ust me\u00f0 m\u00e9r vi\u00f0 bo\u00f0un fagna\u00f0arerindisins \u00e1samt Klemens og \u00f6\u00f0rum samverkam\u00f6nnum m\u00ednum og standa n\u00f6fn \u00feeirra \u00ed l\u00edfsins b\u00f3k. <br \/> <a name=\"4\"><span class=\"versanumer_2007\">4<\/span><\/a> Veri\u00f0 \u00e1vallt gl\u00f6\u00f0 \u00ed Drottni. \u00c9g segi aftur: Veri\u00f0 gl\u00f6\u00f0. <a name=\"5\"><span class=\"versanumer_2007\">5<\/span><\/a> Lj\u00faflyndi ykkar ver\u00f0i kunnugt \u00f6llum m\u00f6nnum. Drottinn er \u00ed n\u00e1nd. <a name=\"6\"><span class=\"versanumer_2007\">6<\/span><\/a> Veri\u00f0 ekki hugsj\u00fak um neitt heldur geri\u00f0 \u00ed \u00f6llum hlutum \u00f3skir ykkar kunnar Gu\u00f0i me\u00f0 b\u00e6n og bei\u00f0ni og \u00feakkargj\u00f6r\u00f0. <a name=\"7\"><span class=\"versanumer_2007\">7<\/span><\/a> Og fri\u00f0ur Gu\u00f0s, sem er \u00e6\u00f0ri \u00f6llum skilningi, mun var\u00f0veita hj\u00f6rtu ykkar og hugsanir ykkar \u00ed Kristi Jes\u00fa. <br \/> <a name=\"8\"><span class=\"versanumer_2007\">8<\/span><\/a> A\u00f0 endingu, systkin,<span class=\"nedan_mal\" title=\" Or\u00f0r\u00e9tt: br\u00e6\u00f0ur.\">[<\/span> allt sem er satt, allt sem er g\u00f6fugt, r\u00e9tt og hreint, allt sem er elskuvert og gott afspurnar, hva\u00f0 sem er dyg\u00f0 og hva\u00f0 sem er lofsvert, hugfesti\u00f0 \u00fea\u00f0. <a name=\"9\"><span class=\"versanumer_2007\">9<\/span><\/a> \u00dei\u00f0 skulu\u00f0 gera \u00feetta, sem \u00fei\u00f0 hafi\u00f0 b\u00e6\u00f0i l\u00e6rt og numi\u00f0, heyrt og s\u00e9\u00f0 til m\u00edn. Og Gu\u00f0 fri\u00f0arins mun vera me\u00f0 ykkur. <\/p>\n<h3 class=\"millifyrirsogn_2007\">\u00deakkir<\/h3>\n<p><a name=\"10\"><span class=\"versanumer_2007\">10<\/span><\/a> \u00c9g gle\u00f0st mj\u00f6g og \u00feakka Drottni fyrir a\u00f0 hagur ykkar hefur loks batna\u00f0 svo aftur a\u00f0 \u00fei\u00f0 g\u00e1tu\u00f0 hugsa\u00f0 til m\u00edn. A\u00f0 s\u00f6nnu hafi\u00f0 \u00fei\u00f0 hugsa\u00f0 til m\u00edn en g\u00e1tu\u00f0 ekki s\u00fdnt \u00fea\u00f0 \u00ed verki. <a name=\"11\"><span class=\"versanumer_2007\">11<\/span><\/a> Ekki segi \u00e9g \u00feetta vegna \u00feess a\u00f0 \u00e9g hafi li\u00f0i\u00f0 skort \u00fev\u00ed a\u00f0 \u00e9g hef l\u00e6rt a\u00f0 l\u00e1ta m\u00e9r n\u00e6gja \u00fea\u00f0 sem \u00e9g hef. <a name=\"12\"><span class=\"versanumer_2007\">12<\/span><\/a> \u00c9g kann a\u00f0 b\u00faa vi\u00f0 l\u00edtinn kost, \u00e9g kann einnig a\u00f0 hafa allsn\u00e6gtir. \u00c9g er fullreyndur or\u00f0inn \u00ed \u00f6llum hlutum, a\u00f0 vera mettur og hungra\u00f0ur, a\u00f0 hafa allsn\u00e6gtir og l\u00ed\u00f0a skort. <a name=\"13\"><span class=\"versanumer_2007\">13<\/span><\/a> Allt megna \u00e9g fyrir hj\u00e1lp hans sem mig styrkan gerir. <br \/> <a name=\"14\"><span class=\"versanumer_2007\">14<\/span><\/a> Eigi a\u00f0 s\u00ed\u00f0ur ger\u00f0u\u00f0 \u00fei\u00f0 vel \u00ed \u00fev\u00ed a\u00f0 vilja hj\u00e1lpa m\u00e9r \u00ed \u00ferengingu minni. <a name=\"15\"><span class=\"versanumer_2007\">15<\/span><\/a> \u00dei\u00f0 viti\u00f0 og, Filipp\u00edmenn, a\u00f0 \u00feegar \u00e9g \u00ed upphafi bo\u00f0a\u00f0i ykkur fagna\u00f0arerindi\u00f0 og var farinn burt \u00far Maked\u00f3n\u00edu haf\u00f0i enginn annar s\u00f6fnu\u00f0ur en \u00fei\u00f0 reikning hj\u00e1 m\u00e9r yfir gefi\u00f0 og \u00feegi\u00f0. <a name=\"16\"><span class=\"versanumer_2007\">16<\/span><\/a> Meira a\u00f0 segja \u00feegar \u00e9g var \u00ed \u00deessalon\u00edku sendu\u00f0 \u00fei\u00f0 m\u00e9r oftar en einu sinni til nau\u00f0synja minna. <a name=\"17\"><span class=\"versanumer_2007\">17<\/span><\/a> Ekki a\u00f0 m\u00e9r v\u00e6ri svo umhuga\u00f0 um gj\u00f6fina sem um \u00e1bata \u00feann sem f\u00e6rist r\u00edkulega ykkur til tekna. <a name=\"18\"><span class=\"versanumer_2007\">18<\/span><\/a> En n\u00fa hef \u00e9g fengi\u00f0 allt og hef meira en n\u00f3g s\u00ed\u00f0an Epafrod\u00edtus f\u00e6r\u00f0i m\u00e9r sendinguna fr\u00e1 ykkur, \u00fe\u00e6gilegan ilm, \u00feekka f\u00f3rn, Gu\u00f0i vel\u00fe\u00f3knanlega. <a name=\"19\"><span class=\"versanumer_2007\">19<\/span><\/a> En Gu\u00f0 minn mun uppfylla allar ykkar \u00fearfir og l\u00e1ta Krist Jes\u00fa veita ykkur af d\u00fdrlegum au\u00f0\u00e6fum s\u00ednum. <a name=\"20\"><span class=\"versanumer_2007\">20<\/span><\/a> Gu\u00f0i og f\u00f6\u00f0ur vorum s\u00e9 d\u00fdr\u00f0in um aldir alda. Amen. <\/p>\n<h3 class=\"millifyrirsogn_2007\">Kve\u00f0jur<\/h3>\n<p><a name=\"21\"><span class=\"versanumer_2007\">21<\/span><\/a> Heilsi\u00f0 \u00f6llum heil\u00f6gum \u00ed Kristi Jes\u00fa. <a name=\"22\"><span class=\"versanumer_2007\">22<\/span><\/a> Br\u00e6\u00f0urnir, sem hj\u00e1 m\u00e9r eru, bi\u00f0ja a\u00f0 heilsa ykkur. Allir heilagir bi\u00f0ja a\u00f0 heilsa ykkur en einkanlega \u00feeir sem eru \u00ed \u00fej\u00f3nustu keisarans. <br \/> <a name=\"23\"><span class=\"versanumer_2007\">23<\/span><\/a> N\u00e1\u00f0in Drottins Jes\u00fa Krists s\u00e9 me\u00f0 anda y\u00f0ar. <\/p>\n","protected":false},"excerpt":{"rendered":"<p>Drottinn \u00ed n\u00e1nd 1 \u00deess vegna, m\u00edn elsku\u00f0u og \u00fer\u00e1\u00f0u systkin,[ gle\u00f0i m\u00edn og k\u00f3r\u00f3na, standi\u00f0 \u00fe\u00e1 st\u00f6\u00f0ug \u00ed Drottni. 2 \u00c9g \u00e1minni Evod\u00edu og S\u00fdnt\u00fdke a\u00f0 vera samlyndar vegna Drottins. 3 J\u00e1, \u00e9g bi\u00f0 einnig \u00feig, tr\u00falyndi sam\u00fej\u00f3nn, hj\u00e1lpa \u00fe\u00fa \u00feeim \u00fev\u00ed a\u00f0 \u00fe\u00e6r b\u00f6r\u00f0ust me\u00f0 m\u00e9r vi\u00f0 bo\u00f0un fagna\u00f0arerindisins \u00e1samt Klemens og \u00f6\u00f0rum samverkam\u00f6nnum m\u00ednum og standa n\u00f6fn \u00feeirra \u00ed l\u00edfsins b\u00f3k. 4 Veri\u00f0 \u00e1vallt gl\u00f6\u00f0 \u00ed Drottni. \u00c9g segi aftur: Veri\u00f0 gl\u00f6\u00f0. 5 Lj\u00faflyndi ykkar ver\u00f0i kunnugt \u00f6llum m\u00f6nnum. Drottinn er \u00ed n\u00e1nd. 6 Veri\u00f0 ekki hugsj\u00fak um neitt heldur geri\u00f0 \u00ed \u00f6llum hlutum \u00f3skir ykkar kunnar <a href=\"https:\/\/biblian.is\/biblian\/filippibrefid-4-kafli\/\"> [&#8230;]<\/a><\/p>\n","protected":false},"author":1,"featured_media":0,"parent":0,"menu_order":0,"comment_status":"open","ping_status":"open","template":"bibliukaflar_NT.php","meta":{"footnotes":""},"class_list":["post-2724","page","type-page","status-publish","hentry"],"_links":{"self":[{"href":"https:\/\/biblian.is\/biblian\/wp-json\/wp\/v2\/pages\/2724","targetHints":{"allow":["GET"]}}],"collection":[{"href":"https:\/\/biblian.is\/biblian\/wp-json\/wp\/v2\/pages"}],"about":[{"href":"https:\/\/biblian.is\/biblian\/wp-json\/wp\/v2\/types\/page"}],"author":[{"embeddable":true,"href":"https:\/\/biblian.is\/biblian\/wp-json\/wp\/v2\/users\/1"}],"replies":[{"embeddable":true,"href":"https:\/\/biblian.is\/biblian\/wp-json\/wp\/v2\/comments?post=2724"}],"version-history":[{"count":0,"href":"https:\/\/biblian.is\/biblian\/wp-json\/wp\/v2\/pages\/2724\/revisions"}],"wp:attachment":[{"href":"https:\/\/biblian.is\/biblian\/wp-json\/wp\/v2\/media?parent=2724"}],"curies":[{"name":"wp","href":"https:\/\/api.w.org\/{rel}","templated":true}]}}