{"id":2700,"date":"2017-12-30T21:04:20","date_gmt":"2017-12-30T21:04:20","guid":{"rendered":"http:\/\/biblian.is\/biblian\/s%c2%92_ara-korintubr%c2%8ef-5-kafli\/"},"modified":"2019-08-26T23:45:18","modified_gmt":"2019-08-26T23:45:18","slug":"sidara-korintubref-5-kafli","status":"publish","type":"page","link":"https:\/\/biblian.is\/biblian\/sidara-korintubref-5-kafli\/","title":{"rendered":"S\u00ed\u00f0ara Korintubr\u00e9f 5. kafli"},"content":{"rendered":"<p><a name=\"1\"><span class=\"versanumer_2007\">1<\/span><\/a> Vi\u00f0 vitum a\u00f0 \u00fe\u00f3tt jar\u00f0nesk tjaldb\u00fa\u00f0 okkar ver\u00f0i rifin ni\u00f0ur \u00fe\u00e1 h\u00f6fum vi\u00f0 h\u00fas fr\u00e1 Gu\u00f0i, eil\u00edft h\u00fas \u00e1 himnum sem eigi er me\u00f0 h\u00f6ndum gert. <a name=\"2\"><span class=\"versanumer_2007\">2<\/span><\/a> \u00c1 me\u00f0an andv\u00f6rpum vi\u00f0 og \u00fer\u00e1um a\u00f0 \u00edkl\u00e6\u00f0ast h\u00fasi okkar fr\u00e1 himnum. <a name=\"3\"><span class=\"versanumer_2007\">3<\/span><\/a> \u00deegar vi\u00f0 \u00edkl\u00e6\u00f0umst \u00fev\u00ed munum vi\u00f0 ekki standa uppi nakin. <a name=\"4\"><span class=\"versanumer_2007\">4<\/span><\/a> En \u00e1 me\u00f0an vi\u00f0 erum \u00ed tjaldb\u00fa\u00f0inni stynjum vi\u00f0 m\u00e6dd. Vi\u00f0 viljum ekki afkl\u00e6\u00f0ast forgengilegum l\u00edkama okkar heldur \u00edkl\u00e6\u00f0ast \u00f3forgengilegum l\u00edkama til \u00feess a\u00f0 dau\u00f0leg tilvera okkar umbreytist og ver\u00f0i eil\u00edf. <a name=\"5\"><span class=\"versanumer_2007\">5<\/span><\/a> En \u00fea\u00f0 er Gu\u00f0 sem er a\u00f0 verki \u00ed okkur og gerir okkur \u00feetta f\u00e6rt og hann hefur gefi\u00f0 okkur anda sinn sem tryggingu. <br \/> <a name=\"6\"><span class=\"versanumer_2007\">6<\/span><\/a> \u00c9g er \u00fev\u00ed \u00e1vallt hughraustur \u00fe\u00f3tt \u00e9g viti a\u00f0 me\u00f0an \u00e9g lifi \u00e1 j\u00f6r\u00f0inni er \u00e9g a\u00f0 heiman fr\u00e1 Drottni <a name=\"7\"><span class=\"versanumer_2007\">7<\/span><\/a> \u00fev\u00ed a\u00f0 vi\u00f0 lifum \u00ed tr\u00fa \u00e1n \u00feess a\u00f0 sj\u00e1. <a name=\"8\"><span class=\"versanumer_2007\">8<\/span><\/a> J\u00e1, \u00e9g er hughraustur og mig langar \u00f6llu fremur til a\u00f0 hverfa burt \u00far l\u00edkamanum og vera heima hj\u00e1 Drottni. <a name=\"9\"><span class=\"versanumer_2007\">9<\/span><\/a> \u00deess vegna kosta \u00e9g kapps um, hvort sem \u00e9g er heima e\u00f0a a\u00f0 heiman, a\u00f0 vera honum \u00fe\u00f3knanlegur. <a name=\"10\"><span class=\"versanumer_2007\">10<\/span><\/a> \u00dev\u00ed a\u00f0 \u00f6llum ber okkur a\u00f0 birtast fyrir d\u00f3mst\u00f3li Krists til \u00feess a\u00f0 s\u00e9rhver f\u00e1i \u00fea\u00f0 endurgoldi\u00f0 sem hann hefur a\u00f0hafst \u00ed lifanda l\u00edfi, hvort sem \u00fea\u00f0 er gott e\u00f0a illt. <\/p>\n<h3 class=\"millifyrirsogn_2007\">Gu\u00f0 s\u00e6tti heiminn vi\u00f0 sig<\/h3>\n<p><a name=\"11\"><span class=\"versanumer_2007\">11<\/span><\/a> Me\u00f0 \u00fev\u00ed a\u00f0 \u00e9g n\u00fa veit hva\u00f0 \u00fea\u00f0 er a\u00f0 \u00f3ttast Drottin leitast \u00e9g vi\u00f0 a\u00f0 sannf\u00e6ra menn. En Gu\u00f0 gj\u00f6r\u00feekkir mig, \u00e9g vona a\u00f0 \u00fei\u00f0 geri\u00f0 \u00fea\u00f0 einnig \u00ed hj\u00f6rtum ykkar. <a name=\"12\"><span class=\"versanumer_2007\">12<\/span><\/a> Ekki er \u00e9g enn farinn a\u00f0 m\u00e6la me\u00f0 sj\u00e1lfum m\u00e9r vi\u00f0 ykkur heldur er \u00e9g a\u00f0 gefa ykkur tilefni til a\u00f0 miklast af m\u00e9r svo a\u00f0 \u00fei\u00f0 geti\u00f0 svara\u00f0 \u00feeim sem hr\u00f3sa s\u00e9r af hinu ytra en ekki af hjarta\u00feelinu. <a name=\"13\"><span class=\"versanumer_2007\">13<\/span><\/a> Enda \u00fe\u00f3tt \u00e9g hafi falli\u00f0 \u00ed lei\u00f0slu og tala\u00f0 tungum \u00fe\u00e1 var\u00f0ar \u00fea\u00f0 Gu\u00f0. \u00deegar \u00e9g er me\u00f0 sj\u00e1lfum m\u00e9r \u00fe\u00e1 er \u00fea\u00f0 vegna ykkar. <a name=\"14\"><span class=\"versanumer_2007\">14<\/span><\/a> K\u00e6rleiki Krists kn\u00fdr mig \u00fev\u00ed a\u00f0 \u00e9g hef \u00e1lykta\u00f0 svo: Ef einn er d\u00e1inn fyrir alla \u00fe\u00e1 eru allir d\u00e1nir. <a name=\"15\"><span class=\"versanumer_2007\">15<\/span><\/a> Og hann er d\u00e1inn fyrir alla til \u00feess a\u00f0 \u00feeir sem lifa lifi ekki framar sj\u00e1lfum s\u00e9r heldur honum sem fyrir \u00fe\u00e1 er d\u00e1inn og upprisinn. <br \/> <a name=\"16\"><span class=\"versanumer_2007\">16<\/span><\/a> \u00deannig met \u00e9g h\u00e9\u00f0an \u00ed fr\u00e1 engan a\u00f0 mannlegum h\u00e6tti. \u00de\u00f3tt \u00e9g og hafi \u00feekkt Krist sem mann \u00feekki \u00e9g hann n\u00fa ekki framar \u00feannig. <a name=\"17\"><span class=\"versanumer_2007\">17<\/span><\/a> Ef einhver er \u00ed Kristi er hann or\u00f0inn n\u00fdr ma\u00f0ur, hi\u00f0 li\u00f0na var\u00f0 a\u00f0 engu, n\u00fdtt er or\u00f0i\u00f0 til. <a name=\"18\"><span class=\"versanumer_2007\">18<\/span><\/a> Allt er fr\u00e1 Gu\u00f0i sem s\u00e6tti mig vi\u00f0 sig fyrir Krist og gaf m\u00e9r \u00fej\u00f3nustu s\u00e1ttarger\u00f0arinnar. <a name=\"19\"><span class=\"versanumer_2007\">19<\/span><\/a> \u00dev\u00ed a\u00f0 \u00fea\u00f0 var Gu\u00f0 sem \u00ed Kristi s\u00e6tti heiminn vi\u00f0 sig er hann tilreikna\u00f0i m\u00f6nnum ekki afbrot \u00feeirra og f\u00f3l m\u00e9r a\u00f0 bo\u00f0a or\u00f0 s\u00e1ttargj\u00f6r\u00f0arinnar.<br \/> <a name=\"20\"><span class=\"versanumer_2007\">20<\/span><\/a> \u00c9g er \u00fev\u00ed erindreki Krists sem Gu\u00f0 notar til a\u00f0 hvetja ykkur. \u00c9g bi\u00f0 \u00ed or\u00f0asta\u00f0 Krists: L\u00e1ti\u00f0 s\u00e6ttast vi\u00f0 Gu\u00f0. <a name=\"21\"><span class=\"versanumer_2007\">21<\/span><\/a> Gu\u00f0 d\u00e6mdi Krist, sem \u00feekkti ekki synd, sekan \u00ed okkar sta\u00f0 til \u00feess a\u00f0 hann ger\u00f0i okkur r\u00e9ttl\u00e1t \u00ed Gu\u00f0s augum. <\/p>\n","protected":false},"excerpt":{"rendered":"<p>1 Vi\u00f0 vitum a\u00f0 \u00fe\u00f3tt jar\u00f0nesk tjaldb\u00fa\u00f0 okkar ver\u00f0i rifin ni\u00f0ur \u00fe\u00e1 h\u00f6fum vi\u00f0 h\u00fas fr\u00e1 Gu\u00f0i, eil\u00edft h\u00fas \u00e1 himnum sem eigi er me\u00f0 h\u00f6ndum gert. 2 \u00c1 me\u00f0an andv\u00f6rpum vi\u00f0 og \u00fer\u00e1um a\u00f0 \u00edkl\u00e6\u00f0ast h\u00fasi okkar fr\u00e1 himnum. 3 \u00deegar vi\u00f0 \u00edkl\u00e6\u00f0umst \u00fev\u00ed munum vi\u00f0 ekki standa uppi nakin. 4 En \u00e1 me\u00f0an vi\u00f0 erum \u00ed tjaldb\u00fa\u00f0inni stynjum vi\u00f0 m\u00e6dd. Vi\u00f0 viljum ekki afkl\u00e6\u00f0ast forgengilegum l\u00edkama okkar heldur \u00edkl\u00e6\u00f0ast \u00f3forgengilegum l\u00edkama til \u00feess a\u00f0 dau\u00f0leg tilvera okkar umbreytist og ver\u00f0i eil\u00edf. 5 En \u00fea\u00f0 er Gu\u00f0 sem er a\u00f0 verki \u00ed okkur og gerir okkur \u00feetta f\u00e6rt og <a href=\"https:\/\/biblian.is\/biblian\/sidara-korintubref-5-kafli\/\"> [&#8230;]<\/a><\/p>\n","protected":false},"author":1,"featured_media":0,"parent":0,"menu_order":0,"comment_status":"open","ping_status":"open","template":"bibliukaflar_NT.php","meta":{"footnotes":""},"class_list":["post-2700","page","type-page","status-publish","hentry"],"_links":{"self":[{"href":"https:\/\/biblian.is\/biblian\/wp-json\/wp\/v2\/pages\/2700","targetHints":{"allow":["GET"]}}],"collection":[{"href":"https:\/\/biblian.is\/biblian\/wp-json\/wp\/v2\/pages"}],"about":[{"href":"https:\/\/biblian.is\/biblian\/wp-json\/wp\/v2\/types\/page"}],"author":[{"embeddable":true,"href":"https:\/\/biblian.is\/biblian\/wp-json\/wp\/v2\/users\/1"}],"replies":[{"embeddable":true,"href":"https:\/\/biblian.is\/biblian\/wp-json\/wp\/v2\/comments?post=2700"}],"version-history":[{"count":0,"href":"https:\/\/biblian.is\/biblian\/wp-json\/wp\/v2\/pages\/2700\/revisions"}],"wp:attachment":[{"href":"https:\/\/biblian.is\/biblian\/wp-json\/wp\/v2\/media?parent=2700"}],"curies":[{"name":"wp","href":"https:\/\/api.w.org\/{rel}","templated":true}]}}