{"id":2698,"date":"2017-12-30T21:04:20","date_gmt":"2017-12-30T21:04:20","guid":{"rendered":"http:\/\/biblian.is\/biblian\/s%c2%92_ara-korintubr%c2%8ef-3-kafli\/"},"modified":"2019-08-26T23:45:17","modified_gmt":"2019-08-26T23:45:17","slug":"sidara-korintubref-3-kafli","status":"publish","type":"page","link":"https:\/\/biblian.is\/biblian\/sidara-korintubref-3-kafli\/","title":{"rendered":"S\u00ed\u00f0ara Korintubr\u00e9f 3. kafli"},"content":{"rendered":"<h3 class=\"millifyrirsogn_2007\"> \u00dej\u00f3nar n\u00fds s\u00e1ttm\u00e1la<\/h3>\n<p><a name=\"1\"><span class=\"versanumer_2007\">1<\/span><\/a> Er \u00e9g n\u00fa aftur tekinn a\u00f0 m\u00e6la me\u00f0 sj\u00e1lfum m\u00e9r? E\u00f0a mundi \u00e9g \u00feurfa, eins og sumir, me\u00f0m\u00e6labr\u00e9f til ykkar e\u00f0a fr\u00e1 ykkur? <a name=\"2\"><span class=\"versanumer_2007\">2<\/span><\/a> \u00dei\u00f0 eru\u00f0 me\u00f0m\u00e6labr\u00e9f mitt, rita\u00f0 \u00e1 hjarta mitt, allir menn geta s\u00e9\u00f0 \u00fea\u00f0 og lesi\u00f0. <a name=\"3\"><span class=\"versanumer_2007\">3<\/span><\/a> \u00dei\u00f0 s\u00fdni\u00f0 lj\u00f3slega a\u00f0 Kristur hefur rita\u00f0 \u00feetta br\u00e9f og sent \u00fea\u00f0 me\u00f0 m\u00e9r: \u00dea\u00f0 er ekki skrifa\u00f0 me\u00f0 bleki heldur me\u00f0 anda lifanda Gu\u00f0s, ekki \u00e1 steinspj\u00f6ld heldur \u00e1 hjartaspj\u00f6ld manna. <br \/> <a name=\"4\"><span class=\"versanumer_2007\">4<\/span><\/a> \u00dea\u00f0 er vegna Krists sem \u00e9g er svo \u00f6ruggur frammi fyrir Gu\u00f0i. <a name=\"5\"><span class=\"versanumer_2007\">5<\/span><\/a> Ekki svo a\u00f0 skilja a\u00f0 \u00e9g s\u00e9 sj\u00e1lfur h\u00e6fur og geti eitthva\u00f0 sj\u00e1lfur heldur er h\u00e6fileiki minn fr\u00e1 Gu\u00f0i. <a name=\"6\"><span class=\"versanumer_2007\">6<\/span><\/a> Gu\u00f0 hefur gert mig h\u00e6fan til a\u00f0 vera \u00fej\u00f3nn n\u00fds s\u00e1ttm\u00e1la sem ekki er rita\u00f0ur \u00e1 b\u00f3k heldur er hann andlegur. \u00dev\u00ed a\u00f0 b\u00f3kstafurinn dey\u00f0ir en andinn l\u00edfgar. <br \/> <a name=\"7\"><span class=\"versanumer_2007\">7<\/span><\/a> L\u00f6gm\u00e1li\u00f0 var skr\u00e1\u00f0 me\u00f0 b\u00f3kst\u00f6fum og h\u00f6ggvi\u00f0 \u00e1 steina. \u00de\u00f3 a\u00f0 \u00feeir sem \u00fej\u00f3nu\u00f0u \u00fev\u00ed d\u00e6ju var d\u00fdr\u00f0 \u00feess sl\u00edk a\u00f0 \u00cdsraelsmenn g\u00e1tu ekki horft framan \u00ed M\u00f3se vegna lj\u00f3mans af \u00e1s\u00fdnd hans sem \u00fe\u00f3 var\u00f0 a\u00f0 engu. <a name=\"8\"><span class=\"versanumer_2007\">8<\/span><\/a> Hversu d\u00fdrlegri mun \u00fe\u00e1 s\u00fa \u00fej\u00f3nusta vera sem fram fer \u00ed anda? <a name=\"9\"><span class=\"versanumer_2007\">9<\/span><\/a> Ef \u00fej\u00f3nustan sem sakfellir var d\u00fdrleg \u00fe\u00e1 er \u00fej\u00f3nustan sem r\u00e9ttl\u00e6tir enn \u00fe\u00e1 au\u00f0ugri a\u00f0 d\u00fdr\u00f0. <a name=\"10\"><span class=\"versanumer_2007\">10<\/span><\/a> \u00cd \u00feessu efni ver\u00f0ur jafnvel \u00fea\u00f0 sem \u00e1\u00f0ur var d\u00fdrlegt ekki d\u00fdrlegt \u00ed samanbur\u00f0i vi\u00f0 hina yfirgn\u00e6fandi d\u00fdr\u00f0. <a name=\"11\"><span class=\"versanumer_2007\">11<\/span><\/a> \u00dev\u00ed a\u00f0 ef \u00fea\u00f0 sem a\u00f0 engu ver\u00f0ur kom fram me\u00f0 d\u00fdr\u00f0 \u00fe\u00e1 hl\u00fdtur miklu fremur hi\u00f0 varanlega a\u00f0 koma fram \u00ed d\u00fdr\u00f0. <br \/> <a name=\"12\"><span class=\"versanumer_2007\">12<\/span><\/a> \u00dear e\u00f0 \u00e9g n\u00fa hef sl\u00edka von \u00fe\u00e1 kem \u00e9g fram me\u00f0 mikilli dj\u00f6rfung. <a name=\"13\"><span class=\"versanumer_2007\">13<\/span><\/a> \u00c9g geri ekki eins og M\u00f3se sem setti sk\u00fdlu fyrir andlit s\u00e9r til \u00feess a\u00f0 \u00cdsraelsmenn skyldu ekki horfa \u00e1 lj\u00f3ma \u00feess sem var a\u00f0 hverfa. <a name=\"14\"><span class=\"versanumer_2007\">14<\/span><\/a> En hugur \u00feeirra var\u00f0 slj\u00f3r. \u00dev\u00ed allt til \u00feessa dags hv\u00edlir sama sk\u00fdlan yfir upplestri hins gamla s\u00e1ttm\u00e1la og henni hefur ekki veri\u00f0 svipt burt \u00fev\u00ed a\u00f0 Kristur einn l\u00e6tur hana hverfa. <a name=\"15\"><span class=\"versanumer_2007\">15<\/span><\/a> J\u00e1, allt til \u00feessa dags hv\u00edlir sk\u00fdla yfir hj\u00f6rtum \u00feeirra hven\u00e6r sem lesi\u00f0 er \u00far l\u00f6gm\u00e1li M\u00f3se. <a name=\"16\"><span class=\"versanumer_2007\">16<\/span><\/a> En \u201e\u00feegar einhver sn\u00fdr s\u00e9r til Drottins er sk\u00fdlan tekin burt\u201c.<span class=\"nedan_mal\" title=\" E\u00f0a: En sk\u00fdlan var tekin burt er hann sneri s\u00e9r til Drottins.\">[<\/span> <a name=\"17\"><span class=\"versanumer_2007\">17<\/span><\/a> Drottinn er andinn og \u00fear sem andi Drottins er, \u00fear er frelsi. <a name=\"18\"><span class=\"versanumer_2007\">18<\/span><\/a> En vi\u00f0 sj\u00e1um \u00f6ll me\u00f0 \u00f3hj\u00fapu\u00f0u andliti<span class=\"nedan_mal\" title=\" E\u00f0a: sj\u00e1um endurskini\u00f0 af.\">[<\/span> d\u00fdr\u00f0 Gu\u00f0s endurspeglast \u00ed Kristi og andi hans l\u00e6tur okkur umbreytast eftir \u00feeirri s\u00f6mu mynd til enn meiri d\u00fdr\u00f0ar. <\/p>\n","protected":false},"excerpt":{"rendered":"<p>\u00dej\u00f3nar n\u00fds s\u00e1ttm\u00e1la 1 Er \u00e9g n\u00fa aftur tekinn a\u00f0 m\u00e6la me\u00f0 sj\u00e1lfum m\u00e9r? E\u00f0a mundi \u00e9g \u00feurfa, eins og sumir, me\u00f0m\u00e6labr\u00e9f til ykkar e\u00f0a fr\u00e1 ykkur? 2 \u00dei\u00f0 eru\u00f0 me\u00f0m\u00e6labr\u00e9f mitt, rita\u00f0 \u00e1 hjarta mitt, allir menn geta s\u00e9\u00f0 \u00fea\u00f0 og lesi\u00f0. 3 \u00dei\u00f0 s\u00fdni\u00f0 lj\u00f3slega a\u00f0 Kristur hefur rita\u00f0 \u00feetta br\u00e9f og sent \u00fea\u00f0 me\u00f0 m\u00e9r: \u00dea\u00f0 er ekki skrifa\u00f0 me\u00f0 bleki heldur me\u00f0 anda lifanda Gu\u00f0s, ekki \u00e1 steinspj\u00f6ld heldur \u00e1 hjartaspj\u00f6ld manna. 4 \u00dea\u00f0 er vegna Krists sem \u00e9g er svo \u00f6ruggur frammi fyrir Gu\u00f0i. 5 Ekki svo a\u00f0 skilja a\u00f0 \u00e9g s\u00e9 sj\u00e1lfur h\u00e6fur og <a href=\"https:\/\/biblian.is\/biblian\/sidara-korintubref-3-kafli\/\"> [&#8230;]<\/a><\/p>\n","protected":false},"author":1,"featured_media":0,"parent":0,"menu_order":0,"comment_status":"open","ping_status":"open","template":"bibliukaflar_NT.php","meta":{"footnotes":""},"class_list":["post-2698","page","type-page","status-publish","hentry"],"_links":{"self":[{"href":"https:\/\/biblian.is\/biblian\/wp-json\/wp\/v2\/pages\/2698","targetHints":{"allow":["GET"]}}],"collection":[{"href":"https:\/\/biblian.is\/biblian\/wp-json\/wp\/v2\/pages"}],"about":[{"href":"https:\/\/biblian.is\/biblian\/wp-json\/wp\/v2\/types\/page"}],"author":[{"embeddable":true,"href":"https:\/\/biblian.is\/biblian\/wp-json\/wp\/v2\/users\/1"}],"replies":[{"embeddable":true,"href":"https:\/\/biblian.is\/biblian\/wp-json\/wp\/v2\/comments?post=2698"}],"version-history":[{"count":0,"href":"https:\/\/biblian.is\/biblian\/wp-json\/wp\/v2\/pages\/2698\/revisions"}],"wp:attachment":[{"href":"https:\/\/biblian.is\/biblian\/wp-json\/wp\/v2\/media?parent=2698"}],"curies":[{"name":"wp","href":"https:\/\/api.w.org\/{rel}","templated":true}]}}