{"id":2680,"date":"2017-12-30T21:04:15","date_gmt":"2017-12-30T21:04:15","guid":{"rendered":"http:\/\/biblian.is\/biblian\/fyrra-korintubr%c2%8ef-1-kafli\/"},"modified":"2019-08-26T23:45:13","modified_gmt":"2019-08-26T23:45:13","slug":"fyrra-korintubref-1-kafli","status":"publish","type":"page","link":"https:\/\/biblian.is\/biblian\/fyrra-korintubref-1-kafli\/","title":{"rendered":"Fyrra Korintubr\u00e9f 1. kafli"},"content":{"rendered":"<h3 class=\"millifyrirsogn_2007\"> Kve\u00f0ja<\/h3>\n<p><a name=\"1\"><span class=\"versanumer_2007\">1<\/span><\/a> P\u00e1ll, sem Gu\u00f0 kalla\u00f0i til a\u00f0 vera postuli Jes\u00fa Krists, og S\u00f3s\u00feenes, br\u00f3\u00f0irinn, heilsa <a name=\"2\"><span class=\"versanumer_2007\">2<\/span><\/a> s\u00f6fnu\u00f0i Gu\u00f0s \u00ed Korintu, \u00feeim sem Gu\u00f0 hefur helga\u00f0 \u00ed samf\u00e9lagi vi\u00f0 Jes\u00fa Krist og kalla\u00f0 til a\u00f0 lifa heil\u00f6gu l\u00edfi. Vi\u00f0 heilsum einnig \u00f6llum \u00feeim sem alls sta\u00f0ar \u00e1kalla nafn Drottins vors Jes\u00fa Krists sem er \u00feeirra Drottinn og vor. <br \/> <a name=\"3\"><span class=\"versanumer_2007\">3<\/span><\/a> N\u00e1\u00f0 s\u00e9 me\u00f0 y\u00f0ur og fri\u00f0ur fr\u00e1 Gu\u00f0i f\u00f6\u00f0ur vorum og Drottni Jes\u00fa Kristi. <br \/> <a name=\"4\"><span class=\"versanumer_2007\">4<\/span><\/a> \u00c1vallt \u00feakka \u00e9g Gu\u00f0i m\u00ednum fyrir ykkur, hann hefur veitt ykkur n\u00e1\u00f0 s\u00edna \u00ed Kristi Jes\u00fa. <a name=\"5\"><span class=\"versanumer_2007\">5<\/span><\/a> Hann hefur au\u00f0ga\u00f0 ykkur \u00e1 allan h\u00e1tt svo a\u00f0 \u00fei\u00f0 b\u00fai\u00f0 yfir allri m\u00e6lsku og allri \u00feekkingu. <a name=\"6\"><span class=\"versanumer_2007\">6<\/span><\/a> Vitnisbur\u00f0urinn um Krist er l\u00edka sta\u00f0festur or\u00f0inn \u00e1 me\u00f0al ykkar <a name=\"7\"><span class=\"versanumer_2007\">7<\/span><\/a> svo a\u00f0 ykkur brestur ekki neina n\u00e1\u00f0argj\u00f6f me\u00f0an \u00fei\u00f0 v\u00e6nti\u00f0 opinberunar Drottins vors Jes\u00fa Krists. <a name=\"8\"><span class=\"versanumer_2007\">8<\/span><\/a> Hann mun einnig styrkja ykkur allt til enda og gera ykkur \u00f3a\u00f0finnanleg \u00e1 degi Drottins vors Jes\u00fa Krists. <a name=\"9\"><span class=\"versanumer_2007\">9<\/span><\/a> Tr\u00far er Gu\u00f0 sem hefur kalla\u00f0 ykkur til samf\u00e9lags vi\u00f0 son sinn Jes\u00fa Krist, Drottin vorn. <\/p>\n<h3 class=\"millifyrirsogn_2007\">Allir samhuga<\/h3>\n<p><a name=\"10\"><span class=\"versanumer_2007\">10<\/span><\/a> En \u00e9g hvet ykkur, systkin,<span class=\"nedan_mal\" title=\" Or\u00f0r\u00e9tt: br\u00e6\u00f0ur.\">[<\/span> \u00ed nafni Drottins vors Jes\u00fa Krists, a\u00f0 vera \u00f6ll samhuga og ekki s\u00e9u flokkadr\u00e6ttir \u00e1 me\u00f0al ykkar. Veri\u00f0 heldur samlynd og einhuga. <a name=\"11\"><span class=\"versanumer_2007\">11<\/span><\/a> \u00dev\u00ed a\u00f0 heimilismenn Kl\u00f3e hafa tj\u00e1\u00f0 m\u00e9r um ykkur, br\u00e6\u00f0ur m\u00ednir og systur,<span class=\"nedan_mal\" title=\" Or\u00f0r\u00e9tt: br\u00e6\u00f0ur m\u00ednir.\">[<\/span> a\u00f0 \u00fer\u00e6tur eigi s\u00e9r sta\u00f0 \u00e1 me\u00f0al ykkar. <a name=\"12\"><span class=\"versanumer_2007\">12<\/span><\/a> \u00c9g \u00e1 vi\u00f0 a\u00f0 sum ykkar segja: \u201e\u00c9g fylgi P\u00e1li,\u201c og a\u00f0rir: \u201e\u00c9g fylgi Apoll\u00f3s,\u201c e\u00f0a: \u201e\u00c9g fylgi Kefasi,\u201c e\u00f0a: \u201e\u00c9g fylgi Kristi.\u201c <a name=\"13\"><span class=\"versanumer_2007\">13<\/span><\/a> Er \u00fe\u00e1 Kristi skipt \u00ed sundur?<span class=\"nedan_mal\" title=\" Annar lesh\u00e1ttur: Ekki er Kristi skipt \u00ed sundur.\">[<\/span> Skyldi P\u00e1ll hafa veri\u00f0 krossfestur fyrir ykkur? E\u00f0a eru\u00f0 \u00fei\u00f0 sk\u00edr\u00f0 til nafns P\u00e1ls? <a name=\"14\"><span class=\"versanumer_2007\">14<\/span><\/a> Gu\u00f0i s\u00e9 lof a\u00f0 \u00e9g hef engan ykkar sk\u00edrt nema Krispus og Gajus. <a name=\"15\"><span class=\"versanumer_2007\">15<\/span><\/a> \u00de\u00e1 getur enginn sagt a\u00f0 \u00fei\u00f0 s\u00e9u\u00f0 sk\u00edr\u00f0 til nafns m\u00edns. <a name=\"16\"><span class=\"versanumer_2007\">16<\/span><\/a> J\u00fa, \u00e9g sk\u00edr\u00f0i l\u00edka Stefanas og heimamenn hans. Annars veit \u00e9g ekki til a\u00f0 \u00e9g hafi sk\u00edrt neinn annan. <a name=\"17\"><span class=\"versanumer_2007\">17<\/span><\/a> Ekki sendi Kristur mig til a\u00f0 sk\u00edra heldur til a\u00f0 bo\u00f0a fagna\u00f0arerindi\u00f0, ekki me\u00f0 l\u00e6r\u00f0u or\u00f0skr\u00fa\u00f0i, \u00fe\u00e1 hef\u00f0i kross Krists horfi\u00f0 fyrir t\u00f3mum or\u00f0um. <\/p>\n<h3 class=\"millifyrirsogn_2007\">Kristur, kraftur Gu\u00f0s og speki<\/h3>\n<p><a name=\"18\"><span class=\"versanumer_2007\">18<\/span><\/a> \u00dev\u00ed a\u00f0 or\u00f0 krossins er heimska \u00feeim er stefna \u00ed gl\u00f6tun en okkur sem h\u00f3lpin ver\u00f0um er \u00fea\u00f0 kraftur Gu\u00f0s. <a name=\"19\"><span class=\"versanumer_2007\">19<\/span><\/a> Rita\u00f0 er: <br \/> <span class=\"ljodatexti\"> \u00c9g mun ey\u00f0a speki spekinganna <br \/>og hyggindi hyggindamannanna mun \u00e9g a\u00f0 engu gera. <\/span> <br \/> <a name=\"20\"><span class=\"versanumer_2007\">20<\/span><\/a> Hvar er vitringur? Hvar fr\u00e6\u00f0ima\u00f0ur, or\u00f0kappi \u00feessa heims? Er ekki \u00fea\u00f0 sem heimurinn telur speki heimska \u00ed augum Gu\u00f0s? <br \/> <a name=\"21\"><span class=\"versanumer_2007\">21<\/span><\/a> Enda \u00fe\u00f3tt speki Gu\u00f0s s\u00e9 \u00ed heiminum g\u00e1tu mennirnir ekki \u00feekkt Gu\u00f0 me\u00f0 sinni speki. \u00deess vegna \u00e1kva\u00f0 Gu\u00f0 a\u00f0 bo\u00f0a \u00fea\u00f0 sem er heimska \u00ed augum manna og frelsa \u00fe\u00e1 sem tr\u00faa. <a name=\"22\"><span class=\"versanumer_2007\">22<\/span><\/a> Gy\u00f0ingar heimta t\u00e1kn og Grikkir leita a\u00f0 speki <a name=\"23\"><span class=\"versanumer_2007\">23<\/span><\/a> en vi\u00f0 pr\u00e9dikum Krist krossfestan, Gy\u00f0ingum hneyksli og hei\u00f0ingjum heimsku <a name=\"24\"><span class=\"versanumer_2007\">24<\/span><\/a> en okkur sem Gu\u00f0 hefur kalla\u00f0, b\u00e6\u00f0i Gy\u00f0ingum og Grikkjum, Krist, kraft Gu\u00f0s og speki Gu\u00f0s. <a name=\"25\"><span class=\"versanumer_2007\">25<\/span><\/a> \u00dev\u00ed a\u00f0 heimska Gu\u00f0s er m\u00f6nnum vitrari og veikleiki Gu\u00f0s m\u00f6nnum sterkari.<br \/> <a name=\"26\"><span class=\"versanumer_2007\">26<\/span><\/a> Minnist \u00feess, systkin,<span class=\"nedan_mal\" title=\" Or\u00f0r\u00e9tt: br\u00e6\u00f0ur.\">[<\/span> hvernig \u00fei\u00f0 voru\u00f0 \u00feegar Gu\u00f0 kalla\u00f0i ykkur: M\u00f6rg ykkar voru ekki vitur a\u00f0 manna d\u00f3mi, ekki voldug e\u00f0a \u00e6ttst\u00f3r. <a name=\"27\"><span class=\"versanumer_2007\">27<\/span><\/a> En Gu\u00f0 hefur \u00fatvali\u00f0 \u00fea\u00f0 sem heimurinn telur heimsku til a\u00f0 gera hinum vitru kinnro\u00f0a og hi\u00f0 veika \u00ed heiminum til \u00feess a\u00f0 gera hinu volduga kinnro\u00f0a. <a name=\"28\"><span class=\"versanumer_2007\">28<\/span><\/a> Og hi\u00f0 l\u00edtilm\u00f3tlega \u00ed heiminum, \u00fea\u00f0 sem heimurinn telur einskis vir\u00f0i, hefur Gu\u00f0 \u00fatvali\u00f0 til \u00feess a\u00f0 gera a\u00f0 engu \u00fea\u00f0 sem er \u00ed metum. <a name=\"29\"><span class=\"versanumer_2007\">29<\/span><\/a> Enginn ma\u00f0ur skyldi hr\u00f3sa s\u00e9r fyrir Gu\u00f0i. <a name=\"30\"><span class=\"versanumer_2007\">30<\/span><\/a> Honum er \u00fea\u00f0 a\u00f0 \u00feakka a\u00f0 \u00fei\u00f0 eru\u00f0 \u00ed samf\u00e9lagi vi\u00f0 Krist Jes\u00fa. Hann er or\u00f0inn okkur v\u00edsd\u00f3mur fr\u00e1 Gu\u00f0i, b\u00e6\u00f0i r\u00e9ttl\u00e6ti, helgun og endurlausn. <a name=\"31\"><span class=\"versanumer_2007\">31<\/span><\/a> Eins og rita\u00f0 er: \u201eS\u00e1 sem vill hr\u00f3sa s\u00e9r hr\u00f3si s\u00e9r \u00ed Drottni.\u201c <\/p>\n","protected":false},"excerpt":{"rendered":"<p>Kve\u00f0ja 1 P\u00e1ll, sem Gu\u00f0 kalla\u00f0i til a\u00f0 vera postuli Jes\u00fa Krists, og S\u00f3s\u00feenes, br\u00f3\u00f0irinn, heilsa 2 s\u00f6fnu\u00f0i Gu\u00f0s \u00ed Korintu, \u00feeim sem Gu\u00f0 hefur helga\u00f0 \u00ed samf\u00e9lagi vi\u00f0 Jes\u00fa Krist og kalla\u00f0 til a\u00f0 lifa heil\u00f6gu l\u00edfi. Vi\u00f0 heilsum einnig \u00f6llum \u00feeim sem alls sta\u00f0ar \u00e1kalla nafn Drottins vors Jes\u00fa Krists sem er \u00feeirra Drottinn og vor. 3 N\u00e1\u00f0 s\u00e9 me\u00f0 y\u00f0ur og fri\u00f0ur fr\u00e1 Gu\u00f0i f\u00f6\u00f0ur vorum og Drottni Jes\u00fa Kristi. 4 \u00c1vallt \u00feakka \u00e9g Gu\u00f0i m\u00ednum fyrir ykkur, hann hefur veitt ykkur n\u00e1\u00f0 s\u00edna \u00ed Kristi Jes\u00fa. 5 Hann hefur au\u00f0ga\u00f0 ykkur \u00e1 allan h\u00e1tt svo a\u00f0 <a href=\"https:\/\/biblian.is\/biblian\/fyrra-korintubref-1-kafli\/\"> [&#8230;]<\/a><\/p>\n","protected":false},"author":1,"featured_media":0,"parent":0,"menu_order":0,"comment_status":"open","ping_status":"closed","template":"bibliukaflar_NT.php","meta":{"footnotes":""},"class_list":["post-2680","page","type-page","status-publish","hentry"],"_links":{"self":[{"href":"https:\/\/biblian.is\/biblian\/wp-json\/wp\/v2\/pages\/2680","targetHints":{"allow":["GET"]}}],"collection":[{"href":"https:\/\/biblian.is\/biblian\/wp-json\/wp\/v2\/pages"}],"about":[{"href":"https:\/\/biblian.is\/biblian\/wp-json\/wp\/v2\/types\/page"}],"author":[{"embeddable":true,"href":"https:\/\/biblian.is\/biblian\/wp-json\/wp\/v2\/users\/1"}],"replies":[{"embeddable":true,"href":"https:\/\/biblian.is\/biblian\/wp-json\/wp\/v2\/comments?post=2680"}],"version-history":[{"count":0,"href":"https:\/\/biblian.is\/biblian\/wp-json\/wp\/v2\/pages\/2680\/revisions"}],"wp:attachment":[{"href":"https:\/\/biblian.is\/biblian\/wp-json\/wp\/v2\/media?parent=2680"}],"curies":[{"name":"wp","href":"https:\/\/api.w.org\/{rel}","templated":true}]}}