{"id":2663,"date":"2017-12-30T21:04:10","date_gmt":"2017-12-30T21:04:10","guid":{"rendered":"http:\/\/biblian.is\/biblian\/postulasagan-28-kafli\/"},"modified":"2019-08-26T23:22:27","modified_gmt":"2019-08-26T23:22:27","slug":"postulasagan-28-kafli","status":"publish","type":"page","link":"https:\/\/biblian.is\/biblian\/postulasagan-28-kafli\/","title":{"rendered":"Postulasagan 28. kafli"},"content":{"rendered":"<h3 class=\"millifyrirsogn_2007\"> \u00c1 M\u00f6ltu<\/h3>\n<p><a name=\"1\"><span class=\"versanumer_2007\">1<\/span><\/a> N\u00fa sem vi\u00f0 vorum heilir \u00e1 land komnir fengum vi\u00f0 a\u00f0 vita a\u00f0 eyjan h\u00e9t Malta. <a name=\"2\"><span class=\"versanumer_2007\">2<\/span><\/a> Eyjarskeggjar s\u00fdndu okkur einstaka g\u00f3\u00f0mennsku. \u00deeir kyntu b\u00e1l og hlynntu a\u00f0 okkur \u00f6llum en kalt var \u00ed ve\u00f0ri og fari\u00f0 a\u00f0 rigna. <a name=\"3\"><span class=\"versanumer_2007\">3<\/span><\/a> P\u00e1ll t\u00f3k saman hr\u00edsv\u00f6ndul og lag\u00f0i \u00e1 eldinn. Skrei\u00f0 \u00fe\u00e1 \u00fat na\u00f0ra undan hitanum og festi sig \u00e1 h\u00f6nd hans. <a name=\"4\"><span class=\"versanumer_2007\">4<\/span><\/a> \u00deegar eyjarskeggjar s\u00e1u kvikindi\u00f0 hanga \u00e1 hendi hans s\u00f6g\u00f0u \u00feeir hver vi\u00f0 annan: \u201e\u00dea\u00f0 er v\u00edst a\u00f0 \u00feessi ma\u00f0ur er manndr\u00e1pari fyrst refsinornin lofar honum ekki a\u00f0 lifa \u00fe\u00f3tt hann hafi bjargast \u00far sj\u00f3num.\u201c <a name=\"5\"><span class=\"versanumer_2007\">5<\/span><\/a> En hann hristi kvikindi\u00f0 af s\u00e9r \u00ed eldinn og saka\u00f0i ekki. <a name=\"6\"><span class=\"versanumer_2007\">6<\/span><\/a> \u00deeir bjuggust vi\u00f0 a\u00f0 hann mundi b\u00f3lgna upp e\u00f0a detta sviplega dau\u00f0ur ni\u00f0ur. En \u00fe\u00e1 er \u00feeir h\u00f6f\u00f0u be\u00f0i\u00f0 \u00feess lengi og s\u00e1u a\u00f0 honum var\u00f0 ekkert meint af, skiptu \u00feeir um og s\u00f6g\u00f0u hann gu\u00f0 vera. <br \/> <a name=\"7\"><span class=\"versanumer_2007\">7<\/span><\/a> \u00cd grennd vi\u00f0 sta\u00f0 \u00feennan \u00e1tti b\u00fagar\u00f0 \u00e6\u00f0sti ma\u00f0ur \u00e1 eynni, P\u00fabl\u00edus a\u00f0 nafni. Hann t\u00f3k vi\u00f0 okkur og h\u00e9lt okkur \u00ed g\u00f3\u00f0u yfirl\u00e6ti \u00ferj\u00e1 daga. <a name=\"8\"><span class=\"versanumer_2007\">8<\/span><\/a> Svo vildi til a\u00f0 fa\u00f0ir P\u00fabl\u00edusar l\u00e1 sj\u00fakur me\u00f0 hitak\u00f6stum og bl\u00f3\u00f0s\u00f3tt. P\u00e1ll gekk inn til hans, ba\u00f0st fyrir, lag\u00f0i hendur yfir hann og l\u00e6kna\u00f0i hann. <a name=\"9\"><span class=\"versanumer_2007\">9<\/span><\/a> Eftir \u00feetta komu a\u00f0rir \u00feeir er sj\u00fakir voru \u00e1 eynni og voru l\u00e6kna\u00f0ir. <a name=\"10\"><span class=\"versanumer_2007\">10<\/span><\/a> H\u00f6f\u00f0u \u00feeir okkur \u00ed h\u00e1vegum og er vi\u00f0 skyldum sigla g\u00e1fu \u00feeir okkur allt sem vi\u00f0 \u00feurftum til fararinnar. <\/p>\n<h3 class=\"millifyrirsogn_2007\">P\u00e1ll kemur til R\u00f3mar<\/h3>\n<p><a name=\"11\"><span class=\"versanumer_2007\">11<\/span><\/a> A\u00f0 li\u00f0num \u00ferem m\u00e1nu\u00f0um l\u00f6g\u00f0um vi\u00f0 til hafs \u00e1 skipi fr\u00e1 Alexandr\u00edu sem legi\u00f0 haf\u00f0i vi\u00f0 eyna um veturinn og bar merki Tv\u00edburanna. <a name=\"12\"><span class=\"versanumer_2007\">12<\/span><\/a> Vi\u00f0 t\u00f3kum h\u00f6fn \u00ed S\u00fdrak\u00fasu og dv\u00f6ldumst \u00fear \u00ferj\u00e1 daga. <a name=\"13\"><span class=\"versanumer_2007\">13<\/span><\/a> \u00dea\u00f0an sigldum vi\u00f0 \u00ed sveig og komum til Reg\u00edum. A\u00f0 degi li\u00f0num fengum vi\u00f0 sunnanvind og komum \u00e1 \u00f6\u00f0rum degi til P\u00fate\u00f3l\u00ed. <a name=\"14\"><span class=\"versanumer_2007\">14<\/span><\/a> \u00dear hittum vi\u00f0 tr\u00fasystkin<span class=\"nedan_mal\" title=\" Or\u00f0r\u00e9tt: br\u00e6\u00f0ur.\">[<\/span> og b\u00e1\u00f0u \u00feau okkur a\u00f0 dveljast hj\u00e1 s\u00e9r \u00ed viku. S\u00ed\u00f0an h\u00e9ldum vi\u00f0 til R\u00f3mar. <a name=\"15\"><span class=\"versanumer_2007\">15<\/span><\/a> Kristnir menn<span class=\"nedan_mal\" title=\" Or\u00f0r\u00e9tt: Br\u00e6\u00f0urnir.\">[<\/span> \u00fear fr\u00e9ttu um okkur og komu til m\u00f3ts vi\u00f0 okkur allt til App\u00edusartorgs og \u00der\u00edb\u00fa\u00f0a. \u00deegar P\u00e1ll s\u00e1 \u00fe\u00e1 ger\u00f0i hann Gu\u00f0i \u00feakkir og hresstist \u00ed huga. <br \/> <a name=\"16\"><span class=\"versanumer_2007\">16<\/span><\/a> Er vi\u00f0 vorum komnir til R\u00f3mar var P\u00e1li leyft a\u00f0 b\u00faa \u00fat af fyrir sig me\u00f0 hermanni \u00feeim sem g\u00e6tti hans. <\/p>\n<h3 class=\"millifyrirsogn_2007\">P\u00e1ll pr\u00e9dikar \u00ed R\u00f3m<\/h3>\n<p><a name=\"17\"><span class=\"versanumer_2007\">17<\/span><\/a> Eftir \u00ferj\u00e1 daga stefndi hann saman helstu m\u00f6nnum Gy\u00f0inga. \u00deegar \u00feeir voru saman komnir sag\u00f0i hann vi\u00f0 \u00fe\u00e1: \u201eBr\u00e6\u00f0ur, ekkert hef \u00e9g broti\u00f0 gegn \u00fej\u00f3\u00f0 okkar e\u00f0a si\u00f0um fe\u00f0ranna en samt er \u00e9g fangi, framseldur R\u00f3mverjum \u00ed Jer\u00fasalem. <a name=\"18\"><span class=\"versanumer_2007\">18<\/span><\/a> \u00deeir yfirheyr\u00f0u mig og vildu l\u00e1ta mig lausan af \u00fev\u00ed a\u00f0 \u00e1 m\u00e9r hv\u00edldi engin dau\u00f0as\u00f6k. <a name=\"19\"><span class=\"versanumer_2007\">19<\/span><\/a> En Gy\u00f0ingar m\u00e6ltu \u00e1 m\u00f3ti og neyddist \u00e9g til a\u00f0 skj\u00f3ta m\u00e1li m\u00ednu til keisarans. Ekki \u00fe\u00f3 til \u00feess a\u00f0 \u00e1k\u00e6ra \u00fej\u00f3\u00f0 m\u00edna. <a name=\"20\"><span class=\"versanumer_2007\">20<\/span><\/a> Sakir \u00feessa hef \u00e9g kalla\u00f0 ykkur hinga\u00f0 a\u00f0 \u00e9g m\u00e6tti sj\u00e1 ykkur og tala vi\u00f0 ykkur, \u00fev\u00ed vegna vonar \u00cdsraels ber \u00e9g \u00feessa hlekki\u201c. <br \/> <a name=\"21\"><span class=\"versanumer_2007\">21<\/span><\/a> \u00deeir sv\u00f6ru\u00f0u: \u201eVi\u00f0 h\u00f6fum ekki fengi\u00f0 br\u00e9f um \u00feig fr\u00e1 J\u00fadeu og eigi hefur heldur neinn br\u00e6\u00f0ranna komi\u00f0 hinga\u00f0 og birt e\u00f0a tala\u00f0 nokku\u00f0 illt um \u00feig. <a name=\"22\"><span class=\"versanumer_2007\">22<\/span><\/a> R\u00e9tt \u00feykir okkur a\u00f0 heyra hj\u00e1 \u00fe\u00e9r hva\u00f0 \u00fe\u00e9r b\u00fdr \u00ed huga en \u00fea\u00f0 er okkur kunnugt um flokk \u00feennan a\u00f0 honum er alls sta\u00f0ar m\u00f3tm\u00e6lt.\u201c <br \/> <a name=\"23\"><span class=\"versanumer_2007\">23<\/span><\/a> \u00deeir t\u00f3ku til dag vi\u00f0 hann og komu \u00fe\u00e1 mj\u00f6g margir til hans \u00fear sem hann dvaldi. Fr\u00e1 morgni til kv\u00f6lds sk\u00fdr\u00f0i P\u00e1ll og vitna\u00f0i fyrir \u00feeim um Gu\u00f0s r\u00edki og reyndi a\u00f0 sannf\u00e6ra \u00fe\u00e1 um Jes\u00fa, b\u00e6\u00f0i eftir l\u00f6gm\u00e1li M\u00f3se og sp\u00e1m\u00f6nnunum. <a name=\"24\"><span class=\"versanumer_2007\">24<\/span><\/a> Sumir l\u00e9tu sannf\u00e6rast af or\u00f0um hans en a\u00f0rir tr\u00fa\u00f0u ekki. <a name=\"25\"><span class=\"versanumer_2007\">25<\/span><\/a> F\u00f3ru \u00feeir burt \u00f3sam\u00feykkir s\u00edn \u00ed milli en P\u00e1ll sag\u00f0i \u00feetta eitt: \u201eR\u00e9tt er \u00fea\u00f0 sem heilagur andi l\u00e9t Jesaja sp\u00e1mann segja vi\u00f0 forfe\u00f0ur ykkar: <br \/> <span class=\"ljodatexti\"> <a name=\"26\"><span class=\"versanumer_ljod\">26<\/span><\/a> Far til l\u00fd\u00f0s \u00feessa og seg \u00fe\u00fa: <br \/>Me\u00f0 eyrum munu\u00f0 \u00fe\u00e9r heyra en alls eigi skilja <br \/>og sj\u00e1andi munu\u00f0 \u00fe\u00e9r horfa en ekkert sj\u00e1. <br \/> <\/span> <span class=\"ljodatexti\"> <a name=\"27\"><span class=\"versanumer_ljod\">27<\/span><\/a> \u00dev\u00ed a\u00f0 hjarta l\u00fd\u00f0s \u00feessa er slj\u00f3tt or\u00f0i\u00f0 <br \/>og illa heyra \u00feeir me\u00f0 eyrum s\u00ednum <br \/>og augunum hafa \u00feeir loka\u00f0 <br \/>svo a\u00f0 \u00feeir sj\u00e1i ekki me\u00f0 augunum <br \/>n\u00e9 heyri me\u00f0 eyrunum <br \/>og skynji me\u00f0 hjartanu og sn\u00fai s\u00e9r <br \/>og \u00e9g l\u00e6kni \u00fe\u00e1. <\/span> <br \/> <a name=\"28\"><span class=\"versanumer_2007\">28<\/span><\/a> N\u00fa skulu\u00f0 \u00fei\u00f0 vita a\u00f0 Gu\u00f0 hefur sent hei\u00f0ingjunum \u00feetta hj\u00e1lpr\u00e6\u00f0i sitt og \u00feeir munu hlusta.\u201c <br \/><a name=\"30\"><span class=\"versanumer_2007\">30<\/span><\/a> Full tv\u00f6 \u00e1r var P\u00e1ll \u00fear \u00ed h\u00fasn\u00e6\u00f0i sem hann haf\u00f0i leigt s\u00e9r og t\u00f3k \u00e1 m\u00f3ti \u00f6llum \u00feeim sem komu til hans. <a name=\"31\"><span class=\"versanumer_2007\">31<\/span><\/a> Hann bo\u00f0a\u00f0i Gu\u00f0s r\u00edki og fr\u00e6ddi um Drottin Jes\u00fa Krist me\u00f0 allri dj\u00f6rfung, t\u00e1lmunarlaust. <\/p>\n","protected":false},"excerpt":{"rendered":"<p>\u00c1 M\u00f6ltu 1 N\u00fa sem vi\u00f0 vorum heilir \u00e1 land komnir fengum vi\u00f0 a\u00f0 vita a\u00f0 eyjan h\u00e9t Malta. 2 Eyjarskeggjar s\u00fdndu okkur einstaka g\u00f3\u00f0mennsku. \u00deeir kyntu b\u00e1l og hlynntu a\u00f0 okkur \u00f6llum en kalt var \u00ed ve\u00f0ri og fari\u00f0 a\u00f0 rigna. 3 P\u00e1ll t\u00f3k saman hr\u00edsv\u00f6ndul og lag\u00f0i \u00e1 eldinn. Skrei\u00f0 \u00fe\u00e1 \u00fat na\u00f0ra undan hitanum og festi sig \u00e1 h\u00f6nd hans. 4 \u00deegar eyjarskeggjar s\u00e1u kvikindi\u00f0 hanga \u00e1 hendi hans s\u00f6g\u00f0u \u00feeir hver vi\u00f0 annan: \u201e\u00dea\u00f0 er v\u00edst a\u00f0 \u00feessi ma\u00f0ur er manndr\u00e1pari fyrst refsinornin lofar honum ekki a\u00f0 lifa \u00fe\u00f3tt hann hafi bjargast \u00far sj\u00f3num.\u201c 5 En <a href=\"https:\/\/biblian.is\/biblian\/postulasagan-28-kafli\/\"> [&#8230;]<\/a><\/p>\n","protected":false},"author":1,"featured_media":0,"parent":0,"menu_order":0,"comment_status":"open","ping_status":"open","template":"bibliukaflar_NT.php","meta":{"footnotes":""},"class_list":["post-2663","page","type-page","status-publish","hentry"],"_links":{"self":[{"href":"https:\/\/biblian.is\/biblian\/wp-json\/wp\/v2\/pages\/2663","targetHints":{"allow":["GET"]}}],"collection":[{"href":"https:\/\/biblian.is\/biblian\/wp-json\/wp\/v2\/pages"}],"about":[{"href":"https:\/\/biblian.is\/biblian\/wp-json\/wp\/v2\/types\/page"}],"author":[{"embeddable":true,"href":"https:\/\/biblian.is\/biblian\/wp-json\/wp\/v2\/users\/1"}],"replies":[{"embeddable":true,"href":"https:\/\/biblian.is\/biblian\/wp-json\/wp\/v2\/comments?post=2663"}],"version-history":[{"count":0,"href":"https:\/\/biblian.is\/biblian\/wp-json\/wp\/v2\/pages\/2663\/revisions"}],"wp:attachment":[{"href":"https:\/\/biblian.is\/biblian\/wp-json\/wp\/v2\/media?parent=2663"}],"curies":[{"name":"wp","href":"https:\/\/api.w.org\/{rel}","templated":true}]}}