{"id":2649,"date":"2017-12-30T21:04:05","date_gmt":"2017-12-30T21:04:05","guid":{"rendered":"http:\/\/biblian.is\/biblian\/postulasagan-14-kafli\/"},"modified":"2019-08-26T23:22:23","modified_gmt":"2019-08-26T23:22:23","slug":"postulasagan-14-kafli","status":"publish","type":"page","link":"https:\/\/biblian.is\/biblian\/postulasagan-14-kafli\/","title":{"rendered":"Postulasagan 14. kafli"},"content":{"rendered":"<h3 class=\"millifyrirsogn_2007\"> \u00cd \u00cdk\u00f3n\u00edum, L\u00fdstru og Derbe<\/h3>\n<p><a name=\"1\"><span class=\"versanumer_2007\">1<\/span><\/a> \u00cd \u00cdk\u00f3n\u00edum gengu \u00feeir \u00e1 sama h\u00e1tt inn \u00ed samkundu Gy\u00f0inga og t\u00f6lu\u00f0u \u00feannig a\u00f0 mikill fj\u00f6ldi Gy\u00f0inga og Grikkja t\u00f3k tr\u00fa. <a name=\"2\"><span class=\"versanumer_2007\">2<\/span><\/a> En Gy\u00f0ingar, sem ekki vildu tr\u00faa, v\u00f6ktu \u00e6sing me\u00f0 hei\u00f0ingjum og illan hug gegn kristnum m\u00f6nnum.<span class=\"nedan_mal\" title=\" Or\u00f0r\u00e9tt: gegn br\u00e6\u00f0runum.\">[<\/span> <a name=\"3\"><span class=\"versanumer_2007\">3<\/span><\/a> P\u00e1ll og Barnabas dv\u00f6ldust \u00fear alllangan t\u00edma. \u00deeir t\u00f6lu\u00f0u einar\u00f0lega \u00ed trausti til Drottins og hann sta\u00f0festi or\u00f0 n\u00e1\u00f0ar sinnar me\u00f0 t\u00e1knum og undrum sem hann gaf \u00feeim a\u00f0 gera. <a name=\"4\"><span class=\"versanumer_2007\">4<\/span><\/a> Skiptust n\u00fa borgarb\u00faar \u00ed tvo flokka og voru sumir me\u00f0 Gy\u00f0ingum, a\u00f0rir me\u00f0 postulunum. <a name=\"5\"><span class=\"versanumer_2007\">5<\/span><\/a> Hei\u00f0ingjar og Gy\u00f0ingar \u00e1samt forystum\u00f6nnum s\u00ednum ger\u00f0u \u00fe\u00e1 sambl\u00e1stur um a\u00f0 mis\u00feyrma \u00feeim og gr\u00fdta \u00fe\u00e1. <a name=\"6\"><span class=\"versanumer_2007\">6<\/span><\/a> Postularnir komust a\u00f0 \u00feessu og fl\u00fd\u00f0u til borganna L\u00fdstru og Derbe \u00ed L\u00fdka\u00f3n\u00edu og h\u00e9ra\u00f0sins \u00fear umhverfis. <a name=\"7\"><span class=\"versanumer_2007\">7<\/span><\/a> \u00dear h\u00e9ldu \u00feeir \u00e1fram a\u00f0 flytja fagna\u00f0arerindi\u00f0. <br \/> <a name=\"8\"><span class=\"versanumer_2007\">8<\/span><\/a> \u00cd L\u00fdstru var ma\u00f0ur nokkur m\u00e1ttvana \u00ed f\u00f3tum, lami fr\u00e1 m\u00f3\u00f0url\u00edfi, og haf\u00f0i aldrei geta\u00f0 gengi\u00f0. <a name=\"9\"><span class=\"versanumer_2007\">9<\/span><\/a> Ma\u00f0ur \u00feessi hl\u00fdddi \u00e1 m\u00e1l P\u00e1ls en P\u00e1ll horf\u00f0i \u00e1 hann og s\u00e1 a\u00f0 hann haf\u00f0i tr\u00fa til \u00feess a\u00f0 ver\u00f0a heill <a name=\"10\"><span class=\"versanumer_2007\">10<\/span><\/a> og sag\u00f0i h\u00e1rri raustu: \u201eR\u00eds upp og stattu \u00ed f\u00e6turna!\u201c Ma\u00f0urinn spratt upp og t\u00f3k a\u00f0 ganga. <a name=\"11\"><span class=\"versanumer_2007\">11<\/span><\/a> M\u00fagurinn s\u00e1 hva\u00f0 P\u00e1ll haf\u00f0i gert og t\u00f3k a\u00f0 hr\u00f3pa \u00e1 l\u00fdka\u00f3nsku: \u201eGu\u00f0irnir eru \u00ed manna l\u00edki stignir ni\u00f0ur til okkar.\u201c <a name=\"12\"><span class=\"versanumer_2007\">12<\/span><\/a> K\u00f6llu\u00f0u \u00feeir Barnabas Seif en P\u00e1l Hermes \u00fev\u00ed a\u00f0 hann haf\u00f0i or\u00f0 fyrir \u00feeim. <a name=\"13\"><span class=\"versanumer_2007\">13<\/span><\/a> En prestur \u00ed hofi Seifs utan borgar kom me\u00f0 naut og kransa a\u00f0 borgarhli\u00f0unum og vildi f\u00e6ra f\u00f3rnir \u00e1samt f\u00f3lkinu. <br \/> <a name=\"14\"><span class=\"versanumer_2007\">14<\/span><\/a> \u00deegar postularnir, Barnabas og P\u00e1ll, heyr\u00f0u \u00feetta rifu \u00feeir kl\u00e6\u00f0i s\u00edn, stukku inn \u00ed mann\u00fer\u00f6ngina og hr\u00f3pu\u00f0u: <a name=\"15\"><span class=\"versanumer_2007\">15<\/span><\/a> \u201eMenn, hv\u00ed geri\u00f0 \u00fei\u00f0 \u00feetta? Vi\u00f0 erum menn eins og \u00fei\u00f0, og flytjum ykkur \u00feann fagna\u00f0arbo\u00f0skap a\u00f0 \u00fei\u00f0 skuli\u00f0 hverfa fr\u00e1 \u00feessum f\u00e1n\u00fdtu go\u00f0um til lifanda Gu\u00f0s sem skapa\u00f0i himin, j\u00f6r\u00f0 og haf og allt sem \u00ed \u00feeim er. <a name=\"16\"><span class=\"versanumer_2007\">16<\/span><\/a> Hann hefur um li\u00f0nar aldir leyft a\u00f0 s\u00e9rhver \u00fej\u00f3\u00f0 gengi s\u00edna vegu. <a name=\"17\"><span class=\"versanumer_2007\">17<\/span><\/a> En \u00fe\u00f3 hefur hann vitna\u00f0 um sj\u00e1lfan sig me\u00f0 velgj\u00f6r\u00f0um s\u00ednum. Hann hefur gefi\u00f0 ykkur regn af himni og uppskerut\u00ed\u00f0ir. Hann hefur veitt ykkur f\u00e6\u00f0u og fyllt hj\u00f6rtu ykkar gle\u00f0i.\u201c <a name=\"18\"><span class=\"versanumer_2007\">18<\/span><\/a> Me\u00f0 \u00feessum or\u00f0um fengu \u00feeir me\u00f0 naumindum f\u00f3lki\u00f0 ofan af \u00fev\u00ed a\u00f0 f\u00e6ra \u00feeim f\u00f3rnir. <br \/> <a name=\"19\"><span class=\"versanumer_2007\">19<\/span><\/a> \u00de\u00e1 komu Gy\u00f0ingar fr\u00e1 Ant\u00edokk\u00edu og \u00cdk\u00f3n\u00edum. T\u00f6ldu \u00feeir f\u00f3lki\u00f0 \u00e1 sitt m\u00e1l og menn gr\u00fdttu P\u00e1l, dr\u00f3gu hann \u00fat \u00far borginni og hug\u00f0u hann d\u00e1inn. <a name=\"20\"><span class=\"versanumer_2007\">20<\/span><\/a> En l\u00e6risveinarnir sl\u00f3gu hring um hann og reis hann \u00fe\u00e1 upp og gekk inn \u00ed borgina. Daginn eftir f\u00f3r hann \u00fea\u00f0an me\u00f0 Barnabasi til Derbe. <\/p>\n<h3 class=\"millifyrirsogn_2007\">P\u00e1ll og Barnabas sn\u00faa aftur til Ant\u00edokk\u00edu<\/h3>\n<p><a name=\"21\"><span class=\"versanumer_2007\">21<\/span><\/a> \u00deegar \u00feeir h\u00f6f\u00f0u bo\u00f0a\u00f0 fagna\u00f0arerindi\u00f0 \u00ed Derbe og gert marga a\u00f0 l\u00e6risveinum sneru \u00feeir aftur til L\u00fdstru, \u00cdk\u00f3n\u00edum og Ant\u00edokk\u00edu, <a name=\"22\"><span class=\"versanumer_2007\">22<\/span><\/a> styrktu l\u00e6risveinana og hv\u00f6ttu \u00fe\u00e1 til a\u00f0 vera sta\u00f0fastir \u00ed tr\u00fanni. \u00deeir s\u00f6g\u00f0u: \u201eVi\u00f0 ver\u00f0um a\u00f0 \u00feola margar \u00ferautir \u00e1\u00f0ur en vi\u00f0 komumst inn \u00ed Gu\u00f0s r\u00edki.\u201c <a name=\"23\"><span class=\"versanumer_2007\">23<\/span><\/a> \u00deeir v\u00f6ldu \u00feeim \u00f6ldunga \u00ed hverjum s\u00f6fnu\u00f0i, f\u00f3lu \u00fe\u00e1 s\u00ed\u00f0an me\u00f0 f\u00f6stum og b\u00e6nahaldi Drottni sem \u00feeir h\u00f6f\u00f0u fest tr\u00fa \u00e1. <br \/> <a name=\"24\"><span class=\"versanumer_2007\">24<\/span><\/a> \u00de\u00e1 f\u00f3ru \u00feeir um Pisid\u00edu og komu til Pamf\u00fdl\u00edu. <a name=\"25\"><span class=\"versanumer_2007\">25<\/span><\/a> \u00deeir fluttu or\u00f0i\u00f0 \u00ed Perge, f\u00f3ru til Attal\u00edu <a name=\"26\"><span class=\"versanumer_2007\">26<\/span><\/a> og sigldu \u00fea\u00f0an til Ant\u00edokk\u00edu en \u00fear h\u00f6f\u00f0u \u00feeir veri\u00f0 faldir n\u00e1\u00f0 Gu\u00f0s til \u00feess verks sem \u00feeir h\u00f6f\u00f0u n\u00fa fullna\u00f0. <br \/> <a name=\"27\"><span class=\"versanumer_2007\">27<\/span><\/a> \u00deegar \u00feeir voru \u00feanga\u00f0 komnir stefndu \u00feeir saman s\u00f6fnu\u00f0inum og greindu fr\u00e1 hversu miki\u00f0 Gu\u00f0 haf\u00f0i l\u00e1ti\u00f0 \u00fe\u00e1 gera og a\u00f0 hann hef\u00f0i opna\u00f0 hei\u00f0ingjum dyr tr\u00faarinnar. <a name=\"28\"><span class=\"versanumer_2007\">28<\/span><\/a> Dv\u00f6ldust \u00feeir n\u00fa alllengi \u00fear hj\u00e1 l\u00e6risveinunum. <\/p>\n","protected":false},"excerpt":{"rendered":"<p>\u00cd \u00cdk\u00f3n\u00edum, L\u00fdstru og Derbe 1 \u00cd \u00cdk\u00f3n\u00edum gengu \u00feeir \u00e1 sama h\u00e1tt inn \u00ed samkundu Gy\u00f0inga og t\u00f6lu\u00f0u \u00feannig a\u00f0 mikill fj\u00f6ldi Gy\u00f0inga og Grikkja t\u00f3k tr\u00fa. 2 En Gy\u00f0ingar, sem ekki vildu tr\u00faa, v\u00f6ktu \u00e6sing me\u00f0 hei\u00f0ingjum og illan hug gegn kristnum m\u00f6nnum.[ 3 P\u00e1ll og Barnabas dv\u00f6ldust \u00fear alllangan t\u00edma. \u00deeir t\u00f6lu\u00f0u einar\u00f0lega \u00ed trausti til Drottins og hann sta\u00f0festi or\u00f0 n\u00e1\u00f0ar sinnar me\u00f0 t\u00e1knum og undrum sem hann gaf \u00feeim a\u00f0 gera. 4 Skiptust n\u00fa borgarb\u00faar \u00ed tvo flokka og voru sumir me\u00f0 Gy\u00f0ingum, a\u00f0rir me\u00f0 postulunum. 5 Hei\u00f0ingjar og Gy\u00f0ingar \u00e1samt forystum\u00f6nnum s\u00ednum ger\u00f0u \u00fe\u00e1 <a href=\"https:\/\/biblian.is\/biblian\/postulasagan-14-kafli\/\"> [&#8230;]<\/a><\/p>\n","protected":false},"author":1,"featured_media":0,"parent":0,"menu_order":0,"comment_status":"open","ping_status":"open","template":"bibliukaflar_NT.php","meta":{"footnotes":""},"class_list":["post-2649","page","type-page","status-publish","hentry"],"_links":{"self":[{"href":"https:\/\/biblian.is\/biblian\/wp-json\/wp\/v2\/pages\/2649","targetHints":{"allow":["GET"]}}],"collection":[{"href":"https:\/\/biblian.is\/biblian\/wp-json\/wp\/v2\/pages"}],"about":[{"href":"https:\/\/biblian.is\/biblian\/wp-json\/wp\/v2\/types\/page"}],"author":[{"embeddable":true,"href":"https:\/\/biblian.is\/biblian\/wp-json\/wp\/v2\/users\/1"}],"replies":[{"embeddable":true,"href":"https:\/\/biblian.is\/biblian\/wp-json\/wp\/v2\/comments?post=2649"}],"version-history":[{"count":0,"href":"https:\/\/biblian.is\/biblian\/wp-json\/wp\/v2\/pages\/2649\/revisions"}],"wp:attachment":[{"href":"https:\/\/biblian.is\/biblian\/wp-json\/wp\/v2\/media?parent=2649"}],"curies":[{"name":"wp","href":"https:\/\/api.w.org\/{rel}","templated":true}]}}