{"id":2647,"date":"2017-12-30T21:04:05","date_gmt":"2017-12-30T21:04:05","guid":{"rendered":"http:\/\/biblian.is\/biblian\/postulasagan-12-kafli\/"},"modified":"2019-08-26T23:22:22","modified_gmt":"2019-08-26T23:22:22","slug":"postulasagan-12-kafli","status":"publish","type":"page","link":"https:\/\/biblian.is\/biblian\/postulasagan-12-kafli\/","title":{"rendered":"Postulasagan 12. kafli"},"content":{"rendered":"<h3 class=\"millifyrirsogn_2007\"> Ofs\u00f3knir<\/h3>\n<p><a name=\"1\"><span class=\"versanumer_2007\">1<\/span><\/a> Um \u00feessar mundir l\u00e9t Her\u00f3des<span class=\"nedan_mal\" title=\" \u00de.e. Her\u00f3des Agrippa I. Hann r\u00e9\u00f0 yfir \u00f6llu Landinu helga og d\u00f3 44, sbr. Post 12.20\u201312.23.\">[<\/span> konungur leggja hendur \u00e1 nokkra \u00far s\u00f6fnu\u00f0inum og mis\u00feyrma \u00feeim. <a name=\"2\"><span class=\"versanumer_2007\">2<\/span><\/a> Hann l\u00e9t h\u00f6ggva Jakob, br\u00f3\u00f0ur J\u00f3hannesar, me\u00f0 sver\u00f0i. <a name=\"3\"><span class=\"versanumer_2007\">3<\/span><\/a> Og er hann s\u00e1 a\u00f0 Gy\u00f0ingum l\u00edka\u00f0i vel l\u00e9t hann einnig taka P\u00e9tur. \u00de\u00e1 voru dagar \u00f3s\u00fdr\u00f0u brau\u00f0anna. <a name=\"4\"><span class=\"versanumer_2007\">4<\/span><\/a> \u00deegar hann haf\u00f0i handteki\u00f0 hann l\u00e9t hann setja hann \u00ed fangelsi og f\u00f3l fj\u00f3rum fj\u00f6gurra hermanna var\u00f0flokkum a\u00f0 g\u00e6ta hans. \u00c6tla\u00f0i hann eftir p\u00e1ska a\u00f0 yfirheyra hann opinberlega. <a name=\"5\"><span class=\"versanumer_2007\">5<\/span><\/a> Sat n\u00fa P\u00e9tur \u00ed fangelsinu en s\u00f6fnu\u00f0urinn ba\u00f0 heitt til Gu\u00f0s fyrir honum. <br \/> <a name=\"6\"><span class=\"versanumer_2007\">6<\/span><\/a> N\u00f3ttina \u00e1\u00f0ur en Her\u00f3des \u00e6tla\u00f0i a\u00f0 lei\u00f0a hann fram svaf P\u00e9tur milli tveggja hermanna, bundinn tveim fj\u00f6trum, og var\u00f0menn fyrir dyrum \u00fati g\u00e6ttu fangelsisins. <a name=\"7\"><span class=\"versanumer_2007\">7<\/span><\/a> Allt \u00ed einu st\u00f3\u00f0 engill Drottins hj\u00e1 honum og lj\u00f3s skein \u00ed klefanum. Laust hann \u00e1 s\u00ed\u00f0u P\u00e9tri, vakti hann og m\u00e6lti: \u201eR\u00eds upp skj\u00f3tt!\u201c Og fj\u00f6trarnir f\u00e9llu af h\u00f6ndum hans. <a name=\"8\"><span class=\"versanumer_2007\">8<\/span><\/a> \u00de\u00e1 sag\u00f0i engillinn vi\u00f0 hann: \u201eGyr\u00f0 \u00feig beltinu og bind \u00e1 \u00feig sk\u00f3na!\u201c Hann ger\u00f0i svo. S\u00ed\u00f0an segir engillinn: \u201eFar \u00fe\u00fa \u00ed yfirh\u00f6fn \u00fe\u00edna og fylg m\u00e9r!\u201c <a name=\"9\"><span class=\"versanumer_2007\">9<\/span><\/a> Hann gekk \u00fat og fylgdi honum. En ekki vissi hann a\u00f0 \u00fea\u00f0 var raunverulegt sem gerst haf\u00f0i vi\u00f0 komu engilsins, hann h\u00e9lt sig sj\u00e1 s\u00fdn. <a name=\"10\"><span class=\"versanumer_2007\">10<\/span><\/a> \u00deeir gengu n\u00fa fram hj\u00e1 innri og ytri ver\u00f0inum og komu a\u00f0 j\u00e1rnhli\u00f0inu sem fari\u00f0 er um til borgarinnar. Laukst \u00fea\u00f0 upp af sj\u00e1lfu s\u00e9r fyrir \u00feeim. \u00deeir f\u00f3ru \u00fat um \u00fea\u00f0 og gengu eitt str\u00e6ti en \u00fe\u00e1 hvarf engillinn allt \u00ed einu fr\u00e1 honum. <br \/> <a name=\"11\"><span class=\"versanumer_2007\">11<\/span><\/a> \u00deegar P\u00e9tur kom til sj\u00e1lfs s\u00edn sag\u00f0i hann: \u201eN\u00fa veit \u00e9g sannlega a\u00f0 Drottinn hefur sent engil sinn og bjarga\u00f0 m\u00e9r \u00far hendi Her\u00f3desar og fr\u00e1 \u00f6llu \u00fev\u00ed sem Gy\u00f0ingar \u00e6tlu\u00f0u s\u00e9r.\u201c <br \/> <a name=\"12\"><span class=\"versanumer_2007\">12<\/span><\/a> Og er hann haf\u00f0i \u00e1tta\u00f0 sig gekk hann a\u00f0 h\u00fasi Mar\u00edu, m\u00f3\u00f0ur J\u00f3hannesar er kallast Mark\u00fas. \u00dear h\u00f6f\u00f0u margir safnast saman og voru \u00e1 b\u00e6n. <a name=\"13\"><span class=\"versanumer_2007\">13<\/span><\/a> P\u00e9tur kn\u00fa\u00f0i hur\u00f0 fordyrisins og st\u00falka a\u00f0 nafni R\u00f3de gekk til dyra. <a name=\"14\"><span class=\"versanumer_2007\">14<\/span><\/a> \u00deegar h\u00fan \u00feekkti m\u00e1lr\u00f3m P\u00e9turs g\u00e1\u00f0i h\u00fan eigi fyrir f\u00f6gnu\u00f0i a\u00f0 lj\u00faka upp fordyrinu heldur hlj\u00f3p inn og sag\u00f0i a\u00f0 P\u00e9tur st\u00e6\u00f0i fyrir dyrum \u00fati. <a name=\"15\"><span class=\"versanumer_2007\">15<\/span><\/a> \u00deau sem inni voru s\u00f6g\u00f0u vi\u00f0 hana: \u201e\u00de\u00fa ert fr\u00e1vita.\u201c En h\u00fan st\u00f3\u00f0 fast \u00e1 \u00fev\u00ed a\u00f0 svo v\u00e6ri sem h\u00fan sag\u00f0i. \u201e\u00dea\u00f0 er \u00fe\u00e1 engill hans,\u201c s\u00f6g\u00f0u \u00feau. <a name=\"16\"><span class=\"versanumer_2007\">16<\/span><\/a> En P\u00e9tur h\u00e9lt \u00e1fram a\u00f0 berja og \u00feegar \u00feau luku upp s\u00e1u \u00feau hann og ur\u00f0u fur\u00f0u lostin. <a name=\"17\"><span class=\"versanumer_2007\">17<\/span><\/a> Hann benti \u00feeim me\u00f0 hendinni a\u00f0 vera hlj\u00f3\u00f0, sk\u00fdr\u00f0i \u00feeim fr\u00e1 hvernig Drottinn haf\u00f0i leitt hann \u00fat \u00far fangelsinu og ba\u00f0 \u00feau segja Jakobi og br\u00e6\u00f0runum fr\u00e1 \u00feessu. S\u00ed\u00f0an gekk hann \u00fat og f\u00f3r \u00e1 annan sta\u00f0. <br \/> <a name=\"18\"><span class=\"versanumer_2007\">18<\/span><\/a> \u00deegar dagur rann kom ekki l\u00edti\u00f0 f\u00e1t \u00e1 hermennina \u00fat af \u00fev\u00ed hva\u00f0 af P\u00e9tri v\u00e6ri or\u00f0i\u00f0. <a name=\"19\"><span class=\"versanumer_2007\">19<\/span><\/a> Her\u00f3des l\u00e9t leita hans en fann hann ekki. Hann l\u00e9t \u00fe\u00e1 yfirheyra var\u00f0mennina og bau\u00f0 s\u00ed\u00f0an a\u00f0 taka \u00fe\u00e1 af l\u00edfi. S\u00ed\u00f0an f\u00f3r hann \u00far J\u00fadeu ni\u00f0ur til Sesareu og sat \u00fear um kyrrt. <\/p>\n<h3 class=\"millifyrirsogn_2007\">Her\u00f3des deyr<\/h3>\n<p><a name=\"20\"><span class=\"versanumer_2007\">20<\/span><\/a> Her\u00f3des haf\u00f0i veri\u00f0 harla gramur T\u00fdrverjum og S\u00eddoningum. Komu \u00feeir saman \u00e1 fund hans, fengu Blastus, stallara konungs, til fylgis vi\u00f0 sig og b\u00e1\u00f0ust fri\u00f0ar en land \u00feeirra var h\u00e1\u00f0 landi konungs um vistaf\u00f6ng. <br \/> <a name=\"21\"><span class=\"versanumer_2007\">21<\/span><\/a> \u00c1 tilsettum degi kl\u00e6ddist Her\u00f3des konungsskr\u00fa\u00f0a, settist \u00ed h\u00e1s\u00e6ti og flutti \u00feeim r\u00e6\u00f0u. <a name=\"22\"><span class=\"versanumer_2007\">22<\/span><\/a> En f\u00f3lki\u00f0 kalla\u00f0i: \u201eGu\u00f0s r\u00f6dd er \u00feetta en eigi manns.\u201c <a name=\"23\"><span class=\"versanumer_2007\">23<\/span><\/a> Jafnskj\u00f3tt laust engill Drottins hann s\u00f6kum \u00feess a\u00f0 hann gaf ekki Gu\u00f0i d\u00fdr\u00f0ina. Hann var \u00e9tinn upp af ormum og d\u00f3. <br \/> <a name=\"24\"><span class=\"versanumer_2007\">24<\/span><\/a> En or\u00f0 Gu\u00f0s efldist og breiddist \u00fat. <a name=\"25\"><span class=\"versanumer_2007\">25<\/span><\/a> Barnabas og S\u00e1l sneru aftur fr\u00e1 Jer\u00fasalem a\u00f0 loknu erindi s\u00ednu og t\u00f3ku me\u00f0 s\u00e9r J\u00f3hannes, \u00f6\u00f0ru nafni Mark\u00fas. <\/p>\n","protected":false},"excerpt":{"rendered":"<p>Ofs\u00f3knir 1 Um \u00feessar mundir l\u00e9t Her\u00f3des[ konungur leggja hendur \u00e1 nokkra \u00far s\u00f6fnu\u00f0inum og mis\u00feyrma \u00feeim. 2 Hann l\u00e9t h\u00f6ggva Jakob, br\u00f3\u00f0ur J\u00f3hannesar, me\u00f0 sver\u00f0i. 3 Og er hann s\u00e1 a\u00f0 Gy\u00f0ingum l\u00edka\u00f0i vel l\u00e9t hann einnig taka P\u00e9tur. \u00de\u00e1 voru dagar \u00f3s\u00fdr\u00f0u brau\u00f0anna. 4 \u00deegar hann haf\u00f0i handteki\u00f0 hann l\u00e9t hann setja hann \u00ed fangelsi og f\u00f3l fj\u00f3rum fj\u00f6gurra hermanna var\u00f0flokkum a\u00f0 g\u00e6ta hans. \u00c6tla\u00f0i hann eftir p\u00e1ska a\u00f0 yfirheyra hann opinberlega. 5 Sat n\u00fa P\u00e9tur \u00ed fangelsinu en s\u00f6fnu\u00f0urinn ba\u00f0 heitt til Gu\u00f0s fyrir honum. 6 N\u00f3ttina \u00e1\u00f0ur en Her\u00f3des \u00e6tla\u00f0i a\u00f0 lei\u00f0a hann fram svaf P\u00e9tur <a href=\"https:\/\/biblian.is\/biblian\/postulasagan-12-kafli\/\"> [&#8230;]<\/a><\/p>\n","protected":false},"author":1,"featured_media":0,"parent":0,"menu_order":0,"comment_status":"open","ping_status":"open","template":"bibliukaflar_NT.php","meta":{"footnotes":""},"class_list":["post-2647","page","type-page","status-publish","hentry"],"_links":{"self":[{"href":"https:\/\/biblian.is\/biblian\/wp-json\/wp\/v2\/pages\/2647","targetHints":{"allow":["GET"]}}],"collection":[{"href":"https:\/\/biblian.is\/biblian\/wp-json\/wp\/v2\/pages"}],"about":[{"href":"https:\/\/biblian.is\/biblian\/wp-json\/wp\/v2\/types\/page"}],"author":[{"embeddable":true,"href":"https:\/\/biblian.is\/biblian\/wp-json\/wp\/v2\/users\/1"}],"replies":[{"embeddable":true,"href":"https:\/\/biblian.is\/biblian\/wp-json\/wp\/v2\/comments?post=2647"}],"version-history":[{"count":0,"href":"https:\/\/biblian.is\/biblian\/wp-json\/wp\/v2\/pages\/2647\/revisions"}],"wp:attachment":[{"href":"https:\/\/biblian.is\/biblian\/wp-json\/wp\/v2\/media?parent=2647"}],"curies":[{"name":"wp","href":"https:\/\/api.w.org\/{rel}","templated":true}]}}