{"id":2592,"date":"2017-12-30T21:03:50","date_gmt":"2017-12-30T21:03:50","guid":{"rendered":"http:\/\/biblian.is\/biblian\/l%c2%9ckasargu_spjall-2-kafli\/"},"modified":"2021-01-28T13:57:02","modified_gmt":"2021-01-28T13:57:02","slug":"lukasargudspjall-2-kafli","status":"publish","type":"page","link":"https:\/\/biblian.is\/biblian\/lukasargudspjall-2-kafli\/","title":{"rendered":"L\u00fakasargu\u00f0spjall 2. kafli"},"content":{"rendered":"<h3 class=\"millifyrirsogn_2007\">Lag\u00f0ur \u00ed j\u00f6tu<\/h3>\n<p><a name=\"1\"><\/a><span class=\"versanumer_2007\">1<\/span> En \u00fea\u00f0 bar til um \u00feessar mundir a\u00f0 bo\u00f0 kom fr\u00e1 \u00c1g\u00fastusi keisara, a\u00f0 skr\u00e1setja skyldi alla heimsbygg\u00f0ina. <a name=\"2\"><\/a><span class=\"versanumer_2007\">2<\/span> \u00deetta var fyrsta skr\u00e1setningin og var ger\u00f0 \u00fe\u00e1 er K\u00fdren\u00edus var landstj\u00f3ri \u00e1 S\u00fdrlandi. <a name=\"3\"><\/a><span class=\"versanumer_2007\">3<\/span> F\u00f3ru \u00fe\u00e1 allir til a\u00f0 l\u00e1ta skr\u00e1setja sig, hver til sinnar borgar.<br \/>\n<a name=\"4\"><\/a><span class=\"versanumer_2007\">4<\/span> \u00de\u00e1 f\u00f3r og J\u00f3sef \u00far Gal\u00edleu fr\u00e1 borginni Nasaret upp til J\u00fadeu, til borgar Dav\u00ed\u00f0s, sem heitir Betlehem, en hann var af \u00e6tt og kyni Dav\u00ed\u00f0s, <a name=\"5\"><\/a><span class=\"versanumer_2007\">5<\/span> a\u00f0 l\u00e1ta skr\u00e1setja sig \u00e1samt Mar\u00edu heitkonu sinni sem var \u00feungu\u00f0. <a name=\"6\"><\/a><span class=\"versanumer_2007\">6<\/span> En me\u00f0an \u00feau voru \u00fear kom s\u00e1 t\u00edmi er h\u00fan skyldi ver\u00f0a l\u00e9ttari. <a name=\"7\"><\/a><span class=\"versanumer_2007\">7<\/span> F\u00e6ddi h\u00fan \u00fe\u00e1 son sinn frumgetinn, vaf\u00f0i hann reifum og lag\u00f0i hann \u00ed j\u00f6tu af \u00fev\u00ed a\u00f0 eigi var r\u00fam fyrir \u00feau \u00ed gistih\u00fasi.<\/p>\n<h3 class=\"millifyrirsogn_2007\">Frelsari f\u00e6ddur<\/h3>\n<p><a name=\"8\"><\/a><span class=\"versanumer_2007\">8<\/span> En \u00ed s\u00f6mu bygg\u00f0 voru hir\u00f0ar \u00fati \u00ed haga og g\u00e6ttu um n\u00f3ttina hjar\u00f0ar sinnar. <a name=\"9\"><\/a><span class=\"versanumer_2007\">9<\/span> Og engill Drottins st\u00f3\u00f0 hj\u00e1 \u00feeim og d\u00fdr\u00f0 Drottins lj\u00f3ma\u00f0i kringum \u00fe\u00e1. \u00deeir ur\u00f0u mj\u00f6g hr\u00e6ddir <a name=\"10\"><\/a><span class=\"versanumer_2007\">10<\/span> en engillinn sag\u00f0i vi\u00f0 \u00fe\u00e1: \u201eVeri\u00f0 \u00f3hr\u00e6ddir, \u00fev\u00ed, sj\u00e1, \u00e9g bo\u00f0a y\u00f0ur mikinn f\u00f6gnu\u00f0 sem veitast mun \u00f6llum l\u00fd\u00f0num: <a name=\"11\"><\/a><span class=\"versanumer_2007\">11<\/span> Y\u00f0ur er \u00ed dag frelsari f\u00e6ddur, sem er Kristur Drottinn, \u00ed borg Dav\u00ed\u00f0s. <a name=\"12\"><\/a><span class=\"versanumer_2007\">12<\/span> Og hafi\u00f0 \u00feetta til marks: \u00de\u00e9r munu\u00f0 finna ungbarn reifa\u00f0 og liggjandi \u00ed j\u00f6tu.\u201c<br \/>\n<a name=\"13\"><\/a><span class=\"versanumer_2007\">13<\/span> Og \u00ed s\u00f6mu svipan var me\u00f0 englinum fj\u00f6ldi himneskra hersveita sem lofu\u00f0u Gu\u00f0 og s\u00f6g\u00f0u:<br \/>\n<span class=\"ljodatexti\"> <a name=\"14\"><\/a><span class=\"versanumer_ljod\">14<\/span>D\u00fdr\u00f0 s\u00e9 Gu\u00f0i \u00ed upph\u00e6\u00f0um<br \/>\nog fri\u00f0ur \u00e1 j\u00f6r\u00f0u og vel\u00fe\u00f3knun Gu\u00f0s yfir m\u00f6nnum. <\/span><br \/>\n<a name=\"15\"><\/a><span class=\"versanumer_2007\">15<\/span> \u00deegar englarnir voru farnir fr\u00e1 \u00feeim til himins s\u00f6g\u00f0u hir\u00f0arnir s\u00edn \u00e1 milli: \u201eF\u00f6rum beint til Betlehem a\u00f0 sj\u00e1 \u00fea\u00f0 sem gerst hefur og Drottinn hefur kunngj\u00f6rt okkur.\u201c <a name=\"16\"><\/a><span class=\"versanumer_2007\">16<\/span> Og \u00feeir f\u00f3ru me\u00f0 skyndi og fundu Mar\u00edu og J\u00f3sef og ungbarni\u00f0 sem l\u00e1 \u00ed j\u00f6tu. <a name=\"17\"><\/a><span class=\"versanumer_2007\">17<\/span> \u00deegar \u00feeir s\u00e1u \u00fea\u00f0 sk\u00fdr\u00f0u \u00feeir fr\u00e1 \u00fev\u00ed er \u00feeim haf\u00f0i veri\u00f0 sagt um barn \u00feetta. <a name=\"18\"><\/a><span class=\"versanumer_2007\">18<\/span> Og allir sem heyr\u00f0u undru\u00f0ust \u00fea\u00f0 er hir\u00f0arnir s\u00f6g\u00f0u \u00feeim. <a name=\"19\"><\/a><span class=\"versanumer_2007\">19<\/span> En Mar\u00eda geymdi allt \u00feetta \u00ed hjarta s\u00e9r og hugleiddi \u00fea\u00f0. <a name=\"20\"><\/a><span class=\"versanumer_2007\">20<\/span> Og hir\u00f0arnir sneru aftur og vegs\u00f6mu\u00f0u Gu\u00f0 og lofu\u00f0u hann fyrir \u00fea\u00f0 sem \u00feeir h\u00f6f\u00f0u heyrt og s\u00e9\u00f0 en allt var \u00fea\u00f0 eins og \u00feeim haf\u00f0i veri\u00f0 sagt.<\/p>\n<h3 class=\"millifyrirsogn_2007\">L\u00e1tinn heita Jes\u00fas<\/h3>\n<p><a name=\"21\"><\/a><span class=\"versanumer_2007\">21<\/span> \u00deegar \u00e1tta dagar voru li\u00f0nir skyldi umskera hann og var hann l\u00e1tinn heita Jes\u00fas eins og engillinn nefndi hann \u00e1\u00f0ur en hann var getinn \u00ed m\u00f3\u00f0url\u00edfi.<\/p>\n<h3 class=\"millifyrirsogn_2007\">Jes\u00fas f\u00e6r\u00f0ur Drottni<\/h3>\n<p><a name=\"22\"><\/a><span class=\"versanumer_2007\">22<\/span> En er hreinsunardagar \u00feeirra voru \u00fati eftir l\u00f6gm\u00e1li M\u00f3se f\u00f3ru \u00feau me\u00f0 hann upp til Jer\u00fasalem til a\u00f0 f\u00e6ra hann Drottni, <a name=\"23\"><\/a><span class=\"versanumer_2007\">23<\/span> en svo er rita\u00f0 \u00ed l\u00f6gm\u00e1li Drottins: \u201eAllt karlkyns, er fyrst f\u00e6\u00f0ist af m\u00f3\u00f0url\u00edfi, skal helga\u00f0 Drottni,\u201c <a name=\"24\"><\/a><span class=\"versanumer_2007\">24<\/span> og til a\u00f0 bera fram f\u00f3rn, eins og segir \u00ed l\u00f6gm\u00e1li Drottins, \u201etv\u00e6r turtild\u00fafur e\u00f0a tv\u00e6r ungar d\u00fafur\u201c.<\/p>\n<h3 class=\"millifyrirsogn_2007\">S\u00edmeon<\/h3>\n<p><a name=\"25\"><\/a><span class=\"versanumer_2007\">25<\/span> \u00de\u00e1 var \u00ed Jer\u00fasalem ma\u00f0ur er S\u00edmeon h\u00e9t. Hann var r\u00e9ttl\u00e1tur og gu\u00f0r\u00e6kinn og v\u00e6nti \u00feess a\u00f0 Gu\u00f0 frelsa\u00f0i \u00cdsrael. Heilagur andi var yfir honum <a name=\"26\"><\/a><span class=\"versanumer_2007\">26<\/span> og haf\u00f0i hann vitra\u00f0 honum a\u00f0 hann skyldi ekki deyja fyrr en hann hef\u00f0i s\u00e9\u00f0 Krist Drottins. <a name=\"27\"><\/a><span class=\"versanumer_2007\">27<\/span> A\u00f0 lei\u00f0s\u00f6gn andans kom hann \u00ed helgid\u00f3minn. Og er foreldrarnir f\u00e6r\u00f0u \u00feanga\u00f0 sveininn Jes\u00fa til a\u00f0 fara me\u00f0 hann eftir venju l\u00f6gm\u00e1lsins <a name=\"28\"><\/a><span class=\"versanumer_2007\">28<\/span> t\u00f3k S\u00edmeon hann \u00ed fangi\u00f0, lofa\u00f0i Gu\u00f0 og sag\u00f0i:<br \/>\n<span class=\"ljodatexti\"> <a name=\"29\"><\/a><span class=\"versanumer_ljod\">29<\/span> N\u00fa l\u00e6tur \u00fe\u00fa, Drottinn, \u00fej\u00f3n \u00feinn \u00ed fri\u00f0i fara<br \/>\neins og \u00fe\u00fa hefur heiti\u00f0 m\u00e9r<br \/>\n<\/span> <span class=\"ljodatexti\"> <a name=\"30\"><\/a><span class=\"versanumer_ljod\">30<\/span> \u00fev\u00ed a\u00f0 augu m\u00edn hafa s\u00e9\u00f0 hj\u00e1lpr\u00e6\u00f0i \u00feitt,<br \/>\n<\/span> <span class=\"ljodatexti\"> <a name=\"31\"><\/a><span class=\"versanumer_ljod\">31<\/span> sem \u00fe\u00fa hefur fyrirb\u00fai\u00f0 \u00ed augs\u00fdn allra l\u00fd\u00f0a,<br \/>\n<\/span> <span class=\"ljodatexti\"> <a name=\"32\"><\/a><span class=\"versanumer_ljod\">32<\/span> lj\u00f3s til opinberunar hei\u00f0ingjum<br \/>\nog til vegsemdar l\u00fd\u00f0 \u00fe\u00ednum \u00cdsrael. <\/span><br \/>\n<a name=\"33\"><\/a><span class=\"versanumer_2007\">33<\/span> Fa\u00f0ir hans og m\u00f3\u00f0ir undru\u00f0ust \u00fea\u00f0 er sagt var um hann. <a name=\"34\"><\/a><span class=\"versanumer_2007\">34<\/span> En S\u00edmeon blessa\u00f0i \u00feau og sag\u00f0i vi\u00f0 Mar\u00edu m\u00f3\u00f0ur hans: \u201e\u00deessi sveinn er settur til falls og til vi\u00f0reisnar m\u00f6rgum \u00ed \u00cdsrael. Hann ver\u00f0ur t\u00e1kn sem menn munu r\u00edsa gegn.<br \/>\n<a name=\"35\"><\/a><span class=\"versanumer_2007\">35<\/span> Sj\u00e1lf munt \u00fe\u00fa sver\u00f0i n\u00edst \u00ed s\u00e1lu \u00feinni. \u00deannig munu hugsanir margra hjartna ver\u00f0a auglj\u00f3sar.\u201c<\/p>\n<h3 class=\"millifyrirsogn_2007\">Anna<\/h3>\n<p><a name=\"36\"><\/a><span class=\"versanumer_2007\">36<\/span> Og \u00fear var Anna sp\u00e1kona Fan\u00faelsd\u00f3ttir af \u00e6tt Assers, kona h\u00e1\u00f6ldru\u00f0. H\u00fan haf\u00f0i lifa\u00f0 sj\u00f6 \u00e1r me\u00f0 manni s\u00ednum \u00feegar hann d\u00f3 <a name=\"37\"><\/a><span class=\"versanumer_2007\">37<\/span> og s\u00ed\u00f0an veri\u00f0 ekkja fram \u00e1 \u00e1ttat\u00edu og fj\u00f6gurra \u00e1ra aldur. H\u00fan v\u00e9k eigi \u00far helgid\u00f3minum en \u00fej\u00f3na\u00f0i Gu\u00f0i n\u00f3tt og dag me\u00f0 f\u00f6stum og b\u00e6nahaldi. <a name=\"38\"><\/a><span class=\"versanumer_2007\">38<\/span> H\u00fan kom a\u00f0 \u00e1 s\u00f6mu stundu og lofa\u00f0i Gu\u00f0. Og h\u00fan tala\u00f0i um barni\u00f0 vi\u00f0 alla sem v\u00e6ntu lausnar Jer\u00fasalem.<br \/>\n<a name=\"39\"><\/a><span class=\"versanumer_2007\">39<\/span> Og er \u00feau h\u00f6f\u00f0u loki\u00f0 \u00f6llu, sem l\u00f6gm\u00e1l Drottins bau\u00f0, sneru \u00feau aftur til Gal\u00edleu, til borgar sinnar Nasaret. <a name=\"40\"><\/a><span class=\"versanumer_2007\">40<\/span> En sveinninn \u00f3x og styrktist, fylltur visku, og n\u00e1\u00f0 Gu\u00f0s var yfir honum.<\/p>\n<h3 class=\"millifyrirsogn_2007\">Jes\u00fas t\u00f3lf \u00e1ra<\/h3>\n<p><a name=\"41\"><\/a><span class=\"versanumer_2007\">41<\/span> Foreldrar Jes\u00fa fer\u00f0u\u00f0ust \u00e1r hvert til Jer\u00fasalem \u00e1 p\u00e1skah\u00e1t\u00ed\u00f0inni. <a name=\"42\"><\/a><span class=\"versanumer_2007\">42<\/span> \u00deegar hann var t\u00f3lf \u00e1ra f\u00f3ru \u00feau upp \u00feanga\u00f0 eins og \u00feau voru v\u00f6n og t\u00f3ku Jes\u00fa me\u00f0 s\u00e9r. <a name=\"43\"><\/a><span class=\"versanumer_2007\">43<\/span> \u00deau voru \u00fear \u00fat h\u00e1t\u00ed\u00f0isdagana. En \u00feegar \u00feau sneru heimlei\u00f0is var\u00f0 sveinninn Jes\u00fas eftir \u00ed Jer\u00fasalem og vissu foreldrar hans \u00fea\u00f0 eigi. <a name=\"44\"><\/a><span class=\"versanumer_2007\">44<\/span> \u00deau hug\u00f0u a\u00f0 hann v\u00e6ri me\u00f0 samfer\u00f0af\u00f3lkinu og f\u00f3ru eina daglei\u00f0 og leitu\u00f0u hans me\u00f0al fr\u00e6nda og kunningja. <a name=\"45\"><\/a><span class=\"versanumer_2007\">45<\/span> En \u00feau fundu hann ekki og sneru \u00fe\u00e1 aftur til Jer\u00fasalem og leitu\u00f0u hans.<br \/>\n<a name=\"46\"><\/a><span class=\"versanumer_2007\">46<\/span> Eftir \u00ferj\u00e1 daga fundu \u00feau hann \u00ed helgid\u00f3minum. \u00dear sat hann mitt \u00e1 me\u00f0al l\u00e6rife\u00f0ranna, hl\u00fdddi \u00e1 \u00fe\u00e1 og spur\u00f0i \u00fe\u00e1. <a name=\"47\"><\/a><span class=\"versanumer_2007\">47<\/span> En alla, sem heyr\u00f0u til hans, fur\u00f0a\u00f0i st\u00f3rum \u00e1 skilningi hans og andsv\u00f6rum. <a name=\"48\"><\/a><span class=\"versanumer_2007\">48<\/span> Og er \u00feau s\u00e1u hann \u00fear br\u00e1 \u00feeim mj\u00f6g og m\u00f3\u00f0ir hans sag\u00f0i vi\u00f0 hann: \u201eBarn, hv\u00ed ger\u00f0ir \u00fe\u00fa okkur \u00feetta? Vi\u00f0 fa\u00f0ir \u00feinn h\u00f6fum leita\u00f0 \u00fe\u00edn harm\u00ferungin.\u201c<br \/>\n<a name=\"49\"><\/a><span class=\"versanumer_2007\">49<\/span> Og hann sag\u00f0i vi\u00f0 \u00feau: \u201eHvers vegna voru\u00f0 \u00fei\u00f0 a\u00f0 leita a\u00f0 m\u00e9r? Vissu\u00f0 \u00fei\u00f0 ekki a\u00f0 m\u00e9r ber a\u00f0 vera \u00ed h\u00fasi f\u00f6\u00f0ur m\u00edns?\u201c <a name=\"50\"><\/a><span class=\"versanumer_2007\">50<\/span> En \u00feau skildu ekki \u00fea\u00f0 er hann tala\u00f0i vi\u00f0 \u00feau.<br \/>\n<a name=\"51\"><\/a><span class=\"versanumer_2007\">51<\/span> Og Jes\u00fas f\u00f3r heim me\u00f0 \u00feeim og kom til Nasaret og var \u00feeim hl\u00fd\u00f0inn. En m\u00f3\u00f0ir hans geymdi allt \u00feetta \u00ed hjarta s\u00e9r. <a name=\"52\"><\/a><span class=\"versanumer_2007\">52<\/span> Og Jes\u00fas \u00feroska\u00f0ist a\u00f0 visku og vexti og n\u00e1\u00f0 hj\u00e1 Gu\u00f0i og m\u00f6nnum.<\/p>\n","protected":false},"excerpt":{"rendered":"<p>Lag\u00f0ur \u00ed j\u00f6tu 1 En \u00fea\u00f0 bar til um \u00feessar mundir a\u00f0 bo\u00f0 kom fr\u00e1 \u00c1g\u00fastusi keisara, a\u00f0 skr\u00e1setja skyldi alla heimsbygg\u00f0ina. 2 \u00deetta var fyrsta skr\u00e1setningin og var ger\u00f0 \u00fe\u00e1 er K\u00fdren\u00edus var landstj\u00f3ri \u00e1 S\u00fdrlandi. 3 F\u00f3ru \u00fe\u00e1 allir til a\u00f0 l\u00e1ta skr\u00e1setja sig, hver til sinnar borgar. 4 \u00de\u00e1 f\u00f3r og J\u00f3sef \u00far Gal\u00edleu fr\u00e1 borginni Nasaret upp til J\u00fadeu, til borgar Dav\u00ed\u00f0s, sem heitir Betlehem, en hann var af \u00e6tt og kyni Dav\u00ed\u00f0s, 5 a\u00f0 l\u00e1ta skr\u00e1setja sig \u00e1samt Mar\u00edu heitkonu sinni sem var \u00feungu\u00f0. 6 En me\u00f0an \u00feau voru \u00fear kom s\u00e1 t\u00edmi er h\u00fan <a href=\"https:\/\/biblian.is\/biblian\/lukasargudspjall-2-kafli\/\"> [&#8230;]<\/a><\/p>\n","protected":false},"author":1,"featured_media":0,"parent":0,"menu_order":0,"comment_status":"open","ping_status":"open","template":"bibliukaflar_NT.php","meta":{"footnotes":""},"class_list":["post-2592","page","type-page","status-publish","hentry"],"_links":{"self":[{"href":"https:\/\/biblian.is\/biblian\/wp-json\/wp\/v2\/pages\/2592","targetHints":{"allow":["GET"]}}],"collection":[{"href":"https:\/\/biblian.is\/biblian\/wp-json\/wp\/v2\/pages"}],"about":[{"href":"https:\/\/biblian.is\/biblian\/wp-json\/wp\/v2\/types\/page"}],"author":[{"embeddable":true,"href":"https:\/\/biblian.is\/biblian\/wp-json\/wp\/v2\/users\/1"}],"replies":[{"embeddable":true,"href":"https:\/\/biblian.is\/biblian\/wp-json\/wp\/v2\/comments?post=2592"}],"version-history":[{"count":0,"href":"https:\/\/biblian.is\/biblian\/wp-json\/wp\/v2\/pages\/2592\/revisions"}],"wp:attachment":[{"href":"https:\/\/biblian.is\/biblian\/wp-json\/wp\/v2\/media?parent=2592"}],"curies":[{"name":"wp","href":"https:\/\/api.w.org\/{rel}","templated":true}]}}