{"id":2578,"date":"2017-12-30T21:03:50","date_gmt":"2017-12-30T21:03:50","guid":{"rendered":"http:\/\/biblian.is\/biblian\/mark%c2%9csargu_spjall-4-kafli\/"},"modified":"2019-08-26T22:28:55","modified_gmt":"2019-08-26T22:28:55","slug":"markusargudspjall-4-kafli","status":"publish","type":"page","link":"https:\/\/biblian.is\/biblian\/markusargudspjall-4-kafli\/","title":{"rendered":"Mark\u00fasargu\u00f0spjall 4. kafli"},"content":{"rendered":"<h3 class=\"millifyrirsogn_2007\"> S\u00e6\u00f0i s\u00e1\u00f0<\/h3>\n<p><a name=\"1\"><span class=\"versanumer_2007\">1<\/span><\/a> Aftur t\u00f3k Jes\u00fas a\u00f0 kenna vi\u00f0 vatni\u00f0. Svo mikill mannfj\u00f6ldi safna\u00f0ist a\u00f0 honum a\u00f0 hann var\u00f0 a\u00f0 st\u00edga \u00ed b\u00e1t og sitja \u00fear, \u00fati \u00e1 vatninu. En allt f\u00f3lki\u00f0 var \u00e1 landi vi\u00f0 vatni\u00f0. <a name=\"2\"><span class=\"versanumer_2007\">2<\/span><\/a> Hann kenndi \u00fev\u00ed margt \u00ed d\u00e6mis\u00f6gum og sag\u00f0i vi\u00f0 \u00fea\u00f0: <br \/> <a name=\"3\"><span class=\"versanumer_2007\">3<\/span><\/a> \u201eHl\u00fd\u00f0i\u00f0 \u00e1! S\u00e1\u00f0ma\u00f0ur gekk \u00fat a\u00f0 s\u00e1 <a name=\"4\"><span class=\"versanumer_2007\">4<\/span><\/a> og \u00fe\u00e1 er hann s\u00e1\u00f0i f\u00e9ll sumt hj\u00e1 g\u00f6tunni og fuglar komu og \u00e1tu \u00fea\u00f0 upp. <a name=\"5\"><span class=\"versanumer_2007\">5<\/span><\/a> Sumt f\u00e9ll \u00ed gr\u00fdtta j\u00f6r\u00f0 \u00fear sem var l\u00edtill jar\u00f0vegur og \u00fea\u00f0 rann skj\u00f3tt upp \u00fev\u00ed \u00fea\u00f0 haf\u00f0i ekki dj\u00fapa j\u00f6r\u00f0. <a name=\"6\"><span class=\"versanumer_2007\">6<\/span><\/a> En er s\u00f3l h\u00e6kka\u00f0i visna\u00f0i \u00fea\u00f0 og s\u00f6kum \u00feess a\u00f0 \u00fea\u00f0 haf\u00f0i ekki r\u00f3tfestu skr\u00e6lna\u00f0i \u00fea\u00f0. <a name=\"7\"><span class=\"versanumer_2007\">7<\/span><\/a> Og sumt f\u00e9ll me\u00f0al \u00feyrna og \u00feyrnarnir uxu og k\u00e6f\u00f0u \u00fea\u00f0 og \u00fea\u00f0 bar ekki \u00e1v\u00f6xt. <a name=\"8\"><span class=\"versanumer_2007\">8<\/span><\/a> En sumt f\u00e9ll \u00ed g\u00f3\u00f0a j\u00f6r\u00f0, kom upp, \u00f3x og bar \u00e1v\u00f6xt, \u00fea\u00f0 gaf \u00fer\u00edtugfaldan, sextugfaldan og hundra\u00f0faldan \u00e1v\u00f6xt.\u201c <br \/> <a name=\"9\"><span class=\"versanumer_2007\">9<\/span><\/a> Og hann sag\u00f0i: \u201eHver sem eyru hefur a\u00f0 heyra, hann heyri!\u201c <\/p>\n<h3 class=\"millifyrirsogn_2007\">Leyndard\u00f3mur Gu\u00f0s r\u00edkis<\/h3>\n<p><a name=\"10\"><span class=\"versanumer_2007\">10<\/span><\/a> \u00deegar Jes\u00fas var or\u00f0inn einn spur\u00f0u \u00feeir t\u00f3lf og hinir l\u00e6risveinarnir, sem me\u00f0 honum voru, um d\u00e6mis\u00f6gurnar. <a name=\"11\"><span class=\"versanumer_2007\">11<\/span><\/a> Hann svara\u00f0i \u00feeim: \u201eYkkur er gefinn leyndard\u00f3mur Gu\u00f0s r\u00edkis. A\u00f0rir, sem fyrir utan eru, f\u00e1 allt \u00ed d\u00e6mis\u00f6gum,<br \/> <span class=\"ljodatexti\"> <a name=\"12\"><span class=\"versanumer_ljod\">12<\/span><\/a>a\u00f0 sj\u00e1andi sj\u00e1i \u00feeir og skynji ekki, <br \/>heyrandi heyri \u00feeir og skilji ekki, <br \/>svo \u00feeir sn\u00fai s\u00e9r eigi og ver\u00f0i fyrirgefi\u00f0.\u201c <\/span> <\/p>\n<h3 class=\"millifyrirsogn_2007\">Merking d\u00e6mis\u00f6gunnar<\/h3>\n<p><a name=\"13\"><span class=\"versanumer_2007\">13<\/span><\/a> Og Jes\u00fas segir vi\u00f0 l\u00e6risveinana: \u201e\u00dei\u00f0 skilji\u00f0 eigi \u00feessa d\u00e6mis\u00f6gu. Hvernig f\u00e1i\u00f0 \u00fei\u00f0 \u00fe\u00e1 skili\u00f0 nokkra d\u00e6mis\u00f6gu? <a name=\"14\"><span class=\"versanumer_2007\">14<\/span><\/a> S\u00e1\u00f0ma\u00f0urinn s\u00e1ir or\u00f0inu. <a name=\"15\"><span class=\"versanumer_2007\">15<\/span><\/a> \u00dea\u00f0 hj\u00e1 g\u00f6tunni, \u00fear sem or\u00f0inu er s\u00e1\u00f0, merkir \u00fe\u00e1 sem heyra en Satan kemur jafnskj\u00f3tt og tekur burt or\u00f0i\u00f0 sem \u00ed \u00fe\u00e1 var s\u00e1\u00f0. <a name=\"16\"><span class=\"versanumer_2007\">16<\/span><\/a> Eins \u00fea\u00f0 sem s\u00e1\u00f0 var \u00ed gr\u00fdtta j\u00f6r\u00f0, \u00fea\u00f0 merkir \u00fe\u00e1 sem taka or\u00f0inu me\u00f0 f\u00f6gnu\u00f0i um lei\u00f0 og \u00feeir heyra \u00fea\u00f0 <a name=\"17\"><span class=\"versanumer_2007\">17<\/span><\/a> en hafa enga r\u00f3tfestu. \u00deeir eru hvikulir og \u00feegar \u00ferenging ver\u00f0ur e\u00f0a ofs\u00f3kn vegna or\u00f0sins breg\u00f0ast \u00feeir \u00feegar. <a name=\"18\"><span class=\"versanumer_2007\">18<\/span><\/a> \u00d6\u00f0ru var s\u00e1\u00f0 me\u00f0al \u00feyrna. \u00dea\u00f0 merkir \u00fe\u00e1 sem heyra or\u00f0i\u00f0 <a name=\"19\"><span class=\"versanumer_2007\">19<\/span><\/a> en \u00e1hyggjur heimsins, t\u00e1l au\u00f0\u00e6fanna og a\u00f0rar girndir koma til og kefja or\u00f0i\u00f0 svo \u00fea\u00f0 ber engan \u00e1v\u00f6xt. <a name=\"20\"><span class=\"versanumer_2007\">20<\/span><\/a> Hitt, sem s\u00e1\u00f0 var \u00ed g\u00f3\u00f0a j\u00f6r\u00f0, merkir \u00fe\u00e1 sem heyra or\u00f0i\u00f0, taka vi\u00f0 \u00fev\u00ed og bera \u00fer\u00edtugfaldan, sextugfaldan og hundra\u00f0faldan \u00e1v\u00f6xt.\u201c <\/p>\n<h3 class=\"millifyrirsogn_2007\">Lj\u00f3s \u00e1 lj\u00f3sastiku<\/h3>\n<p><a name=\"21\"><span class=\"versanumer_2007\">21<\/span><\/a> Og Jes\u00fas sag\u00f0i vi\u00f0 \u00fe\u00e1: \u201eEkki bera menn inn lj\u00f3s og setja \u00fea\u00f0 undir m\u00e6liker e\u00f0a bekk. Er \u00fea\u00f0 ekki sett \u00e1 lj\u00f3sastiku? <a name=\"22\"><span class=\"versanumer_2007\">22<\/span><\/a> \u00dev\u00ed a\u00f0 ekkert er huli\u00f0 a\u00f0 \u00fea\u00f0 ver\u00f0i eigi gert opinbert n\u00e9 leynt a\u00f0 \u00fea\u00f0 komi ekki \u00ed lj\u00f3s. <a name=\"23\"><span class=\"versanumer_2007\">23<\/span><\/a> Ef einhver hefur eyru a\u00f0 heyra, hann heyri!\u201c <br \/> <a name=\"24\"><span class=\"versanumer_2007\">24<\/span><\/a> Enn sag\u00f0i hann vi\u00f0 \u00fe\u00e1: \u201eG\u00e6ti\u00f0 a\u00f0 hva\u00f0 \u00fei\u00f0 heyri\u00f0. Me\u00f0 \u00feeim m\u00e6li, sem \u00fei\u00f0 m\u00e6li\u00f0, mun ykkur m\u00e6lt ver\u00f0a og vi\u00f0 ykkur b\u00e6tt. <a name=\"25\"><span class=\"versanumer_2007\">25<\/span><\/a> \u00dev\u00ed a\u00f0 \u00feeim sem hefur mun gefi\u00f0 ver\u00f0a og fr\u00e1 \u00feeim sem eigi hefur mun teki\u00f0 ver\u00f0a jafnvel \u00fea\u00f0 sem hann hefur.\u201c <\/p>\n<h3 class=\"millifyrirsogn_2007\">S\u00e6\u00f0i\u00f0 gr\u00e6r og vex<\/h3>\n<p><a name=\"26\"><span class=\"versanumer_2007\">26<\/span><\/a> \u00de\u00e1 sag\u00f0i Jes\u00fas: \u201eSvo er Gu\u00f0s r\u00edki sem ma\u00f0ur s\u00e1i s\u00e6\u00f0i \u00ed j\u00f6r\u00f0. <a name=\"27\"><span class=\"versanumer_2007\">27<\/span><\/a> Hann sefur s\u00ed\u00f0an og vakir, n\u00e6tur og daga, en s\u00e6\u00f0i\u00f0 gr\u00e6r og vex, hann veit ekki me\u00f0 hverjum h\u00e6tti. <a name=\"28\"><span class=\"versanumer_2007\">28<\/span><\/a> Sj\u00e1lfkrafa ber j\u00f6r\u00f0in \u00e1v\u00f6xt, fyrst str\u00e1i\u00f0, \u00fe\u00e1 axi\u00f0 og s\u00ed\u00f0an fullvaxi\u00f0 hveiti \u00ed axinu. <a name=\"29\"><span class=\"versanumer_2007\">29<\/span><\/a> En \u00fe\u00e1 er \u00e1v\u00f6xturinn er full\u00feroska l\u00e6tur hann \u00feegar bera \u00fat sig\u00f0ina \u00fev\u00ed a\u00f0 uppskeran er komin.\u201c <\/p>\n<h3 class=\"millifyrirsogn_2007\">L\u00edkt mustar\u00f0skorni<\/h3>\n<p><a name=\"30\"><span class=\"versanumer_2007\">30<\/span><\/a> Og Jes\u00fas sag\u00f0i: \u201eVi\u00f0 hva\u00f0 eigum vi\u00f0 a\u00f0 l\u00edkja Gu\u00f0s r\u00edki? Me\u00f0 hva\u00f0a d\u00e6mi eigum vi\u00f0 a\u00f0 l\u00fdsa \u00fev\u00ed? <a name=\"31\"><span class=\"versanumer_2007\">31<\/span><\/a> L\u00edkt er \u00fea\u00f0 mustar\u00f0skorni. \u00deegar \u00fev\u00ed er s\u00e1\u00f0 \u00ed mold er \u00fea\u00f0 sm\u00e6rra hverju s\u00e1\u00f0korni \u00e1 j\u00f6r\u00f0u. <a name=\"32\"><span class=\"versanumer_2007\">32<\/span><\/a> En eftir a\u00f0 \u00fev\u00ed er s\u00e1\u00f0 tekur \u00fea\u00f0 a\u00f0 spretta, \u00fea\u00f0 ver\u00f0ur \u00f6llum jurtum meira og f\u00e6r svo st\u00f3rar greinar a\u00f0 fuglar himins geta hrei\u00f0ra\u00f0 sig \u00ed skugga \u00feess.\u201c <br \/> <a name=\"33\"><span class=\"versanumer_2007\">33<\/span><\/a> \u00cd m\u00f6rgum sl\u00edkum d\u00e6mis\u00f6gum flutti Jes\u00fas \u00feeim or\u00f0i\u00f0 svo sem \u00feeir g\u00e1tu numi\u00f0 <a name=\"34\"><span class=\"versanumer_2007\">34<\/span><\/a> og \u00e1n d\u00e6misagna tala\u00f0i hann ekki til \u00feeirra en fyrir l\u00e6risveinum s\u00ednum sk\u00fdr\u00f0i hann allt \u00feegar \u00feeir voru einir. <\/p>\n<h3 class=\"millifyrirsogn_2007\">\u00cd stormi<\/h3>\n<p><a name=\"35\"><span class=\"versanumer_2007\">35<\/span><\/a> A\u00f0 kv\u00f6ldi sama dags sag\u00f0i Jes\u00fas vi\u00f0 \u00fe\u00e1: \u201eF\u00f6rum yfir um vatni\u00f0!\u201c <a name=\"36\"><span class=\"versanumer_2007\">36<\/span><\/a> \u00deeir skildu \u00fe\u00e1 vi\u00f0 mannfj\u00f6ldann, f\u00f3ru \u00ed b\u00e1tinn \u00fear sem Jes\u00fas var og sigldu burt. A\u00f0rir b\u00e1tar fylgdu \u00feeim eftir. <a name=\"37\"><span class=\"versanumer_2007\">37<\/span><\/a> \u00de\u00e1 brast \u00e1 stormhrina mikil og f\u00e9llu \u00f6ldurnar inn \u00ed b\u00e1tinn svo vi\u00f0 l\u00e1 a\u00f0 hann fyllti. <a name=\"38\"><span class=\"versanumer_2007\">38<\/span><\/a> Jes\u00fas var \u00ed skutnum og svaf \u00e1 kodda. \u00deeir v\u00f6ktu hann og s\u00f6g\u00f0u vi\u00f0 hann: \u201eMeistari, hir\u00f0ir \u00fe\u00fa ekki um a\u00f0 vi\u00f0 f\u00f6rumst?\u201c <br \/> <a name=\"39\"><span class=\"versanumer_2007\">39<\/span><\/a> Hann vakna\u00f0i, hasta\u00f0i \u00e1 vindinn og sag\u00f0i vi\u00f0 vatni\u00f0: \u201e\u00deegi \u00fe\u00fa, haf hlj\u00f3tt um \u00feig!\u201c \u00de\u00e1 l\u00e6g\u00f0i vindinn og ger\u00f0i stillilogn. <a name=\"40\"><span class=\"versanumer_2007\">40<\/span><\/a> Og hann sag\u00f0i vi\u00f0 \u00fe\u00e1: \u201eHv\u00ed eru\u00f0 \u00fei\u00f0 hr\u00e6ddir, hafi\u00f0 \u00fei\u00f0 enn enga tr\u00fa?\u201c <br \/> <a name=\"41\"><span class=\"versanumer_2007\">41<\/span><\/a> En \u00feeir ur\u00f0u miklum \u00f3tta lostnir og s\u00f6g\u00f0u hver vi\u00f0 annan: \u201eHver er \u00feessi? Jafnvel vindur og vatn hl\u00fd\u00f0a honum.\u201c <\/p>\n","protected":false},"excerpt":{"rendered":"<p>S\u00e6\u00f0i s\u00e1\u00f0 1 Aftur t\u00f3k Jes\u00fas a\u00f0 kenna vi\u00f0 vatni\u00f0. Svo mikill mannfj\u00f6ldi safna\u00f0ist a\u00f0 honum a\u00f0 hann var\u00f0 a\u00f0 st\u00edga \u00ed b\u00e1t og sitja \u00fear, \u00fati \u00e1 vatninu. En allt f\u00f3lki\u00f0 var \u00e1 landi vi\u00f0 vatni\u00f0. 2 Hann kenndi \u00fev\u00ed margt \u00ed d\u00e6mis\u00f6gum og sag\u00f0i vi\u00f0 \u00fea\u00f0: 3 \u201eHl\u00fd\u00f0i\u00f0 \u00e1! S\u00e1\u00f0ma\u00f0ur gekk \u00fat a\u00f0 s\u00e1 4 og \u00fe\u00e1 er hann s\u00e1\u00f0i f\u00e9ll sumt hj\u00e1 g\u00f6tunni og fuglar komu og \u00e1tu \u00fea\u00f0 upp. 5 Sumt f\u00e9ll \u00ed gr\u00fdtta j\u00f6r\u00f0 \u00fear sem var l\u00edtill jar\u00f0vegur og \u00fea\u00f0 rann skj\u00f3tt upp \u00fev\u00ed \u00fea\u00f0 haf\u00f0i ekki dj\u00fapa j\u00f6r\u00f0. 6 En er s\u00f3l h\u00e6kka\u00f0i <a href=\"https:\/\/biblian.is\/biblian\/markusargudspjall-4-kafli\/\"> [&#8230;]<\/a><\/p>\n","protected":false},"author":1,"featured_media":0,"parent":0,"menu_order":0,"comment_status":"open","ping_status":"open","template":"bibliukaflar_NT.php","meta":{"footnotes":""},"class_list":["post-2578","page","type-page","status-publish","hentry"],"_links":{"self":[{"href":"https:\/\/biblian.is\/biblian\/wp-json\/wp\/v2\/pages\/2578","targetHints":{"allow":["GET"]}}],"collection":[{"href":"https:\/\/biblian.is\/biblian\/wp-json\/wp\/v2\/pages"}],"about":[{"href":"https:\/\/biblian.is\/biblian\/wp-json\/wp\/v2\/types\/page"}],"author":[{"embeddable":true,"href":"https:\/\/biblian.is\/biblian\/wp-json\/wp\/v2\/users\/1"}],"replies":[{"embeddable":true,"href":"https:\/\/biblian.is\/biblian\/wp-json\/wp\/v2\/comments?post=2578"}],"version-history":[{"count":0,"href":"https:\/\/biblian.is\/biblian\/wp-json\/wp\/v2\/pages\/2578\/revisions"}],"wp:attachment":[{"href":"https:\/\/biblian.is\/biblian\/wp-json\/wp\/v2\/media?parent=2578"}],"curies":[{"name":"wp","href":"https:\/\/api.w.org\/{rel}","templated":true}]}}