{"id":2573,"date":"2017-12-30T21:03:44","date_gmt":"2017-12-30T21:03:44","guid":{"rendered":"http:\/\/biblian.is\/biblian\/matteusargu_spjall-27-kafli\/"},"modified":"2019-08-26T22:35:30","modified_gmt":"2019-08-26T22:35:30","slug":"matteusargudspjall-27-kafli","status":"publish","type":"page","link":"https:\/\/biblian.is\/biblian\/matteusargudspjall-27-kafli\/","title":{"rendered":"Matteusargu\u00f0spjall 27. kafli"},"content":{"rendered":"<h3 class=\"millifyrirsogn_2007\"> Fyrir P\u00edlatusi<\/h3>\n<p><a name=\"1\"><span class=\"versanumer_2007\">1<\/span><\/a> A\u00f0 morgni ger\u00f0u allir \u00e6\u00f0stu prestarnir og \u00f6ldungarnir sam\u00feykkt gegn Jes\u00fa a\u00f0 hann skyldi af l\u00edfi tekinn. <a name=\"2\"><span class=\"versanumer_2007\">2<\/span><\/a> \u00deeir l\u00e9tu binda hann og f\u00e6ra brott og framseldu hann P\u00edlatusi landsh\u00f6f\u00f0ingja. <\/p>\n<h3 class=\"millifyrirsogn_2007\">Afdrif J\u00fadasar<\/h3>\n<p><a name=\"3\"><span class=\"versanumer_2007\">3<\/span><\/a> \u00deegar J\u00fadas, sem sveik hann, s\u00e1 a\u00f0 hann var d\u00e6mdur sekur i\u00f0ra\u00f0ist hann og skila\u00f0i \u00e6\u00f0stu prestunum og \u00f6ldungunum silfurpeningunum \u00ferj\u00e1t\u00edu <a name=\"4\"><span class=\"versanumer_2007\">4<\/span><\/a> og m\u00e6lti: \u201e\u00c9g dr\u00fdg\u00f0i synd, \u00e9g sveik saklaust bl\u00f3\u00f0.\u201c <br \/>\u00deeir s\u00f6g\u00f0u: \u201eHva\u00f0 var\u00f0ar okkur um \u00fea\u00f0? \u00dea\u00f0 er \u00feitt a\u00f0 sj\u00e1 fyrir \u00fev\u00ed.\u201c <br \/> <a name=\"5\"><span class=\"versanumer_2007\">5<\/span><\/a> Hann fleyg\u00f0i \u00fe\u00e1 silfrinu inn \u00ed musteri\u00f0 og h\u00e9lt brott. S\u00ed\u00f0an f\u00f3r hann og hengdi sig. <br \/> <a name=\"6\"><span class=\"versanumer_2007\">6<\/span><\/a> \u00c6\u00f0stu prestarnir t\u00f3ku silfri\u00f0 og s\u00f6g\u00f0u: \u201eEkki m\u00e1 l\u00e1ta \u00fea\u00f0 \u00ed gu\u00f0skistuna \u00fev\u00ed \u00feetta eru bl\u00f3\u00f0peningar.\u201c <a name=\"7\"><span class=\"versanumer_2007\">7<\/span><\/a> Og \u00feeir ur\u00f0u \u00e1s\u00e1ttir um a\u00f0 kaupa fyrir \u00fe\u00e1 akur leirkerasmi\u00f0sins til grafreits handa \u00fatlendingum. <a name=\"8\"><span class=\"versanumer_2007\">8<\/span><\/a> \u00deess vegna kallast hann enn \u00ed dag Bl\u00f3\u00f0reitur. <br \/> <a name=\"9\"><span class=\"versanumer_2007\">9<\/span><\/a> \u00de\u00e1 r\u00e6ttist \u00fea\u00f0 sem sagt var fyrir munn Jerem\u00eda sp\u00e1manns: \u201e\u00deeir t\u00f3ku silfurpeningana \u00ferj\u00e1t\u00edu, \u00fea\u00f0 ver\u00f0 sem s\u00e1 var metinn \u00e1 er til ver\u00f0s var lag\u00f0ur af \u00cdsraels sonum, <a name=\"10\"><span class=\"versanumer_2007\">10<\/span><\/a> og keyptu fyrir \u00fe\u00e1 leirkerasmi\u00f0s akurinn eins og Drottinn haf\u00f0i fyrir mig lagt.\u201c <\/p>\n<h3 class=\"millifyrirsogn_2007\">Konungur Gy\u00f0inga?<\/h3>\n<p><a name=\"11\"><span class=\"versanumer_2007\">11<\/span><\/a> Jes\u00fas kom n\u00fa fyrir landsh\u00f6f\u00f0ingjann. Landsh\u00f6f\u00f0inginn spur\u00f0i hann: \u201eErt \u00fe\u00fa konungur Gy\u00f0inga?\u201c <br \/>Jes\u00fas svara\u00f0i: \u201e\u00dea\u00f0 eru \u00fe\u00edn or\u00f0.\u201c <a name=\"12\"><span class=\"versanumer_2007\">12<\/span><\/a> \u00c6\u00f0stu prestarnir og \u00f6ldungarnir b\u00e1ru \u00e1 hann sakir en hann svara\u00f0i engu. <br \/> <a name=\"13\"><span class=\"versanumer_2007\">13<\/span><\/a> \u00de\u00e1 spur\u00f0i P\u00edlatus hann: \u201eHeyrir \u00fe\u00fa ekki hve mj\u00f6g \u00feeir vitna gegn \u00fe\u00e9r?\u201c <br \/> <a name=\"14\"><span class=\"versanumer_2007\">14<\/span><\/a> En Jes\u00fas svara\u00f0i honum ekki, engu or\u00f0i hans, og undra\u00f0ist landsh\u00f6f\u00f0inginn mj\u00f6g. <\/p>\n<h3 class=\"millifyrirsogn_2007\">Krossfestu hann!<\/h3>\n<p><a name=\"15\"><span class=\"versanumer_2007\">15<\/span><\/a> \u00c1 h\u00e1t\u00ed\u00f0inni var landsh\u00f6f\u00f0inginn vanur a\u00f0 gefa f\u00f3lkinu lausan einn bandingja, \u00feann er \u00fea\u00f0 vildi. <a name=\"16\"><span class=\"versanumer_2007\">16<\/span><\/a> \u00de\u00e1 var \u00fear alr\u00e6mdur bandingi \u00ed haldi, Barabbas a\u00f0 nafni. <a name=\"17\"><span class=\"versanumer_2007\">17<\/span><\/a> Sem \u00feeir n\u00fa voru saman komnir sag\u00f0i P\u00edlatus vi\u00f0 \u00fe\u00e1: \u201eHvorn vilji\u00f0 \u00fei\u00f0 a\u00f0 \u00e9g gefi ykkur lausan, Barabbas e\u00f0a Jes\u00fa sem kallast Kristur?\u201c <a name=\"18\"><span class=\"versanumer_2007\">18<\/span><\/a> Hann vissi a\u00f0 \u00feeir h\u00f6f\u00f0u fyrir \u00f6fundar sakir framselt hann. <br \/> <a name=\"19\"><span class=\"versanumer_2007\">19<\/span><\/a> Me\u00f0an P\u00edlatus sat \u00e1 d\u00f3mst\u00f3lnum sendi kona hans til hans me\u00f0 \u00feessi or\u00f0: \u201eL\u00e1ttu \u00feennan r\u00e9ttl\u00e1ta mann vera, \u00feungir hafa draumar m\u00ednir veri\u00f0 \u00ed n\u00f3tt hans vegna.\u201c <br \/> <a name=\"20\"><span class=\"versanumer_2007\">20<\/span><\/a> En \u00e6\u00f0stu prestarnir og \u00f6ldungarnir fengu m\u00faginn til a\u00f0 bi\u00f0ja um Barabbas en a\u00f0 Jes\u00fas yr\u00f0i deyddur. <a name=\"21\"><span class=\"versanumer_2007\">21<\/span><\/a> Landsh\u00f6f\u00f0inginn spur\u00f0i: \u201eHvorn \u00feeirra tveggja vilji\u00f0 \u00fei\u00f0 a\u00f0 \u00e9g gefi ykkur lausan?\u201c <br \/>\u00deeir s\u00f6g\u00f0u: \u201eBarabbas.\u201c <br \/> <a name=\"22\"><span class=\"versanumer_2007\">22<\/span><\/a> P\u00edlatus spyr: \u201eHva\u00f0 \u00e1 \u00e9g \u00fe\u00e1 a\u00f0 gera vi\u00f0 Jes\u00fa sem kallast Kristur?\u201c <br \/>\u00deeir segja allir: \u201eKrossfestu hann.\u201c <br \/> <a name=\"23\"><span class=\"versanumer_2007\">23<\/span><\/a> P\u00edlatus spur\u00f0i: \u201eHva\u00f0 illt hefur hann \u00fe\u00e1 gert?\u201c <br \/>En \u00feeir \u00e6ptu \u00fev\u00ed meir: \u201eKrossfestu hann!\u201c <br \/> <a name=\"24\"><span class=\"versanumer_2007\">24<\/span><\/a> N\u00fa s\u00e9r P\u00edlatus a\u00f0 hann f\u00e6r ekki a\u00f0 gert en \u00f3l\u00e6tin aukast. Hann t\u00f3k vatn, \u00fevo\u00f0i hendur s\u00ednar frammi fyrir f\u00f3lkinu og m\u00e6lti: \u201eS\u00fdkn er \u00e9g af bl\u00f3\u00f0i \u00feessa [r\u00e9ttl\u00e1ta]<span class=\"nedan_mal\" title=\" Vantar \u00ed sum handrit.\">[<\/span> manns! Svari\u00f0 \u00fei\u00f0 sj\u00e1lf fyrir!\u201c <br \/> <a name=\"25\"><span class=\"versanumer_2007\">25<\/span><\/a> Og allur l\u00fd\u00f0urinn sag\u00f0i: \u201eKomi bl\u00f3\u00f0 hans yfir okkur og yfir b\u00f6rn okkar!\u201c <br \/> <a name=\"26\"><span class=\"versanumer_2007\">26<\/span><\/a> \u00de\u00e1 gaf hann \u00feeim Barabbas lausan en l\u00e9t h\u00fa\u00f0str\u00fdkja Jes\u00fa og framseldi hann til krossfestingar. <\/p>\n<h3 class=\"millifyrirsogn_2007\">H\u00e6ddur<\/h3>\n<p><a name=\"27\"><span class=\"versanumer_2007\">27<\/span><\/a> Hermenn landsh\u00f6f\u00f0ingjans f\u00f3ru n\u00fa me\u00f0 hann inn \u00ed h\u00f6llina og s\u00f6fnu\u00f0u um hann allri hersveitinni. <a name=\"28\"><span class=\"versanumer_2007\">28<\/span><\/a> \u00deeir afkl\u00e6ddu hann og f\u00e6r\u00f0u hann \u00ed skarlatsrau\u00f0a k\u00e1pu, <a name=\"29\"><span class=\"versanumer_2007\">29<\/span><\/a> fl\u00e9ttu\u00f0u \u00feyrnik\u00f3r\u00f3nu og settu \u00e1 h\u00f6fu\u00f0 honum en reyrsprota \u00ed h\u00e6gri h\u00f6nd hans. S\u00ed\u00f0an f\u00e9llu \u00feeir \u00e1 kn\u00e9 fyrir honum og h\u00f6f\u00f0u hann a\u00f0 h\u00e1\u00f0i og s\u00f6g\u00f0u: \u201eHeill \u00fe\u00e9r, konungur Gy\u00f0inga!\u201c <a name=\"30\"><span class=\"versanumer_2007\">30<\/span><\/a> Og \u00feeir hr\u00e6ktu \u00e1 hann, t\u00f3ku reyrsprotann og sl\u00f3gu hann \u00ed h\u00f6fu\u00f0i\u00f0. <a name=\"31\"><span class=\"versanumer_2007\">31<\/span><\/a> \u00deegar \u00feeir h\u00f6f\u00f0u spotta\u00f0 hann f\u00e6r\u00f0u \u00feeir hann \u00far k\u00e1punni og \u00ed hans eigin kl\u00e6\u00f0i. \u00de\u00e1 leiddu \u00feeir hann \u00fat til a\u00f0 krossfesta hann. <\/p>\n<h3 class=\"millifyrirsogn_2007\">Krossfestur<\/h3>\n<p><a name=\"32\"><span class=\"versanumer_2007\">32<\/span><\/a> \u00c1 lei\u00f0inni hittu \u00feeir mann fr\u00e1 K\u00fdrene er S\u00edmon h\u00e9t. Hann neyddu \u00feeir til a\u00f0 bera kross Jes\u00fa. <a name=\"33\"><span class=\"versanumer_2007\">33<\/span><\/a> Og er \u00feeir komu til \u00feess sta\u00f0ar er heitir Golgata, \u00fea\u00f0 \u00fe\u00fd\u00f0ir hausk\u00fapusta\u00f0ur, <a name=\"34\"><span class=\"versanumer_2007\">34<\/span><\/a> g\u00e1fu \u00feeir Jes\u00fa v\u00edn a\u00f0 drekka, galli blanda\u00f0. Hann brag\u00f0a\u00f0i \u00fea\u00f0 en vildi ekki drekka. <br \/> <a name=\"35\"><span class=\"versanumer_2007\">35<\/span><\/a> \u00de\u00e1 krossfestu \u00feeir hann. Og \u00feeir k\u00f6stu\u00f0u hlutum um kl\u00e6\u00f0i hans og skiptu me\u00f0 s\u00e9r, <a name=\"36\"><span class=\"versanumer_2007\">36<\/span><\/a> s\u00e1tu \u00fear svo og g\u00e6ttu hans. <a name=\"37\"><span class=\"versanumer_2007\">37<\/span><\/a> Yfir h\u00f6f\u00f0i hans festu \u00feeir sakargift hans svo skr\u00e1\u00f0a: \u00deESSI ER JES\u00daS, KONUNGUR GY\u00d0INGA. <a name=\"38\"><span class=\"versanumer_2007\">38<\/span><\/a> \u00de\u00e1 voru krossfestir me\u00f0 honum tveir r\u00e6ningjar, annar til h\u00e6gri, hinn til vinstri. <br \/> <a name=\"39\"><span class=\"versanumer_2007\">39<\/span><\/a> \u00deeir sem fram hj\u00e1 gengu h\u00e6ddu Jes\u00fa, sk\u00f3ku h\u00f6fu\u00f0 s\u00edn <a name=\"40\"><span class=\"versanumer_2007\">40<\/span><\/a> og s\u00f6g\u00f0u: \u201e\u00de\u00fa sem br\u00fdtur ni\u00f0ur musteri\u00f0 og reisir \u00fea\u00f0 \u00e1 \u00ferem d\u00f6gum. Bjarga n\u00fa sj\u00e1lfum \u00fe\u00e9r ef \u00fe\u00fa ert sonur Gu\u00f0s og st\u00edg ni\u00f0ur af krossinum!\u201c <br \/> <a name=\"41\"><span class=\"versanumer_2007\">41<\/span><\/a> Eins ger\u00f0u \u00e6\u00f0stu prestarnir gys a\u00f0 honum og fr\u00e6\u00f0imennirnir og \u00f6ldungarnir og s\u00f6g\u00f0u: <a name=\"42\"><span class=\"versanumer_2007\">42<\/span><\/a> \u201e\u00d6\u00f0rum bjarga\u00f0i hann, sj\u00e1lfum s\u00e9r getur hann ekki bjarga\u00f0. Hann er konungur \u00cdsraels, st\u00edgi hann n\u00fa ni\u00f0ur af krossinum, \u00fe\u00e1 skulum vi\u00f0 tr\u00faa \u00e1 hann. <a name=\"43\"><span class=\"versanumer_2007\">43<\/span><\/a> Hann treystir Gu\u00f0i. N\u00fa \u00e6tti Gu\u00f0 a\u00f0 frelsa hann ef hann hefur m\u00e6tur \u00e1 honum. E\u00f0a sag\u00f0i hann ekki: \u00c9g er sonur Gu\u00f0s?\u201c <br \/> <a name=\"44\"><span class=\"versanumer_2007\">44<\/span><\/a> Einnig r\u00e6ningjarnir, sem me\u00f0 honum voru krossfestir, sm\u00e1nu\u00f0u hann \u00e1 sama h\u00e1tt. <\/p>\n<h3 class=\"millifyrirsogn_2007\">D\u00e1inn<\/h3>\n<p><a name=\"45\"><span class=\"versanumer_2007\">45<\/span><\/a> En fr\u00e1 h\u00e1degi var\u00f0 myrkur um allt land til n\u00f3ns.<span class=\"nedan_mal\" title=\" Or\u00f0r\u00e9tt: til n\u00edundu stundar, \u00fe.e. kl. \u00ferj\u00fa eftir h\u00e1degi.\">[<\/span> <a name=\"46\"><span class=\"versanumer_2007\">46<\/span><\/a> Og um n\u00f3n kalla\u00f0i Jes\u00fas h\u00e1rri r\u00f6ddu: \u201eEl\u00ed, El\u00ed, lama sabaktan\u00ed!\u201c \u00dea\u00f0 \u00fe\u00fd\u00f0ir: \u201eGu\u00f0 minn, Gu\u00f0 minn, hv\u00ed hefur \u00fe\u00fa yfirgefi\u00f0 mig?\u201c <br \/> <a name=\"47\"><span class=\"versanumer_2007\">47<\/span><\/a> Nokkrir \u00feeirra er \u00fear st\u00f3\u00f0u heyr\u00f0u \u00feetta og s\u00f6g\u00f0u: \u201eHann kallar \u00e1 El\u00eda!\u201c <a name=\"48\"><span class=\"versanumer_2007\">48<\/span><\/a> Jafnskj\u00f3tt hlj\u00f3p einn \u00feeirra til, t\u00f3k njar\u00f0arv\u00f6tt og fyllti ediki, stakk \u00e1 reyrstaf og gaf honum a\u00f0 drekka. <br \/> <a name=\"49\"><span class=\"versanumer_2007\">49<\/span><\/a> Hinir s\u00f6g\u00f0u: \u201eSj\u00e1um til hvort El\u00eda kemur a\u00f0 bjarga honum.\u201c <br \/> <a name=\"50\"><span class=\"versanumer_2007\">50<\/span><\/a> En Jes\u00fas hr\u00f3pa\u00f0i aftur h\u00e1rri r\u00f6ddu og gaf upp andann. <br \/> <a name=\"51\"><span class=\"versanumer_2007\">51<\/span><\/a> \u00de\u00e1 rifna\u00f0i fortjald musterisins \u00ed tvennt, ofan fr\u00e1 og ni\u00f0ur \u00far, j\u00f6r\u00f0in skalf og bj\u00f6rgin klofnu\u00f0u, <a name=\"52\"><span class=\"versanumer_2007\">52<\/span><\/a> grafir opnu\u00f0ust og margir heilagir menn, sem l\u00e1tnir voru, risu upp. <a name=\"53\"><span class=\"versanumer_2007\">53<\/span><\/a> Eftir upprisu Jes\u00fa gengu \u00feeir \u00far gr\u00f6fum s\u00ednum og komu \u00ed borgina helgu og birtust m\u00f6rgum. <br \/> <a name=\"54\"><span class=\"versanumer_2007\">54<\/span><\/a> \u00deegar hundra\u00f0sh\u00f6f\u00f0inginn og \u00feeir sem g\u00e6ttu Jes\u00fa me\u00f0 honum s\u00e1u landskj\u00e1lftann og atbur\u00f0i \u00feessa hr\u00e6ddust \u00feeir mj\u00f6g og s\u00f6g\u00f0u: \u201eSannarlega var \u00feessi ma\u00f0ur sonur Gu\u00f0s.\u201c <br \/> <a name=\"55\"><span class=\"versanumer_2007\">55<\/span><\/a> \u00dear voru og margar konur sem \u00e1lengdar horf\u00f0u \u00e1, \u00fe\u00e6r h\u00f6f\u00f0u fylgt Jes\u00fa fr\u00e1 Gal\u00edleu og \u00fej\u00f3na\u00f0 honum. <a name=\"56\"><span class=\"versanumer_2007\">56<\/span><\/a> Me\u00f0al \u00feeirra var Mar\u00eda Magdalena, Mar\u00eda, m\u00f3\u00f0ir \u00feeirra Jakobs og J\u00f3sefs, og m\u00f3\u00f0ir Sebedeussona. <\/p>\n<h3 class=\"millifyrirsogn_2007\">Grafinn<\/h3>\n<p><a name=\"57\"><span class=\"versanumer_2007\">57<\/span><\/a> Um kv\u00f6ldi\u00f0 kom au\u00f0ugur ma\u00f0ur fr\u00e1 Ar\u00edma\u00feeu, J\u00f3sef a\u00f0 nafni, er sj\u00e1lfur var or\u00f0inn l\u00e6risveinn Jes\u00fa. <a name=\"58\"><span class=\"versanumer_2007\">58<\/span><\/a> Hann gekk til P\u00edlatusar og ba\u00f0 hann um l\u00edkama Jes\u00fa. P\u00edlatus bau\u00f0 \u00fe\u00e1 a\u00f0 f\u00e1 J\u00f3sef hann. <a name=\"59\"><span class=\"versanumer_2007\">59<\/span><\/a> J\u00f3sef t\u00f3k l\u00edki\u00f0, sveipa\u00f0i \u00fea\u00f0 hreinu l\u00ednkl\u00e6\u00f0i <a name=\"60\"><span class=\"versanumer_2007\">60<\/span><\/a> og lag\u00f0i \u00ed n\u00fdja gr\u00f6f, sem hann \u00e1tti og haf\u00f0i l\u00e1ti\u00f0 h\u00f6ggva \u00ed klett, velti s\u00ed\u00f0an st\u00f3rum steini fyrir grafarmunnann og f\u00f3r burt. <a name=\"61\"><span class=\"versanumer_2007\">61<\/span><\/a> Mar\u00eda Magdalena var \u00fear og Mar\u00eda hin og s\u00e1tu \u00fe\u00e6r gegnt gr\u00f6finni. <\/p>\n<h3 class=\"millifyrirsogn_2007\">Grafar g\u00e6tt<\/h3>\n<p><a name=\"62\"><span class=\"versanumer_2007\">62<\/span><\/a> N\u00e6sta dag, hv\u00edldardaginn, gengu \u00e6\u00f0stu prestarnir og far\u00edsearnir saman fyrir P\u00edlatus <a name=\"63\"><span class=\"versanumer_2007\">63<\/span><\/a> og s\u00f6g\u00f0u: \u201eHerra, vi\u00f0 minnumst \u00feess a\u00f0 svikari \u00feessi sag\u00f0i \u00ed lifanda l\u00edfi: Eftir \u00ferj\u00e1 daga r\u00eds \u00e9g upp. <a name=\"64\"><span class=\"versanumer_2007\">64<\/span><\/a> Bj\u00f3\u00f0 \u00fev\u00ed a\u00f0 grafarinnar s\u00e9 vandlega g\u00e6tt allt til \u00feri\u00f0ja dags, ella g\u00e6tu l\u00e6risveinar hans komi\u00f0 og stoli\u00f0 honum og sagt f\u00f3lkinu: Hann er risinn fr\u00e1 dau\u00f0um. \u00de\u00e1 ver\u00f0a s\u00ed\u00f0ari svikin verri hinum fyrri.\u201c <br \/> <a name=\"65\"><span class=\"versanumer_2007\">65<\/span><\/a> P\u00edlatus sag\u00f0i vi\u00f0 \u00fe\u00e1: \u201eH\u00e9r hafi\u00f0 \u00fei\u00f0 var\u00f0menn, fari\u00f0 og b\u00fai\u00f0 svo tryggilega um sem best \u00fei\u00f0 kunni\u00f0.\u201c <br \/> <a name=\"66\"><span class=\"versanumer_2007\">66<\/span><\/a> \u00deeir f\u00f3ru og gengu tryggilega fr\u00e1 gr\u00f6finni og innsiglu\u00f0u steininn me\u00f0 a\u00f0sto\u00f0 var\u00f0mannanna. <\/p>\n","protected":false},"excerpt":{"rendered":"<p>Fyrir P\u00edlatusi 1 A\u00f0 morgni ger\u00f0u allir \u00e6\u00f0stu prestarnir og \u00f6ldungarnir sam\u00feykkt gegn Jes\u00fa a\u00f0 hann skyldi af l\u00edfi tekinn. 2 \u00deeir l\u00e9tu binda hann og f\u00e6ra brott og framseldu hann P\u00edlatusi landsh\u00f6f\u00f0ingja. Afdrif J\u00fadasar 3 \u00deegar J\u00fadas, sem sveik hann, s\u00e1 a\u00f0 hann var d\u00e6mdur sekur i\u00f0ra\u00f0ist hann og skila\u00f0i \u00e6\u00f0stu prestunum og \u00f6ldungunum silfurpeningunum \u00ferj\u00e1t\u00edu 4 og m\u00e6lti: \u201e\u00c9g dr\u00fdg\u00f0i synd, \u00e9g sveik saklaust bl\u00f3\u00f0.\u201c \u00deeir s\u00f6g\u00f0u: \u201eHva\u00f0 var\u00f0ar okkur um \u00fea\u00f0? \u00dea\u00f0 er \u00feitt a\u00f0 sj\u00e1 fyrir \u00fev\u00ed.\u201c 5 Hann fleyg\u00f0i \u00fe\u00e1 silfrinu inn \u00ed musteri\u00f0 og h\u00e9lt brott. S\u00ed\u00f0an f\u00f3r hann og hengdi sig. 6 \u00c6\u00f0stu <a href=\"https:\/\/biblian.is\/biblian\/matteusargudspjall-27-kafli\/\"> [&#8230;]<\/a><\/p>\n","protected":false},"author":1,"featured_media":0,"parent":0,"menu_order":0,"comment_status":"open","ping_status":"open","template":"bibliukaflar_NT.php","meta":{"footnotes":""},"class_list":["post-2573","page","type-page","status-publish","hentry"],"_links":{"self":[{"href":"https:\/\/biblian.is\/biblian\/wp-json\/wp\/v2\/pages\/2573","targetHints":{"allow":["GET"]}}],"collection":[{"href":"https:\/\/biblian.is\/biblian\/wp-json\/wp\/v2\/pages"}],"about":[{"href":"https:\/\/biblian.is\/biblian\/wp-json\/wp\/v2\/types\/page"}],"author":[{"embeddable":true,"href":"https:\/\/biblian.is\/biblian\/wp-json\/wp\/v2\/users\/1"}],"replies":[{"embeddable":true,"href":"https:\/\/biblian.is\/biblian\/wp-json\/wp\/v2\/comments?post=2573"}],"version-history":[{"count":0,"href":"https:\/\/biblian.is\/biblian\/wp-json\/wp\/v2\/pages\/2573\/revisions"}],"wp:attachment":[{"href":"https:\/\/biblian.is\/biblian\/wp-json\/wp\/v2\/media?parent=2573"}],"curies":[{"name":"wp","href":"https:\/\/api.w.org\/{rel}","templated":true}]}}