{"id":2569,"date":"2017-12-30T21:03:44","date_gmt":"2017-12-30T21:03:44","guid":{"rendered":"http:\/\/biblian.is\/biblian\/matteusargu_spjall-23-kafli\/"},"modified":"2019-08-26T22:35:29","modified_gmt":"2019-08-26T22:35:29","slug":"matteusargudspjall-23-kafli","status":"publish","type":"page","link":"https:\/\/biblian.is\/biblian\/matteusargudspjall-23-kafli\/","title":{"rendered":"Matteusargu\u00f0spjall 23. kafli"},"content":{"rendered":"<h3 class=\"millifyrirsogn_2007\"> Einn er y\u00f0ar meistari<\/h3>\n<p><a name=\"1\"><span class=\"versanumer_2007\">1<\/span><\/a> \u00de\u00e1 tala\u00f0i Jes\u00fas til mannfj\u00f6ldans og l\u00e6risveina sinna: <a name=\"2\"><span class=\"versanumer_2007\">2<\/span><\/a> \u201e\u00c1 st\u00f3li M\u00f3se sitja fr\u00e6\u00f0imenn og far\u00edsear. <a name=\"3\"><span class=\"versanumer_2007\">3<\/span><\/a> \u00dev\u00ed skulu\u00f0 \u00fe\u00e9r gera og halda allt sem \u00feeir segja y\u00f0ur en eftir breytni \u00feeirra skulu\u00f0 \u00fe\u00e9r ekki fara \u00fev\u00ed \u00feeir breyta ekki sem \u00feeir bj\u00f3\u00f0a. <a name=\"4\"><span class=\"versanumer_2007\">4<\/span><\/a> \u00deeir binda \u00feungar byr\u00f0ar og leggja m\u00f6nnum \u00e1 her\u00f0ar en sj\u00e1lfir vilja \u00feeir ekki snerta \u00fe\u00e6r einum fingri. <a name=\"5\"><span class=\"versanumer_2007\">5<\/span><\/a> \u00d6ll s\u00edn verk gera \u00feeir til a\u00f0 s\u00fdnast fyrir m\u00f6nnum, \u00feeir breikka minnisbor\u00f0a s\u00edna og st\u00e6kka sk\u00fafana. <a name=\"6\"><span class=\"versanumer_2007\">6<\/span><\/a> Lj\u00faft er \u00feeim a\u00f0 skipa hef\u00f0ars\u00e6ti \u00ed veislum og \u00e6\u00f0sta bekk \u00ed samkundum, <a name=\"7\"><span class=\"versanumer_2007\">7<\/span><\/a> l\u00e1ta heilsa s\u00e9r \u00e1 torgum og kallast meistarar af m\u00f6nnum. <a name=\"8\"><span class=\"versanumer_2007\">8<\/span><\/a> En \u00fe\u00e9r skulu\u00f0 ekki l\u00e1ta kalla y\u00f0ur meistara \u00fev\u00ed einn er y\u00f0ar meistari og \u00fe\u00e9r \u00f6ll br\u00e6\u00f0ur og systur.<span class=\"nedan_mal\" title=\" Or\u00f0r\u00e9tt: br\u00e6\u00f0ur.\">[<\/span> <a name=\"9\"><span class=\"versanumer_2007\">9<\/span><\/a> \u00de\u00e9r skulu\u00f0 ekki kalla neinn f\u00f6\u00f0ur y\u00f0ar \u00e1 j\u00f6r\u00f0u \u00fev\u00ed einn er fa\u00f0ir y\u00f0ar, s\u00e1 sem er \u00e1 himnum. <a name=\"10\"><span class=\"versanumer_2007\">10<\/span><\/a> \u00de\u00e9r skulu\u00f0 ekki heldur l\u00e1ta kalla y\u00f0ur lei\u00f0toga \u00fev\u00ed einn er lei\u00f0togi y\u00f0ar, Kristur. <a name=\"11\"><span class=\"versanumer_2007\">11<\/span><\/a> S\u00e1 mesti me\u00f0al y\u00f0ar s\u00e9 \u00fej\u00f3nn y\u00f0ar. <a name=\"12\"><span class=\"versanumer_2007\">12<\/span><\/a> Hver sem upp hefur sj\u00e1lfan sig mun au\u00f0m\u00fdktur ver\u00f0a en s\u00e1 sem l\u00edtill\u00e6kkar sj\u00e1lfan sig mun upp hafinn ver\u00f0a. <\/p>\n<h3 class=\"millifyrirsogn_2007\">Blindir lei\u00f0togar<\/h3>\n<p><a name=\"13\"><span class=\"versanumer_2007\">13<\/span><\/a> Vei y\u00f0ur, fr\u00e6\u00f0imenn og far\u00edsear, hr\u00e6snarar! \u00de\u00e9r l\u00e6si\u00f0 himnar\u00edki fyrir m\u00f6nnum. Sj\u00e1lfir gangi\u00f0 \u00fe\u00e9r ekki \u00fear inn og \u00feeim sem inn vilja ganga leyfi\u00f0 \u00fe\u00e9r eigi inn a\u00f0 komast. <br \/>[ <a name=\"14\"><span class=\"versanumer_2007\">14<\/span><\/a> Vei y\u00f0ur, fr\u00e6\u00f0imenn og far\u00edsear, hr\u00e6snarar! \u00de\u00e9r flytji\u00f0 langar b\u00e6nir a\u00f0 yfirskini og hlunnfari\u00f0 ekkjur og hafi\u00f0 af \u00feeim heimili \u00feeirra. \u00de\u00e9r munu\u00f0 f\u00e1 \u00fev\u00ed \u00feyngri d\u00f3m.]<span class=\"nedan_mal\" title=\" Vantar \u00ed sum handrit.\">[<\/span> <br \/> <a name=\"15\"><span class=\"versanumer_2007\">15<\/span><\/a> Vei y\u00f0ur, fr\u00e6\u00f0imenn og far\u00edsear, hr\u00e6snarar! \u00de\u00e9r fari\u00f0 um l\u00e1\u00f0 og l\u00f6g til a\u00f0 sn\u00faa einum til y\u00f0ar tr\u00faar og \u00feegar \u00fea\u00f0 tekst geri\u00f0 \u00fe\u00e9r hann h\u00e1lfu verra v\u00edtisbarn en \u00fe\u00e9r sj\u00e1lfir eru\u00f0. <br \/> <a name=\"16\"><span class=\"versanumer_2007\">16<\/span><\/a> Vei y\u00f0ur, blindir lei\u00f0togar! \u00de\u00e9r segi\u00f0: Ef einhver sver vi\u00f0 musteri\u00f0 \u00fe\u00e1 er \u00fea\u00f0 \u00f3gilt en sverji menn vi\u00f0 gulli\u00f0 \u00ed musterinu \u00fe\u00e1 er \u00fea\u00f0 gildur ei\u00f0ur. <a name=\"17\"><span class=\"versanumer_2007\">17<\/span><\/a> Blindu heimskingjar, hvort er meira gulli\u00f0 e\u00f0a musteri\u00f0 sem helgar gulli\u00f0? <a name=\"18\"><span class=\"versanumer_2007\">18<\/span><\/a> \u00de\u00e9r segi\u00f0: Ef einhver sver vi\u00f0 altari\u00f0 \u00fe\u00e1 er \u00fea\u00f0 \u00f3gilt en sverji menn vi\u00f0 f\u00f3rnina, sem \u00e1 \u00fev\u00ed er, \u00fe\u00e1 er \u00fea\u00f0 gildur ei\u00f0ur. <a name=\"19\"><span class=\"versanumer_2007\">19<\/span><\/a> Blindu menn, hvort er meira f\u00f3rnin e\u00f0a altari\u00f0 sem helgar f\u00f3rnina? <a name=\"20\"><span class=\"versanumer_2007\">20<\/span><\/a> S\u00e1 sem sver vi\u00f0 altari\u00f0 sver vi\u00f0 \u00fea\u00f0 og allt sem \u00e1 \u00fev\u00ed er. <a name=\"21\"><span class=\"versanumer_2007\">21<\/span><\/a> S\u00e1 sem sver vi\u00f0 musteri\u00f0 sver vi\u00f0 \u00fea\u00f0 og vi\u00f0 \u00feann sem \u00ed \u00fev\u00ed b\u00fdr. <a name=\"22\"><span class=\"versanumer_2007\">22<\/span><\/a> Og s\u00e1 sem sver vi\u00f0 himininn sver vi\u00f0 h\u00e1s\u00e6ti Gu\u00f0s og vi\u00f0 \u00feann sem \u00ed \u00fev\u00ed situr. <br \/> <a name=\"23\"><span class=\"versanumer_2007\">23<\/span><\/a> Vei y\u00f0ur, fr\u00e6\u00f0imenn og far\u00edsear, hr\u00e6snarar! \u00de\u00e9r gjaldi\u00f0 t\u00edund af myntu, an\u00eds og k\u00fameni en hir\u00f0i\u00f0 ekki um \u00fea\u00f0 sem mikilv\u00e6gast er \u00ed l\u00f6gm\u00e1linu, r\u00e9ttl\u00e6ti, miskunn og tr\u00fafesti. \u00deetta ber a\u00f0 gera og hitt eigi \u00f3gert a\u00f0 l\u00e1ta. <a name=\"24\"><span class=\"versanumer_2007\">24<\/span><\/a> Blindu lei\u00f0togar, \u00fe\u00e9r s\u00edi\u00f0 m\u00fdfluguna en svelgi\u00f0 \u00falfaldann! <br \/> <a name=\"25\"><span class=\"versanumer_2007\">25<\/span><\/a> Vei y\u00f0ur, fr\u00e6\u00f0imenn og far\u00edsear, hr\u00e6snarar! \u00de\u00e9r hreinsi\u00f0 bikarinn og diskinn utan en innan eru \u00feeir fullir yfirgangs og \u00f3h\u00f3fs. <a name=\"26\"><span class=\"versanumer_2007\">26<\/span><\/a> Blindi far\u00edsei, hreinsa\u00f0u fyrst bikarinn innan svo a\u00f0 hann ver\u00f0i l\u00edka hreinn a\u00f0 utan. <br \/> <a name=\"27\"><span class=\"versanumer_2007\">27<\/span><\/a> Vei y\u00f0ur, fr\u00e6\u00f0imenn og far\u00edsear, hr\u00e6snarar! \u00de\u00e9r l\u00edkist hv\u00edtum k\u00f6lku\u00f0um gr\u00f6fum sem s\u00fdnast fagrar utan en innan eru \u00fe\u00e6r fullar af dau\u00f0ra manna beinum og alls kyns \u00f3\u00feverra. <a name=\"28\"><span class=\"versanumer_2007\">28<\/span><\/a> \u00deannig eru\u00f0 \u00fe\u00e9r. \u00de\u00e9r s\u00fdnist g\u00f3\u00f0ir fyrir sj\u00f3num manna en eru\u00f0 a\u00f0 innan fullir hr\u00e6sni og rangl\u00e6tis. <br \/> <a name=\"29\"><span class=\"versanumer_2007\">29<\/span><\/a> Vei y\u00f0ur, fr\u00e6\u00f0imenn og far\u00edsear, hr\u00e6snarar! \u00de\u00e9r hla\u00f0i\u00f0 upp grafir sp\u00e1mannanna og skreyti\u00f0 lei\u00f0i r\u00e9ttl\u00e1tra <a name=\"30\"><span class=\"versanumer_2007\">30<\/span><\/a> og segi\u00f0: Ef v\u00e9r hef\u00f0um lifa\u00f0 \u00e1 d\u00f6gum fe\u00f0ra vorra hef\u00f0um v\u00e9r ekki \u00e1tt hlut me\u00f0 \u00feeim \u00ed l\u00edfl\u00e1ti sp\u00e1mannanna. <a name=\"31\"><span class=\"versanumer_2007\">31<\/span><\/a> \u00deannig vitni\u00f0 \u00fe\u00e9r \u00fea\u00f0 sj\u00e1lfir a\u00f0 \u00fe\u00e9r eru\u00f0 afkomendur \u00feeirra sem myrtu sp\u00e1mennina. <a name=\"32\"><span class=\"versanumer_2007\">32<\/span><\/a> N\u00fa skulu\u00f0 \u00fe\u00e9r fylla m\u00e6li fe\u00f0ra y\u00f0ar. <a name=\"33\"><span class=\"versanumer_2007\">33<\/span><\/a> H\u00f6ggormar og n\u00f6\u00f0rukyn, hvernig f\u00e1i\u00f0 \u00fe\u00e9r umfl\u00fai\u00f0 helv\u00edtisd\u00f3m? <a name=\"34\"><span class=\"versanumer_2007\">34<\/span><\/a> \u00deess vegna sendi \u00e9g til y\u00f0ar sp\u00e1menn, spekinga og fr\u00e6\u00f0imenn. Suma \u00feeirra munu\u00f0 \u00fe\u00e9r l\u00edfl\u00e1ta og krossfesta, a\u00f0ra h\u00fa\u00f0str\u00fdkja \u00ed samkundum y\u00f0ar og ofs\u00e6kja borg \u00far borg. <a name=\"35\"><span class=\"versanumer_2007\">35<\/span><\/a> \u00deannig kemur yfir y\u00f0ur allt saklaust bl\u00f3\u00f0 sem \u00fathellt hefur veri\u00f0 \u00e1 j\u00f6r\u00f0inni, fr\u00e1 bl\u00f3\u00f0i Abels hins r\u00e9ttl\u00e1ta til bl\u00f3\u00f0s Sakar\u00eda Barak\u00edasonar sem \u00fe\u00e9r dr\u00e1pu\u00f0 milli musterisins og altarisins. <a name=\"36\"><span class=\"versanumer_2007\">36<\/span><\/a> Sannlega segi \u00e9g y\u00f0ur: Allt mun \u00feetta lenda \u00e1 \u00feessari kynsl\u00f3\u00f0. <\/p>\n<h3 class=\"millifyrirsogn_2007\">\u00de\u00e9r vildu\u00f0 eigi<\/h3>\n<p><a name=\"37\"><span class=\"versanumer_2007\">37<\/span><\/a> Jer\u00fasalem, Jer\u00fasalem! \u00de\u00fa sem l\u00edfl\u00e6tur sp\u00e1mennina og gr\u00fdtir \u00fe\u00e1 sem sendir eru til \u00fe\u00edn! Hversu oft vildi \u00e9g safna b\u00f6rnum \u00fe\u00ednum, eins og h\u00e6nan safnar ungum s\u00ednum undir v\u00e6ngi s\u00e9r, og \u00fe\u00e9r vildu\u00f0 eigi? <a name=\"38\"><span class=\"versanumer_2007\">38<\/span><\/a> Gu\u00f0 mun yfirgefa musteri y\u00f0ar og \u00fea\u00f0 ver\u00f0ur lagt \u00ed r\u00fast. <a name=\"39\"><span class=\"versanumer_2007\">39<\/span><\/a> \u00c9g segi y\u00f0ur: H\u00e9\u00f0an af munu\u00f0 \u00fe\u00e9r eigi sj\u00e1 mig fyrr en \u00fe\u00e9r segi\u00f0: Blessa\u00f0ur s\u00e9 s\u00e1 sem kemur \u00ed nafni Drottins.\u201c <\/p>\n","protected":false},"excerpt":{"rendered":"<p>Einn er y\u00f0ar meistari 1 \u00de\u00e1 tala\u00f0i Jes\u00fas til mannfj\u00f6ldans og l\u00e6risveina sinna: 2 \u201e\u00c1 st\u00f3li M\u00f3se sitja fr\u00e6\u00f0imenn og far\u00edsear. 3 \u00dev\u00ed skulu\u00f0 \u00fe\u00e9r gera og halda allt sem \u00feeir segja y\u00f0ur en eftir breytni \u00feeirra skulu\u00f0 \u00fe\u00e9r ekki fara \u00fev\u00ed \u00feeir breyta ekki sem \u00feeir bj\u00f3\u00f0a. 4 \u00deeir binda \u00feungar byr\u00f0ar og leggja m\u00f6nnum \u00e1 her\u00f0ar en sj\u00e1lfir vilja \u00feeir ekki snerta \u00fe\u00e6r einum fingri. 5 \u00d6ll s\u00edn verk gera \u00feeir til a\u00f0 s\u00fdnast fyrir m\u00f6nnum, \u00feeir breikka minnisbor\u00f0a s\u00edna og st\u00e6kka sk\u00fafana. 6 Lj\u00faft er \u00feeim a\u00f0 skipa hef\u00f0ars\u00e6ti \u00ed veislum og \u00e6\u00f0sta bekk \u00ed samkundum, 7 <a href=\"https:\/\/biblian.is\/biblian\/matteusargudspjall-23-kafli\/\"> [&#8230;]<\/a><\/p>\n","protected":false},"author":1,"featured_media":0,"parent":0,"menu_order":0,"comment_status":"open","ping_status":"open","template":"bibliukaflar_NT.php","meta":{"footnotes":""},"class_list":["post-2569","page","type-page","status-publish","hentry"],"_links":{"self":[{"href":"https:\/\/biblian.is\/biblian\/wp-json\/wp\/v2\/pages\/2569","targetHints":{"allow":["GET"]}}],"collection":[{"href":"https:\/\/biblian.is\/biblian\/wp-json\/wp\/v2\/pages"}],"about":[{"href":"https:\/\/biblian.is\/biblian\/wp-json\/wp\/v2\/types\/page"}],"author":[{"embeddable":true,"href":"https:\/\/biblian.is\/biblian\/wp-json\/wp\/v2\/users\/1"}],"replies":[{"embeddable":true,"href":"https:\/\/biblian.is\/biblian\/wp-json\/wp\/v2\/comments?post=2569"}],"version-history":[{"count":0,"href":"https:\/\/biblian.is\/biblian\/wp-json\/wp\/v2\/pages\/2569\/revisions"}],"wp:attachment":[{"href":"https:\/\/biblian.is\/biblian\/wp-json\/wp\/v2\/media?parent=2569"}],"curies":[{"name":"wp","href":"https:\/\/api.w.org\/{rel}","templated":true}]}}