{"id":2566,"date":"2017-12-30T21:03:44","date_gmt":"2017-12-30T21:03:44","guid":{"rendered":"http:\/\/biblian.is\/biblian\/matteusargu_spjall-20-kafli\/"},"modified":"2019-08-26T22:35:29","modified_gmt":"2019-08-26T22:35:29","slug":"matteusargudspjall-20-kafli","status":"publish","type":"page","link":"https:\/\/biblian.is\/biblian\/matteusargudspjall-20-kafli\/","title":{"rendered":"Matteusargu\u00f0spjall 20. kafli"},"content":{"rendered":"<h3 class=\"millifyrirsogn_2007\"> \u00cd v\u00edngar\u00f0i<\/h3>\n<p><a name=\"1\"><span class=\"versanumer_2007\">1<\/span><\/a> Jes\u00fas sag\u00f0i \u00feessa d\u00e6mis\u00f6gu: \u201eL\u00edkt er um himnar\u00edki og h\u00fasb\u00f3nda einn sem gekk \u00fat \u00e1rla morguns a\u00f0 r\u00e1\u00f0a verkamenn \u00ed v\u00edngar\u00f0 sinn. <a name=\"2\"><span class=\"versanumer_2007\">2<\/span><\/a> Hann samdi vi\u00f0 verkamennina um denar \u00ed daglaun og sendi \u00fe\u00e1 \u00ed v\u00edngar\u00f0 sinn. <a name=\"3\"><span class=\"versanumer_2007\">3<\/span><\/a> S\u00ed\u00f0an gekk hann \u00fat um dagm\u00e1l<span class=\"nedan_mal\" title=\" Or\u00f0r\u00e9tt: um \u00feri\u00f0ju stundu, \u00fe.e. kl. n\u00edu a\u00f0 morgni.\">[<\/span> og s\u00e1 a\u00f0ra menn standa \u00e1 torginu i\u00f0julausa. <a name=\"4\"><span class=\"versanumer_2007\">4<\/span><\/a> Hann sag\u00f0i vi\u00f0 \u00fe\u00e1: Fari\u00f0 \u00fei\u00f0 einnig \u00ed v\u00edngar\u00f0inn og \u00e9g mun grei\u00f0a ykkur sanngj\u00f6rn laun. <a name=\"5\"><span class=\"versanumer_2007\">5<\/span><\/a> \u00deeir f\u00f3ru. Aftur gekk hann \u00fat um h\u00e1degi og n\u00f3n<span class=\"nedan_mal\" title=\" Or\u00f0r\u00e9tt: um sj\u00f6ttu og n\u00edundu stundu, \u00fe.e. kl. t\u00f3lf \u00e1 h\u00e1degi og \u00ferj\u00fa eftir h\u00e1degi.\">[<\/span> og ger\u00f0i sem fyrr. <a name=\"6\"><span class=\"versanumer_2007\">6<\/span><\/a> Og \u00e1 elleftu stundu<span class=\"nedan_mal\" title=\" \u00de.e. kl. fimm s\u00ed\u00f0degis.\">[<\/span> f\u00f3r hann enn \u00fat og s\u00e1 menn standa \u00fear. Hann spyr \u00fe\u00e1: Hv\u00ed h\u00edmi\u00f0 \u00fei\u00f0 h\u00e9r i\u00f0julausir allan daginn? <a name=\"7\"><span class=\"versanumer_2007\">7<\/span><\/a> \u00deeir svara: Enginn hefur r\u00e1\u00f0i\u00f0 okkur. Hann segir vi\u00f0 \u00fe\u00e1: Fari\u00f0 \u00fei\u00f0 einnig \u00ed v\u00edngar\u00f0inn.<br \/> <a name=\"8\"><span class=\"versanumer_2007\">8<\/span><\/a> \u00deegar kv\u00f6ld var komi\u00f0 sag\u00f0i eigandi v\u00edngar\u00f0sins vi\u00f0 verkstj\u00f3ra sinn: Kalla \u00fe\u00fa \u00e1 verkamennina og grei\u00f0 \u00feeim kaupi\u00f0. \u00de\u00fa skalt byrja \u00e1 \u00feeim s\u00ed\u00f0ustu og enda \u00e1 \u00feeim fyrstu. <a name=\"9\"><span class=\"versanumer_2007\">9<\/span><\/a> N\u00fa komu \u00feeir sem r\u00e1\u00f0nir voru \u00e1 elleftu stundu og fengu hver sinn denar. <a name=\"10\"><span class=\"versanumer_2007\">10<\/span><\/a> \u00deegar \u00feeir fyrstu komu bjuggust \u00feeir vi\u00f0 a\u00f0 f\u00e1 meira en fengu sinn denarinn hver. <a name=\"11\"><span class=\"versanumer_2007\">11<\/span><\/a> \u00deeir t\u00f3ku vi\u00f0 honum og f\u00f3ru a\u00f0 m\u00f6gla gegn h\u00fasb\u00f3nda s\u00ednum. <a name=\"12\"><span class=\"versanumer_2007\">12<\/span><\/a> \u00deeir s\u00f6g\u00f0u: \u00deessir s\u00ed\u00f0ustu hafa unni\u00f0 a\u00f0eins eina stund og \u00fe\u00fa gerir \u00fe\u00e1 jafna okkur er h\u00f6fum bori\u00f0 hita og \u00feunga dagsins.<br \/> <a name=\"13\"><span class=\"versanumer_2007\">13<\/span><\/a> Hann sag\u00f0i \u00fe\u00e1 vi\u00f0 einn \u00feeirra: Vinur, ekki geri \u00e9g \u00fe\u00e9r rangt til, s\u00f6mdum vi\u00f0 ekki um einn denar? <a name=\"14\"><span class=\"versanumer_2007\">14<\/span><\/a> Taktu \u00feitt og far\u00f0u lei\u00f0ar \u00feinnar. \u00c9g vil gjalda \u00feessum s\u00ed\u00f0asta eins og \u00fe\u00e9r. <a name=\"15\"><span class=\"versanumer_2007\">15<\/span><\/a> Er \u00e9g ekki sj\u00e1lfur fj\u00e1r m\u00edns r\u00e1\u00f0andi? E\u00f0a s\u00e9r\u00f0u ofsj\u00f3num yfir \u00fev\u00ed a\u00f0 \u00e9g er g\u00f3\u00f0gjarn? <br \/> <a name=\"16\"><span class=\"versanumer_2007\">16<\/span><\/a> \u00deannig ver\u00f0a hinir s\u00ed\u00f0ustu fyrstir og hinir fyrstu s\u00ed\u00f0astir.\u201c <\/p>\n<h3 class=\"millifyrirsogn_2007\">Til Jer\u00fasalem<\/h3>\n<p><a name=\"17\"><span class=\"versanumer_2007\">17<\/span><\/a> Jes\u00fas h\u00e9lt n\u00fa upp til Jer\u00fasalem og \u00e1 lei\u00f0inni t\u00f3k hann \u00fe\u00e1 t\u00f3lf afs\u00ed\u00f0is og sag\u00f0i vi\u00f0 \u00fe\u00e1: <a name=\"18\"><span class=\"versanumer_2007\">18<\/span><\/a> \u201eN\u00fa f\u00f6rum vi\u00f0 upp til Jer\u00fasalem. \u00dear ver\u00f0ur Mannssonurinn framseldur \u00e6\u00f0stu prestum og fr\u00e6\u00f0im\u00f6nnum. \u00deeir munu d\u00e6ma hann til dau\u00f0a <a name=\"19\"><span class=\"versanumer_2007\">19<\/span><\/a> og framselja hann hei\u00f0ingjum svo a\u00f0 \u00feeir h\u00e6\u00f0i hann, h\u00fa\u00f0str\u00fdki og krossfesti. En \u00e1 \u00feri\u00f0ja degi mun hann upp r\u00edsa.\u201c <\/p>\n<h3 class=\"millifyrirsogn_2007\">Til a\u00f0 \u00fej\u00f3na og gefa<\/h3>\n<p><a name=\"20\"><span class=\"versanumer_2007\">20<\/span><\/a> \u00de\u00e1 kom m\u00f3\u00f0ir \u00feeirra Sebedeussona til Jes\u00fa me\u00f0 sonum s\u00ednum, laut honum og vildi bi\u00f0ja hann b\u00f3nar. <br \/> <a name=\"21\"><span class=\"versanumer_2007\">21<\/span><\/a> Jes\u00fas spyr hana: \u201eHva\u00f0 viltu?\u201c <br \/>H\u00fan segir: \u201eL\u00e1t \u00fe\u00fa \u00feessa tvo syni m\u00edna sitja \u00fe\u00e9r vi\u00f0 hli\u00f0 \u00ed r\u00edki \u00fe\u00ednu hvorn til sinnar handar, annan til h\u00e6gri handar \u00fe\u00e9r og hinn til vinstri.\u201c <br \/> <a name=\"22\"><span class=\"versanumer_2007\">22<\/span><\/a> Jes\u00fas svarar: \u201e\u00dei\u00f0 viti\u00f0 ekki hvers \u00fei\u00f0 bi\u00f0ji\u00f0. Geti\u00f0 \u00fei\u00f0 drukki\u00f0 \u00feann kaleik sem \u00e9g \u00e1 a\u00f0 drekka?\u201c <br \/>\u00deeir segja vi\u00f0 hann: \u201e\u00dea\u00f0 getum vi\u00f0.\u201c <br \/> <a name=\"23\"><span class=\"versanumer_2007\">23<\/span><\/a> Hann segir vi\u00f0 \u00fe\u00e1: \u201eKaleik minn munu\u00f0 \u00fei\u00f0 drekka en \u00e9g r\u00e6\u00f0 \u00fev\u00ed ekki hver situr m\u00e9r til h\u00e6gri handar e\u00f0a vinstri. \u00dea\u00f0 veitist \u00feeim sem fa\u00f0ir minn hefur \u00e1kve\u00f0i\u00f0.\u201c <br \/> <a name=\"24\"><span class=\"versanumer_2007\">24<\/span><\/a> \u00deegar hinir t\u00edu heyr\u00f0u \u00feetta gramdist \u00feeim vi\u00f0 br\u00e6\u00f0urna tvo. <br \/> <a name=\"25\"><span class=\"versanumer_2007\">25<\/span><\/a> En Jes\u00fas kalla\u00f0i \u00fe\u00e1 til s\u00edn og m\u00e6lti: \u201e\u00dei\u00f0 viti\u00f0 a\u00f0 \u00feeir sem r\u00e1\u00f0a fyrir \u00fej\u00f3\u00f0um drottna yfir \u00feeim og h\u00f6f\u00f0ingjar l\u00e1ta menn kenna \u00e1 valdi s\u00ednu. <a name=\"26\"><span class=\"versanumer_2007\">26<\/span><\/a> En eigi s\u00e9 svo me\u00f0al ykkar heldur s\u00e9 s\u00e1 sem mikill vill ver\u00f0a me\u00f0al ykkar \u00fej\u00f3nn ykkar. <a name=\"27\"><span class=\"versanumer_2007\">27<\/span><\/a> Og s\u00e1 sem vill fremstur vera me\u00f0al ykkar s\u00e9 \u00fer\u00e6ll ykkar. <a name=\"28\"><span class=\"versanumer_2007\">28<\/span><\/a> Mannssonurinn er ekki kominn til \u00feess a\u00f0 l\u00e1ta \u00fej\u00f3na s\u00e9r heldur til a\u00f0 \u00fej\u00f3na og gefa l\u00edf sitt til lausnargjalds fyrir alla.\u201c <\/p>\n<h3 class=\"millifyrirsogn_2007\">Snart augu \u00feeirra<\/h3>\n<p><a name=\"29\"><span class=\"versanumer_2007\">29<\/span><\/a> \u00deegar \u00feeir f\u00f3ru fr\u00e1 Jer\u00edk\u00f3 fylgdi mikill mannfj\u00f6ldi Jes\u00fa. <a name=\"30\"><span class=\"versanumer_2007\">30<\/span><\/a> Tveir menn blindir s\u00e1tu \u00fear vi\u00f0 veginn. \u00deegar \u00feeir heyr\u00f0u a\u00f0 \u00fear f\u00e6ri Jes\u00fas hr\u00f3pu\u00f0u \u00feeir: \u201eDrottinn, miskunna \u00fe\u00fa okkur, sonur Dav\u00ed\u00f0s!\u201c <a name=\"31\"><span class=\"versanumer_2007\">31<\/span><\/a> F\u00f3lki\u00f0 hasta\u00f0i \u00e1 \u00fe\u00e1 a\u00f0 \u00feeir \u00feeg\u00f0u en \u00feeir hr\u00f3pu\u00f0u \u00fev\u00ed meir: \u201eDrottinn, miskunna \u00fe\u00fa okkur, sonur Dav\u00ed\u00f0s!\u201c <br \/> <a name=\"32\"><span class=\"versanumer_2007\">32<\/span><\/a> Jes\u00fas nam sta\u00f0ar, kalla\u00f0i \u00e1 \u00fe\u00e1 og sag\u00f0i: \u201eHva\u00f0 vilji\u00f0 \u00fei\u00f0 a\u00f0 \u00e9g geri fyrir ykkur?\u201c <br \/> <a name=\"33\"><span class=\"versanumer_2007\">33<\/span><\/a> \u00deeir m\u00e6ltu: \u201eDrottinn, gef\u00f0u okkur sj\u00f3n.\u201c <br \/> <a name=\"34\"><span class=\"versanumer_2007\">34<\/span><\/a> Jes\u00fas kenndi \u00ed brj\u00f3sti um \u00fe\u00e1 og snart augu \u00feeirra. Jafnskj\u00f3tt fengu \u00feeir sj\u00f3nina og fylgdu honum. <\/p>\n","protected":false},"excerpt":{"rendered":"<p>\u00cd v\u00edngar\u00f0i 1 Jes\u00fas sag\u00f0i \u00feessa d\u00e6mis\u00f6gu: \u201eL\u00edkt er um himnar\u00edki og h\u00fasb\u00f3nda einn sem gekk \u00fat \u00e1rla morguns a\u00f0 r\u00e1\u00f0a verkamenn \u00ed v\u00edngar\u00f0 sinn. 2 Hann samdi vi\u00f0 verkamennina um denar \u00ed daglaun og sendi \u00fe\u00e1 \u00ed v\u00edngar\u00f0 sinn. 3 S\u00ed\u00f0an gekk hann \u00fat um dagm\u00e1l[ og s\u00e1 a\u00f0ra menn standa \u00e1 torginu i\u00f0julausa. 4 Hann sag\u00f0i vi\u00f0 \u00fe\u00e1: Fari\u00f0 \u00fei\u00f0 einnig \u00ed v\u00edngar\u00f0inn og \u00e9g mun grei\u00f0a ykkur sanngj\u00f6rn laun. 5 \u00deeir f\u00f3ru. Aftur gekk hann \u00fat um h\u00e1degi og n\u00f3n[ og ger\u00f0i sem fyrr. 6 Og \u00e1 elleftu stundu[ f\u00f3r hann enn \u00fat og s\u00e1 menn standa <a href=\"https:\/\/biblian.is\/biblian\/matteusargudspjall-20-kafli\/\"> [&#8230;]<\/a><\/p>\n","protected":false},"author":1,"featured_media":0,"parent":0,"menu_order":0,"comment_status":"open","ping_status":"open","template":"bibliukaflar_NT.php","meta":{"footnotes":""},"class_list":["post-2566","page","type-page","status-publish","hentry"],"_links":{"self":[{"href":"https:\/\/biblian.is\/biblian\/wp-json\/wp\/v2\/pages\/2566","targetHints":{"allow":["GET"]}}],"collection":[{"href":"https:\/\/biblian.is\/biblian\/wp-json\/wp\/v2\/pages"}],"about":[{"href":"https:\/\/biblian.is\/biblian\/wp-json\/wp\/v2\/types\/page"}],"author":[{"embeddable":true,"href":"https:\/\/biblian.is\/biblian\/wp-json\/wp\/v2\/users\/1"}],"replies":[{"embeddable":true,"href":"https:\/\/biblian.is\/biblian\/wp-json\/wp\/v2\/comments?post=2566"}],"version-history":[{"count":0,"href":"https:\/\/biblian.is\/biblian\/wp-json\/wp\/v2\/pages\/2566\/revisions"}],"wp:attachment":[{"href":"https:\/\/biblian.is\/biblian\/wp-json\/wp\/v2\/media?parent=2566"}],"curies":[{"name":"wp","href":"https:\/\/api.w.org\/{rel}","templated":true}]}}