{"id":2556,"date":"2017-12-30T21:03:39","date_gmt":"2017-12-30T21:03:39","guid":{"rendered":"http:\/\/biblian.is\/biblian\/matteusargu_spjall-10-kafli\/"},"modified":"2019-08-26T22:35:26","modified_gmt":"2019-08-26T22:35:26","slug":"matteusargudspjall-10-kafli","status":"publish","type":"page","link":"https:\/\/biblian.is\/biblian\/matteusargudspjall-10-kafli\/","title":{"rendered":"Matteusargu\u00f0spjall 10. kafli"},"content":{"rendered":"<h3 class=\"millifyrirsogn_2007\"> Postular sendir<\/h3>\n<p><a name=\"1\"><span class=\"versanumer_2007\">1<\/span><\/a> Og Jes\u00fas kalla\u00f0i til s\u00edn l\u00e6risveina s\u00edna t\u00f3lf og gaf \u00feeim vald til a\u00f0 reka \u00fat \u00f3hreina anda og l\u00e6kna hvers kyns sj\u00fakd\u00f3m og veikindi. <a name=\"2\"><span class=\"versanumer_2007\">2<\/span><\/a> N\u00f6fn postulanna t\u00f3lf eru \u00feessi: Fyrstur S\u00edmon, sem kallast P\u00e9tur, og Andr\u00e9s br\u00f3\u00f0ir hans, \u00fe\u00e1 Jakob Sebedeusson og J\u00f3hannes br\u00f3\u00f0ir hans, <a name=\"3\"><span class=\"versanumer_2007\">3<\/span><\/a> Filippus og Bart\u00f3l\u00f3meus, T\u00f3mas og Matteus tollheimtuma\u00f0ur, Jakob Alfeusson og Taddeus, <a name=\"4\"><span class=\"versanumer_2007\">4<\/span><\/a> S\u00edmon vandl\u00e6tari og J\u00fadas \u00cdskar\u00edot, s\u00e1 er sveik hann. <\/p>\n<h3 class=\"millifyrirsogn_2007\">Fyrirm\u00e6li<\/h3>\n<p><a name=\"5\"><span class=\"versanumer_2007\">5<\/span><\/a> \u00deessa t\u00f3lf sendi Jes\u00fas \u00fat og m\u00e6lti svo fyrir: \u201eLeggi\u00f0 ekki lei\u00f0 y\u00f0ar til hei\u00f0inna manna og fari\u00f0 ekki \u00ed samverska borg. <a name=\"6\"><span class=\"versanumer_2007\">6<\/span><\/a> Fari\u00f0 heldur til t\u00fdndra sau\u00f0a af \u00cdsraels\u00e6tt. <a name=\"7\"><span class=\"versanumer_2007\">7<\/span><\/a> Fari\u00f0 og pr\u00e9diki\u00f0: Himnar\u00edki er \u00ed n\u00e1nd. <a name=\"8\"><span class=\"versanumer_2007\">8<\/span><\/a> L\u00e6kni\u00f0 sj\u00faka, veki\u00f0 upp dau\u00f0a, hreinsi\u00f0 l\u00edk\u00fer\u00e1a, reki\u00f0 \u00fat illa anda. Gefins hafi\u00f0 \u00fe\u00e9r fengi\u00f0, gefins skulu\u00f0 \u00fe\u00e9r l\u00e1ta \u00ed t\u00e9. <a name=\"9\"><span class=\"versanumer_2007\">9<\/span><\/a> Taki\u00f0 ekki gull, silfur n\u00e9 eir \u00ed belti, <a name=\"10\"><span class=\"versanumer_2007\">10<\/span><\/a> eigi mal til fer\u00f0ar n\u00e9 tvo kyrtla og hvorki sk\u00f3 n\u00e9 staf. Ver\u00f0ur er verkama\u00f0urinn f\u00e6\u00f0is s\u00edns. <br \/> <a name=\"11\"><span class=\"versanumer_2007\">11<\/span><\/a> Hvar sem \u00fe\u00e9r komi\u00f0 \u00ed borg e\u00f0a \u00feorp, spyrjist \u00fe\u00e1 fyrir um hver \u00fear s\u00e9 ver\u00f0ugur og \u00fear s\u00e9 a\u00f0setur y\u00f0ar uns \u00fe\u00e9r leggi\u00f0 upp a\u00f0 n\u00fdju. <a name=\"12\"><span class=\"versanumer_2007\">12<\/span><\/a> \u00deegar \u00fe\u00e9r komi\u00f0 \u00ed h\u00fas \u00fe\u00e1 \u00e1rni\u00f0 \u00fev\u00ed g\u00f3\u00f0s <a name=\"13\"><span class=\"versanumer_2007\">13<\/span><\/a> og s\u00e9 \u00fea\u00f0 ver\u00f0ugt skal fri\u00f0ur y\u00f0ar koma yfir \u00fea\u00f0 en s\u00e9 \u00fea\u00f0 ekki ver\u00f0ugt skal fri\u00f0ur y\u00f0ar aftur hverfa til y\u00f0ar. <a name=\"14\"><span class=\"versanumer_2007\">14<\/span><\/a> Og taki einhver ekki vi\u00f0 y\u00f0ur n\u00e9 hl\u00fd\u00f0i \u00e1 or\u00f0 y\u00f0ar, fari\u00f0 \u00fe\u00e1 \u00far \u00fev\u00ed h\u00fasi e\u00f0a \u00feeirri borg og hristi\u00f0 dusti\u00f0 af f\u00f3tum y\u00f0ar. <a name=\"15\"><span class=\"versanumer_2007\">15<\/span><\/a> Sannlega segi \u00e9g y\u00f0ur: B\u00e6rilegra mun landi S\u00f3d\u00f3mu og G\u00f3morru \u00e1 d\u00f3msdegi en \u00feeirri borg. <\/p>\n<h3 class=\"millifyrirsogn_2007\">Vari\u00f0 y\u00f0ur<\/h3>\n<p><a name=\"16\"><span class=\"versanumer_2007\">16<\/span><\/a> \u00c9g sendi y\u00f0ur eins og sau\u00f0i me\u00f0al \u00falfa. Veri\u00f0 \u00fev\u00ed k\u00e6nir sem h\u00f6ggormar og falslausir sem d\u00fafur. <a name=\"17\"><span class=\"versanumer_2007\">17<\/span><\/a> Vari\u00f0 y\u00f0ur \u00e1 m\u00f6nnunum. \u00deeir munu draga y\u00f0ur fyrir d\u00f3mst\u00f3la og h\u00fa\u00f0str\u00fdkja y\u00f0ur \u00ed samkundum s\u00ednum. <a name=\"18\"><span class=\"versanumer_2007\">18<\/span><\/a> \u00de\u00e9r munu\u00f0 leiddir fyrir landsh\u00f6f\u00f0ingja og konunga m\u00edn vegna til \u00feess a\u00f0 bera vitni um mig fyrir \u00feeim og hei\u00f0ingjunum. <a name=\"19\"><span class=\"versanumer_2007\">19<\/span><\/a> En \u00fe\u00e1 er menn draga y\u00f0ur fyrir r\u00e9tt skulu\u00f0 \u00fe\u00e9r ekki hafa \u00e1hyggjur af \u00fev\u00ed hvernig e\u00f0a hva\u00f0 \u00fe\u00e9r eigi\u00f0 a\u00f0 tala. Y\u00f0ur ver\u00f0ur gefi\u00f0 \u00e1 s\u00f6mu stundu hva\u00f0 segja skal. <a name=\"20\"><span class=\"versanumer_2007\">20<\/span><\/a> \u00dea\u00f0 eru\u00f0 ekki \u00fe\u00e9r sem tali\u00f0 heldur talar andi f\u00f6\u00f0ur y\u00f0ar \u00ed y\u00f0ur. <br \/> <a name=\"21\"><span class=\"versanumer_2007\">21<\/span><\/a> Br\u00f3\u00f0ir mun selja br\u00f3\u00f0ur \u00ed dau\u00f0a og fa\u00f0ir barn sitt. B\u00f6rn munu r\u00edsa gegn foreldrum og valda \u00feeim dau\u00f0a. <a name=\"22\"><span class=\"versanumer_2007\">22<\/span><\/a> Allir munu hata y\u00f0ur af \u00fev\u00ed a\u00f0 \u00fe\u00e9r tr\u00fai\u00f0 \u00e1 mig. En s\u00e1 sem sta\u00f0fastur er allt til enda mun frelsast. <a name=\"23\"><span class=\"versanumer_2007\">23<\/span><\/a> \u00deegar menn ofs\u00e6kja y\u00f0ur \u00ed einni borg \u00fe\u00e1 fl\u00fdi\u00f0 \u00ed a\u00f0ra. Sannlega segi \u00e9g y\u00f0ur: \u00de\u00e9r munu\u00f0 ekki hafa n\u00e1\u00f0 til allra borga \u00cdsraels \u00e1\u00f0ur en Mannssonurinn kemur. <br \/> <a name=\"24\"><span class=\"versanumer_2007\">24<\/span><\/a> Ekki er l\u00e6risveinn meistaranum fremri n\u00e9 \u00fej\u00f3nn herra s\u00ednum. <a name=\"25\"><span class=\"versanumer_2007\">25<\/span><\/a> N\u00e6gja m\u00e1 l\u00e6risveini a\u00f0 vera sem meistari hans og \u00fej\u00f3ni sem herra hans. Fyrst menn k\u00f6llu\u00f0u h\u00fasf\u00f6\u00f0urinn Beelseb\u00fal, hva\u00f0 kalla \u00feeir \u00fe\u00e1 heimamenn hans? <\/p>\n<h3 class=\"millifyrirsogn_2007\">Hvern ber a\u00f0 hr\u00e6\u00f0ast?<\/h3>\n<p><a name=\"26\"><span class=\"versanumer_2007\">26<\/span><\/a> \u00d3ttist \u00fe\u00e1 \u00fev\u00ed eigi. Ekkert er huli\u00f0 sem eigi ver\u00f0ur opinbert, n\u00e9 leynt er eigi ver\u00f0ur kunnugt. <a name=\"27\"><span class=\"versanumer_2007\">27<\/span><\/a> \u00dea\u00f0 sem \u00e9g segi y\u00f0ur \u00ed myrkri skulu\u00f0 \u00fe\u00e9r tala \u00ed birtu og \u00fea\u00f0 sem \u00fe\u00e9r heyri\u00f0 hv\u00edsla\u00f0 \u00ed eyra skulu\u00f0 \u00fe\u00e9r kunngj\u00f6ra \u00e1 \u00fe\u00f6kum uppi. <a name=\"28\"><span class=\"versanumer_2007\">28<\/span><\/a> Hr\u00e6\u00f0ist ekki \u00fe\u00e1 sem l\u00edkamann dey\u00f0a en f\u00e1 ekki deytt s\u00e1lina. Hr\u00e6\u00f0ist heldur \u00feann sem megnar a\u00f0 tort\u00edma b\u00e6\u00f0i s\u00e1lu og l\u00edkama \u00ed helv\u00edti. <a name=\"29\"><span class=\"versanumer_2007\">29<\/span><\/a> Eru ekki tveir sp\u00f6rvar seldir fyrir sm\u00e1pening? Og ekki fellur einn \u00feeirra til jar\u00f0ar \u00e1n vitundar<span class=\"nedan_mal\" title=\" Or\u00f0r\u00e9tt: \u00e1n f\u00f6\u00f0ur y\u00f0ar, sbr. L\u00fak 12.6.\">[<\/span> f\u00f6\u00f0ur y\u00f0ar. <a name=\"30\"><span class=\"versanumer_2007\">30<\/span><\/a> \u00c1 y\u00f0ur eru jafnvel h\u00f6fu\u00f0h\u00e1rin \u00f6ll talin. <a name=\"31\"><span class=\"versanumer_2007\">31<\/span><\/a> Veri\u00f0 \u00fev\u00ed \u00f3hr\u00e6ddir, \u00fe\u00e9r eru\u00f0 meira vir\u00f0i en margir sp\u00f6rvar. <\/p>\n<h3 class=\"millifyrirsogn_2007\">A\u00f0 kannast vi\u00f0 Krist<\/h3>\n<p><a name=\"32\"><span class=\"versanumer_2007\">32<\/span><\/a> Hvern \u00feann sem kannast vi\u00f0 mig fyrir m\u00f6nnum mun og \u00e9g vi\u00f0 kannast fyrir f\u00f6\u00f0ur m\u00ednum \u00e1 himnum. <a name=\"33\"><span class=\"versanumer_2007\">33<\/span><\/a> En \u00feeim sem afneitar m\u00e9r fyrir m\u00f6nnum mun og \u00e9g afneita fyrir f\u00f6\u00f0ur m\u00ednum \u00e1 himnum. <\/p>\n<h3 class=\"millifyrirsogn_2007\">Bar\u00e1tta<\/h3>\n<p><a name=\"34\"><span class=\"versanumer_2007\">34<\/span><\/a> \u00c6tli\u00f0 ekki a\u00f0 \u00e9g s\u00e9 kominn a\u00f0 f\u00e6ra fri\u00f0 \u00e1 j\u00f6r\u00f0. \u00c9g kom ekki a\u00f0 f\u00e6ra fri\u00f0 heldur valda sundrungu. <a name=\"35\"><span class=\"versanumer_2007\">35<\/span><\/a> \u00c9g er kominn a\u00f0 gera son andv\u00edgan f\u00f6\u00f0ur s\u00ednum, d\u00f3ttur m\u00f3\u00f0ur sinni og tengdad\u00f3ttur tengdam\u00f3\u00f0ur sinni. <a name=\"36\"><span class=\"versanumer_2007\">36<\/span><\/a> Og heimamenn manns ver\u00f0a \u00f3vinir hans. <br \/> <a name=\"37\"><span class=\"versanumer_2007\">37<\/span><\/a> S\u00e1 sem ann f\u00f6\u00f0ur e\u00f0a m\u00f3\u00f0ur meir en m\u00e9r er m\u00edn ekki ver\u00f0ur og s\u00e1 sem ann syni e\u00f0a d\u00f3ttur meir en m\u00e9r er m\u00edn ekki ver\u00f0ur. <a name=\"38\"><span class=\"versanumer_2007\">38<\/span><\/a> Hver sem tekur ekki sinn kross og fylgir m\u00e9r er m\u00edn ekki ver\u00f0ur. <a name=\"39\"><span class=\"versanumer_2007\">39<\/span><\/a> S\u00e1 sem \u00e6tlar a\u00f0 finna l\u00edf sitt t\u00fdnir \u00fev\u00ed og s\u00e1 sem t\u00fdnir l\u00edfi s\u00ednu m\u00edn vegna finnur \u00fea\u00f0. <\/p>\n<h3 class=\"millifyrirsogn_2007\">Laun<\/h3>\n<p><a name=\"40\"><span class=\"versanumer_2007\">40<\/span><\/a> S\u00e1 sem tekur vi\u00f0 y\u00f0ur tekur vi\u00f0 m\u00e9r og s\u00e1 sem tekur vi\u00f0 m\u00e9r tekur vi\u00f0 \u00feeim er sendi mig. <a name=\"41\"><span class=\"versanumer_2007\">41<\/span><\/a> S\u00e1 sem tekur vi\u00f0 sp\u00e1manni, vegna \u00feess a\u00f0 hann er sp\u00e1ma\u00f0ur, mun f\u00e1 sp\u00e1manns laun og s\u00e1 sem tekur vi\u00f0 r\u00e9ttl\u00e1tum manni, vegna \u00feess a\u00f0 hann er r\u00e9ttl\u00e1tur, mun f\u00e1 laun r\u00e9ttl\u00e1ts manns. <a name=\"42\"><span class=\"versanumer_2007\">42<\/span><\/a> Og hver sem gefur einum \u00feessara sm\u00e6lingja svaladrykk vegna \u00feess eins a\u00f0 hann er l\u00e6risveinn, sannlega segi \u00e9g y\u00f0ur, hann mun alls ekki missa af launum s\u00ednum.\u201c <\/p>\n","protected":false},"excerpt":{"rendered":"<p>Postular sendir 1 Og Jes\u00fas kalla\u00f0i til s\u00edn l\u00e6risveina s\u00edna t\u00f3lf og gaf \u00feeim vald til a\u00f0 reka \u00fat \u00f3hreina anda og l\u00e6kna hvers kyns sj\u00fakd\u00f3m og veikindi. 2 N\u00f6fn postulanna t\u00f3lf eru \u00feessi: Fyrstur S\u00edmon, sem kallast P\u00e9tur, og Andr\u00e9s br\u00f3\u00f0ir hans, \u00fe\u00e1 Jakob Sebedeusson og J\u00f3hannes br\u00f3\u00f0ir hans, 3 Filippus og Bart\u00f3l\u00f3meus, T\u00f3mas og Matteus tollheimtuma\u00f0ur, Jakob Alfeusson og Taddeus, 4 S\u00edmon vandl\u00e6tari og J\u00fadas \u00cdskar\u00edot, s\u00e1 er sveik hann. Fyrirm\u00e6li 5 \u00deessa t\u00f3lf sendi Jes\u00fas \u00fat og m\u00e6lti svo fyrir: \u201eLeggi\u00f0 ekki lei\u00f0 y\u00f0ar til hei\u00f0inna manna og fari\u00f0 ekki \u00ed samverska borg. 6 Fari\u00f0 heldur til <a href=\"https:\/\/biblian.is\/biblian\/matteusargudspjall-10-kafli\/\"> [&#8230;]<\/a><\/p>\n","protected":false},"author":1,"featured_media":0,"parent":0,"menu_order":0,"comment_status":"open","ping_status":"open","template":"bibliukaflar_NT.php","meta":{"footnotes":""},"class_list":["post-2556","page","type-page","status-publish","hentry"],"_links":{"self":[{"href":"https:\/\/biblian.is\/biblian\/wp-json\/wp\/v2\/pages\/2556","targetHints":{"allow":["GET"]}}],"collection":[{"href":"https:\/\/biblian.is\/biblian\/wp-json\/wp\/v2\/pages"}],"about":[{"href":"https:\/\/biblian.is\/biblian\/wp-json\/wp\/v2\/types\/page"}],"author":[{"embeddable":true,"href":"https:\/\/biblian.is\/biblian\/wp-json\/wp\/v2\/users\/1"}],"replies":[{"embeddable":true,"href":"https:\/\/biblian.is\/biblian\/wp-json\/wp\/v2\/comments?post=2556"}],"version-history":[{"count":0,"href":"https:\/\/biblian.is\/biblian\/wp-json\/wp\/v2\/pages\/2556\/revisions"}],"wp:attachment":[{"href":"https:\/\/biblian.is\/biblian\/wp-json\/wp\/v2\/media?parent=2556"}],"curies":[{"name":"wp","href":"https:\/\/api.w.org\/{rel}","templated":true}]}}