{"id":2516,"date":"2017-12-30T21:03:28","date_gmt":"2017-12-30T21:03:28","guid":{"rendered":"http:\/\/biblian.is\/biblian\/m%c2%92ka-5-kafli\/"},"modified":"2024-06-26T23:22:42","modified_gmt":"2024-06-26T23:22:42","slug":"mika-5-kafli","status":"publish","type":"page","link":"https:\/\/biblian.is\/biblian\/mika-5-kafli\/","title":{"rendered":"M\u00edka 5. kafli"},"content":{"rendered":"<h3 class=\"millifyrirsogn_2007\"> Fri\u00f0arh\u00f6f\u00f0inginn fr\u00e1 Betlehem<\/h3>\n<p><span class=\"ljodatexti\"> <a name=\"1\"><span class=\"versanumer_ljod\">1<\/span><\/a>En \u00fe\u00fa, Betlehem \u00ed Efrata, <br \/>ein minnsta \u00e6ttborgin \u00ed J\u00fada, <br \/>fr\u00e1 \u00fe\u00e9r l\u00e6t \u00e9g \u00feann koma <br \/>er drottna skal \u00ed \u00cdsrael. <br \/>\u00c6vafornt er \u00e6tterni hans,<br \/>fr\u00e1 \u00f3munat\u00ed\u00f0. <br \/> <\/span> <span class=\"ljodatexti\"> <a name=\"2\"><span class=\"versanumer_ljod\">2<\/span><\/a>\u00dev\u00ed ver\u00f0ur \u00fej\u00f3\u00f0in yfirgefin <br \/>\u00fear til s\u00fa hefur f\u00e6tt er f\u00e6\u00f0a skal. <br \/>\u00de\u00e1 munu \u00feeir sem eftir lifa \u00e6ttmenna hans<br \/>sn\u00faa aftur til \u00cdsraels l\u00fd\u00f0s. <br \/> <\/span> <span class=\"ljodatexti\"> <a name=\"3\"><span class=\"versanumer_ljod\">3<\/span><\/a>Hann mun standa sem hir\u00f0ir \u00feeirra <br \/>\u00ed krafti Drottins, <br \/>\u00ed m\u00e6tti nafns Drottins, Gu\u00f0s s\u00edns, <br \/>og \u00feeir \u00f3hultir ver\u00f0a. <br \/>\u00de\u00e1 munu menn mikla hann<br \/>allt til endimarka jar\u00f0ar. <br \/> <\/span> <span class=\"ljodatexti\"> <a name=\"4\"><span class=\"versanumer_ljod\">4<\/span><\/a>Hann mun tryggja fri\u00f0inn. <br \/>R\u00e1\u00f0ist Ass\u00fdringar inn \u00ed land vort <br \/>og brj\u00f3tist inn \u00ed virkin <br \/>teflum v\u00e9r gegn \u00feeim sj\u00f6 hir\u00f0um <br \/>og \u00e1tta smur\u00f0um lei\u00f0togum. <br \/> <\/span> <span class=\"ljodatexti\"> <a name=\"5\"><span class=\"versanumer_ljod\">5<\/span><\/a>\u00deeir munu vaka yfir landi Ass\u00fdringa<br \/>me\u00f0 sver\u00f0 \u00ed hendi<br \/>og me\u00f0 sve\u00f0ju yfir landi Nimrods.<br \/>Hann mun frelsa oss undan Ass\u00fdringum<br \/>va\u00f0i \u00feeir yfir j\u00f6r\u00f0 vora <br \/>og f\u00f3tumtro\u00f0i lendurnar.<br \/> <\/span>                                                                                                                                                                                                                                                                                                                                                                                                                                                                                                                     <\/p>\n<h3 class=\"millifyrirsogn_2007\">\u00deeir sem eftir ver\u00f0a<\/h3>\n<p><span class=\"ljodatexti\"> <a name=\"6\"><span class=\"versanumer_ljod\">6<\/span><\/a>\u00deeir sem eftir ver\u00f0a af Jakobs \u00e6tt<br \/>me\u00f0al hinna m\u00f6rgu \u00fej\u00f3\u00f0a <br \/>ver\u00f0a sem d\u00f6gg fr\u00e1 Drottni, <br \/>gr\u00f3\u00f0rarsk\u00far \u00e1 grasi. <br \/>\u00deeir v\u00e6nta einskis af neinum <br \/>og binda ekki vonir vi\u00f0 mannanna b\u00f6rn. <br \/> <\/span> <span class=\"ljodatexti\"> <a name=\"7\"><span class=\"versanumer_ljod\">7<\/span><\/a>\u00deeir sem eftir ver\u00f0a <br \/>af Jakobs \u00e6tt me\u00f0al \u00fej\u00f3\u00f0anna, <br \/>me\u00f0al margra \u00fej\u00f3\u00f0flokka, <br \/>ver\u00f0a sem lj\u00f3n \u00e1 me\u00f0al sk\u00f3gard\u00fdra,<br \/>eins og lj\u00f3nshvolpar \u00ed sau\u00f0ahj\u00f6r\u00f0.<br \/>\u00deeir r\u00e1\u00f0ast fram og t\u00e6ta \u00ed sundur <br \/>og enginn f\u00e6r r\u00f6nd vi\u00f0 reist. <br \/> <\/span> <span class=\"ljodatexti\"> <a name=\"8\"><span class=\"versanumer_ljod\">8<\/span><\/a>Upp skaltu hefja arm \u00feinn <br \/>gegn andst\u00e6\u00f0ingum \u00fe\u00ednum<br \/>svo a\u00f0 \u00f6llum \u00f3vinum \u00fe\u00ednum ver\u00f0i tort\u00edmt. <br \/> <\/span>                                                                                                                                                                                                                                                                                                                                                                                                                                                                                                                     <\/p>\n<h3 class=\"millifyrirsogn_2007\">Landi\u00f0 hreinsa\u00f0<\/h3>\n<p><span class=\"ljodatexti\"> <a name=\"9\"><span class=\"versanumer_ljod\">9<\/span><\/a>\u00c1 \u00feeim degi, segir Drottinn, <br \/>ey\u00f0i \u00e9g \u00f6llum hestum sem \u00fe\u00fa \u00e1tt <br \/>og br\u00fdt str\u00ed\u00f0svagna \u00fe\u00edna. <br \/> <\/span> <span class=\"ljodatexti\"> <a name=\"10\"><span class=\"versanumer_ljod\">10<\/span><\/a>\u00c9g legg \u00ed ey\u00f0i borgir lands \u00fe\u00edns <br \/>og br\u00fdt \u00f6ll varnarvirki \u00fe\u00edn. <br \/> <\/span> <span class=\"ljodatexti\"> <a name=\"11\"><span class=\"versanumer_ljod\">11<\/span><\/a>\u00c9g ey\u00f0i galdrinum sem \u00fe\u00fa stundar<br \/>og sp\u00e1sagnamenn skulu <br \/>ekki framar vera hj\u00e1 \u00fe\u00e9r. <br \/> <\/span> <span class=\"ljodatexti\"> <a name=\"12\"><span class=\"versanumer_ljod\">12<\/span><\/a>\u00c9g br\u00fdt skur\u00f0go\u00f0 \u00fe\u00edn <br \/>og helgis\u00falur. <br \/>\u00de\u00fa skalt ekki framar tilbi\u00f0ja <br \/>verk \u00feinna eigin handa. <br \/> <\/span> <span class=\"ljodatexti\"> <a name=\"13\"><span class=\"versanumer_ljod\">13<\/span><\/a>\u00c9g r\u00edf ni\u00f0ur As\u00e9rur \u00fe\u00ednar <br \/>og ey\u00f0i borgum \u00fe\u00ednum. <br \/> <\/span> <span class=\"ljodatexti\"> <a name=\"14\"><span class=\"versanumer_ljod\">14<\/span><\/a>Af heift og rei\u00f0i <br \/>hegni \u00e9g \u00fej\u00f3\u00f0um sem hafa \u00f3hl\u00fd\u00f0nast. <\/span> <\/p>\n","protected":false},"excerpt":{"rendered":"<p>Fri\u00f0arh\u00f6f\u00f0inginn fr\u00e1 Betlehem 1En \u00fe\u00fa, Betlehem \u00ed Efrata, ein minnsta \u00e6ttborgin \u00ed J\u00fada, fr\u00e1 \u00fe\u00e9r l\u00e6t \u00e9g \u00feann koma er drottna skal \u00ed \u00cdsrael. \u00c6vafornt er \u00e6tterni hans,fr\u00e1 \u00f3munat\u00ed\u00f0. 2\u00dev\u00ed ver\u00f0ur \u00fej\u00f3\u00f0in yfirgefin \u00fear til s\u00fa hefur f\u00e6tt er f\u00e6\u00f0a skal. \u00de\u00e1 munu \u00feeir sem eftir lifa \u00e6ttmenna hanssn\u00faa aftur til \u00cdsraels l\u00fd\u00f0s. 3Hann mun standa sem hir\u00f0ir \u00feeirra \u00ed krafti Drottins, \u00ed m\u00e6tti nafns Drottins, Gu\u00f0s s\u00edns, og \u00feeir \u00f3hultir ver\u00f0a. \u00de\u00e1 munu menn mikla hannallt til endimarka jar\u00f0ar. 4Hann mun tryggja fri\u00f0inn. R\u00e1\u00f0ist Ass\u00fdringar inn \u00ed land vort og brj\u00f3tist inn \u00ed virkin teflum v\u00e9r gegn \u00feeim sj\u00f6 <a href=\"https:\/\/biblian.is\/biblian\/mika-5-kafli\/\"> [&#8230;]<\/a><\/p>\n","protected":false},"author":1,"featured_media":0,"parent":0,"menu_order":0,"comment_status":"open","ping_status":"open","template":"bibliukaflar_NT.php","meta":{"footnotes":""},"class_list":["post-2516","page","type-page","status-publish","hentry"],"_links":{"self":[{"href":"https:\/\/biblian.is\/biblian\/wp-json\/wp\/v2\/pages\/2516","targetHints":{"allow":["GET"]}}],"collection":[{"href":"https:\/\/biblian.is\/biblian\/wp-json\/wp\/v2\/pages"}],"about":[{"href":"https:\/\/biblian.is\/biblian\/wp-json\/wp\/v2\/types\/page"}],"author":[{"embeddable":true,"href":"https:\/\/biblian.is\/biblian\/wp-json\/wp\/v2\/users\/1"}],"replies":[{"embeddable":true,"href":"https:\/\/biblian.is\/biblian\/wp-json\/wp\/v2\/comments?post=2516"}],"version-history":[{"count":0,"href":"https:\/\/biblian.is\/biblian\/wp-json\/wp\/v2\/pages\/2516\/revisions"}],"wp:attachment":[{"href":"https:\/\/biblian.is\/biblian\/wp-json\/wp\/v2\/media?parent=2516"}],"curies":[{"name":"wp","href":"https:\/\/api.w.org\/{rel}","templated":true}]}}