{"id":2511,"date":"2017-12-30T21:03:28","date_gmt":"2017-12-30T21:03:28","guid":{"rendered":"http:\/\/biblian.is\/biblian\/j%c2%97nas-4-kafli\/"},"modified":"2023-02-25T04:41:27","modified_gmt":"2023-02-25T04:41:27","slug":"jonas-4-kafli","status":"publish","type":"page","link":"https:\/\/biblian.is\/biblian\/jonas-4-kafli\/","title":{"rendered":"J\u00f3nas 4. kafli"},"content":{"rendered":"<h3 class=\"millifyrirsogn_2007\"> J\u00f3nas andm\u00e6lir miskunn Gu\u00f0s<\/h3>\n<p><a name=\"1\"><span class=\"versanumer_2007\">1<\/span><\/a> J\u00f3nas fylltist mikilli gremju, honum brann rei\u00f0in <a name=\"2\"><span class=\"versanumer_2007\">2<\/span><\/a> og hann sag\u00f0i vi\u00f0 Drottin: <br \/>\u201e\u00d3, Drottinn! Var \u00fea\u00f0 ekki einmitt \u00feetta sem \u00e9g sag\u00f0i \u00e1\u00f0ur en \u00e9g f\u00f3r a\u00f0 heiman? \u00dea\u00f0 var vegna \u00feessa sem \u00e9g \u00ed fyrstu vildi fl\u00fdja til Tarsis \u00fev\u00ed a\u00f0 \u00e9g vissi a\u00f0 \u00fe\u00fa ert l\u00edknsamur og miskunnsamur Gu\u00f0, \u00feolinm\u00f3\u00f0ur og g\u00e6skur\u00edkur, og \u00fe\u00fa i\u00f0rast \u00f3g\u00e6funnar og l\u00e6tur refsinguna ekki dynja yfir. <a name=\"3\"><span class=\"versanumer_2007\">3<\/span><\/a> En n\u00fa, Drottinn. Taktu l\u00edf mitt \u00fev\u00ed a\u00f0 m\u00e9r er betra a\u00f0 deyja en lifa.\u201c <a name=\"4\"><span class=\"versanumer_2007\">4<\/span><\/a> Drottinn svara\u00f0i: \u201eGerir \u00fe\u00fa r\u00e9tt er \u00fe\u00fa rei\u00f0ist?\u201c<br \/> <a name=\"5\"><span class=\"versanumer_2007\">5<\/span><\/a> J\u00f3nas haf\u00f0i gengi\u00f0 \u00fat \u00far borginni og b\u00fai\u00f0 um sig fyrir austan hana \u00ed \u00fev\u00ed skyni a\u00f0 reisa s\u00e9r laufsk\u00e1la og setjast undir hann \u00ed skuggann og b\u00ed\u00f0a \u00feess hva\u00f0 yr\u00f0i \u00ed borginni. <a name=\"6\"><span class=\"versanumer_2007\">6<\/span><\/a> \u00de\u00e1 leiddi Drottinn Gu\u00f0 fram r\u00eds\u00ednusrunna. Hann \u00f3x yfir J\u00f3nas og varpa\u00f0i skugga \u00e1 h\u00f6fu\u00f0 hans og lina\u00f0i beiskju hans og gladdist hann mj\u00f6g af r\u00eds\u00ednusrunnanum. <br \/> <a name=\"7\"><span class=\"versanumer_2007\">7<\/span><\/a> En \u00feegar birti af degi og ro\u00f0a\u00f0i af morgni sendi Gu\u00f0 orm sem stakk r\u00eds\u00ednusrunnann svo a\u00f0 hann visna\u00f0i. <a name=\"8\"><span class=\"versanumer_2007\">8<\/span><\/a> Og er s\u00f3l var \u00e1 lofti leiddi Gu\u00f0 fram brennheitan ey\u00f0imerkurvindinn og s\u00f3lin stakk J\u00f3nas \u00ed h\u00f6fu\u00f0i\u00f0 svo a\u00f0 hann \u00f6rmagna\u00f0ist. \u00de\u00e1 \u00f3ska\u00f0i hann s\u00e9r dau\u00f0a og sag\u00f0i: \u201e\u00c9g vil heldur deyja en lifa.\u201c<br \/> <a name=\"9\"><span class=\"versanumer_2007\">9<\/span><\/a> Gu\u00f0 sag\u00f0i \u00fe\u00e1 vi\u00f0 J\u00f3nas: \u201eHyggur\u00f0u a\u00f0 \u00fe\u00fa rei\u00f0ist me\u00f0 r\u00e9ttu vegna r\u00eds\u00ednusrunnans?\u201c<br \/>Hann svara\u00f0i: \u201e\u00c9g geri r\u00e9tt er \u00e9g rei\u00f0ist til dau\u00f0a.\u201c<\/p>\n<h3 class=\"millifyrirsogn_2007\">Svar Gu\u00f0s<\/h3>\n<p><a name=\"10\"><span class=\"versanumer_2007\">10<\/span><\/a> \u00de\u00e1 sag\u00f0i Drottinn: \u201e\u00de\u00fa kennir \u00ed brj\u00f3sti um r\u00eds\u00ednusrunnann sem \u00fe\u00fa hefur hvorki haft erfi\u00f0i af n\u00e9 komi\u00f0 upp. Hann \u00f3x \u00e1 einni n\u00f3ttu og visna\u00f0i \u00e1 einni n\u00f3ttu. <a name=\"11\"><span class=\"versanumer_2007\">11<\/span><\/a> \u00c6tti \u00e9g ekki a\u00f0 sj\u00e1 aumur \u00e1 N\u00edn\u00edve, hinni miklu borg, \u00fear sem meira en hundra\u00f0 og tuttugu \u00fe\u00fasundir manna b\u00faa, sem \u00feekkja vart h\u00e6gri h\u00f6ndina fr\u00e1 \u00feeirri vinstri, og a\u00f0 auki fj\u00f6ldi d\u00fdra?\u201c <\/p>\n","protected":false},"excerpt":{"rendered":"<p>J\u00f3nas andm\u00e6lir miskunn Gu\u00f0s 1 J\u00f3nas fylltist mikilli gremju, honum brann rei\u00f0in 2 og hann sag\u00f0i vi\u00f0 Drottin: \u201e\u00d3, Drottinn! Var \u00fea\u00f0 ekki einmitt \u00feetta sem \u00e9g sag\u00f0i \u00e1\u00f0ur en \u00e9g f\u00f3r a\u00f0 heiman? \u00dea\u00f0 var vegna \u00feessa sem \u00e9g \u00ed fyrstu vildi fl\u00fdja til Tarsis \u00fev\u00ed a\u00f0 \u00e9g vissi a\u00f0 \u00fe\u00fa ert l\u00edknsamur og miskunnsamur Gu\u00f0, \u00feolinm\u00f3\u00f0ur og g\u00e6skur\u00edkur, og \u00fe\u00fa i\u00f0rast \u00f3g\u00e6funnar og l\u00e6tur refsinguna ekki dynja yfir. 3 En n\u00fa, Drottinn. Taktu l\u00edf mitt \u00fev\u00ed a\u00f0 m\u00e9r er betra a\u00f0 deyja en lifa.\u201c 4 Drottinn svara\u00f0i: \u201eGerir \u00fe\u00fa r\u00e9tt er \u00fe\u00fa rei\u00f0ist?\u201c 5 J\u00f3nas haf\u00f0i gengi\u00f0 \u00fat <a href=\"https:\/\/biblian.is\/biblian\/jonas-4-kafli\/\"> [&#8230;]<\/a><\/p>\n","protected":false},"author":1,"featured_media":0,"parent":0,"menu_order":0,"comment_status":"open","ping_status":"open","template":"bibliukaflar_NT.php","meta":{"footnotes":""},"class_list":["post-2511","page","type-page","status-publish","hentry"],"_links":{"self":[{"href":"https:\/\/biblian.is\/biblian\/wp-json\/wp\/v2\/pages\/2511","targetHints":{"allow":["GET"]}}],"collection":[{"href":"https:\/\/biblian.is\/biblian\/wp-json\/wp\/v2\/pages"}],"about":[{"href":"https:\/\/biblian.is\/biblian\/wp-json\/wp\/v2\/types\/page"}],"author":[{"embeddable":true,"href":"https:\/\/biblian.is\/biblian\/wp-json\/wp\/v2\/users\/1"}],"replies":[{"embeddable":true,"href":"https:\/\/biblian.is\/biblian\/wp-json\/wp\/v2\/comments?post=2511"}],"version-history":[{"count":0,"href":"https:\/\/biblian.is\/biblian\/wp-json\/wp\/v2\/pages\/2511\/revisions"}],"wp:attachment":[{"href":"https:\/\/biblian.is\/biblian\/wp-json\/wp\/v2\/media?parent=2511"}],"curies":[{"name":"wp","href":"https:\/\/api.w.org\/{rel}","templated":true}]}}